{"id":23489,"date":"2026-03-31T09:33:30","date_gmt":"2026-03-31T07:33:30","guid":{"rendered":"https:\/\/flanca.si\/?post_type=product&#038;p=23489"},"modified":"2026-03-31T09:36:13","modified_gmt":"2026-03-31T07:36:13","slug":"japanska-bodlja-tamno-zelena-ilex-crenata-kopija","status":"publish","type":"product","link":"https:\/\/flanca.si\/hr\/proizvod\/japanska-bodlja-tamno-zelena-ilex-crenata-kopija\/","title":{"rendered":"Japanska bodlja &#8220;Tamno zelena&#8221; (Ilex crenata) (Kopija)"},"content":{"rendered":"<p><strong>Ilex crenata &#8216;Dark Green&#8217;<\/strong> zimzeleni je grm cijenjen zbog svog elegantnog izgleda i svestranosti. Biljka ima sitne, tamnozelene listove koji nalikuju listovima posude, \u0161to je \u010dini popularnom alternativom za oblikovanje sve\u010danih \u017eivica i ukrasnih vrtnih elemenata. Biljka raste gusto i kompaktno, dose\u017eu\u0107i visinu do 2 metra, ali se lako mo\u017ee odr\u017eavati na ni\u017eoj visini. Najbolje uspijeva na sun\u010danim ili polusjenovitim mjestima, u dobro dreniranom, blago kiselom tlu. Otporan je na niske temperature i nepretenciozan za njegu. Zalijevanje je potrebno uglavnom tijekom su\u0161nih razdoblja, ali za bolji rast preporu\u010duje se dodavanje gnojiva u prolje\u0107e. Ore\u017eite krajem prolje\u0107a ili ljeta kako biste odr\u017eali kompaktan oblik. Biljka dobro podnosi redovito \u0161i\u0161anje i oblikovanje. <strong>Ilex crenata &#8216;Dark Green&#8217;<\/strong> idealna je za \u017eivice, obrube ili sadnje u saksiji. Njegova otpornost na bolesti i atraktivan izgled \u010dine ga popularnim izborom za formalne vrtove ili moderne vanjske prostore.  <\/p>\n","protected":false},"excerpt":{"rendered":"<ul>\n<li><em>Ilex crenata &#8216;Tamno zelena&#8217;<\/em><\/li>\n<li>Zimzelena trajnica sa sitnim li\u0161\u0107em sli\u010dnim bu\u0161elu<\/li>\n<li>dose\u017ee visinu od 2 m, ali se lako odr\u017eava na ni\u017eoj visini obrezivanjem<\/li>\n<li>Neosjetljiva vi\u0161egodi\u0161nja biljka otporna na niske temperature<\/li>\n<li>Da bi se odr\u017eao kompaktan oblik, biljka se obrezuje krajem prolje\u0107a ili ljeta<\/li>\n<\/ul>\n<h4><strong>Pakirana 1 sadnica odjednom!<\/strong><\/h4>\n","protected":false},"featured_media":16810,"template":"","meta":{"site-sidebar-layout":"default","site-content-layout":"default","ast-site-content-layout":"default","site-content-style":"default","site-sidebar-style":"default","ast-global-header-display":"","ast-banner-title-visibility":"","ast-main-header-display":"","ast-hfb-above-header-display":"","ast-hfb-below-header-display":"","ast-hfb-mobile-header-display":"","site-post-title":"","ast-breadcrumbs-content":"","ast-featured-img":"","footer-sml-layout":"","ast-disable-related-posts":"","theme-transparent-header-meta":"default","adv-header-id-meta":"","stick-header-meta":"default","header-above-stick-meta":"","header-main-stick-meta":"","header-below-stick-meta":"","astra-migrate-meta-layouts":"set","ast-page-background-enabled":"default","ast-page-background-meta":{"desktop":{"background-color":"","background-image":"","background-repeat":"repeat","background-position":"center center","background-size":"auto","background-attachment":"scroll","background-type":"","background-media":"","overlay-type":"","overlay-color":"","overlay-opacity":"","overlay-gradient":""},"tablet":{"background-color":"","background-image":"","background-repeat":"repeat","background-position":"center center","background-size":"auto","background-attachment":"scroll","background-type":"","background-media":"","overlay-type":"","overlay-color":"","overlay-opacity":"","overlay-gradient":""},"mobile":{"background-color":"","background-image":"","background-repeat":"repeat","background-position":"center center","background-size":"auto","background-attachment":"scroll","background-type":"","background-media":"","overlay-type":"","overlay-color":"","overlay-opacity":"","overlay-gradient":""}},"ast-content-background-meta":{"desktop":{"background-color":"var(--ast-global-color-5)","background-image":"","background-repeat":"repeat","background-position":"center center","background-size":"auto","background-attachment":"scroll","background-type":"","background-media":"","overlay-type":"","overlay-color":"","overlay-opacity":"","overlay-gradient":""},"tablet":{"background-color":"var(--ast-global-color-5)","background-image":"","background-repeat":"repeat","background-position":"center center","background-size":"auto","background-attachment":"scroll","background-type":"","background-media":"","overlay-type":"","overlay-color":"","overlay-opacity":"","overlay-gradient":""},"mobile":{"background-color":"var(--ast-global-color-5)","background-image":"","background-repeat":"repeat","background-position":"center center","background-size":"auto","background-attachment":"scroll","background-type":"","background-media":"","overlay-type":"","overlay-color":"","overlay-opacity":"","overlay-gradient":""}}},"product_brand":[],"product_cat":[1916],"product_tag":[1869,1837,2024,1838,2229],"class_list":["post-23489","product","type-product","status-publish","has-post-thumbnail","product_cat-grmlje-i-drvece","product_tag-cvjetnjaci","product_tag-dekorativne-grede","product_tag-ilex-hr","product_tag-zimzelena-trajnica-hr","product_tag-zivice","desktop-align-left","tablet-align-left","mobile-align-left","ast-product-gallery-layout-horizontal","ast-product-gallery-with-no-image","ast-product-tabs-layout-horizontal","ast-qv-on-image","first","instock","taxable","shipping-taxable","purchasable","product-type-simple"],"aioseo_notices":[],"aioseo_head":"\n\t\t<!-- All in One SEO 5.0.1.1 - aioseo.com -->\n\t<meta name=\"description\" content=\"Ilex crenata &#039;Tamno zelena&#039; Zimzelena trajnica sa sitnim li\u0161\u0107em sli\u010dnim bu\u0161elu dose\u017ee visinu od 2 m, ali se lako odr\u017eava na ni\u017eoj visini obrezivanjem Neosjetljiva vi\u0161egodi\u0161nja biljka otporna na niske temperature Da bi se odr\u017eao kompaktan oblik, biljka se obrezuje krajem prolje\u0107a ili ljeta Pakirana 1 sadnica odjednom!\" \/>\n\t<meta name=\"robots\" content=\"max-image-preview:large\" \/>\n\t<meta name=\"google-site-verification\" content=\"1sO6GOIbhijVyOhvBZZbOsEVADo4T9w2a7D2KDR6zVI\" \/>\n\t<link rel=\"canonical\" href=\"https:\/\/flanca.si\/hr\/proizvod\/japanska-bodlja-tamno-zelena-ilex-crenata-kopija\/\" \/>\n\t<meta name=\"generator\" content=\"All in One SEO (AIOSEO) 5.0.1.1\" \/>\n\t\t<meta property=\"og:locale\" content=\"hr_HR\" \/>\n\t\t<meta property=\"og:site_name\" content=\"vrtne sadike FLANCA \u2013 Prodaja vrtnih sadik in ostale opreme\" \/>\n\t\t<meta property=\"og:type\" content=\"article\" \/>\n\t\t<meta property=\"og:title\" content=\"Japanska bodlja \u201cTamno zelena\u201d (Ilex crenata) (Kopija) \u2013 vrtne sadike FLANCA\" \/>\n\t\t<meta property=\"og:description\" content=\"Ilex crenata &#039;Tamno zelena&#039; Zimzelena trajnica sa sitnim li\u0161\u0107em sli\u010dnim bu\u0161elu dose\u017ee visinu od 2 m, ali se lako odr\u017eava na ni\u017eoj visini obrezivanjem Neosjetljiva vi\u0161egodi\u0161nja biljka otporna na niske temperature Da bi se odr\u017eao kompaktan oblik, biljka se obrezuje krajem prolje\u0107a ili ljeta Pakirana 1 sadnica odjednom!\" \/>\n\t\t<meta property=\"og:url\" content=\"https:\/\/flanca.si\/hr\/proizvod\/japanska-bodlja-tamno-zelena-ilex-crenata-kopija\/\" \/>\n\t\t<meta property=\"og:image\" content=\"https:\/\/flanca.si\/wp-content\/uploads\/2019\/11\/spletna-trgovina-s-sadikami-flanca.png\" \/>\n\t\t<meta property=\"og:image:secure_url\" content=\"https:\/\/flanca.si\/wp-content\/uploads\/2019\/11\/spletna-trgovina-s-sadikami-flanca.png\" \/>\n\t\t<meta property=\"article:published_time\" content=\"2026-03-31T07:33:30+00:00\" \/>\n\t\t<meta property=\"article:modified_time\" content=\"2026-03-31T07:36:13+00:00\" \/>\n\t\t<meta name=\"twitter:card\" content=\"summary_large_image\" \/>\n\t\t<meta name=\"twitter:title\" content=\"Japanska bodlja \u201cTamno zelena\u201d (Ilex crenata) (Kopija) \u2013 vrtne sadike FLANCA\" \/>\n\t\t<meta name=\"twitter:description\" content=\"Ilex crenata &#039;Tamno zelena&#039; Zimzelena trajnica sa sitnim li\u0161\u0107em sli\u010dnim bu\u0161elu dose\u017ee visinu od 2 m, ali se lako odr\u017eava na ni\u017eoj visini obrezivanjem Neosjetljiva vi\u0161egodi\u0161nja biljka otporna na niske temperature Da bi se odr\u017eao kompaktan oblik, biljka se obrezuje krajem prolje\u0107a ili ljeta Pakirana 1 sadnica odjednom!\" \/>\n\t\t<meta name=\"twitter:image\" content=\"https:\/\/flanca.si\/wp-content\/uploads\/2019\/11\/spletna-trgovina-s-sadikami-flanca.png\" \/>\n\t\t<script type=\"application\/ld+json\" class=\"aioseo-schema\">\n\t\t\t{\"@context\":\"https:\\\/\\\/schema.org\",\"@graph\":[{\"@type\":\"BreadcrumbList\",\"@id\":\"https:\\\/\\\/flanca.si\\\/hr\\\/proizvod\\\/japanska-bodlja-tamno-zelena-ilex-crenata-kopija\\\/#breadcrumblist\",\"itemListElement\":[{\"@type\":\"ListItem\",\"@id\":\"https:\\\/\\\/flanca.si\\\/hr\\\/#listItem\",\"position\":1,\"name\":\"Domov\",\"item\":\"https:\\\/\\\/flanca.si\\\/hr\\\/\",\"nextItem\":{\"@type\":\"ListItem\",\"@id\":\"https:\\\/\\\/flanca.si\\\/hr\\\/trgovina\\\/#listItem\",\"name\":\"Trgovina\"}},{\"@type\":\"ListItem\",\"@id\":\"https:\\\/\\\/flanca.si\\\/hr\\\/trgovina\\\/#listItem\",\"position\":2,\"name\":\"Trgovina\",\"item\":\"https:\\\/\\\/flanca.si\\\/hr\\\/trgovina\\\/\",\"nextItem\":{\"@type\":\"ListItem\",\"@id\":\"https:\\\/\\\/flanca.si\\\/hr\\\/kategorija-izdelka\\\/grmlje-i-drvece\\\/#listItem\",\"name\":\"Grmlje i drve\\u0107e\"},\"previousItem\":{\"@type\":\"ListItem\",\"@id\":\"https:\\\/\\\/flanca.si\\\/hr\\\/#listItem\",\"name\":\"Domov\"}},{\"@type\":\"ListItem\",\"@id\":\"https:\\\/\\\/flanca.si\\\/hr\\\/kategorija-izdelka\\\/grmlje-i-drvece\\\/#listItem\",\"position\":3,\"name\":\"Grmlje i drve\\u0107e\",\"item\":\"https:\\\/\\\/flanca.si\\\/hr\\\/kategorija-izdelka\\\/grmlje-i-drvece\\\/\",\"nextItem\":{\"@type\":\"ListItem\",\"@id\":\"https:\\\/\\\/flanca.si\\\/hr\\\/proizvod\\\/japanska-bodlja-tamno-zelena-ilex-crenata-kopija\\\/#listItem\",\"name\":\"Japanska bodlja &#8220;Tamno zelena&#8221; (Ilex crenata) (Kopija)\"},\"previousItem\":{\"@type\":\"ListItem\",\"@id\":\"https:\\\/\\\/flanca.si\\\/hr\\\/trgovina\\\/#listItem\",\"name\":\"Trgovina\"}},{\"@type\":\"ListItem\",\"@id\":\"https:\\\/\\\/flanca.si\\\/hr\\\/proizvod\\\/japanska-bodlja-tamno-zelena-ilex-crenata-kopija\\\/#listItem\",\"position\":4,\"name\":\"Japanska bodlja &#8220;Tamno zelena&#8221; (Ilex crenata) (Kopija)\",\"previousItem\":{\"@type\":\"ListItem\",\"@id\":\"https:\\\/\\\/flanca.si\\\/hr\\\/kategorija-izdelka\\\/grmlje-i-drvece\\\/#listItem\",\"name\":\"Grmlje i drve\\u0107e\"}}]},{\"@type\":\"ItemPage\",\"@id\":\"https:\\\/\\\/flanca.si\\\/hr\\\/proizvod\\\/japanska-bodlja-tamno-zelena-ilex-crenata-kopija\\\/#itempage\",\"url\":\"https:\\\/\\\/flanca.si\\\/hr\\\/proizvod\\\/japanska-bodlja-tamno-zelena-ilex-crenata-kopija\\\/\",\"name\":\"Japanska bodlja \\u201cTamno zelena\\u201d (Ilex crenata) (Kopija) \\u2013 vrtne sadike FLANCA\",\"description\":\"Ilex crenata 'Tamno zelena' Zimzelena trajnica sa sitnim li\\u0161\\u0107em sli\\u010dnim bu\\u0161elu dose\\u017ee visinu od 2 m, ali se lako odr\\u017eava na ni\\u017eoj visini obrezivanjem Neosjetljiva vi\\u0161egodi\\u0161nja biljka otporna na niske temperature Da bi se odr\\u017eao kompaktan oblik, biljka se obrezuje krajem prolje\\u0107a ili ljeta Pakirana 1 sadnica odjednom!\",\"inLanguage\":\"hr\",\"isPartOf\":{\"@id\":\"https:\\\/\\\/flanca.si\\\/hr\\\/#website\"},\"breadcrumb\":{\"@id\":\"https:\\\/\\\/flanca.si\\\/hr\\\/proizvod\\\/japanska-bodlja-tamno-zelena-ilex-crenata-kopija\\\/#breadcrumblist\"},\"image\":{\"@type\":\"ImageObject\",\"url\":\"https:\\\/\\\/flanca.si\\\/wp-content\\\/uploads\\\/2020\\\/06\\\/ilex-crenata-japonska-bodika-darkgreen-1.jpg\",\"@id\":\"https:\\\/\\\/flanca.si\\\/hr\\\/proizvod\\\/japanska-bodlja-tamno-zelena-ilex-crenata-kopija\\\/#mainImage\",\"width\":729,\"height\":800},\"primaryImageOfPage\":{\"@id\":\"https:\\\/\\\/flanca.si\\\/hr\\\/proizvod\\\/japanska-bodlja-tamno-zelena-ilex-crenata-kopija\\\/#mainImage\"},\"datePublished\":\"2026-03-31T09:33:30+02:00\",\"dateModified\":\"2026-03-31T09:36:13+02:00\"},{\"@type\":\"Organization\",\"@id\":\"https:\\\/\\\/flanca.si\\\/hr\\\/#organization\",\"name\":\"vrtne sadike FLANCA\",\"description\":\"Prodaja vrtnih sadik in ostale opreme\",\"url\":\"https:\\\/\\\/flanca.si\\\/hr\\\/\",\"logo\":{\"@type\":\"ImageObject\",\"url\":\"https:\\\/\\\/flanca.si\\\/wp-content\\\/uploads\\\/2019\\\/11\\\/spletna-trgovina-s-sadikami-flanca.png\",\"@id\":\"https:\\\/\\\/flanca.si\\\/hr\\\/proizvod\\\/japanska-bodlja-tamno-zelena-ilex-crenata-kopija\\\/#organizationLogo\",\"width\":151,\"height\":50,\"caption\":\"spletna trgovina s sadikami FLANCA\"},\"image\":{\"@id\":\"https:\\\/\\\/flanca.si\\\/hr\\\/proizvod\\\/japanska-bodlja-tamno-zelena-ilex-crenata-kopija\\\/#organizationLogo\"}},{\"@type\":\"WebSite\",\"@id\":\"https:\\\/\\\/flanca.si\\\/hr\\\/#website\",\"url\":\"https:\\\/\\\/flanca.si\\\/hr\\\/\",\"name\":\"vrtne sadike FLANCA\",\"description\":\"Prodaja vrtnih sadik in ostale opreme\",\"inLanguage\":\"hr\",\"publisher\":{\"@id\":\"https:\\\/\\\/flanca.si\\\/hr\\\/#organization\"}}]}\n\t\t<\/script>\n\t\t<!-- All in One SEO -->\n\n","aioseo_head_json":{"title":"Japanska bodlja \u201cTamno zelena\u201d (Ilex crenata) (Kopija) \u2013 vrtne sadike FLANCA","description":"Ilex crenata 'Tamno zelena' Zimzelena trajnica sa sitnim li\u0161\u0107em sli\u010dnim bu\u0161elu dose\u017ee visinu od 2 m, ali se lako odr\u017eava na ni\u017eoj visini obrezivanjem Neosjetljiva vi\u0161egodi\u0161nja biljka otporna na niske temperature Da bi se odr\u017eao kompaktan oblik, biljka se obrezuje krajem prolje\u0107a ili ljeta Pakirana 1 sadnica odjednom!","canonical_url":"https:\/\/flanca.si\/hr\/proizvod\/japanska-bodlja-tamno-zelena-ilex-crenata-kopija\/","robots":"max-image-preview:large","keywords":"","webmasterTools":{"google-site-verification":"1sO6GOIbhijVyOhvBZZbOsEVADo4T9w2a7D2KDR6zVI","miscellaneous":""},"schema":{"@context":"https:\/\/schema.org","@graph":[{"@type":"BreadcrumbList","@id":"https:\/\/flanca.si\/hr\/proizvod\/japanska-bodlja-tamno-zelena-ilex-crenata-kopija\/#breadcrumblist","itemListElement":[{"@type":"ListItem","@id":"https:\/\/flanca.si\/hr\/#listItem","position":1,"name":"Domov","item":"https:\/\/flanca.si\/hr\/","nextItem":{"@type":"ListItem","@id":"https:\/\/flanca.si\/hr\/trgovina\/#listItem","name":"Trgovina"}},{"@type":"ListItem","@id":"https:\/\/flanca.si\/hr\/trgovina\/#listItem","position":2,"name":"Trgovina","item":"https:\/\/flanca.si\/hr\/trgovina\/","nextItem":{"@type":"ListItem","@id":"https:\/\/flanca.si\/hr\/kategorija-izdelka\/grmlje-i-drvece\/#listItem","name":"Grmlje i drve\u0107e"},"previousItem":{"@type":"ListItem","@id":"https:\/\/flanca.si\/hr\/#listItem","name":"Domov"}},{"@type":"ListItem","@id":"https:\/\/flanca.si\/hr\/kategorija-izdelka\/grmlje-i-drvece\/#listItem","position":3,"name":"Grmlje i drve\u0107e","item":"https:\/\/flanca.si\/hr\/kategorija-izdelka\/grmlje-i-drvece\/","nextItem":{"@type":"ListItem","@id":"https:\/\/flanca.si\/hr\/proizvod\/japanska-bodlja-tamno-zelena-ilex-crenata-kopija\/#listItem","name":"Japanska bodlja &#8220;Tamno zelena&#8221; (Ilex crenata) (Kopija)"},"previousItem":{"@type":"ListItem","@id":"https:\/\/flanca.si\/hr\/trgovina\/#listItem","name":"Trgovina"}},{"@type":"ListItem","@id":"https:\/\/flanca.si\/hr\/proizvod\/japanska-bodlja-tamno-zelena-ilex-crenata-kopija\/#listItem","position":4,"name":"Japanska bodlja &#8220;Tamno zelena&#8221; (Ilex crenata) (Kopija)","previousItem":{"@type":"ListItem","@id":"https:\/\/flanca.si\/hr\/kategorija-izdelka\/grmlje-i-drvece\/#listItem","name":"Grmlje i drve\u0107e"}}]},{"@type":"ItemPage","@id":"https:\/\/flanca.si\/hr\/proizvod\/japanska-bodlja-tamno-zelena-ilex-crenata-kopija\/#itempage","url":"https:\/\/flanca.si\/hr\/proizvod\/japanska-bodlja-tamno-zelena-ilex-crenata-kopija\/","name":"Japanska bodlja \u201cTamno zelena\u201d (Ilex crenata) (Kopija) \u2013 vrtne sadike FLANCA","description":"Ilex crenata 'Tamno zelena' Zimzelena trajnica sa sitnim li\u0161\u0107em sli\u010dnim bu\u0161elu dose\u017ee visinu od 2 m, ali se lako odr\u017eava na ni\u017eoj visini obrezivanjem Neosjetljiva vi\u0161egodi\u0161nja biljka otporna na niske temperature Da bi se odr\u017eao kompaktan oblik, biljka se obrezuje krajem prolje\u0107a ili ljeta Pakirana 1 sadnica odjednom!","inLanguage":"hr","isPartOf":{"@id":"https:\/\/flanca.si\/hr\/#website"},"breadcrumb":{"@id":"https:\/\/flanca.si\/hr\/proizvod\/japanska-bodlja-tamno-zelena-ilex-crenata-kopija\/#breadcrumblist"},"image":{"@type":"ImageObject","url":"https:\/\/flanca.si\/wp-content\/uploads\/2020\/06\/ilex-crenata-japonska-bodika-darkgreen-1.jpg","@id":"https:\/\/flanca.si\/hr\/proizvod\/japanska-bodlja-tamno-zelena-ilex-crenata-kopija\/#mainImage","width":729,"height":800},"primaryImageOfPage":{"@id":"https:\/\/flanca.si\/hr\/proizvod\/japanska-bodlja-tamno-zelena-ilex-crenata-kopija\/#mainImage"},"datePublished":"2026-03-31T09:33:30+02:00","dateModified":"2026-03-31T09:36:13+02:00"},{"@type":"Organization","@id":"https:\/\/flanca.si\/hr\/#organization","name":"vrtne sadike FLANCA","description":"Prodaja vrtnih sadik in ostale opreme","url":"https:\/\/flanca.si\/hr\/","logo":{"@type":"ImageObject","url":"https:\/\/flanca.si\/wp-content\/uploads\/2019\/11\/spletna-trgovina-s-sadikami-flanca.png","@id":"https:\/\/flanca.si\/hr\/proizvod\/japanska-bodlja-tamno-zelena-ilex-crenata-kopija\/#organizationLogo","width":151,"height":50,"caption":"spletna trgovina s sadikami FLANCA"},"image":{"@id":"https:\/\/flanca.si\/hr\/proizvod\/japanska-bodlja-tamno-zelena-ilex-crenata-kopija\/#organizationLogo"}},{"@type":"WebSite","@id":"https:\/\/flanca.si\/hr\/#website","url":"https:\/\/flanca.si\/hr\/","name":"vrtne sadike FLANCA","description":"Prodaja vrtnih sadik in ostale opreme","inLanguage":"hr","publisher":{"@id":"https:\/\/flanca.si\/hr\/#organization"}}]},"og:locale":"hr_HR","og:site_name":"vrtne sadike FLANCA \u2013 Prodaja vrtnih sadik in ostale opreme","og:type":"article","og:title":"Japanska bodlja \u201cTamno zelena\u201d (Ilex crenata) (Kopija) \u2013 vrtne sadike FLANCA","og:description":"Ilex crenata 'Tamno zelena' Zimzelena trajnica sa sitnim li\u0161\u0107em sli\u010dnim bu\u0161elu dose\u017ee visinu od 2 m, ali se lako odr\u017eava na ni\u017eoj visini obrezivanjem Neosjetljiva vi\u0161egodi\u0161nja biljka otporna na niske temperature Da bi se odr\u017eao kompaktan oblik, biljka se obrezuje krajem prolje\u0107a ili ljeta Pakirana 1 sadnica odjednom!","og:url":"https:\/\/flanca.si\/hr\/proizvod\/japanska-bodlja-tamno-zelena-ilex-crenata-kopija\/","og:image":"https:\/\/flanca.si\/wp-content\/uploads\/2019\/11\/spletna-trgovina-s-sadikami-flanca.png","og:image:secure_url":"https:\/\/flanca.si\/wp-content\/uploads\/2019\/11\/spletna-trgovina-s-sadikami-flanca.png","article:published_time":"2026-03-31T07:33:30+00:00","article:modified_time":"2026-03-31T07:36:13+00:00","twitter:card":"summary_large_image","twitter:title":"Japanska bodlja \u201cTamno zelena\u201d (Ilex crenata) (Kopija) \u2013 vrtne sadike FLANCA","twitter:description":"Ilex crenata 'Tamno zelena' Zimzelena trajnica sa sitnim li\u0161\u0107em sli\u010dnim bu\u0161elu dose\u017ee visinu od 2 m, ali se lako odr\u017eava na ni\u017eoj visini obrezivanjem Neosjetljiva vi\u0161egodi\u0161nja biljka otporna na niske temperature Da bi se odr\u017eao kompaktan oblik, biljka se obrezuje krajem prolje\u0107a ili ljeta Pakirana 1 sadnica odjednom!","twitter:image":"https:\/\/flanca.si\/wp-content\/uploads\/2019\/11\/spletna-trgovina-s-sadikami-flanca.png"},"aioseo_meta_data":{"post_id":"23489","title":null,"description":null,"keywords":null,"keyphrases":{"focus":{"keyphrase":"","score":0,"analysis":{"keyphraseInTitle":{"score":0,"maxScore":9,"error":1}}},"additional":[]},"primary_term":null,"canonical_url":null,"og_title":null,"og_description":null,"og_object_type":"default","og_image_type":"default","og_image_url":null,"og_image_width":null,"og_image_height":null,"og_image_custom_url":null,"og_image_custom_fields":null,"og_video":"","og_custom_url":null,"og_article_section":null,"og_article_tags":null,"twitter_use_og":false,"twitter_card":"default","twitter_image_type":"default","twitter_image_url":null,"twitter_image_custom_url":null,"twitter_image_custom_fields":null,"twitter_title":null,"twitter_description":null,"schema":{"blockGraphs":[],"customGraphs":[],"default":{"data":{"Article":[],"Course":[],"Dataset":[],"FAQPage":[],"Movie":[],"Person":[],"Product":[],"ProductReview":[],"Car":[],"Recipe":[],"Service":[],"SoftwareApplication":[],"WebPage":[]},"graphName":"ItemPage","isEnabled":true},"graphs":[]},"schema_type":"default","schema_type_options":null,"pillar_content":false,"robots_default":true,"robots_noindex":false,"robots_noarchive":false,"robots_nosnippet":false,"robots_nofollow":false,"robots_noimageindex":false,"robots_noodp":false,"robots_notranslate":false,"robots_max_snippet":"-1","robots_max_videopreview":"-1","robots_max_imagepreview":"large","priority":null,"frequency":"default","local_seo":null,"breadcrumb_settings":null,"limit_modified_date":false,"ai":{"faqs":[],"keyPoints":[],"titles":[],"descriptions":[],"socialPosts":{"email":[],"linkedin":[],"twitter":[],"facebook":[],"instagram":[]}},"created":"2026-03-31 07:33:31","updated":"2026-04-07 20:27:41","seo_analyzer_scan_date":null,"focus_keyword":null,"additional_keywords":null,"truseo_locale":null},"aioseo_breadcrumb":"<div class=\"aioseo-breadcrumbs\"><span class=\"aioseo-breadcrumb\">\n\t\t\t<a href=\"https:\/\/flanca.si\/hr\/\" title=\"Domov\">Domov<\/a>\n\t\t<\/span><span class=\"aioseo-breadcrumb-separator\">\u00bb<\/span><span class=\"aioseo-breadcrumb\">\n\t\t\t<a href=\"https:\/\/flanca.si\/hr\/trgovina\/\" title=\"Trgovina\">Trgovina<\/a>\n\t\t<\/span><span class=\"aioseo-breadcrumb-separator\">\u00bb<\/span><span class=\"aioseo-breadcrumb\">\n\t\t\t<a href=\"https:\/\/flanca.si\/hr\/kategorija-izdelka\/grmlje-i-drvece\/\" title=\"Grmlje i drve\u0107e\">Grmlje i drve\u0107e<\/a>\n\t\t<\/span><span class=\"aioseo-breadcrumb-separator\">\u00bb<\/span><span class=\"aioseo-breadcrumb\">\n\t\t\tJapanska bodlja \u201cTamno zelena\u201d (Ilex crenata) (Kopija)\n\t\t<\/span><\/div>","aioseo_breadcrumb_json":[{"label":"Domov","link":"https:\/\/flanca.si\/hr\/"},{"label":"Trgovina","link":"https:\/\/flanca.si\/hr\/trgovina\/"},{"label":"Grmlje i drve\u0107e","link":"https:\/\/flanca.si\/hr\/kategorija-izdelka\/grmlje-i-drvece\/"},{"label":"Japanska bodlja &#8220;Tamno zelena&#8221; (Ilex crenata) (Kopija)","link":"https:\/\/flanca.si\/hr\/proizvod\/japanska-bodlja-tamno-zelena-ilex-crenata-kopija\/"}],"_links":{"self":[{"href":"https:\/\/flanca.si\/hr\/wp-json\/wp\/v2\/product\/23489","targetHints":{"allow":["GET"]}}],"collection":[{"href":"https:\/\/flanca.si\/hr\/wp-json\/wp\/v2\/product"}],"about":[{"href":"https:\/\/flanca.si\/hr\/wp-json\/wp\/v2\/types\/product"}],"wp:featuredmedia":[{"embeddable":true,"href":"https:\/\/flanca.si\/hr\/wp-json\/wp\/v2\/media\/16810"}],"wp:attachment":[{"href":"https:\/\/flanca.si\/hr\/wp-json\/wp\/v2\/media?parent=23489"}],"wp:term":[{"taxonomy":"product_brand","embeddable":true,"href":"https:\/\/flanca.si\/hr\/wp-json\/wp\/v2\/product_brand?post=23489"},{"taxonomy":"product_cat","embeddable":true,"href":"https:\/\/flanca.si\/hr\/wp-json\/wp\/v2\/product_cat?post=23489"},{"taxonomy":"product_tag","embeddable":true,"href":"https:\/\/flanca.si\/hr\/wp-json\/wp\/v2\/product_tag?post=23489"}],"curies":[{"name":"wp","href":"https:\/\/api.w.org\/{rel}","templated":true}]}}