{"id":17930,"date":"2021-09-16T08:34:35","date_gmt":"2021-09-16T06:34:35","guid":{"rendered":"https:\/\/flanca.si\/izdelek\/jesenski-vrijesak-garden-girls-bijeli\/"},"modified":"2021-09-16T08:34:35","modified_gmt":"2021-09-16T06:34:35","slug":"jesenski-vrijesak-garden-girls-bijeli","status":"publish","type":"product","link":"https:\/\/flanca.si\/hr\/proizvod\/jesenski-vrijesak-garden-girls-bijeli\/","title":{"rendered":"Jesenski vrijesak &#8216;Garden Girls&#8217; &#8211; bijeli"},"content":{"rendered":"<p>Jesenski vrijesak je mala, jastu\u010dasta, sporo rastu\u0107a omiljena jesenska biljka. Cvjetovi su brojni, u uspravnih grozdastih cvatova, zvonastog bijelog oblika. Cvate od kolovoza do kasne jeseni. Dobro uspijeva na kiselim, humusnim, djelomi\u010dno pjeskovitim, rastresitim tlima. Odgovara sun\u010danim do polusjenovitim polo\u017eajima. Biljka je pogodna za formiranje jesenskih zasada pojedina\u010dno ili u kombinaciji s drugim jesenskim cvjetnim biljkama. Potpuno je nepretenciozan prema svom odgoju i odr\u017eavanju. Svojim bojama dodaje da\u0161ak \u017eivosti jesenskim danima.<\/p>\n","protected":false},"excerpt":{"rendered":"<ul>\n<li><em>Calluna vulgaris<\/em><\/li>\n<li>Jesenski rub<\/li>\n<li>Jesenske sadnje<\/li>\n<li>Nepretenciozan odgoj<\/li>\n<li>brojni bijeli cvjetovi<\/li>\n<\/ul>\n<h4>Pakirana 1 sadnica odjednom!<\/h4>\n","protected":false},"featured_media":17931,"template":"","meta":{"site-sidebar-layout":"default","site-content-layout":"default","ast-site-content-layout":"default","site-content-style":"default","site-sidebar-style":"default","ast-global-header-display":"","ast-banner-title-visibility":"","ast-main-header-display":"","ast-hfb-above-header-display":"","ast-hfb-below-header-display":"","ast-hfb-mobile-header-display":"","site-post-title":"","ast-breadcrumbs-content":"","ast-featured-img":"","footer-sml-layout":"","ast-disable-related-posts":"","theme-transparent-header-meta":"default","adv-header-id-meta":"","stick-header-meta":"default","header-above-stick-meta":"","header-main-stick-meta":"","header-below-stick-meta":"","astra-migrate-meta-layouts":"default","ast-page-background-enabled":"default","ast-page-background-meta":{"desktop":{"background-color":"","background-image":"","background-repeat":"repeat","background-position":"center center","background-size":"auto","background-attachment":"scroll","background-type":"","background-media":"","overlay-type":"","overlay-color":"","overlay-opacity":"","overlay-gradient":""},"tablet":{"background-color":"","background-image":"","background-repeat":"repeat","background-position":"center center","background-size":"auto","background-attachment":"scroll","background-type":"","background-media":"","overlay-type":"","overlay-color":"","overlay-opacity":"","overlay-gradient":""},"mobile":{"background-color":"","background-image":"","background-repeat":"repeat","background-position":"center center","background-size":"auto","background-attachment":"scroll","background-type":"","background-media":"","overlay-type":"","overlay-color":"","overlay-opacity":"","overlay-gradient":""}},"ast-content-background-meta":{"desktop":{"background-color":"var(--ast-global-color-5)","background-image":"","background-repeat":"repeat","background-position":"center center","background-size":"auto","background-attachment":"scroll","background-type":"","background-media":"","overlay-type":"","overlay-color":"","overlay-opacity":"","overlay-gradient":""},"tablet":{"background-color":"var(--ast-global-color-5)","background-image":"","background-repeat":"repeat","background-position":"center center","background-size":"auto","background-attachment":"scroll","background-type":"","background-media":"","overlay-type":"","overlay-color":"","overlay-opacity":"","overlay-gradient":""},"mobile":{"background-color":"var(--ast-global-color-5)","background-image":"","background-repeat":"repeat","background-position":"center center","background-size":"auto","background-attachment":"scroll","background-type":"","background-media":"","overlay-type":"","overlay-color":"","overlay-opacity":"","overlay-gradient":""}}},"product_brand":[],"product_cat":[1833],"product_tag":[1601,1941,1943,2288],"class_list":["post-17930","product","type-product","status-publish","has-post-thumbnail","product_cat-biljke-za-korita-i-gredice","product_tag-jesen-hr","product_tag-jesenske-sadnje","product_tag-telugu-hr-7","product_tag-vrijesak","desktop-align-left","tablet-align-left","mobile-align-left","ast-product-gallery-layout-horizontal","ast-product-gallery-with-no-image","ast-product-tabs-layout-horizontal","ast-qv-on-image","first","outofstock","taxable","shipping-taxable","purchasable","product-type-simple"],"aioseo_notices":[],"aioseo_head":"\n\t\t<!-- All in One SEO 5.0.1.1 - aioseo.com -->\n\t<meta name=\"description\" content=\"Calluna vulgaris Jesenski rub Jesenske sadnje Nepretenciozan odgoj brojni bijeli cvjetovi Pakirana 1 sadnica odjednom!\" \/>\n\t<meta name=\"robots\" content=\"max-image-preview:large\" \/>\n\t<meta name=\"google-site-verification\" content=\"1sO6GOIbhijVyOhvBZZbOsEVADo4T9w2a7D2KDR6zVI\" \/>\n\t<link rel=\"canonical\" href=\"https:\/\/flanca.si\/hr\/proizvod\/jesenski-vrijesak-garden-girls-bijeli\/\" \/>\n\t<meta name=\"generator\" content=\"All in One SEO (AIOSEO) 5.0.1.1\" \/>\n\t\t<meta property=\"og:locale\" content=\"hr_HR\" \/>\n\t\t<meta property=\"og:site_name\" content=\"vrtne sadike FLANCA \u2013 Prodaja vrtnih sadik in ostale opreme\" \/>\n\t\t<meta property=\"og:type\" content=\"article\" \/>\n\t\t<meta property=\"og:title\" content=\"Jesenski vrijesak \u2018Garden Girls\u2019 \u2013 bijeli \u2013 vrtne sadike FLANCA\" \/>\n\t\t<meta property=\"og:description\" content=\"Calluna vulgaris Jesenski rub Jesenske sadnje Nepretenciozan odgoj brojni bijeli cvjetovi Pakirana 1 sadnica odjednom!\" \/>\n\t\t<meta property=\"og:url\" content=\"https:\/\/flanca.si\/hr\/proizvod\/jesenski-vrijesak-garden-girls-bijeli\/\" \/>\n\t\t<meta property=\"og:image\" content=\"https:\/\/flanca.si\/wp-content\/uploads\/2019\/11\/spletna-trgovina-s-sadikami-flanca.png\" \/>\n\t\t<meta property=\"og:image:secure_url\" content=\"https:\/\/flanca.si\/wp-content\/uploads\/2019\/11\/spletna-trgovina-s-sadikami-flanca.png\" \/>\n\t\t<meta property=\"article:published_time\" content=\"2021-09-16T06:34:35+00:00\" \/>\n\t\t<meta property=\"article:modified_time\" content=\"2021-09-16T06:34:35+00:00\" \/>\n\t\t<meta name=\"twitter:card\" content=\"summary_large_image\" \/>\n\t\t<meta name=\"twitter:title\" content=\"Jesenski vrijesak \u2018Garden Girls\u2019 \u2013 bijeli \u2013 vrtne sadike FLANCA\" \/>\n\t\t<meta name=\"twitter:description\" content=\"Calluna vulgaris Jesenski rub Jesenske sadnje Nepretenciozan odgoj brojni bijeli cvjetovi Pakirana 1 sadnica odjednom!\" \/>\n\t\t<meta name=\"twitter:image\" content=\"https:\/\/flanca.si\/wp-content\/uploads\/2019\/11\/spletna-trgovina-s-sadikami-flanca.png\" \/>\n\t\t<script type=\"application\/ld+json\" class=\"aioseo-schema\">\n\t\t\t{\"@context\":\"https:\\\/\\\/schema.org\",\"@graph\":[{\"@type\":\"BreadcrumbList\",\"@id\":\"https:\\\/\\\/flanca.si\\\/hr\\\/proizvod\\\/jesenski-vrijesak-garden-girls-bijeli\\\/#breadcrumblist\",\"itemListElement\":[{\"@type\":\"ListItem\",\"@id\":\"https:\\\/\\\/flanca.si\\\/hr\\\/#listItem\",\"position\":1,\"name\":\"Domov\",\"item\":\"https:\\\/\\\/flanca.si\\\/hr\\\/\",\"nextItem\":{\"@type\":\"ListItem\",\"@id\":\"https:\\\/\\\/flanca.si\\\/hr\\\/trgovina\\\/#listItem\",\"name\":\"Trgovina\"}},{\"@type\":\"ListItem\",\"@id\":\"https:\\\/\\\/flanca.si\\\/hr\\\/trgovina\\\/#listItem\",\"position\":2,\"name\":\"Trgovina\",\"item\":\"https:\\\/\\\/flanca.si\\\/hr\\\/trgovina\\\/\",\"nextItem\":{\"@type\":\"ListItem\",\"@id\":\"https:\\\/\\\/flanca.si\\\/hr\\\/kategorija-izdelka\\\/biljke-za-korita-i-gredice\\\/#listItem\",\"name\":\"Biljke za korita i gredice\"},\"previousItem\":{\"@type\":\"ListItem\",\"@id\":\"https:\\\/\\\/flanca.si\\\/hr\\\/#listItem\",\"name\":\"Domov\"}},{\"@type\":\"ListItem\",\"@id\":\"https:\\\/\\\/flanca.si\\\/hr\\\/kategorija-izdelka\\\/biljke-za-korita-i-gredice\\\/#listItem\",\"position\":3,\"name\":\"Biljke za korita i gredice\",\"item\":\"https:\\\/\\\/flanca.si\\\/hr\\\/kategorija-izdelka\\\/biljke-za-korita-i-gredice\\\/\",\"nextItem\":{\"@type\":\"ListItem\",\"@id\":\"https:\\\/\\\/flanca.si\\\/hr\\\/proizvod\\\/jesenski-vrijesak-garden-girls-bijeli\\\/#listItem\",\"name\":\"Jesenski vrijesak &#8216;Garden Girls&#8217; &#8211; bijeli\"},\"previousItem\":{\"@type\":\"ListItem\",\"@id\":\"https:\\\/\\\/flanca.si\\\/hr\\\/trgovina\\\/#listItem\",\"name\":\"Trgovina\"}},{\"@type\":\"ListItem\",\"@id\":\"https:\\\/\\\/flanca.si\\\/hr\\\/proizvod\\\/jesenski-vrijesak-garden-girls-bijeli\\\/#listItem\",\"position\":4,\"name\":\"Jesenski vrijesak &#8216;Garden Girls&#8217; &#8211; bijeli\",\"previousItem\":{\"@type\":\"ListItem\",\"@id\":\"https:\\\/\\\/flanca.si\\\/hr\\\/kategorija-izdelka\\\/biljke-za-korita-i-gredice\\\/#listItem\",\"name\":\"Biljke za korita i gredice\"}}]},{\"@type\":\"ItemPage\",\"@id\":\"https:\\\/\\\/flanca.si\\\/hr\\\/proizvod\\\/jesenski-vrijesak-garden-girls-bijeli\\\/#itempage\",\"url\":\"https:\\\/\\\/flanca.si\\\/hr\\\/proizvod\\\/jesenski-vrijesak-garden-girls-bijeli\\\/\",\"name\":\"Jesenski vrijesak \\u2018Garden Girls\\u2019 \\u2013 bijeli \\u2013 vrtne sadike FLANCA\",\"description\":\"Calluna vulgaris Jesenski rub Jesenske sadnje Nepretenciozan odgoj brojni bijeli cvjetovi Pakirana 1 sadnica odjednom!\",\"inLanguage\":\"hr\",\"isPartOf\":{\"@id\":\"https:\\\/\\\/flanca.si\\\/hr\\\/#website\"},\"breadcrumb\":{\"@id\":\"https:\\\/\\\/flanca.si\\\/hr\\\/proizvod\\\/jesenski-vrijesak-garden-girls-bijeli\\\/#breadcrumblist\"},\"image\":{\"@type\":\"ImageObject\",\"url\":\"https:\\\/\\\/flanca.si\\\/wp-content\\\/uploads\\\/2021\\\/09\\\/jesenska_vresa_bela-1-scaled.jpg\",\"@id\":\"https:\\\/\\\/flanca.si\\\/hr\\\/proizvod\\\/jesenski-vrijesak-garden-girls-bijeli\\\/#mainImage\",\"width\":1189,\"height\":1920},\"primaryImageOfPage\":{\"@id\":\"https:\\\/\\\/flanca.si\\\/hr\\\/proizvod\\\/jesenski-vrijesak-garden-girls-bijeli\\\/#mainImage\"},\"datePublished\":\"2021-09-16T08:34:35+02:00\",\"dateModified\":\"2021-09-16T08:34:35+02:00\"},{\"@type\":\"Organization\",\"@id\":\"https:\\\/\\\/flanca.si\\\/hr\\\/#organization\",\"name\":\"vrtne sadike FLANCA\",\"description\":\"Prodaja vrtnih sadik in ostale opreme\",\"url\":\"https:\\\/\\\/flanca.si\\\/hr\\\/\",\"logo\":{\"@type\":\"ImageObject\",\"url\":\"https:\\\/\\\/flanca.si\\\/wp-content\\\/uploads\\\/2019\\\/11\\\/spletna-trgovina-s-sadikami-flanca.png\",\"@id\":\"https:\\\/\\\/flanca.si\\\/hr\\\/proizvod\\\/jesenski-vrijesak-garden-girls-bijeli\\\/#organizationLogo\",\"width\":151,\"height\":50,\"caption\":\"spletna trgovina s sadikami FLANCA\"},\"image\":{\"@id\":\"https:\\\/\\\/flanca.si\\\/hr\\\/proizvod\\\/jesenski-vrijesak-garden-girls-bijeli\\\/#organizationLogo\"}},{\"@type\":\"WebSite\",\"@id\":\"https:\\\/\\\/flanca.si\\\/hr\\\/#website\",\"url\":\"https:\\\/\\\/flanca.si\\\/hr\\\/\",\"name\":\"vrtne sadike FLANCA\",\"description\":\"Prodaja vrtnih sadik in ostale opreme\",\"inLanguage\":\"hr\",\"publisher\":{\"@id\":\"https:\\\/\\\/flanca.si\\\/hr\\\/#organization\"}}]}\n\t\t<\/script>\n\t\t<!-- All in One SEO -->\n\n","aioseo_head_json":{"title":"Jesenski vrijesak \u2018Garden Girls\u2019 \u2013 bijeli \u2013 vrtne sadike FLANCA","description":"Calluna vulgaris Jesenski rub Jesenske sadnje Nepretenciozan odgoj brojni bijeli cvjetovi Pakirana 1 sadnica odjednom!","canonical_url":"https:\/\/flanca.si\/hr\/proizvod\/jesenski-vrijesak-garden-girls-bijeli\/","robots":"max-image-preview:large","keywords":"","webmasterTools":{"google-site-verification":"1sO6GOIbhijVyOhvBZZbOsEVADo4T9w2a7D2KDR6zVI","miscellaneous":""},"schema":{"@context":"https:\/\/schema.org","@graph":[{"@type":"BreadcrumbList","@id":"https:\/\/flanca.si\/hr\/proizvod\/jesenski-vrijesak-garden-girls-bijeli\/#breadcrumblist","itemListElement":[{"@type":"ListItem","@id":"https:\/\/flanca.si\/hr\/#listItem","position":1,"name":"Domov","item":"https:\/\/flanca.si\/hr\/","nextItem":{"@type":"ListItem","@id":"https:\/\/flanca.si\/hr\/trgovina\/#listItem","name":"Trgovina"}},{"@type":"ListItem","@id":"https:\/\/flanca.si\/hr\/trgovina\/#listItem","position":2,"name":"Trgovina","item":"https:\/\/flanca.si\/hr\/trgovina\/","nextItem":{"@type":"ListItem","@id":"https:\/\/flanca.si\/hr\/kategorija-izdelka\/biljke-za-korita-i-gredice\/#listItem","name":"Biljke za korita i gredice"},"previousItem":{"@type":"ListItem","@id":"https:\/\/flanca.si\/hr\/#listItem","name":"Domov"}},{"@type":"ListItem","@id":"https:\/\/flanca.si\/hr\/kategorija-izdelka\/biljke-za-korita-i-gredice\/#listItem","position":3,"name":"Biljke za korita i gredice","item":"https:\/\/flanca.si\/hr\/kategorija-izdelka\/biljke-za-korita-i-gredice\/","nextItem":{"@type":"ListItem","@id":"https:\/\/flanca.si\/hr\/proizvod\/jesenski-vrijesak-garden-girls-bijeli\/#listItem","name":"Jesenski vrijesak &#8216;Garden Girls&#8217; &#8211; bijeli"},"previousItem":{"@type":"ListItem","@id":"https:\/\/flanca.si\/hr\/trgovina\/#listItem","name":"Trgovina"}},{"@type":"ListItem","@id":"https:\/\/flanca.si\/hr\/proizvod\/jesenski-vrijesak-garden-girls-bijeli\/#listItem","position":4,"name":"Jesenski vrijesak &#8216;Garden Girls&#8217; &#8211; bijeli","previousItem":{"@type":"ListItem","@id":"https:\/\/flanca.si\/hr\/kategorija-izdelka\/biljke-za-korita-i-gredice\/#listItem","name":"Biljke za korita i gredice"}}]},{"@type":"ItemPage","@id":"https:\/\/flanca.si\/hr\/proizvod\/jesenski-vrijesak-garden-girls-bijeli\/#itempage","url":"https:\/\/flanca.si\/hr\/proizvod\/jesenski-vrijesak-garden-girls-bijeli\/","name":"Jesenski vrijesak \u2018Garden Girls\u2019 \u2013 bijeli \u2013 vrtne sadike FLANCA","description":"Calluna vulgaris Jesenski rub Jesenske sadnje Nepretenciozan odgoj brojni bijeli cvjetovi Pakirana 1 sadnica odjednom!","inLanguage":"hr","isPartOf":{"@id":"https:\/\/flanca.si\/hr\/#website"},"breadcrumb":{"@id":"https:\/\/flanca.si\/hr\/proizvod\/jesenski-vrijesak-garden-girls-bijeli\/#breadcrumblist"},"image":{"@type":"ImageObject","url":"https:\/\/flanca.si\/wp-content\/uploads\/2021\/09\/jesenska_vresa_bela-1-scaled.jpg","@id":"https:\/\/flanca.si\/hr\/proizvod\/jesenski-vrijesak-garden-girls-bijeli\/#mainImage","width":1189,"height":1920},"primaryImageOfPage":{"@id":"https:\/\/flanca.si\/hr\/proizvod\/jesenski-vrijesak-garden-girls-bijeli\/#mainImage"},"datePublished":"2021-09-16T08:34:35+02:00","dateModified":"2021-09-16T08:34:35+02:00"},{"@type":"Organization","@id":"https:\/\/flanca.si\/hr\/#organization","name":"vrtne sadike FLANCA","description":"Prodaja vrtnih sadik in ostale opreme","url":"https:\/\/flanca.si\/hr\/","logo":{"@type":"ImageObject","url":"https:\/\/flanca.si\/wp-content\/uploads\/2019\/11\/spletna-trgovina-s-sadikami-flanca.png","@id":"https:\/\/flanca.si\/hr\/proizvod\/jesenski-vrijesak-garden-girls-bijeli\/#organizationLogo","width":151,"height":50,"caption":"spletna trgovina s sadikami FLANCA"},"image":{"@id":"https:\/\/flanca.si\/hr\/proizvod\/jesenski-vrijesak-garden-girls-bijeli\/#organizationLogo"}},{"@type":"WebSite","@id":"https:\/\/flanca.si\/hr\/#website","url":"https:\/\/flanca.si\/hr\/","name":"vrtne sadike FLANCA","description":"Prodaja vrtnih sadik in ostale opreme","inLanguage":"hr","publisher":{"@id":"https:\/\/flanca.si\/hr\/#organization"}}]},"og:locale":"hr_HR","og:site_name":"vrtne sadike FLANCA \u2013 Prodaja vrtnih sadik in ostale opreme","og:type":"article","og:title":"Jesenski vrijesak \u2018Garden Girls\u2019 \u2013 bijeli \u2013 vrtne sadike FLANCA","og:description":"Calluna vulgaris Jesenski rub Jesenske sadnje Nepretenciozan odgoj brojni bijeli cvjetovi Pakirana 1 sadnica odjednom!","og:url":"https:\/\/flanca.si\/hr\/proizvod\/jesenski-vrijesak-garden-girls-bijeli\/","og:image":"https:\/\/flanca.si\/wp-content\/uploads\/2019\/11\/spletna-trgovina-s-sadikami-flanca.png","og:image:secure_url":"https:\/\/flanca.si\/wp-content\/uploads\/2019\/11\/spletna-trgovina-s-sadikami-flanca.png","article:published_time":"2021-09-16T06:34:35+00:00","article:modified_time":"2021-09-16T06:34:35+00:00","twitter:card":"summary_large_image","twitter:title":"Jesenski vrijesak \u2018Garden Girls\u2019 \u2013 bijeli \u2013 vrtne sadike FLANCA","twitter:description":"Calluna vulgaris Jesenski rub Jesenske sadnje Nepretenciozan odgoj brojni bijeli cvjetovi Pakirana 1 sadnica odjednom!","twitter:image":"https:\/\/flanca.si\/wp-content\/uploads\/2019\/11\/spletna-trgovina-s-sadikami-flanca.png"},"aioseo_meta_data":{"post_id":"17930","title":null,"description":null,"keywords":[],"keyphrases":{"focus":{"keyphrase":"","score":0,"analysis":{"keyphraseInTitle":{"score":0,"maxScore":9,"error":1}}},"additional":[]},"primary_term":null,"canonical_url":null,"og_title":null,"og_description":null,"og_object_type":"default","og_image_type":"default","og_image_url":null,"og_image_width":null,"og_image_height":null,"og_image_custom_url":null,"og_image_custom_fields":null,"og_video":"","og_custom_url":null,"og_article_section":null,"og_article_tags":[],"twitter_use_og":false,"twitter_card":"default","twitter_image_type":"default","twitter_image_url":null,"twitter_image_custom_url":null,"twitter_image_custom_fields":null,"twitter_title":null,"twitter_description":null,"schema":{"blockGraphs":[],"customGraphs":[],"default":{"data":{"Article":[],"Course":[],"Dataset":[],"FAQPage":[],"Movie":[],"Person":[],"Product":[],"ProductReview":[],"Car":[],"Recipe":[],"Service":[],"SoftwareApplication":[],"WebPage":[]},"graphName":"ItemPage","isEnabled":true},"graphs":[]},"schema_type":"default","schema_type_options":null,"pillar_content":false,"robots_default":true,"robots_noindex":false,"robots_noarchive":false,"robots_nosnippet":false,"robots_nofollow":false,"robots_noimageindex":false,"robots_noodp":false,"robots_notranslate":false,"robots_max_snippet":"-1","robots_max_videopreview":"-1","robots_max_imagepreview":"large","priority":null,"frequency":"default","local_seo":null,"breadcrumb_settings":null,"limit_modified_date":false,"ai":null,"created":"2025-01-14 10:48:40","updated":"2025-06-07 07:43:09","seo_analyzer_scan_date":null,"focus_keyword":null,"additional_keywords":null,"truseo_locale":null},"aioseo_breadcrumb":"<div class=\"aioseo-breadcrumbs\"><span class=\"aioseo-breadcrumb\">\n\t\t\t<a href=\"https:\/\/flanca.si\/hr\/\" title=\"Domov\">Domov<\/a>\n\t\t<\/span><span class=\"aioseo-breadcrumb-separator\">\u00bb<\/span><span class=\"aioseo-breadcrumb\">\n\t\t\t<a href=\"https:\/\/flanca.si\/hr\/trgovina\/\" title=\"Trgovina\">Trgovina<\/a>\n\t\t<\/span><span class=\"aioseo-breadcrumb-separator\">\u00bb<\/span><span class=\"aioseo-breadcrumb\">\n\t\t\t<a href=\"https:\/\/flanca.si\/hr\/kategorija-izdelka\/biljke-za-korita-i-gredice\/\" title=\"Biljke za korita i gredice\">Biljke za korita i gredice<\/a>\n\t\t<\/span><span class=\"aioseo-breadcrumb-separator\">\u00bb<\/span><span class=\"aioseo-breadcrumb\">\n\t\t\tJesenski vrijesak \u2018Garden Girls\u2019 \u2013 bijeli\n\t\t<\/span><\/div>","aioseo_breadcrumb_json":[{"label":"Domov","link":"https:\/\/flanca.si\/hr\/"},{"label":"Trgovina","link":"https:\/\/flanca.si\/hr\/trgovina\/"},{"label":"Biljke za korita i gredice","link":"https:\/\/flanca.si\/hr\/kategorija-izdelka\/biljke-za-korita-i-gredice\/"},{"label":"Jesenski vrijesak &#8216;Garden Girls&#8217; &#8211; bijeli","link":"https:\/\/flanca.si\/hr\/proizvod\/jesenski-vrijesak-garden-girls-bijeli\/"}],"_links":{"self":[{"href":"https:\/\/flanca.si\/hr\/wp-json\/wp\/v2\/product\/17930","targetHints":{"allow":["GET"]}}],"collection":[{"href":"https:\/\/flanca.si\/hr\/wp-json\/wp\/v2\/product"}],"about":[{"href":"https:\/\/flanca.si\/hr\/wp-json\/wp\/v2\/types\/product"}],"wp:featuredmedia":[{"embeddable":true,"href":"https:\/\/flanca.si\/hr\/wp-json\/wp\/v2\/media\/17931"}],"wp:attachment":[{"href":"https:\/\/flanca.si\/hr\/wp-json\/wp\/v2\/media?parent=17930"}],"wp:term":[{"taxonomy":"product_brand","embeddable":true,"href":"https:\/\/flanca.si\/hr\/wp-json\/wp\/v2\/product_brand?post=17930"},{"taxonomy":"product_cat","embeddable":true,"href":"https:\/\/flanca.si\/hr\/wp-json\/wp\/v2\/product_cat?post=17930"},{"taxonomy":"product_tag","embeddable":true,"href":"https:\/\/flanca.si\/hr\/wp-json\/wp\/v2\/product_tag?post=17930"}],"curies":[{"name":"wp","href":"https:\/\/api.w.org\/{rel}","templated":true}]}}