{"id":17591,"date":"2022-09-26T08:39:14","date_gmt":"2022-09-26T06:39:14","guid":{"rendered":"https:\/\/flanca.si\/izdelek\/tisa-taxus-media-farmen\/"},"modified":"2025-01-20T10:56:52","modified_gmt":"2025-01-20T09:56:52","slug":"tisa-taxus-media-farmen","status":"publish","type":"product","link":"https:\/\/flanca.si\/hr\/proizvod\/tisa-taxus-media-farmen\/","title":{"rendered":"Tisa &#8211; Taxus media &#8216;Farmen&#8217;"},"content":{"rendered":"<p><strong>Taxus \u00d7 media &#8216;Farmen&#8217;<\/strong> je zimzeleni hibrid tise poznat po svom gustom i uspravnom rastu. Biljka naraste do 1,5 metra visine i \u0161irine, \u0161to je \u010dini idealnom za \u017eivice, ozelenjavanje padina ili kao samostalna biljka. Njegovi igli\u010dasti, tamnozeleni listovi mekani su na dodir i zadr\u017eavaju boju tijekom cijele godine, dodaju\u0107i elegantan izgled vrtu. Od ostalih, klasi\u010dnih vrsta tise razlikuje se po finijim iglicama i ni\u017eem, kompaktnijem rastu. Posebnost ove vrste je iznimna otpornost na hladno\u0107u, sjenu i zaga\u0111enje, \u0161to joj omogu\u0107uje rast u razli\u010ditim okru\u017eenjima. Uspijeva u dobro dreniranim tlima, koja mogu biti blago kisela ili vapnena\u010dka. Zahtijeva umjereno zalijevanje, posebno tijekom su\u0161nih razdoblja. Obrezivanje je jednostavno i najbolje ga je obaviti u prolje\u0107e ili rano ljeto kako bi biljka odr\u017eala svoj kompaktni oblik. Zbog sporog rasta, odr\u017eavanje je minimalno. <strong>Taxus &#8216;Farmen&#8217;<\/strong> koristi se za stvaranje gustih \u017eivica, formalnih oblika ili kao \u017eari\u0161na to\u010dka u krajobraznim zasadima. Zbog svoje fleksibilnosti i elegantnog izgleda popularan je izbor u vrtovima, parkovima i urbanim sredinama.   <\/p>\n<p>Visina nadzemnog dijela sadnice: 15 &#8211; 20 cm<\/p>\n","protected":false},"excerpt":{"rendered":"<ul>\n<li><em>Taxus mediji<\/em> &#8216;Farmen&#8217;<\/li>\n<li>zimzelena trajnica<\/li>\n<li>grmoliki rast<\/li>\n<li>Samostalno ili kao za\u0161tita<\/li>\n<li>ne\u0161to kompaktniji rast<\/li>\n<li>visina sadnice: 15 &#8211; 20 cm<\/li>\n<\/ul>\n<h4><strong>Pakirana 1 sadnica odjednom!<\/strong><\/h4>\n","protected":false},"featured_media":21861,"template":"","meta":{"site-sidebar-layout":"default","site-content-layout":"default","ast-site-content-layout":"default","site-content-style":"default","site-sidebar-style":"default","ast-global-header-display":"","ast-banner-title-visibility":"","ast-main-header-display":"","ast-hfb-above-header-display":"","ast-hfb-below-header-display":"","ast-hfb-mobile-header-display":"","site-post-title":"","ast-breadcrumbs-content":"","ast-featured-img":"","footer-sml-layout":"","ast-disable-related-posts":"","theme-transparent-header-meta":"default","adv-header-id-meta":"","stick-header-meta":"default","header-above-stick-meta":"","header-main-stick-meta":"","header-below-stick-meta":"","astra-migrate-meta-layouts":"default","ast-page-background-enabled":"default","ast-page-background-meta":{"desktop":{"background-color":"","background-image":"","background-repeat":"repeat","background-position":"center center","background-size":"auto","background-attachment":"scroll","background-type":"","background-media":"","overlay-type":"","overlay-color":"","overlay-opacity":"","overlay-gradient":""},"tablet":{"background-color":"","background-image":"","background-repeat":"repeat","background-position":"center center","background-size":"auto","background-attachment":"scroll","background-type":"","background-media":"","overlay-type":"","overlay-color":"","overlay-opacity":"","overlay-gradient":""},"mobile":{"background-color":"","background-image":"","background-repeat":"repeat","background-position":"center center","background-size":"auto","background-attachment":"scroll","background-type":"","background-media":"","overlay-type":"","overlay-color":"","overlay-opacity":"","overlay-gradient":""}},"ast-content-background-meta":{"desktop":{"background-color":"var(--ast-global-color-5)","background-image":"","background-repeat":"repeat","background-position":"center center","background-size":"auto","background-attachment":"scroll","background-type":"","background-media":"","overlay-type":"","overlay-color":"","overlay-opacity":"","overlay-gradient":""},"tablet":{"background-color":"var(--ast-global-color-5)","background-image":"","background-repeat":"repeat","background-position":"center center","background-size":"auto","background-attachment":"scroll","background-type":"","background-media":"","overlay-type":"","overlay-color":"","overlay-opacity":"","overlay-gradient":""},"mobile":{"background-color":"var(--ast-global-color-5)","background-image":"","background-repeat":"repeat","background-position":"center center","background-size":"auto","background-attachment":"scroll","background-type":"","background-media":"","overlay-type":"","overlay-color":"","overlay-opacity":"","overlay-gradient":""}}},"product_brand":[],"product_cat":[1936],"product_tag":[2014,2229],"class_list":["post-17591","product","type-product","status-publish","has-post-thumbnail","product_cat-lovorovi-ili-prunus","product_tag-tisa-hr","product_tag-zivice","desktop-align-left","tablet-align-left","mobile-align-left","ast-product-gallery-layout-horizontal","ast-product-gallery-with-no-image","ast-product-tabs-layout-horizontal","ast-qv-on-image","first","instock","taxable","shipping-taxable","purchasable","product-type-simple"],"aioseo_notices":[],"aioseo_head":"\n\t\t<!-- All in One SEO 5.0.1.1 - aioseo.com -->\n\t<meta name=\"description\" content=\"Taxus mediji &#039;Farmen&#039; zimzelena trajnica grmoliki rast Samostalno ili kao za\u0161tita ne\u0161to kompaktniji rast visina sadnice: 15 - 20 cm Pakirana 1 sadnica odjednom!\" \/>\n\t<meta name=\"robots\" content=\"max-image-preview:large\" \/>\n\t<meta name=\"google-site-verification\" content=\"1sO6GOIbhijVyOhvBZZbOsEVADo4T9w2a7D2KDR6zVI\" \/>\n\t<link rel=\"canonical\" href=\"https:\/\/flanca.si\/hr\/proizvod\/tisa-taxus-media-farmen\/\" \/>\n\t<meta name=\"generator\" content=\"All in One SEO (AIOSEO) 5.0.1.1\" \/>\n\t\t<meta property=\"og:locale\" content=\"hr_HR\" \/>\n\t\t<meta property=\"og:site_name\" content=\"vrtne sadike FLANCA \u2013 Prodaja vrtnih sadik in ostale opreme\" \/>\n\t\t<meta property=\"og:type\" content=\"article\" \/>\n\t\t<meta property=\"og:title\" content=\"Tisa \u2013 Taxus media \u2018Farmen\u2019 \u2013 vrtne sadike FLANCA\" \/>\n\t\t<meta property=\"og:description\" content=\"Taxus mediji &#039;Farmen&#039; zimzelena trajnica grmoliki rast Samostalno ili kao za\u0161tita ne\u0161to kompaktniji rast visina sadnice: 15 - 20 cm Pakirana 1 sadnica odjednom!\" \/>\n\t\t<meta property=\"og:url\" content=\"https:\/\/flanca.si\/hr\/proizvod\/tisa-taxus-media-farmen\/\" \/>\n\t\t<meta property=\"og:image\" content=\"https:\/\/flanca.si\/wp-content\/uploads\/2019\/11\/spletna-trgovina-s-sadikami-flanca.png\" \/>\n\t\t<meta property=\"og:image:secure_url\" content=\"https:\/\/flanca.si\/wp-content\/uploads\/2019\/11\/spletna-trgovina-s-sadikami-flanca.png\" \/>\n\t\t<meta property=\"article:published_time\" content=\"2022-09-26T06:39:14+00:00\" \/>\n\t\t<meta property=\"article:modified_time\" content=\"2025-01-20T09:56:52+00:00\" \/>\n\t\t<meta name=\"twitter:card\" content=\"summary_large_image\" \/>\n\t\t<meta name=\"twitter:title\" content=\"Tisa \u2013 Taxus media \u2018Farmen\u2019 \u2013 vrtne sadike FLANCA\" \/>\n\t\t<meta name=\"twitter:description\" content=\"Taxus mediji &#039;Farmen&#039; zimzelena trajnica grmoliki rast Samostalno ili kao za\u0161tita ne\u0161to kompaktniji rast visina sadnice: 15 - 20 cm Pakirana 1 sadnica odjednom!\" \/>\n\t\t<meta name=\"twitter:image\" content=\"https:\/\/flanca.si\/wp-content\/uploads\/2019\/11\/spletna-trgovina-s-sadikami-flanca.png\" \/>\n\t\t<script type=\"application\/ld+json\" class=\"aioseo-schema\">\n\t\t\t{\"@context\":\"https:\\\/\\\/schema.org\",\"@graph\":[{\"@type\":\"BreadcrumbList\",\"@id\":\"https:\\\/\\\/flanca.si\\\/hr\\\/proizvod\\\/tisa-taxus-media-farmen\\\/#breadcrumblist\",\"itemListElement\":[{\"@type\":\"ListItem\",\"@id\":\"https:\\\/\\\/flanca.si\\\/hr\\\/#listItem\",\"position\":1,\"name\":\"Domov\",\"item\":\"https:\\\/\\\/flanca.si\\\/hr\\\/\",\"nextItem\":{\"@type\":\"ListItem\",\"@id\":\"https:\\\/\\\/flanca.si\\\/hr\\\/trgovina\\\/#listItem\",\"name\":\"Trgovina\"}},{\"@type\":\"ListItem\",\"@id\":\"https:\\\/\\\/flanca.si\\\/hr\\\/trgovina\\\/#listItem\",\"position\":2,\"name\":\"Trgovina\",\"item\":\"https:\\\/\\\/flanca.si\\\/hr\\\/trgovina\\\/\",\"nextItem\":{\"@type\":\"ListItem\",\"@id\":\"https:\\\/\\\/flanca.si\\\/hr\\\/kategorija-izdelka\\\/lovorovi-ili-prunus\\\/#listItem\",\"name\":\"Lovorovi ili Prunus\"},\"previousItem\":{\"@type\":\"ListItem\",\"@id\":\"https:\\\/\\\/flanca.si\\\/hr\\\/#listItem\",\"name\":\"Domov\"}},{\"@type\":\"ListItem\",\"@id\":\"https:\\\/\\\/flanca.si\\\/hr\\\/kategorija-izdelka\\\/lovorovi-ili-prunus\\\/#listItem\",\"position\":3,\"name\":\"Lovorovi ili Prunus\",\"item\":\"https:\\\/\\\/flanca.si\\\/hr\\\/kategorija-izdelka\\\/lovorovi-ili-prunus\\\/\",\"nextItem\":{\"@type\":\"ListItem\",\"@id\":\"https:\\\/\\\/flanca.si\\\/hr\\\/proizvod\\\/tisa-taxus-media-farmen\\\/#listItem\",\"name\":\"Tisa &#8211; Taxus media &#8216;Farmen&#8217;\"},\"previousItem\":{\"@type\":\"ListItem\",\"@id\":\"https:\\\/\\\/flanca.si\\\/hr\\\/trgovina\\\/#listItem\",\"name\":\"Trgovina\"}},{\"@type\":\"ListItem\",\"@id\":\"https:\\\/\\\/flanca.si\\\/hr\\\/proizvod\\\/tisa-taxus-media-farmen\\\/#listItem\",\"position\":4,\"name\":\"Tisa &#8211; Taxus media &#8216;Farmen&#8217;\",\"previousItem\":{\"@type\":\"ListItem\",\"@id\":\"https:\\\/\\\/flanca.si\\\/hr\\\/kategorija-izdelka\\\/lovorovi-ili-prunus\\\/#listItem\",\"name\":\"Lovorovi ili Prunus\"}}]},{\"@type\":\"ItemPage\",\"@id\":\"https:\\\/\\\/flanca.si\\\/hr\\\/proizvod\\\/tisa-taxus-media-farmen\\\/#itempage\",\"url\":\"https:\\\/\\\/flanca.si\\\/hr\\\/proizvod\\\/tisa-taxus-media-farmen\\\/\",\"name\":\"Tisa \\u2013 Taxus media \\u2018Farmen\\u2019 \\u2013 vrtne sadike FLANCA\",\"description\":\"Taxus mediji 'Farmen' zimzelena trajnica grmoliki rast Samostalno ili kao za\\u0161tita ne\\u0161to kompaktniji rast visina sadnice: 15 - 20 cm Pakirana 1 sadnica odjednom!\",\"inLanguage\":\"hr\",\"isPartOf\":{\"@id\":\"https:\\\/\\\/flanca.si\\\/hr\\\/#website\"},\"breadcrumb\":{\"@id\":\"https:\\\/\\\/flanca.si\\\/hr\\\/proizvod\\\/tisa-taxus-media-farmen\\\/#breadcrumblist\"},\"image\":{\"@type\":\"ImageObject\",\"url\":\"https:\\\/\\\/flanca.si\\\/wp-content\\\/uploads\\\/2022\\\/09\\\/tisa-farmen.jpeg\",\"@id\":\"https:\\\/\\\/flanca.si\\\/hr\\\/proizvod\\\/tisa-taxus-media-farmen\\\/#mainImage\",\"width\":460,\"height\":460},\"primaryImageOfPage\":{\"@id\":\"https:\\\/\\\/flanca.si\\\/hr\\\/proizvod\\\/tisa-taxus-media-farmen\\\/#mainImage\"},\"datePublished\":\"2022-09-26T08:39:14+02:00\",\"dateModified\":\"2025-01-20T10:56:52+01:00\"},{\"@type\":\"Organization\",\"@id\":\"https:\\\/\\\/flanca.si\\\/hr\\\/#organization\",\"name\":\"vrtne sadike FLANCA\",\"description\":\"Prodaja vrtnih sadik in ostale opreme\",\"url\":\"https:\\\/\\\/flanca.si\\\/hr\\\/\",\"logo\":{\"@type\":\"ImageObject\",\"url\":\"https:\\\/\\\/flanca.si\\\/wp-content\\\/uploads\\\/2019\\\/11\\\/spletna-trgovina-s-sadikami-flanca.png\",\"@id\":\"https:\\\/\\\/flanca.si\\\/hr\\\/proizvod\\\/tisa-taxus-media-farmen\\\/#organizationLogo\",\"width\":151,\"height\":50,\"caption\":\"spletna trgovina s sadikami FLANCA\"},\"image\":{\"@id\":\"https:\\\/\\\/flanca.si\\\/hr\\\/proizvod\\\/tisa-taxus-media-farmen\\\/#organizationLogo\"}},{\"@type\":\"WebSite\",\"@id\":\"https:\\\/\\\/flanca.si\\\/hr\\\/#website\",\"url\":\"https:\\\/\\\/flanca.si\\\/hr\\\/\",\"name\":\"vrtne sadike FLANCA\",\"description\":\"Prodaja vrtnih sadik in ostale opreme\",\"inLanguage\":\"hr\",\"publisher\":{\"@id\":\"https:\\\/\\\/flanca.si\\\/hr\\\/#organization\"}}]}\n\t\t<\/script>\n\t\t<!-- All in One SEO -->\n\n","aioseo_head_json":{"title":"Tisa \u2013 Taxus media \u2018Farmen\u2019 \u2013 vrtne sadike FLANCA","description":"Taxus mediji 'Farmen' zimzelena trajnica grmoliki rast Samostalno ili kao za\u0161tita ne\u0161to kompaktniji rast visina sadnice: 15 - 20 cm Pakirana 1 sadnica odjednom!","canonical_url":"https:\/\/flanca.si\/hr\/proizvod\/tisa-taxus-media-farmen\/","robots":"max-image-preview:large","keywords":"","webmasterTools":{"google-site-verification":"1sO6GOIbhijVyOhvBZZbOsEVADo4T9w2a7D2KDR6zVI","miscellaneous":""},"schema":{"@context":"https:\/\/schema.org","@graph":[{"@type":"BreadcrumbList","@id":"https:\/\/flanca.si\/hr\/proizvod\/tisa-taxus-media-farmen\/#breadcrumblist","itemListElement":[{"@type":"ListItem","@id":"https:\/\/flanca.si\/hr\/#listItem","position":1,"name":"Domov","item":"https:\/\/flanca.si\/hr\/","nextItem":{"@type":"ListItem","@id":"https:\/\/flanca.si\/hr\/trgovina\/#listItem","name":"Trgovina"}},{"@type":"ListItem","@id":"https:\/\/flanca.si\/hr\/trgovina\/#listItem","position":2,"name":"Trgovina","item":"https:\/\/flanca.si\/hr\/trgovina\/","nextItem":{"@type":"ListItem","@id":"https:\/\/flanca.si\/hr\/kategorija-izdelka\/lovorovi-ili-prunus\/#listItem","name":"Lovorovi ili Prunus"},"previousItem":{"@type":"ListItem","@id":"https:\/\/flanca.si\/hr\/#listItem","name":"Domov"}},{"@type":"ListItem","@id":"https:\/\/flanca.si\/hr\/kategorija-izdelka\/lovorovi-ili-prunus\/#listItem","position":3,"name":"Lovorovi ili Prunus","item":"https:\/\/flanca.si\/hr\/kategorija-izdelka\/lovorovi-ili-prunus\/","nextItem":{"@type":"ListItem","@id":"https:\/\/flanca.si\/hr\/proizvod\/tisa-taxus-media-farmen\/#listItem","name":"Tisa &#8211; Taxus media &#8216;Farmen&#8217;"},"previousItem":{"@type":"ListItem","@id":"https:\/\/flanca.si\/hr\/trgovina\/#listItem","name":"Trgovina"}},{"@type":"ListItem","@id":"https:\/\/flanca.si\/hr\/proizvod\/tisa-taxus-media-farmen\/#listItem","position":4,"name":"Tisa &#8211; Taxus media &#8216;Farmen&#8217;","previousItem":{"@type":"ListItem","@id":"https:\/\/flanca.si\/hr\/kategorija-izdelka\/lovorovi-ili-prunus\/#listItem","name":"Lovorovi ili Prunus"}}]},{"@type":"ItemPage","@id":"https:\/\/flanca.si\/hr\/proizvod\/tisa-taxus-media-farmen\/#itempage","url":"https:\/\/flanca.si\/hr\/proizvod\/tisa-taxus-media-farmen\/","name":"Tisa \u2013 Taxus media \u2018Farmen\u2019 \u2013 vrtne sadike FLANCA","description":"Taxus mediji 'Farmen' zimzelena trajnica grmoliki rast Samostalno ili kao za\u0161tita ne\u0161to kompaktniji rast visina sadnice: 15 - 20 cm Pakirana 1 sadnica odjednom!","inLanguage":"hr","isPartOf":{"@id":"https:\/\/flanca.si\/hr\/#website"},"breadcrumb":{"@id":"https:\/\/flanca.si\/hr\/proizvod\/tisa-taxus-media-farmen\/#breadcrumblist"},"image":{"@type":"ImageObject","url":"https:\/\/flanca.si\/wp-content\/uploads\/2022\/09\/tisa-farmen.jpeg","@id":"https:\/\/flanca.si\/hr\/proizvod\/tisa-taxus-media-farmen\/#mainImage","width":460,"height":460},"primaryImageOfPage":{"@id":"https:\/\/flanca.si\/hr\/proizvod\/tisa-taxus-media-farmen\/#mainImage"},"datePublished":"2022-09-26T08:39:14+02:00","dateModified":"2025-01-20T10:56:52+01:00"},{"@type":"Organization","@id":"https:\/\/flanca.si\/hr\/#organization","name":"vrtne sadike FLANCA","description":"Prodaja vrtnih sadik in ostale opreme","url":"https:\/\/flanca.si\/hr\/","logo":{"@type":"ImageObject","url":"https:\/\/flanca.si\/wp-content\/uploads\/2019\/11\/spletna-trgovina-s-sadikami-flanca.png","@id":"https:\/\/flanca.si\/hr\/proizvod\/tisa-taxus-media-farmen\/#organizationLogo","width":151,"height":50,"caption":"spletna trgovina s sadikami FLANCA"},"image":{"@id":"https:\/\/flanca.si\/hr\/proizvod\/tisa-taxus-media-farmen\/#organizationLogo"}},{"@type":"WebSite","@id":"https:\/\/flanca.si\/hr\/#website","url":"https:\/\/flanca.si\/hr\/","name":"vrtne sadike FLANCA","description":"Prodaja vrtnih sadik in ostale opreme","inLanguage":"hr","publisher":{"@id":"https:\/\/flanca.si\/hr\/#organization"}}]},"og:locale":"hr_HR","og:site_name":"vrtne sadike FLANCA \u2013 Prodaja vrtnih sadik in ostale opreme","og:type":"article","og:title":"Tisa \u2013 Taxus media \u2018Farmen\u2019 \u2013 vrtne sadike FLANCA","og:description":"Taxus mediji 'Farmen' zimzelena trajnica grmoliki rast Samostalno ili kao za\u0161tita ne\u0161to kompaktniji rast visina sadnice: 15 - 20 cm Pakirana 1 sadnica odjednom!","og:url":"https:\/\/flanca.si\/hr\/proizvod\/tisa-taxus-media-farmen\/","og:image":"https:\/\/flanca.si\/wp-content\/uploads\/2019\/11\/spletna-trgovina-s-sadikami-flanca.png","og:image:secure_url":"https:\/\/flanca.si\/wp-content\/uploads\/2019\/11\/spletna-trgovina-s-sadikami-flanca.png","article:published_time":"2022-09-26T06:39:14+00:00","article:modified_time":"2025-01-20T09:56:52+00:00","twitter:card":"summary_large_image","twitter:title":"Tisa \u2013 Taxus media \u2018Farmen\u2019 \u2013 vrtne sadike FLANCA","twitter:description":"Taxus mediji 'Farmen' zimzelena trajnica grmoliki rast Samostalno ili kao za\u0161tita ne\u0161to kompaktniji rast visina sadnice: 15 - 20 cm Pakirana 1 sadnica odjednom!","twitter:image":"https:\/\/flanca.si\/wp-content\/uploads\/2019\/11\/spletna-trgovina-s-sadikami-flanca.png"},"aioseo_meta_data":{"post_id":"17591","title":null,"description":null,"keywords":null,"keyphrases":{"focus":{"keyphrase":"","score":0,"analysis":{"keyphraseInTitle":{"score":0,"maxScore":9,"error":1}}},"additional":[]},"primary_term":null,"canonical_url":null,"og_title":null,"og_description":null,"og_object_type":"default","og_image_type":"default","og_image_url":null,"og_image_width":null,"og_image_height":null,"og_image_custom_url":null,"og_image_custom_fields":null,"og_video":"","og_custom_url":null,"og_article_section":null,"og_article_tags":null,"twitter_use_og":false,"twitter_card":"default","twitter_image_type":"default","twitter_image_url":null,"twitter_image_custom_url":null,"twitter_image_custom_fields":null,"twitter_title":null,"twitter_description":null,"schema":{"blockGraphs":[],"customGraphs":[],"default":{"data":{"Article":[],"Course":[],"Dataset":[],"FAQPage":[],"Movie":[],"Person":[],"Product":[],"ProductReview":[],"Car":[],"Recipe":[],"Service":[],"SoftwareApplication":[],"WebPage":[]},"graphName":"ItemPage","isEnabled":true},"graphs":[]},"schema_type":"default","schema_type_options":null,"pillar_content":false,"robots_default":true,"robots_noindex":false,"robots_noarchive":false,"robots_nosnippet":false,"robots_nofollow":false,"robots_noimageindex":false,"robots_noodp":false,"robots_notranslate":false,"robots_max_snippet":"-1","robots_max_videopreview":"-1","robots_max_imagepreview":"large","priority":null,"frequency":"default","local_seo":null,"breadcrumb_settings":null,"limit_modified_date":false,"ai":null,"created":"2025-01-14 10:44:03","updated":"2025-06-07 08:16:33","seo_analyzer_scan_date":null,"focus_keyword":null,"additional_keywords":null,"truseo_locale":null},"aioseo_breadcrumb":"<div class=\"aioseo-breadcrumbs\"><span class=\"aioseo-breadcrumb\">\n\t\t\t<a href=\"https:\/\/flanca.si\/hr\/\" title=\"Domov\">Domov<\/a>\n\t\t<\/span><span class=\"aioseo-breadcrumb-separator\">\u00bb<\/span><span class=\"aioseo-breadcrumb\">\n\t\t\t<a href=\"https:\/\/flanca.si\/hr\/trgovina\/\" title=\"Trgovina\">Trgovina<\/a>\n\t\t<\/span><span class=\"aioseo-breadcrumb-separator\">\u00bb<\/span><span class=\"aioseo-breadcrumb\">\n\t\t\t<a href=\"https:\/\/flanca.si\/hr\/kategorija-izdelka\/lovorovi-ili-prunus\/\" title=\"Lovorovi ili Prunus\">Lovorovi ili Prunus<\/a>\n\t\t<\/span><span class=\"aioseo-breadcrumb-separator\">\u00bb<\/span><span class=\"aioseo-breadcrumb\">\n\t\t\tTisa \u2013 Taxus media \u2018Farmen\u2019\n\t\t<\/span><\/div>","aioseo_breadcrumb_json":[{"label":"Domov","link":"https:\/\/flanca.si\/hr\/"},{"label":"Trgovina","link":"https:\/\/flanca.si\/hr\/trgovina\/"},{"label":"Lovorovi ili Prunus","link":"https:\/\/flanca.si\/hr\/kategorija-izdelka\/lovorovi-ili-prunus\/"},{"label":"Tisa &#8211; Taxus media &#8216;Farmen&#8217;","link":"https:\/\/flanca.si\/hr\/proizvod\/tisa-taxus-media-farmen\/"}],"_links":{"self":[{"href":"https:\/\/flanca.si\/hr\/wp-json\/wp\/v2\/product\/17591","targetHints":{"allow":["GET"]}}],"collection":[{"href":"https:\/\/flanca.si\/hr\/wp-json\/wp\/v2\/product"}],"about":[{"href":"https:\/\/flanca.si\/hr\/wp-json\/wp\/v2\/types\/product"}],"wp:featuredmedia":[{"embeddable":true,"href":"https:\/\/flanca.si\/hr\/wp-json\/wp\/v2\/media\/21861"}],"wp:attachment":[{"href":"https:\/\/flanca.si\/hr\/wp-json\/wp\/v2\/media?parent=17591"}],"wp:term":[{"taxonomy":"product_brand","embeddable":true,"href":"https:\/\/flanca.si\/hr\/wp-json\/wp\/v2\/product_brand?post=17591"},{"taxonomy":"product_cat","embeddable":true,"href":"https:\/\/flanca.si\/hr\/wp-json\/wp\/v2\/product_cat?post=17591"},{"taxonomy":"product_tag","embeddable":true,"href":"https:\/\/flanca.si\/hr\/wp-json\/wp\/v2\/product_tag?post=17591"}],"curies":[{"name":"wp","href":"https:\/\/api.w.org\/{rel}","templated":true}]}}