{"id":17388,"date":"2023-10-11T12:07:46","date_gmt":"2023-10-11T10:07:46","guid":{"rendered":"https:\/\/flanca.si\/izdelek\/pcelinje-drvo-tetradium-danielli\/"},"modified":"2026-04-08T07:16:05","modified_gmt":"2026-04-08T05:16:05","slug":"pcelinje-drvo-tetradium-danielli","status":"publish","type":"product","link":"https:\/\/flanca.si\/hr\/proizvod\/pcelinje-drvo-tetradium-danielli\/","title":{"rendered":"P\u010delinje drvo &#8211; Tetradium danielli"},"content":{"rendered":"<p><em>Tetradium daniellii<\/em> je botani\u010dki naziv za korejsku evodiju, koja pripada obitelji Rutaceae. P\u010delinje stablo pripada listopadnim stablima srednje veli\u010dine, koja dose\u017eu visinu do 10 m. Ako ima dovoljno prostora, \u010desto razvija nekoliko debla. Kora biljke je glatka i sive boje, listovi su tamnozeleni i sjajni, a tijekom jeseni postaju svijetlo \u017euti. Cvate bijelo, u srpnju i po\u010detkom kolovoza, kada ve\u0107ina ostalih biljaka prestaje meditirati. Cvjetovi su mali, bijeli i grupirani u cvatove promjera oko 15 cm. Stablo cvjeta u dobi od 8 godina. Cvjetne stabljike su crvene, a takve su boje tako\u0111er zanimljivi plodovi koji se razvijaju iz cvjetova. U po\u010detku su kapsule zatvorene, ali na jesen se otvaraju, a iz njih se vide sjajne crne sjemenke. Plodovi \u010desto ostaju na drvetu \u010dak i tijekom zime i dobra su hrana za ptice. Svojim oblikom kro\u0161nje nudi ugodnu hladovinu, a zanimljivim cvjetovima i \u017eutim li\u0161\u0107em lijepo diverzificira vrt u jesen. Osim p\u010dela, privla\u010di i mnoge druge insekte koji nam privla\u010de pa\u017enju u kasnim ljetnim danima. Najprikladnije vrijeme sadnje je mjesec rujan i traje do po\u010detka mraza u tlu. Prilikom sadnje preporu\u010duje se gnojidba le\u017ee\u0107im stajskim gnojem za bolji po\u010detni rast biljke. Dobro se prilago\u0111ava razli\u010ditim vrstama tla i nije zahtjevan za njegu. Uspijeva na sun\u010danom do polusun\u010danom mjestu. Evodia ne zahtijeva puno vode, pa je pogodna za su\u0161nija podru\u010dja. Odrasle biljke mogu podnijeti temperature do -18 \u0366C. Mla\u0111e biljke su osjetljivije, posebno do tre\u0107e godine, pa se preporu\u010duje za\u0161tita ovih biljaka. Gotovo da ne treba obrezivanje, obrezuje se tek na po\u010detku kako bi se dobio \u017eeljeni oblik stabla. Visina nadzemnog dijela biljke: cca 35cm         <\/p>\n<p>&nbsp;<\/p>\n","protected":false},"excerpt":{"rendered":"<ul>\n<li><em>Tetradium danielli<\/em><\/li>\n<li>P\u010delinje stablo<\/li>\n<li>bujno cvjeta i privla\u010di p\u010dele<\/li>\n<li>med kad je ve\u0107ina drugih biljaka u stanju mirovanja<\/li>\n<li>dobro podnosi hladno\u0107u<\/li>\n<\/ul>\n<h4>Pakirana 1 sadnica odjednom!<\/h4>\n","protected":false},"featured_media":17392,"template":"","meta":{"site-sidebar-layout":"default","site-content-layout":"default","ast-site-content-layout":"default","site-content-style":"default","site-sidebar-style":"default","ast-global-header-display":"","ast-banner-title-visibility":"","ast-main-header-display":"","ast-hfb-above-header-display":"","ast-hfb-below-header-display":"","ast-hfb-mobile-header-display":"","site-post-title":"","ast-breadcrumbs-content":"","ast-featured-img":"","footer-sml-layout":"","ast-disable-related-posts":"","theme-transparent-header-meta":"default","adv-header-id-meta":"","stick-header-meta":"default","header-above-stick-meta":"","header-main-stick-meta":"","header-below-stick-meta":"","astra-migrate-meta-layouts":"default","ast-page-background-enabled":"default","ast-page-background-meta":{"desktop":{"background-color":"","background-image":"","background-repeat":"repeat","background-position":"center center","background-size":"auto","background-attachment":"scroll","background-type":"","background-media":"","overlay-type":"","overlay-color":"","overlay-opacity":"","overlay-gradient":""},"tablet":{"background-color":"","background-image":"","background-repeat":"repeat","background-position":"center center","background-size":"auto","background-attachment":"scroll","background-type":"","background-media":"","overlay-type":"","overlay-color":"","overlay-opacity":"","overlay-gradient":""},"mobile":{"background-color":"","background-image":"","background-repeat":"repeat","background-position":"center center","background-size":"auto","background-attachment":"scroll","background-type":"","background-media":"","overlay-type":"","overlay-color":"","overlay-opacity":"","overlay-gradient":""}},"ast-content-background-meta":{"desktop":{"background-color":"var(--ast-global-color-5)","background-image":"","background-repeat":"repeat","background-position":"center center","background-size":"auto","background-attachment":"scroll","background-type":"","background-media":"","overlay-type":"","overlay-color":"","overlay-opacity":"","overlay-gradient":""},"tablet":{"background-color":"var(--ast-global-color-5)","background-image":"","background-repeat":"repeat","background-position":"center center","background-size":"auto","background-attachment":"scroll","background-type":"","background-media":"","overlay-type":"","overlay-color":"","overlay-opacity":"","overlay-gradient":""},"mobile":{"background-color":"var(--ast-global-color-5)","background-image":"","background-repeat":"repeat","background-position":"center center","background-size":"auto","background-attachment":"scroll","background-type":"","background-media":"","overlay-type":"","overlay-color":"","overlay-opacity":"","overlay-gradient":""}}},"product_brand":[],"product_cat":[1916],"product_tag":[1922,2187],"class_list":["post-17388","product","type-product","status-publish","has-post-thumbnail","product_cat-grmlje-i-drvece","product_tag-medonosna-biljka","product_tag-pcele","desktop-align-left","tablet-align-left","mobile-align-left","ast-product-gallery-layout-horizontal","ast-product-tabs-layout-horizontal","ast-qv-on-image","first","instock","taxable","shipping-taxable","purchasable","product-type-simple"],"aioseo_notices":[],"aioseo_head":"\n\t\t<!-- All in One SEO 5.0.1.1 - aioseo.com -->\n\t<meta name=\"description\" content=\"Tetradium danielli P\u010delinje stablo bujno cvjeta i privla\u010di p\u010dele med kad je ve\u0107ina drugih biljaka u stanju mirovanja dobro podnosi hladno\u0107u Pakirana 1 sadnica odjednom!\" \/>\n\t<meta name=\"robots\" content=\"max-image-preview:large\" \/>\n\t<meta name=\"google-site-verification\" content=\"1sO6GOIbhijVyOhvBZZbOsEVADo4T9w2a7D2KDR6zVI\" \/>\n\t<link rel=\"canonical\" href=\"https:\/\/flanca.si\/hr\/proizvod\/pcelinje-drvo-tetradium-danielli\/\" \/>\n\t<meta name=\"generator\" content=\"All in One SEO (AIOSEO) 5.0.1.1\" \/>\n\t\t<meta property=\"og:locale\" content=\"hr_HR\" \/>\n\t\t<meta property=\"og:site_name\" content=\"vrtne sadike FLANCA \u2013 Prodaja vrtnih sadik in ostale opreme\" \/>\n\t\t<meta property=\"og:type\" content=\"article\" \/>\n\t\t<meta property=\"og:title\" content=\"P\u010delinje drvo \u2013 Tetradium danielli \u2013 vrtne sadike FLANCA\" \/>\n\t\t<meta property=\"og:description\" content=\"Tetradium danielli P\u010delinje stablo bujno cvjeta i privla\u010di p\u010dele med kad je ve\u0107ina drugih biljaka u stanju mirovanja dobro podnosi hladno\u0107u Pakirana 1 sadnica odjednom!\" \/>\n\t\t<meta property=\"og:url\" content=\"https:\/\/flanca.si\/hr\/proizvod\/pcelinje-drvo-tetradium-danielli\/\" \/>\n\t\t<meta property=\"og:image\" content=\"https:\/\/flanca.si\/wp-content\/uploads\/2019\/11\/spletna-trgovina-s-sadikami-flanca.png\" \/>\n\t\t<meta property=\"og:image:secure_url\" content=\"https:\/\/flanca.si\/wp-content\/uploads\/2019\/11\/spletna-trgovina-s-sadikami-flanca.png\" \/>\n\t\t<meta property=\"article:published_time\" content=\"2023-10-11T10:07:46+00:00\" \/>\n\t\t<meta property=\"article:modified_time\" content=\"2026-04-08T05:16:05+00:00\" \/>\n\t\t<meta name=\"twitter:card\" content=\"summary_large_image\" \/>\n\t\t<meta name=\"twitter:title\" content=\"P\u010delinje drvo \u2013 Tetradium danielli \u2013 vrtne sadike FLANCA\" \/>\n\t\t<meta name=\"twitter:description\" content=\"Tetradium danielli P\u010delinje stablo bujno cvjeta i privla\u010di p\u010dele med kad je ve\u0107ina drugih biljaka u stanju mirovanja dobro podnosi hladno\u0107u Pakirana 1 sadnica odjednom!\" \/>\n\t\t<meta name=\"twitter:image\" content=\"https:\/\/flanca.si\/wp-content\/uploads\/2019\/11\/spletna-trgovina-s-sadikami-flanca.png\" \/>\n\t\t<script type=\"application\/ld+json\" class=\"aioseo-schema\">\n\t\t\t{\"@context\":\"https:\\\/\\\/schema.org\",\"@graph\":[{\"@type\":\"BreadcrumbList\",\"@id\":\"https:\\\/\\\/flanca.si\\\/hr\\\/proizvod\\\/pcelinje-drvo-tetradium-danielli\\\/#breadcrumblist\",\"itemListElement\":[{\"@type\":\"ListItem\",\"@id\":\"https:\\\/\\\/flanca.si\\\/hr\\\/#listItem\",\"position\":1,\"name\":\"Domov\",\"item\":\"https:\\\/\\\/flanca.si\\\/hr\\\/\",\"nextItem\":{\"@type\":\"ListItem\",\"@id\":\"https:\\\/\\\/flanca.si\\\/hr\\\/trgovina\\\/#listItem\",\"name\":\"Trgovina\"}},{\"@type\":\"ListItem\",\"@id\":\"https:\\\/\\\/flanca.si\\\/hr\\\/trgovina\\\/#listItem\",\"position\":2,\"name\":\"Trgovina\",\"item\":\"https:\\\/\\\/flanca.si\\\/hr\\\/trgovina\\\/\",\"nextItem\":{\"@type\":\"ListItem\",\"@id\":\"https:\\\/\\\/flanca.si\\\/hr\\\/kategorija-izdelka\\\/grmlje-i-drvece\\\/#listItem\",\"name\":\"Grmlje i drve\\u0107e\"},\"previousItem\":{\"@type\":\"ListItem\",\"@id\":\"https:\\\/\\\/flanca.si\\\/hr\\\/#listItem\",\"name\":\"Domov\"}},{\"@type\":\"ListItem\",\"@id\":\"https:\\\/\\\/flanca.si\\\/hr\\\/kategorija-izdelka\\\/grmlje-i-drvece\\\/#listItem\",\"position\":3,\"name\":\"Grmlje i drve\\u0107e\",\"item\":\"https:\\\/\\\/flanca.si\\\/hr\\\/kategorija-izdelka\\\/grmlje-i-drvece\\\/\",\"nextItem\":{\"@type\":\"ListItem\",\"@id\":\"https:\\\/\\\/flanca.si\\\/hr\\\/proizvod\\\/pcelinje-drvo-tetradium-danielli\\\/#listItem\",\"name\":\"P\\u010delinje drvo &#8211; Tetradium danielli\"},\"previousItem\":{\"@type\":\"ListItem\",\"@id\":\"https:\\\/\\\/flanca.si\\\/hr\\\/trgovina\\\/#listItem\",\"name\":\"Trgovina\"}},{\"@type\":\"ListItem\",\"@id\":\"https:\\\/\\\/flanca.si\\\/hr\\\/proizvod\\\/pcelinje-drvo-tetradium-danielli\\\/#listItem\",\"position\":4,\"name\":\"P\\u010delinje drvo &#8211; Tetradium danielli\",\"previousItem\":{\"@type\":\"ListItem\",\"@id\":\"https:\\\/\\\/flanca.si\\\/hr\\\/kategorija-izdelka\\\/grmlje-i-drvece\\\/#listItem\",\"name\":\"Grmlje i drve\\u0107e\"}}]},{\"@type\":\"ItemPage\",\"@id\":\"https:\\\/\\\/flanca.si\\\/hr\\\/proizvod\\\/pcelinje-drvo-tetradium-danielli\\\/#itempage\",\"url\":\"https:\\\/\\\/flanca.si\\\/hr\\\/proizvod\\\/pcelinje-drvo-tetradium-danielli\\\/\",\"name\":\"P\\u010delinje drvo \\u2013 Tetradium danielli \\u2013 vrtne sadike FLANCA\",\"description\":\"Tetradium danielli P\\u010delinje stablo bujno cvjeta i privla\\u010di p\\u010dele med kad je ve\\u0107ina drugih biljaka u stanju mirovanja dobro podnosi hladno\\u0107u Pakirana 1 sadnica odjednom!\",\"inLanguage\":\"hr\",\"isPartOf\":{\"@id\":\"https:\\\/\\\/flanca.si\\\/hr\\\/#website\"},\"breadcrumb\":{\"@id\":\"https:\\\/\\\/flanca.si\\\/hr\\\/proizvod\\\/pcelinje-drvo-tetradium-danielli\\\/#breadcrumblist\"},\"image\":{\"@type\":\"ImageObject\",\"url\":\"https:\\\/\\\/flanca.si\\\/wp-content\\\/uploads\\\/2023\\\/10\\\/cebelje_drevo1.jpg\",\"@id\":\"https:\\\/\\\/flanca.si\\\/hr\\\/proizvod\\\/pcelinje-drvo-tetradium-danielli\\\/#mainImage\",\"width\":1417,\"height\":797},\"primaryImageOfPage\":{\"@id\":\"https:\\\/\\\/flanca.si\\\/hr\\\/proizvod\\\/pcelinje-drvo-tetradium-danielli\\\/#mainImage\"},\"datePublished\":\"2023-10-11T12:07:46+02:00\",\"dateModified\":\"2026-04-08T07:16:05+02:00\"},{\"@type\":\"Organization\",\"@id\":\"https:\\\/\\\/flanca.si\\\/hr\\\/#organization\",\"name\":\"vrtne sadike FLANCA\",\"description\":\"Prodaja vrtnih sadik in ostale opreme\",\"url\":\"https:\\\/\\\/flanca.si\\\/hr\\\/\",\"logo\":{\"@type\":\"ImageObject\",\"url\":\"https:\\\/\\\/flanca.si\\\/wp-content\\\/uploads\\\/2019\\\/11\\\/spletna-trgovina-s-sadikami-flanca.png\",\"@id\":\"https:\\\/\\\/flanca.si\\\/hr\\\/proizvod\\\/pcelinje-drvo-tetradium-danielli\\\/#organizationLogo\",\"width\":151,\"height\":50,\"caption\":\"spletna trgovina s sadikami FLANCA\"},\"image\":{\"@id\":\"https:\\\/\\\/flanca.si\\\/hr\\\/proizvod\\\/pcelinje-drvo-tetradium-danielli\\\/#organizationLogo\"}},{\"@type\":\"WebSite\",\"@id\":\"https:\\\/\\\/flanca.si\\\/hr\\\/#website\",\"url\":\"https:\\\/\\\/flanca.si\\\/hr\\\/\",\"name\":\"vrtne sadike FLANCA\",\"description\":\"Prodaja vrtnih sadik in ostale opreme\",\"inLanguage\":\"hr\",\"publisher\":{\"@id\":\"https:\\\/\\\/flanca.si\\\/hr\\\/#organization\"}}]}\n\t\t<\/script>\n\t\t<!-- All in One SEO -->\n\n","aioseo_head_json":{"title":"P\u010delinje drvo \u2013 Tetradium danielli \u2013 vrtne sadike FLANCA","description":"Tetradium danielli P\u010delinje stablo bujno cvjeta i privla\u010di p\u010dele med kad je ve\u0107ina drugih biljaka u stanju mirovanja dobro podnosi hladno\u0107u Pakirana 1 sadnica odjednom!","canonical_url":"https:\/\/flanca.si\/hr\/proizvod\/pcelinje-drvo-tetradium-danielli\/","robots":"max-image-preview:large","keywords":"","webmasterTools":{"google-site-verification":"1sO6GOIbhijVyOhvBZZbOsEVADo4T9w2a7D2KDR6zVI","miscellaneous":""},"schema":{"@context":"https:\/\/schema.org","@graph":[{"@type":"BreadcrumbList","@id":"https:\/\/flanca.si\/hr\/proizvod\/pcelinje-drvo-tetradium-danielli\/#breadcrumblist","itemListElement":[{"@type":"ListItem","@id":"https:\/\/flanca.si\/hr\/#listItem","position":1,"name":"Domov","item":"https:\/\/flanca.si\/hr\/","nextItem":{"@type":"ListItem","@id":"https:\/\/flanca.si\/hr\/trgovina\/#listItem","name":"Trgovina"}},{"@type":"ListItem","@id":"https:\/\/flanca.si\/hr\/trgovina\/#listItem","position":2,"name":"Trgovina","item":"https:\/\/flanca.si\/hr\/trgovina\/","nextItem":{"@type":"ListItem","@id":"https:\/\/flanca.si\/hr\/kategorija-izdelka\/grmlje-i-drvece\/#listItem","name":"Grmlje i drve\u0107e"},"previousItem":{"@type":"ListItem","@id":"https:\/\/flanca.si\/hr\/#listItem","name":"Domov"}},{"@type":"ListItem","@id":"https:\/\/flanca.si\/hr\/kategorija-izdelka\/grmlje-i-drvece\/#listItem","position":3,"name":"Grmlje i drve\u0107e","item":"https:\/\/flanca.si\/hr\/kategorija-izdelka\/grmlje-i-drvece\/","nextItem":{"@type":"ListItem","@id":"https:\/\/flanca.si\/hr\/proizvod\/pcelinje-drvo-tetradium-danielli\/#listItem","name":"P\u010delinje drvo &#8211; Tetradium danielli"},"previousItem":{"@type":"ListItem","@id":"https:\/\/flanca.si\/hr\/trgovina\/#listItem","name":"Trgovina"}},{"@type":"ListItem","@id":"https:\/\/flanca.si\/hr\/proizvod\/pcelinje-drvo-tetradium-danielli\/#listItem","position":4,"name":"P\u010delinje drvo &#8211; Tetradium danielli","previousItem":{"@type":"ListItem","@id":"https:\/\/flanca.si\/hr\/kategorija-izdelka\/grmlje-i-drvece\/#listItem","name":"Grmlje i drve\u0107e"}}]},{"@type":"ItemPage","@id":"https:\/\/flanca.si\/hr\/proizvod\/pcelinje-drvo-tetradium-danielli\/#itempage","url":"https:\/\/flanca.si\/hr\/proizvod\/pcelinje-drvo-tetradium-danielli\/","name":"P\u010delinje drvo \u2013 Tetradium danielli \u2013 vrtne sadike FLANCA","description":"Tetradium danielli P\u010delinje stablo bujno cvjeta i privla\u010di p\u010dele med kad je ve\u0107ina drugih biljaka u stanju mirovanja dobro podnosi hladno\u0107u Pakirana 1 sadnica odjednom!","inLanguage":"hr","isPartOf":{"@id":"https:\/\/flanca.si\/hr\/#website"},"breadcrumb":{"@id":"https:\/\/flanca.si\/hr\/proizvod\/pcelinje-drvo-tetradium-danielli\/#breadcrumblist"},"image":{"@type":"ImageObject","url":"https:\/\/flanca.si\/wp-content\/uploads\/2023\/10\/cebelje_drevo1.jpg","@id":"https:\/\/flanca.si\/hr\/proizvod\/pcelinje-drvo-tetradium-danielli\/#mainImage","width":1417,"height":797},"primaryImageOfPage":{"@id":"https:\/\/flanca.si\/hr\/proizvod\/pcelinje-drvo-tetradium-danielli\/#mainImage"},"datePublished":"2023-10-11T12:07:46+02:00","dateModified":"2026-04-08T07:16:05+02:00"},{"@type":"Organization","@id":"https:\/\/flanca.si\/hr\/#organization","name":"vrtne sadike FLANCA","description":"Prodaja vrtnih sadik in ostale opreme","url":"https:\/\/flanca.si\/hr\/","logo":{"@type":"ImageObject","url":"https:\/\/flanca.si\/wp-content\/uploads\/2019\/11\/spletna-trgovina-s-sadikami-flanca.png","@id":"https:\/\/flanca.si\/hr\/proizvod\/pcelinje-drvo-tetradium-danielli\/#organizationLogo","width":151,"height":50,"caption":"spletna trgovina s sadikami FLANCA"},"image":{"@id":"https:\/\/flanca.si\/hr\/proizvod\/pcelinje-drvo-tetradium-danielli\/#organizationLogo"}},{"@type":"WebSite","@id":"https:\/\/flanca.si\/hr\/#website","url":"https:\/\/flanca.si\/hr\/","name":"vrtne sadike FLANCA","description":"Prodaja vrtnih sadik in ostale opreme","inLanguage":"hr","publisher":{"@id":"https:\/\/flanca.si\/hr\/#organization"}}]},"og:locale":"hr_HR","og:site_name":"vrtne sadike FLANCA \u2013 Prodaja vrtnih sadik in ostale opreme","og:type":"article","og:title":"P\u010delinje drvo \u2013 Tetradium danielli \u2013 vrtne sadike FLANCA","og:description":"Tetradium danielli P\u010delinje stablo bujno cvjeta i privla\u010di p\u010dele med kad je ve\u0107ina drugih biljaka u stanju mirovanja dobro podnosi hladno\u0107u Pakirana 1 sadnica odjednom!","og:url":"https:\/\/flanca.si\/hr\/proizvod\/pcelinje-drvo-tetradium-danielli\/","og:image":"https:\/\/flanca.si\/wp-content\/uploads\/2019\/11\/spletna-trgovina-s-sadikami-flanca.png","og:image:secure_url":"https:\/\/flanca.si\/wp-content\/uploads\/2019\/11\/spletna-trgovina-s-sadikami-flanca.png","article:published_time":"2023-10-11T10:07:46+00:00","article:modified_time":"2026-04-08T05:16:05+00:00","twitter:card":"summary_large_image","twitter:title":"P\u010delinje drvo \u2013 Tetradium danielli \u2013 vrtne sadike FLANCA","twitter:description":"Tetradium danielli P\u010delinje stablo bujno cvjeta i privla\u010di p\u010dele med kad je ve\u0107ina drugih biljaka u stanju mirovanja dobro podnosi hladno\u0107u Pakirana 1 sadnica odjednom!","twitter:image":"https:\/\/flanca.si\/wp-content\/uploads\/2019\/11\/spletna-trgovina-s-sadikami-flanca.png"},"aioseo_meta_data":{"post_id":"17388","title":null,"description":null,"keywords":null,"keyphrases":{"focus":{"keyphrase":"","score":0,"analysis":{"keyphraseInTitle":{"score":0,"maxScore":9,"error":1}}},"additional":[]},"primary_term":null,"canonical_url":null,"og_title":null,"og_description":null,"og_object_type":"default","og_image_type":"default","og_image_url":null,"og_image_width":null,"og_image_height":null,"og_image_custom_url":null,"og_image_custom_fields":null,"og_video":"","og_custom_url":null,"og_article_section":null,"og_article_tags":null,"twitter_use_og":false,"twitter_card":"default","twitter_image_type":"default","twitter_image_url":null,"twitter_image_custom_url":null,"twitter_image_custom_fields":null,"twitter_title":null,"twitter_description":null,"schema":{"blockGraphs":[],"customGraphs":[],"default":{"data":{"Article":[],"Course":[],"Dataset":[],"FAQPage":[],"Movie":[],"Person":[],"Product":[],"ProductReview":[],"Car":[],"Recipe":[],"Service":[],"SoftwareApplication":[],"WebPage":[]},"graphName":"ItemPage","isEnabled":true},"graphs":[]},"schema_type":"default","schema_type_options":null,"pillar_content":false,"robots_default":true,"robots_noindex":false,"robots_noarchive":false,"robots_nosnippet":false,"robots_nofollow":false,"robots_noimageindex":false,"robots_noodp":false,"robots_notranslate":false,"robots_max_snippet":"-1","robots_max_videopreview":"-1","robots_max_imagepreview":"large","priority":null,"frequency":"default","local_seo":null,"breadcrumb_settings":null,"limit_modified_date":false,"ai":null,"created":"2025-01-14 10:41:32","updated":"2026-04-08 06:08:36","seo_analyzer_scan_date":null,"focus_keyword":null,"additional_keywords":null,"truseo_locale":null},"aioseo_breadcrumb":"<div class=\"aioseo-breadcrumbs\"><span class=\"aioseo-breadcrumb\">\n\t\t\t<a href=\"https:\/\/flanca.si\/hr\/\" title=\"Domov\">Domov<\/a>\n\t\t<\/span><span class=\"aioseo-breadcrumb-separator\">\u00bb<\/span><span class=\"aioseo-breadcrumb\">\n\t\t\t<a href=\"https:\/\/flanca.si\/hr\/trgovina\/\" title=\"Trgovina\">Trgovina<\/a>\n\t\t<\/span><span class=\"aioseo-breadcrumb-separator\">\u00bb<\/span><span class=\"aioseo-breadcrumb\">\n\t\t\t<a href=\"https:\/\/flanca.si\/hr\/kategorija-izdelka\/grmlje-i-drvece\/\" title=\"Grmlje i drve\u0107e\">Grmlje i drve\u0107e<\/a>\n\t\t<\/span><span class=\"aioseo-breadcrumb-separator\">\u00bb<\/span><span class=\"aioseo-breadcrumb\">\n\t\t\tP\u010delinje drvo \u2013 Tetradium danielli\n\t\t<\/span><\/div>","aioseo_breadcrumb_json":[{"label":"Domov","link":"https:\/\/flanca.si\/hr\/"},{"label":"Trgovina","link":"https:\/\/flanca.si\/hr\/trgovina\/"},{"label":"Grmlje i drve\u0107e","link":"https:\/\/flanca.si\/hr\/kategorija-izdelka\/grmlje-i-drvece\/"},{"label":"P\u010delinje drvo &#8211; Tetradium danielli","link":"https:\/\/flanca.si\/hr\/proizvod\/pcelinje-drvo-tetradium-danielli\/"}],"_links":{"self":[{"href":"https:\/\/flanca.si\/hr\/wp-json\/wp\/v2\/product\/17388","targetHints":{"allow":["GET"]}}],"collection":[{"href":"https:\/\/flanca.si\/hr\/wp-json\/wp\/v2\/product"}],"about":[{"href":"https:\/\/flanca.si\/hr\/wp-json\/wp\/v2\/types\/product"}],"wp:featuredmedia":[{"embeddable":true,"href":"https:\/\/flanca.si\/hr\/wp-json\/wp\/v2\/media\/17392"}],"wp:attachment":[{"href":"https:\/\/flanca.si\/hr\/wp-json\/wp\/v2\/media?parent=17388"}],"wp:term":[{"taxonomy":"product_brand","embeddable":true,"href":"https:\/\/flanca.si\/hr\/wp-json\/wp\/v2\/product_brand?post=17388"},{"taxonomy":"product_cat","embeddable":true,"href":"https:\/\/flanca.si\/hr\/wp-json\/wp\/v2\/product_cat?post=17388"},{"taxonomy":"product_tag","embeddable":true,"href":"https:\/\/flanca.si\/hr\/wp-json\/wp\/v2\/product_tag?post=17388"}],"curies":[{"name":"wp","href":"https:\/\/api.w.org\/{rel}","templated":true}]}}