{"id":19232,"date":"2025-01-17T08:12:18","date_gmt":"2025-01-17T07:12:18","guid":{"rendered":"https:\/\/flanca.si\/?post_type=product&#038;p=19232"},"modified":"2025-01-17T09:26:07","modified_gmt":"2025-01-17T08:26:07","slug":"sedum-wolkenlaufer-kopija","status":"publish","type":"product","link":"https:\/\/flanca.si\/de\/produkt\/sedum-wolkenlaufer-kopija\/","title":{"rendered":"Oktober &#8211; Sedum sieboldii"},"content":{"rendered":"<p><strong>Sedum sieboldii<\/strong>, auch bekannt als Oktopus oder Homulica, ist eine wundersch\u00f6ne mehrj\u00e4hrige Pflanze, die in Japan beheimatet ist. Diese niedrigw\u00fcchsige Sukkulente bildet dichte, kissenartige Matten mit kreisrunden, graugr\u00fcnen Bl\u00e4ttern, die zart rosa umrandet sind. Die Pflanze verzaubert im Herbst mit ihren leuchtend rosa sternf\u00f6rmigen Bl\u00fcten, die Bienen und Schmetterlinge anlocken. Das Laub f\u00e4rbt sich bei niedrigeren Temperaturen in warme Rott\u00f6ne. Sie w\u00e4chst am besten an sonnigen Standorten in gut durchl\u00e4ssigen, kargen B\u00f6den. Aufgrund seiner Trockenheit ist es ideal f\u00fcr Steing\u00e4rten, Tr\u00f6ge und Grenzen, wo es ung\u00fcnstigen Bedingungen standh\u00e4lt. Gie\u00dfen ist nur bei l\u00e4ngeren Trockenperioden notwendig. Eine D\u00fcngung ist in der Regel nicht notwendig, da zu viele N\u00e4hrstoffe zu lockerem Wachstum f\u00fchren k\u00f6nnen. Ein R\u00fcckschnitt ist bei dieser Pflanze nicht notwendig, aber Sie k\u00f6nnen die welken Bl\u00fcten und trockenen Bl\u00e4tter entfernen, um ein sch\u00f6neres Aussehen zu erzielen. <strong>Sedum sieboldii<\/strong> ist eine gute Wahl f\u00fcr pflegeleichte G\u00e4rten, da sie das ganze Jahr \u00fcber Textur und Farbe verleiht. Sie eignet sich perfekt f\u00fcr Pflanzungen in Kombination mit anderen Sukkulenten oder als eigenst\u00e4ndiger Akzent in kleineren G\u00e4rten.   <\/p>\n","protected":false},"excerpt":{"rendered":"<ul>\n<li><em>Sedum sieboldii<\/em><\/li>\n<li>eine unpr\u00e4tenti\u00f6se, mehrj\u00e4hrige Pflanze, die Trockenheit vertr\u00e4gt<\/li>\n<li>W\u00e4chst am besten an sonnigen Standorten<\/li>\n<li>n\u00fctzlich als Schnittblumen oder Trockendekoration<\/li>\n<li>zieht Schmetterlinge und Bienen an<\/li>\n<li>Geeignet f\u00fcr Pflanztr\u00f6ge, Sitzstangen und Steing\u00e4rten<\/li>\n<\/ul>\n<h4><strong>Verpackt 1 S\u00e4mling auf einmal!<\/strong><\/h4>\n","protected":false},"featured_media":19236,"template":"","meta":{"site-sidebar-layout":"default","site-content-layout":"default","ast-site-content-layout":"default","site-content-style":"default","site-sidebar-style":"default","ast-global-header-display":"","ast-banner-title-visibility":"","ast-main-header-display":"","ast-hfb-above-header-display":"","ast-hfb-below-header-display":"","ast-hfb-mobile-header-display":"","site-post-title":"","ast-breadcrumbs-content":"","ast-featured-img":"","footer-sml-layout":"","ast-disable-related-posts":"","theme-transparent-header-meta":"default","adv-header-id-meta":"","stick-header-meta":"default","header-above-stick-meta":"","header-main-stick-meta":"","header-below-stick-meta":"","astra-migrate-meta-layouts":"set","ast-page-background-enabled":"default","ast-page-background-meta":{"desktop":{"background-color":"","background-image":"","background-repeat":"repeat","background-position":"center center","background-size":"auto","background-attachment":"scroll","background-type":"","background-media":"","overlay-type":"","overlay-color":"","overlay-opacity":"","overlay-gradient":""},"tablet":{"background-color":"","background-image":"","background-repeat":"repeat","background-position":"center center","background-size":"auto","background-attachment":"scroll","background-type":"","background-media":"","overlay-type":"","overlay-color":"","overlay-opacity":"","overlay-gradient":""},"mobile":{"background-color":"","background-image":"","background-repeat":"repeat","background-position":"center center","background-size":"auto","background-attachment":"scroll","background-type":"","background-media":"","overlay-type":"","overlay-color":"","overlay-opacity":"","overlay-gradient":""}},"ast-content-background-meta":{"desktop":{"background-color":"var(--ast-global-color-5)","background-image":"","background-repeat":"repeat","background-position":"center center","background-size":"auto","background-attachment":"scroll","background-type":"","background-media":"","overlay-type":"","overlay-color":"","overlay-opacity":"","overlay-gradient":""},"tablet":{"background-color":"var(--ast-global-color-5)","background-image":"","background-repeat":"repeat","background-position":"center center","background-size":"auto","background-attachment":"scroll","background-type":"","background-media":"","overlay-type":"","overlay-color":"","overlay-opacity":"","overlay-gradient":""},"mobile":{"background-color":"var(--ast-global-color-5)","background-image":"","background-repeat":"repeat","background-position":"center center","background-size":"auto","background-attachment":"scroll","background-type":"","background-media":"","overlay-type":"","overlay-color":"","overlay-opacity":"","overlay-gradient":""}}},"product_brand":[],"product_cat":[925],"product_tag":[1021,1019],"class_list":["post-19232","product","type-product","status-publish","has-post-thumbnail","product_cat-pflanzen-fur-troge-und-beete","product_tag-sedum-de","product_tag-steingarten","desktop-align-left","tablet-align-left","mobile-align-left","ast-product-gallery-layout-horizontal","ast-product-gallery-with-no-image","ast-product-tabs-layout-horizontal","ast-qv-on-image","first","instock","taxable","shipping-taxable","purchasable","product-type-simple"],"aioseo_notices":[],"aioseo_head":"\n\t\t<!-- All in One SEO 5.0.1.1 - aioseo.com -->\n\t<meta name=\"description\" content=\"Sedum sieboldii eine unpr\u00e4tenti\u00f6se, mehrj\u00e4hrige Pflanze, die Trockenheit vertr\u00e4gt W\u00e4chst am besten an sonnigen Standorten n\u00fctzlich als Schnittblumen oder Trockendekoration zieht Schmetterlinge und Bienen an Geeignet f\u00fcr Pflanztr\u00f6ge, Sitzstangen und Steing\u00e4rten Verpackt 1 S\u00e4mling auf einmal!\" \/>\n\t<meta name=\"robots\" content=\"max-image-preview:large\" \/>\n\t<meta name=\"google-site-verification\" content=\"1sO6GOIbhijVyOhvBZZbOsEVADo4T9w2a7D2KDR6zVI\" \/>\n\t<link rel=\"canonical\" href=\"https:\/\/flanca.si\/de\/produkt\/sedum-wolkenlaufer-kopija\/\" \/>\n\t<meta name=\"generator\" content=\"All in One SEO (AIOSEO) 5.0.1.1\" \/>\n\t\t<meta property=\"og:locale\" content=\"de_DE\" \/>\n\t\t<meta property=\"og:site_name\" content=\"vrtne sadike FLANCA \u2013 Prodaja vrtnih sadik in ostale opreme\" \/>\n\t\t<meta property=\"og:type\" content=\"article\" \/>\n\t\t<meta property=\"og:title\" content=\"Oktober \u2013 Sedum sieboldii \u2013 vrtne sadike FLANCA\" \/>\n\t\t<meta property=\"og:description\" content=\"Sedum sieboldii eine unpr\u00e4tenti\u00f6se, mehrj\u00e4hrige Pflanze, die Trockenheit vertr\u00e4gt W\u00e4chst am besten an sonnigen Standorten n\u00fctzlich als Schnittblumen oder Trockendekoration zieht Schmetterlinge und Bienen an Geeignet f\u00fcr Pflanztr\u00f6ge, Sitzstangen und Steing\u00e4rten Verpackt 1 S\u00e4mling auf einmal!\" \/>\n\t\t<meta property=\"og:url\" content=\"https:\/\/flanca.si\/de\/produkt\/sedum-wolkenlaufer-kopija\/\" \/>\n\t\t<meta property=\"og:image\" content=\"https:\/\/flanca.si\/wp-content\/uploads\/2019\/11\/spletna-trgovina-s-sadikami-flanca.png\" \/>\n\t\t<meta property=\"og:image:secure_url\" content=\"https:\/\/flanca.si\/wp-content\/uploads\/2019\/11\/spletna-trgovina-s-sadikami-flanca.png\" \/>\n\t\t<meta property=\"article:published_time\" content=\"2025-01-17T07:12:18+00:00\" \/>\n\t\t<meta property=\"article:modified_time\" content=\"2025-01-17T08:26:07+00:00\" \/>\n\t\t<meta name=\"twitter:card\" content=\"summary_large_image\" \/>\n\t\t<meta name=\"twitter:title\" content=\"Oktober \u2013 Sedum sieboldii \u2013 vrtne sadike FLANCA\" \/>\n\t\t<meta name=\"twitter:description\" content=\"Sedum sieboldii eine unpr\u00e4tenti\u00f6se, mehrj\u00e4hrige Pflanze, die Trockenheit vertr\u00e4gt W\u00e4chst am besten an sonnigen Standorten n\u00fctzlich als Schnittblumen oder Trockendekoration zieht Schmetterlinge und Bienen an Geeignet f\u00fcr Pflanztr\u00f6ge, Sitzstangen und Steing\u00e4rten Verpackt 1 S\u00e4mling auf einmal!\" \/>\n\t\t<meta name=\"twitter:image\" content=\"https:\/\/flanca.si\/wp-content\/uploads\/2019\/11\/spletna-trgovina-s-sadikami-flanca.png\" \/>\n\t\t<script type=\"application\/ld+json\" class=\"aioseo-schema\">\n\t\t\t{\"@context\":\"https:\\\/\\\/schema.org\",\"@graph\":[{\"@type\":\"BreadcrumbList\",\"@id\":\"https:\\\/\\\/flanca.si\\\/de\\\/produkt\\\/sedum-wolkenlaufer-kopija\\\/#breadcrumblist\",\"itemListElement\":[{\"@type\":\"ListItem\",\"@id\":\"https:\\\/\\\/flanca.si\\\/de\\\/#listItem\",\"position\":1,\"name\":\"Domov\",\"item\":\"https:\\\/\\\/flanca.si\\\/de\\\/\",\"nextItem\":{\"@type\":\"ListItem\",\"@id\":\"https:\\\/\\\/flanca.si\\\/de\\\/shop\\\/#listItem\",\"name\":\"Shop\"}},{\"@type\":\"ListItem\",\"@id\":\"https:\\\/\\\/flanca.si\\\/de\\\/shop\\\/#listItem\",\"position\":2,\"name\":\"Shop\",\"item\":\"https:\\\/\\\/flanca.si\\\/de\\\/shop\\\/\",\"nextItem\":{\"@type\":\"ListItem\",\"@id\":\"https:\\\/\\\/flanca.si\\\/de\\\/Produktkategorie\\\/zierpflanzen\\\/#listItem\",\"name\":\"Zierpflanzen\"},\"previousItem\":{\"@type\":\"ListItem\",\"@id\":\"https:\\\/\\\/flanca.si\\\/de\\\/#listItem\",\"name\":\"Domov\"}},{\"@type\":\"ListItem\",\"@id\":\"https:\\\/\\\/flanca.si\\\/de\\\/Produktkategorie\\\/zierpflanzen\\\/#listItem\",\"position\":3,\"name\":\"Zierpflanzen\",\"item\":\"https:\\\/\\\/flanca.si\\\/de\\\/Produktkategorie\\\/zierpflanzen\\\/\",\"nextItem\":{\"@type\":\"ListItem\",\"@id\":\"https:\\\/\\\/flanca.si\\\/de\\\/Produktkategorie\\\/zierpflanzen\\\/pflanzen-fur-troge-und-beete\\\/#listItem\",\"name\":\"Pflanzen f\\u00fcr Tr\\u00f6ge und Beete\"},\"previousItem\":{\"@type\":\"ListItem\",\"@id\":\"https:\\\/\\\/flanca.si\\\/de\\\/shop\\\/#listItem\",\"name\":\"Shop\"}},{\"@type\":\"ListItem\",\"@id\":\"https:\\\/\\\/flanca.si\\\/de\\\/Produktkategorie\\\/zierpflanzen\\\/pflanzen-fur-troge-und-beete\\\/#listItem\",\"position\":4,\"name\":\"Pflanzen f\\u00fcr Tr\\u00f6ge und Beete\",\"item\":\"https:\\\/\\\/flanca.si\\\/de\\\/Produktkategorie\\\/zierpflanzen\\\/pflanzen-fur-troge-und-beete\\\/\",\"nextItem\":{\"@type\":\"ListItem\",\"@id\":\"https:\\\/\\\/flanca.si\\\/de\\\/produkt\\\/sedum-wolkenlaufer-kopija\\\/#listItem\",\"name\":\"Oktober &#8211; Sedum sieboldii\"},\"previousItem\":{\"@type\":\"ListItem\",\"@id\":\"https:\\\/\\\/flanca.si\\\/de\\\/Produktkategorie\\\/zierpflanzen\\\/#listItem\",\"name\":\"Zierpflanzen\"}},{\"@type\":\"ListItem\",\"@id\":\"https:\\\/\\\/flanca.si\\\/de\\\/produkt\\\/sedum-wolkenlaufer-kopija\\\/#listItem\",\"position\":5,\"name\":\"Oktober &#8211; Sedum sieboldii\",\"previousItem\":{\"@type\":\"ListItem\",\"@id\":\"https:\\\/\\\/flanca.si\\\/de\\\/Produktkategorie\\\/zierpflanzen\\\/pflanzen-fur-troge-und-beete\\\/#listItem\",\"name\":\"Pflanzen f\\u00fcr Tr\\u00f6ge und Beete\"}}]},{\"@type\":\"ItemPage\",\"@id\":\"https:\\\/\\\/flanca.si\\\/de\\\/produkt\\\/sedum-wolkenlaufer-kopija\\\/#itempage\",\"url\":\"https:\\\/\\\/flanca.si\\\/de\\\/produkt\\\/sedum-wolkenlaufer-kopija\\\/\",\"name\":\"Oktober \\u2013 Sedum sieboldii \\u2013 vrtne sadike FLANCA\",\"description\":\"Sedum sieboldii eine unpr\\u00e4tenti\\u00f6se, mehrj\\u00e4hrige Pflanze, die Trockenheit vertr\\u00e4gt W\\u00e4chst am besten an sonnigen Standorten n\\u00fctzlich als Schnittblumen oder Trockendekoration zieht Schmetterlinge und Bienen an Geeignet f\\u00fcr Pflanztr\\u00f6ge, Sitzstangen und Steing\\u00e4rten Verpackt 1 S\\u00e4mling auf einmal!\",\"inLanguage\":\"de-DE\",\"isPartOf\":{\"@id\":\"https:\\\/\\\/flanca.si\\\/de\\\/#website\"},\"breadcrumb\":{\"@id\":\"https:\\\/\\\/flanca.si\\\/de\\\/produkt\\\/sedum-wolkenlaufer-kopija\\\/#breadcrumblist\"},\"image\":{\"@type\":\"ImageObject\",\"url\":\"https:\\\/\\\/flanca.si\\\/wp-content\\\/uploads\\\/2025\\\/01\\\/oktobrovka.png\",\"@id\":\"https:\\\/\\\/flanca.si\\\/de\\\/produkt\\\/sedum-wolkenlaufer-kopija\\\/#mainImage\",\"width\":1036,\"height\":1032},\"primaryImageOfPage\":{\"@id\":\"https:\\\/\\\/flanca.si\\\/de\\\/produkt\\\/sedum-wolkenlaufer-kopija\\\/#mainImage\"},\"datePublished\":\"2025-01-17T08:12:18+01:00\",\"dateModified\":\"2025-01-17T09:26:07+01:00\"},{\"@type\":\"Organization\",\"@id\":\"https:\\\/\\\/flanca.si\\\/de\\\/#organization\",\"name\":\"vrtne sadike FLANCA\",\"description\":\"Prodaja vrtnih sadik in ostale opreme\",\"url\":\"https:\\\/\\\/flanca.si\\\/de\\\/\",\"logo\":{\"@type\":\"ImageObject\",\"url\":\"https:\\\/\\\/flanca.si\\\/wp-content\\\/uploads\\\/2019\\\/11\\\/spletna-trgovina-s-sadikami-flanca.png\",\"@id\":\"https:\\\/\\\/flanca.si\\\/de\\\/produkt\\\/sedum-wolkenlaufer-kopija\\\/#organizationLogo\",\"width\":151,\"height\":50,\"caption\":\"spletna trgovina s sadikami FLANCA\"},\"image\":{\"@id\":\"https:\\\/\\\/flanca.si\\\/de\\\/produkt\\\/sedum-wolkenlaufer-kopija\\\/#organizationLogo\"}},{\"@type\":\"WebSite\",\"@id\":\"https:\\\/\\\/flanca.si\\\/de\\\/#website\",\"url\":\"https:\\\/\\\/flanca.si\\\/de\\\/\",\"name\":\"vrtne sadike FLANCA\",\"description\":\"Prodaja vrtnih sadik in ostale opreme\",\"inLanguage\":\"de-DE\",\"publisher\":{\"@id\":\"https:\\\/\\\/flanca.si\\\/de\\\/#organization\"}}]}\n\t\t<\/script>\n\t\t<!-- All in One SEO -->\n\n","aioseo_head_json":{"title":"Oktober \u2013 Sedum sieboldii \u2013 vrtne sadike FLANCA","description":"Sedum sieboldii eine unpr\u00e4tenti\u00f6se, mehrj\u00e4hrige Pflanze, die Trockenheit vertr\u00e4gt W\u00e4chst am besten an sonnigen Standorten n\u00fctzlich als Schnittblumen oder Trockendekoration zieht Schmetterlinge und Bienen an Geeignet f\u00fcr Pflanztr\u00f6ge, Sitzstangen und Steing\u00e4rten Verpackt 1 S\u00e4mling auf einmal!","canonical_url":"https:\/\/flanca.si\/de\/produkt\/sedum-wolkenlaufer-kopija\/","robots":"max-image-preview:large","keywords":"","webmasterTools":{"google-site-verification":"1sO6GOIbhijVyOhvBZZbOsEVADo4T9w2a7D2KDR6zVI","miscellaneous":""},"schema":{"@context":"https:\/\/schema.org","@graph":[{"@type":"BreadcrumbList","@id":"https:\/\/flanca.si\/de\/produkt\/sedum-wolkenlaufer-kopija\/#breadcrumblist","itemListElement":[{"@type":"ListItem","@id":"https:\/\/flanca.si\/de\/#listItem","position":1,"name":"Domov","item":"https:\/\/flanca.si\/de\/","nextItem":{"@type":"ListItem","@id":"https:\/\/flanca.si\/de\/shop\/#listItem","name":"Shop"}},{"@type":"ListItem","@id":"https:\/\/flanca.si\/de\/shop\/#listItem","position":2,"name":"Shop","item":"https:\/\/flanca.si\/de\/shop\/","nextItem":{"@type":"ListItem","@id":"https:\/\/flanca.si\/de\/Produktkategorie\/zierpflanzen\/#listItem","name":"Zierpflanzen"},"previousItem":{"@type":"ListItem","@id":"https:\/\/flanca.si\/de\/#listItem","name":"Domov"}},{"@type":"ListItem","@id":"https:\/\/flanca.si\/de\/Produktkategorie\/zierpflanzen\/#listItem","position":3,"name":"Zierpflanzen","item":"https:\/\/flanca.si\/de\/Produktkategorie\/zierpflanzen\/","nextItem":{"@type":"ListItem","@id":"https:\/\/flanca.si\/de\/Produktkategorie\/zierpflanzen\/pflanzen-fur-troge-und-beete\/#listItem","name":"Pflanzen f\u00fcr Tr\u00f6ge und Beete"},"previousItem":{"@type":"ListItem","@id":"https:\/\/flanca.si\/de\/shop\/#listItem","name":"Shop"}},{"@type":"ListItem","@id":"https:\/\/flanca.si\/de\/Produktkategorie\/zierpflanzen\/pflanzen-fur-troge-und-beete\/#listItem","position":4,"name":"Pflanzen f\u00fcr Tr\u00f6ge und Beete","item":"https:\/\/flanca.si\/de\/Produktkategorie\/zierpflanzen\/pflanzen-fur-troge-und-beete\/","nextItem":{"@type":"ListItem","@id":"https:\/\/flanca.si\/de\/produkt\/sedum-wolkenlaufer-kopija\/#listItem","name":"Oktober &#8211; Sedum sieboldii"},"previousItem":{"@type":"ListItem","@id":"https:\/\/flanca.si\/de\/Produktkategorie\/zierpflanzen\/#listItem","name":"Zierpflanzen"}},{"@type":"ListItem","@id":"https:\/\/flanca.si\/de\/produkt\/sedum-wolkenlaufer-kopija\/#listItem","position":5,"name":"Oktober &#8211; Sedum sieboldii","previousItem":{"@type":"ListItem","@id":"https:\/\/flanca.si\/de\/Produktkategorie\/zierpflanzen\/pflanzen-fur-troge-und-beete\/#listItem","name":"Pflanzen f\u00fcr Tr\u00f6ge und Beete"}}]},{"@type":"ItemPage","@id":"https:\/\/flanca.si\/de\/produkt\/sedum-wolkenlaufer-kopija\/#itempage","url":"https:\/\/flanca.si\/de\/produkt\/sedum-wolkenlaufer-kopija\/","name":"Oktober \u2013 Sedum sieboldii \u2013 vrtne sadike FLANCA","description":"Sedum sieboldii eine unpr\u00e4tenti\u00f6se, mehrj\u00e4hrige Pflanze, die Trockenheit vertr\u00e4gt W\u00e4chst am besten an sonnigen Standorten n\u00fctzlich als Schnittblumen oder Trockendekoration zieht Schmetterlinge und Bienen an Geeignet f\u00fcr Pflanztr\u00f6ge, Sitzstangen und Steing\u00e4rten Verpackt 1 S\u00e4mling auf einmal!","inLanguage":"de-DE","isPartOf":{"@id":"https:\/\/flanca.si\/de\/#website"},"breadcrumb":{"@id":"https:\/\/flanca.si\/de\/produkt\/sedum-wolkenlaufer-kopija\/#breadcrumblist"},"image":{"@type":"ImageObject","url":"https:\/\/flanca.si\/wp-content\/uploads\/2025\/01\/oktobrovka.png","@id":"https:\/\/flanca.si\/de\/produkt\/sedum-wolkenlaufer-kopija\/#mainImage","width":1036,"height":1032},"primaryImageOfPage":{"@id":"https:\/\/flanca.si\/de\/produkt\/sedum-wolkenlaufer-kopija\/#mainImage"},"datePublished":"2025-01-17T08:12:18+01:00","dateModified":"2025-01-17T09:26:07+01:00"},{"@type":"Organization","@id":"https:\/\/flanca.si\/de\/#organization","name":"vrtne sadike FLANCA","description":"Prodaja vrtnih sadik in ostale opreme","url":"https:\/\/flanca.si\/de\/","logo":{"@type":"ImageObject","url":"https:\/\/flanca.si\/wp-content\/uploads\/2019\/11\/spletna-trgovina-s-sadikami-flanca.png","@id":"https:\/\/flanca.si\/de\/produkt\/sedum-wolkenlaufer-kopija\/#organizationLogo","width":151,"height":50,"caption":"spletna trgovina s sadikami FLANCA"},"image":{"@id":"https:\/\/flanca.si\/de\/produkt\/sedum-wolkenlaufer-kopija\/#organizationLogo"}},{"@type":"WebSite","@id":"https:\/\/flanca.si\/de\/#website","url":"https:\/\/flanca.si\/de\/","name":"vrtne sadike FLANCA","description":"Prodaja vrtnih sadik in ostale opreme","inLanguage":"de-DE","publisher":{"@id":"https:\/\/flanca.si\/de\/#organization"}}]},"og:locale":"de_DE","og:site_name":"vrtne sadike FLANCA \u2013 Prodaja vrtnih sadik in ostale opreme","og:type":"article","og:title":"Oktober \u2013 Sedum sieboldii \u2013 vrtne sadike FLANCA","og:description":"Sedum sieboldii eine unpr\u00e4tenti\u00f6se, mehrj\u00e4hrige Pflanze, die Trockenheit vertr\u00e4gt W\u00e4chst am besten an sonnigen Standorten n\u00fctzlich als Schnittblumen oder Trockendekoration zieht Schmetterlinge und Bienen an Geeignet f\u00fcr Pflanztr\u00f6ge, Sitzstangen und Steing\u00e4rten Verpackt 1 S\u00e4mling auf einmal!","og:url":"https:\/\/flanca.si\/de\/produkt\/sedum-wolkenlaufer-kopija\/","og:image":"https:\/\/flanca.si\/wp-content\/uploads\/2019\/11\/spletna-trgovina-s-sadikami-flanca.png","og:image:secure_url":"https:\/\/flanca.si\/wp-content\/uploads\/2019\/11\/spletna-trgovina-s-sadikami-flanca.png","article:published_time":"2025-01-17T07:12:18+00:00","article:modified_time":"2025-01-17T08:26:07+00:00","twitter:card":"summary_large_image","twitter:title":"Oktober \u2013 Sedum sieboldii \u2013 vrtne sadike FLANCA","twitter:description":"Sedum sieboldii eine unpr\u00e4tenti\u00f6se, mehrj\u00e4hrige Pflanze, die Trockenheit vertr\u00e4gt W\u00e4chst am besten an sonnigen Standorten n\u00fctzlich als Schnittblumen oder Trockendekoration zieht Schmetterlinge und Bienen an Geeignet f\u00fcr Pflanztr\u00f6ge, Sitzstangen und Steing\u00e4rten Verpackt 1 S\u00e4mling auf einmal!","twitter:image":"https:\/\/flanca.si\/wp-content\/uploads\/2019\/11\/spletna-trgovina-s-sadikami-flanca.png"},"aioseo_meta_data":{"post_id":"19232","title":null,"description":null,"keywords":null,"keyphrases":{"focus":{"keyphrase":"","score":0,"analysis":{"keyphraseInTitle":{"score":0,"maxScore":9,"error":1}}},"additional":[]},"primary_term":null,"canonical_url":null,"og_title":null,"og_description":null,"og_object_type":"default","og_image_type":"default","og_image_url":null,"og_image_width":null,"og_image_height":null,"og_image_custom_url":null,"og_image_custom_fields":null,"og_video":"","og_custom_url":null,"og_article_section":null,"og_article_tags":null,"twitter_use_og":false,"twitter_card":"default","twitter_image_type":"default","twitter_image_url":null,"twitter_image_custom_url":null,"twitter_image_custom_fields":null,"twitter_title":null,"twitter_description":null,"schema":{"blockGraphs":[],"customGraphs":[],"default":{"data":{"Article":[],"Course":[],"Dataset":[],"FAQPage":[],"Movie":[],"Person":[],"Product":[],"ProductReview":[],"Car":[],"Recipe":[],"Service":[],"SoftwareApplication":[],"WebPage":[]},"graphName":"ItemPage","isEnabled":true},"graphs":[]},"schema_type":"default","schema_type_options":null,"pillar_content":false,"robots_default":true,"robots_noindex":false,"robots_noarchive":false,"robots_nosnippet":false,"robots_nofollow":false,"robots_noimageindex":false,"robots_noodp":false,"robots_notranslate":false,"robots_max_snippet":"-1","robots_max_videopreview":"-1","robots_max_imagepreview":"large","priority":null,"frequency":"default","local_seo":null,"breadcrumb_settings":null,"limit_modified_date":false,"ai":null,"created":"2025-01-17 07:12:18","updated":"2025-06-07 09:13:37","seo_analyzer_scan_date":null,"focus_keyword":null,"additional_keywords":null,"truseo_locale":null},"aioseo_breadcrumb":"<div class=\"aioseo-breadcrumbs\"><span class=\"aioseo-breadcrumb\">\n\t\t\t<a href=\"https:\/\/flanca.si\/de\/\" title=\"Domov\">Domov<\/a>\n\t\t<\/span><span class=\"aioseo-breadcrumb-separator\">\u00bb<\/span><span class=\"aioseo-breadcrumb\">\n\t\t\t<a href=\"https:\/\/flanca.si\/de\/shop\/\" title=\"Shop\">Shop<\/a>\n\t\t<\/span><span class=\"aioseo-breadcrumb-separator\">\u00bb<\/span><span class=\"aioseo-breadcrumb\">\n\t\t\t<a href=\"https:\/\/flanca.si\/de\/Produktkategorie\/zierpflanzen\/\" title=\"Zierpflanzen\">Zierpflanzen<\/a>\n\t\t<\/span><span class=\"aioseo-breadcrumb-separator\">\u00bb<\/span><span class=\"aioseo-breadcrumb\">\n\t\t\t<a href=\"https:\/\/flanca.si\/de\/Produktkategorie\/zierpflanzen\/pflanzen-fur-troge-und-beete\/\" title=\"Pflanzen f\u00fcr Tr\u00f6ge und Beete\">Pflanzen f\u00fcr Tr\u00f6ge und Beete<\/a>\n\t\t<\/span><span class=\"aioseo-breadcrumb-separator\">\u00bb<\/span><span class=\"aioseo-breadcrumb\">\n\t\t\tOktober \u2013 Sedum sieboldii\n\t\t<\/span><\/div>","aioseo_breadcrumb_json":[{"label":"Domov","link":"https:\/\/flanca.si\/de\/"},{"label":"Shop","link":"https:\/\/flanca.si\/de\/shop\/"},{"label":"Zierpflanzen","link":"https:\/\/flanca.si\/de\/Produktkategorie\/zierpflanzen\/"},{"label":"Pflanzen f\u00fcr Tr\u00f6ge und Beete","link":"https:\/\/flanca.si\/de\/Produktkategorie\/zierpflanzen\/pflanzen-fur-troge-und-beete\/"},{"label":"Oktober &#8211; Sedum sieboldii","link":"https:\/\/flanca.si\/de\/produkt\/sedum-wolkenlaufer-kopija\/"}],"_links":{"self":[{"href":"https:\/\/flanca.si\/de\/wp-json\/wp\/v2\/product\/19232","targetHints":{"allow":["GET"]}}],"collection":[{"href":"https:\/\/flanca.si\/de\/wp-json\/wp\/v2\/product"}],"about":[{"href":"https:\/\/flanca.si\/de\/wp-json\/wp\/v2\/types\/product"}],"wp:featuredmedia":[{"embeddable":true,"href":"https:\/\/flanca.si\/de\/wp-json\/wp\/v2\/media\/19236"}],"wp:attachment":[{"href":"https:\/\/flanca.si\/de\/wp-json\/wp\/v2\/media?parent=19232"}],"wp:term":[{"taxonomy":"product_brand","embeddable":true,"href":"https:\/\/flanca.si\/de\/wp-json\/wp\/v2\/product_brand?post=19232"},{"taxonomy":"product_cat","embeddable":true,"href":"https:\/\/flanca.si\/de\/wp-json\/wp\/v2\/product_cat?post=19232"},{"taxonomy":"product_tag","embeddable":true,"href":"https:\/\/flanca.si\/de\/wp-json\/wp\/v2\/product_tag?post=19232"}],"curies":[{"name":"wp","href":"https:\/\/api.w.org\/{rel}","templated":true}]}}