{"id":15681,"date":"2022-05-25T15:45:17","date_gmt":"2022-05-25T13:45:17","guid":{"rendered":"https:\/\/flanca.si\/izdelek\/schwarzer-aeltester-schwarzer-turm\/"},"modified":"2022-05-25T15:45:17","modified_gmt":"2022-05-25T13:45:17","slug":"schwarzer-aeltester-schwarzer-turm","status":"publish","type":"product","link":"https:\/\/flanca.si\/de\/produkt\/schwarzer-aeltester-schwarzer-turm\/","title":{"rendered":"Schwarzer \u00c4ltester Schwarzer Turm"},"content":{"rendered":"<p>Holunder Black Tower ist ein sommergr\u00fcner Strauch mit dunkelvioletten Bl\u00e4ttern. Sie wird 2-3m hoch. Ziersorte des schwarzen Holundersorte, die im sp\u00e4ten Fr\u00fchjahr rosa Bl\u00fctenst\u00e4nde entwickelt. Sp\u00e4ter entwickeln sich dunkelviolette Fr\u00fcchte, die verarbeitet werden und sich auch zum Verzehr eignen. Sie eignet sich f\u00fcr die Pflanzung in Tr\u00f6gen, kleinen Beeten oder Hecken. Die Pflanze ist unempfindlich gegen K\u00e4lte, Trockenheit, Salz und stellt keine Anspr\u00fcche an den Standort. Die beste Zeit zum Pflanzen von Setzlingen oder B\u00fcschen von schwarzem Holunder im Freiland ist der Fr\u00fchling (von Anfang M\u00e4rz bis Mitte April) oder der Herbst (von den letzten Augusttagen bis Ende September).   <\/p>\n","protected":false},"excerpt":{"rendered":"<ul>\n<li>Sambucus nigra &#8218;Schwarzer Turm&#8216;<\/li>\n<li>Zier-Holundersorte<\/li>\n<li>dunkelviolette Bl\u00e4tter<\/li>\n<li>Essbare Fr\u00fcchte<\/li>\n<li>S\u00e4mlingsh\u00f6he ca. ca. 25cm <\/li>\n<\/ul>\n<h3>Verpackt 1 S\u00e4mling auf einmal!<\/h3>\n","protected":false},"featured_media":13357,"template":"","meta":{"site-sidebar-layout":"default","site-content-layout":"default","ast-site-content-layout":"default","site-content-style":"default","site-sidebar-style":"default","ast-global-header-display":"","ast-banner-title-visibility":"","ast-main-header-display":"","ast-hfb-above-header-display":"","ast-hfb-below-header-display":"","ast-hfb-mobile-header-display":"","site-post-title":"","ast-breadcrumbs-content":"","ast-featured-img":"","footer-sml-layout":"","ast-disable-related-posts":"","theme-transparent-header-meta":"default","adv-header-id-meta":"","stick-header-meta":"default","header-above-stick-meta":"","header-main-stick-meta":"","header-below-stick-meta":"","astra-migrate-meta-layouts":"default","ast-page-background-enabled":"default","ast-page-background-meta":{"desktop":{"background-color":"","background-image":"","background-repeat":"repeat","background-position":"center center","background-size":"auto","background-attachment":"scroll","background-type":"","background-media":"","overlay-type":"","overlay-color":"","overlay-opacity":"","overlay-gradient":""},"tablet":{"background-color":"","background-image":"","background-repeat":"repeat","background-position":"center center","background-size":"auto","background-attachment":"scroll","background-type":"","background-media":"","overlay-type":"","overlay-color":"","overlay-opacity":"","overlay-gradient":""},"mobile":{"background-color":"","background-image":"","background-repeat":"repeat","background-position":"center center","background-size":"auto","background-attachment":"scroll","background-type":"","background-media":"","overlay-type":"","overlay-color":"","overlay-opacity":"","overlay-gradient":""}},"ast-content-background-meta":{"desktop":{"background-color":"var(--ast-global-color-5)","background-image":"","background-repeat":"repeat","background-position":"center center","background-size":"auto","background-attachment":"scroll","background-type":"","background-media":"","overlay-type":"","overlay-color":"","overlay-opacity":"","overlay-gradient":""},"tablet":{"background-color":"var(--ast-global-color-5)","background-image":"","background-repeat":"repeat","background-position":"center center","background-size":"auto","background-attachment":"scroll","background-type":"","background-media":"","overlay-type":"","overlay-color":"","overlay-opacity":"","overlay-gradient":""},"mobile":{"background-color":"var(--ast-global-color-5)","background-image":"","background-repeat":"repeat","background-position":"center center","background-size":"auto","background-attachment":"scroll","background-type":"","background-media":"","overlay-type":"","overlay-color":"","overlay-opacity":"","overlay-gradient":""}}},"product_brand":[],"product_cat":[960],"product_tag":[989,962],"class_list":["post-15681","product","type-product","status-publish","has-post-thumbnail","product_cat-straucher-und-baume","product_tag-kuche","product_tag-zwergstrauch","desktop-align-left","tablet-align-left","mobile-align-left","ast-product-gallery-layout-horizontal","ast-product-gallery-with-no-image","ast-product-tabs-layout-horizontal","ast-qv-on-image","first","outofstock","taxable","shipping-taxable","purchasable","product-type-simple"],"aioseo_notices":[],"aioseo_head":"\n\t\t<!-- All in One SEO 5.0.1.1 - aioseo.com -->\n\t<meta name=\"description\" content=\"Sambucus nigra &#039;Schwarzer Turm&#039; Zier-Holundersorte dunkelviolette Bl\u00e4tter Essbare Fr\u00fcchte S\u00e4mlingsh\u00f6he ca. ca. 25cm Verpackt 1 S\u00e4mling auf einmal!\" \/>\n\t<meta name=\"robots\" content=\"max-image-preview:large\" \/>\n\t<meta name=\"google-site-verification\" content=\"1sO6GOIbhijVyOhvBZZbOsEVADo4T9w2a7D2KDR6zVI\" \/>\n\t<link rel=\"canonical\" href=\"https:\/\/flanca.si\/de\/produkt\/schwarzer-aeltester-schwarzer-turm\/\" \/>\n\t<meta name=\"generator\" content=\"All in One SEO (AIOSEO) 5.0.1.1\" \/>\n\t\t<meta property=\"og:locale\" content=\"de_DE\" \/>\n\t\t<meta property=\"og:site_name\" content=\"vrtne sadike FLANCA \u2013 Prodaja vrtnih sadik in ostale opreme\" \/>\n\t\t<meta property=\"og:type\" content=\"article\" \/>\n\t\t<meta property=\"og:title\" content=\"Schwarzer \u00c4ltester Schwarzer Turm \u2013 vrtne sadike FLANCA\" \/>\n\t\t<meta property=\"og:description\" content=\"Sambucus nigra &#039;Schwarzer Turm&#039; Zier-Holundersorte dunkelviolette Bl\u00e4tter Essbare Fr\u00fcchte S\u00e4mlingsh\u00f6he ca. ca. 25cm Verpackt 1 S\u00e4mling auf einmal!\" \/>\n\t\t<meta property=\"og:url\" content=\"https:\/\/flanca.si\/de\/produkt\/schwarzer-aeltester-schwarzer-turm\/\" \/>\n\t\t<meta property=\"og:image\" content=\"https:\/\/flanca.si\/wp-content\/uploads\/2019\/11\/spletna-trgovina-s-sadikami-flanca.png\" \/>\n\t\t<meta property=\"og:image:secure_url\" content=\"https:\/\/flanca.si\/wp-content\/uploads\/2019\/11\/spletna-trgovina-s-sadikami-flanca.png\" \/>\n\t\t<meta property=\"article:published_time\" content=\"2022-05-25T13:45:17+00:00\" \/>\n\t\t<meta property=\"article:modified_time\" content=\"2022-05-25T13:45:17+00:00\" \/>\n\t\t<meta name=\"twitter:card\" content=\"summary_large_image\" \/>\n\t\t<meta name=\"twitter:title\" content=\"Schwarzer \u00c4ltester Schwarzer Turm \u2013 vrtne sadike FLANCA\" \/>\n\t\t<meta name=\"twitter:description\" content=\"Sambucus nigra &#039;Schwarzer Turm&#039; Zier-Holundersorte dunkelviolette Bl\u00e4tter Essbare Fr\u00fcchte S\u00e4mlingsh\u00f6he ca. ca. 25cm Verpackt 1 S\u00e4mling auf einmal!\" \/>\n\t\t<meta name=\"twitter:image\" content=\"https:\/\/flanca.si\/wp-content\/uploads\/2019\/11\/spletna-trgovina-s-sadikami-flanca.png\" \/>\n\t\t<script type=\"application\/ld+json\" class=\"aioseo-schema\">\n\t\t\t{\"@context\":\"https:\\\/\\\/schema.org\",\"@graph\":[{\"@type\":\"BreadcrumbList\",\"@id\":\"https:\\\/\\\/flanca.si\\\/de\\\/produkt\\\/schwarzer-aeltester-schwarzer-turm\\\/#breadcrumblist\",\"itemListElement\":[{\"@type\":\"ListItem\",\"@id\":\"https:\\\/\\\/flanca.si\\\/de\\\/#listItem\",\"position\":1,\"name\":\"Domov\",\"item\":\"https:\\\/\\\/flanca.si\\\/de\\\/\",\"nextItem\":{\"@type\":\"ListItem\",\"@id\":\"https:\\\/\\\/flanca.si\\\/de\\\/shop\\\/#listItem\",\"name\":\"Shop\"}},{\"@type\":\"ListItem\",\"@id\":\"https:\\\/\\\/flanca.si\\\/de\\\/shop\\\/#listItem\",\"position\":2,\"name\":\"Shop\",\"item\":\"https:\\\/\\\/flanca.si\\\/de\\\/shop\\\/\",\"nextItem\":{\"@type\":\"ListItem\",\"@id\":\"https:\\\/\\\/flanca.si\\\/de\\\/Produktkategorie\\\/zierpflanzen\\\/#listItem\",\"name\":\"Zierpflanzen\"},\"previousItem\":{\"@type\":\"ListItem\",\"@id\":\"https:\\\/\\\/flanca.si\\\/de\\\/#listItem\",\"name\":\"Domov\"}},{\"@type\":\"ListItem\",\"@id\":\"https:\\\/\\\/flanca.si\\\/de\\\/Produktkategorie\\\/zierpflanzen\\\/#listItem\",\"position\":3,\"name\":\"Zierpflanzen\",\"item\":\"https:\\\/\\\/flanca.si\\\/de\\\/Produktkategorie\\\/zierpflanzen\\\/\",\"nextItem\":{\"@type\":\"ListItem\",\"@id\":\"https:\\\/\\\/flanca.si\\\/de\\\/Produktkategorie\\\/zierpflanzen\\\/straucher-und-baume\\\/#listItem\",\"name\":\"Str\\u00e4ucher und B\\u00e4ume\"},\"previousItem\":{\"@type\":\"ListItem\",\"@id\":\"https:\\\/\\\/flanca.si\\\/de\\\/shop\\\/#listItem\",\"name\":\"Shop\"}},{\"@type\":\"ListItem\",\"@id\":\"https:\\\/\\\/flanca.si\\\/de\\\/Produktkategorie\\\/zierpflanzen\\\/straucher-und-baume\\\/#listItem\",\"position\":4,\"name\":\"Str\\u00e4ucher und B\\u00e4ume\",\"item\":\"https:\\\/\\\/flanca.si\\\/de\\\/Produktkategorie\\\/zierpflanzen\\\/straucher-und-baume\\\/\",\"nextItem\":{\"@type\":\"ListItem\",\"@id\":\"https:\\\/\\\/flanca.si\\\/de\\\/produkt\\\/schwarzer-aeltester-schwarzer-turm\\\/#listItem\",\"name\":\"Schwarzer \\u00c4ltester Schwarzer Turm\"},\"previousItem\":{\"@type\":\"ListItem\",\"@id\":\"https:\\\/\\\/flanca.si\\\/de\\\/Produktkategorie\\\/zierpflanzen\\\/#listItem\",\"name\":\"Zierpflanzen\"}},{\"@type\":\"ListItem\",\"@id\":\"https:\\\/\\\/flanca.si\\\/de\\\/produkt\\\/schwarzer-aeltester-schwarzer-turm\\\/#listItem\",\"position\":5,\"name\":\"Schwarzer \\u00c4ltester Schwarzer Turm\",\"previousItem\":{\"@type\":\"ListItem\",\"@id\":\"https:\\\/\\\/flanca.si\\\/de\\\/Produktkategorie\\\/zierpflanzen\\\/straucher-und-baume\\\/#listItem\",\"name\":\"Str\\u00e4ucher und B\\u00e4ume\"}}]},{\"@type\":\"ItemPage\",\"@id\":\"https:\\\/\\\/flanca.si\\\/de\\\/produkt\\\/schwarzer-aeltester-schwarzer-turm\\\/#itempage\",\"url\":\"https:\\\/\\\/flanca.si\\\/de\\\/produkt\\\/schwarzer-aeltester-schwarzer-turm\\\/\",\"name\":\"Schwarzer \\u00c4ltester Schwarzer Turm \\u2013 vrtne sadike FLANCA\",\"description\":\"Sambucus nigra 'Schwarzer Turm' Zier-Holundersorte dunkelviolette Bl\\u00e4tter Essbare Fr\\u00fcchte S\\u00e4mlingsh\\u00f6he ca. ca. 25cm Verpackt 1 S\\u00e4mling auf einmal!\",\"inLanguage\":\"de-DE\",\"isPartOf\":{\"@id\":\"https:\\\/\\\/flanca.si\\\/de\\\/#website\"},\"breadcrumb\":{\"@id\":\"https:\\\/\\\/flanca.si\\\/de\\\/produkt\\\/schwarzer-aeltester-schwarzer-turm\\\/#breadcrumblist\"},\"image\":{\"@type\":\"ImageObject\",\"url\":\"https:\\\/\\\/flanca.si\\\/wp-content\\\/uploads\\\/2022\\\/05\\\/Sambucus-nigra-Black-Beauty.jpg\",\"@id\":\"https:\\\/\\\/flanca.si\\\/de\\\/produkt\\\/schwarzer-aeltester-schwarzer-turm\\\/#mainImage\",\"width\":720,\"height\":761},\"primaryImageOfPage\":{\"@id\":\"https:\\\/\\\/flanca.si\\\/de\\\/produkt\\\/schwarzer-aeltester-schwarzer-turm\\\/#mainImage\"},\"datePublished\":\"2022-05-25T15:45:17+02:00\",\"dateModified\":\"2022-05-25T15:45:17+02:00\"},{\"@type\":\"Organization\",\"@id\":\"https:\\\/\\\/flanca.si\\\/de\\\/#organization\",\"name\":\"vrtne sadike FLANCA\",\"description\":\"Prodaja vrtnih sadik in ostale opreme\",\"url\":\"https:\\\/\\\/flanca.si\\\/de\\\/\",\"logo\":{\"@type\":\"ImageObject\",\"url\":\"https:\\\/\\\/flanca.si\\\/wp-content\\\/uploads\\\/2019\\\/11\\\/spletna-trgovina-s-sadikami-flanca.png\",\"@id\":\"https:\\\/\\\/flanca.si\\\/de\\\/produkt\\\/schwarzer-aeltester-schwarzer-turm\\\/#organizationLogo\",\"width\":151,\"height\":50,\"caption\":\"spletna trgovina s sadikami FLANCA\"},\"image\":{\"@id\":\"https:\\\/\\\/flanca.si\\\/de\\\/produkt\\\/schwarzer-aeltester-schwarzer-turm\\\/#organizationLogo\"}},{\"@type\":\"WebSite\",\"@id\":\"https:\\\/\\\/flanca.si\\\/de\\\/#website\",\"url\":\"https:\\\/\\\/flanca.si\\\/de\\\/\",\"name\":\"vrtne sadike FLANCA\",\"description\":\"Prodaja vrtnih sadik in ostale opreme\",\"inLanguage\":\"de-DE\",\"publisher\":{\"@id\":\"https:\\\/\\\/flanca.si\\\/de\\\/#organization\"}}]}\n\t\t<\/script>\n\t\t<!-- All in One SEO -->\n\n","aioseo_head_json":{"title":"Schwarzer \u00c4ltester Schwarzer Turm \u2013 vrtne sadike FLANCA","description":"Sambucus nigra 'Schwarzer Turm' Zier-Holundersorte dunkelviolette Bl\u00e4tter Essbare Fr\u00fcchte S\u00e4mlingsh\u00f6he ca. ca. 25cm Verpackt 1 S\u00e4mling auf einmal!","canonical_url":"https:\/\/flanca.si\/de\/produkt\/schwarzer-aeltester-schwarzer-turm\/","robots":"max-image-preview:large","keywords":"","webmasterTools":{"google-site-verification":"1sO6GOIbhijVyOhvBZZbOsEVADo4T9w2a7D2KDR6zVI","miscellaneous":""},"schema":{"@context":"https:\/\/schema.org","@graph":[{"@type":"BreadcrumbList","@id":"https:\/\/flanca.si\/de\/produkt\/schwarzer-aeltester-schwarzer-turm\/#breadcrumblist","itemListElement":[{"@type":"ListItem","@id":"https:\/\/flanca.si\/de\/#listItem","position":1,"name":"Domov","item":"https:\/\/flanca.si\/de\/","nextItem":{"@type":"ListItem","@id":"https:\/\/flanca.si\/de\/shop\/#listItem","name":"Shop"}},{"@type":"ListItem","@id":"https:\/\/flanca.si\/de\/shop\/#listItem","position":2,"name":"Shop","item":"https:\/\/flanca.si\/de\/shop\/","nextItem":{"@type":"ListItem","@id":"https:\/\/flanca.si\/de\/Produktkategorie\/zierpflanzen\/#listItem","name":"Zierpflanzen"},"previousItem":{"@type":"ListItem","@id":"https:\/\/flanca.si\/de\/#listItem","name":"Domov"}},{"@type":"ListItem","@id":"https:\/\/flanca.si\/de\/Produktkategorie\/zierpflanzen\/#listItem","position":3,"name":"Zierpflanzen","item":"https:\/\/flanca.si\/de\/Produktkategorie\/zierpflanzen\/","nextItem":{"@type":"ListItem","@id":"https:\/\/flanca.si\/de\/Produktkategorie\/zierpflanzen\/straucher-und-baume\/#listItem","name":"Str\u00e4ucher und B\u00e4ume"},"previousItem":{"@type":"ListItem","@id":"https:\/\/flanca.si\/de\/shop\/#listItem","name":"Shop"}},{"@type":"ListItem","@id":"https:\/\/flanca.si\/de\/Produktkategorie\/zierpflanzen\/straucher-und-baume\/#listItem","position":4,"name":"Str\u00e4ucher und B\u00e4ume","item":"https:\/\/flanca.si\/de\/Produktkategorie\/zierpflanzen\/straucher-und-baume\/","nextItem":{"@type":"ListItem","@id":"https:\/\/flanca.si\/de\/produkt\/schwarzer-aeltester-schwarzer-turm\/#listItem","name":"Schwarzer \u00c4ltester Schwarzer Turm"},"previousItem":{"@type":"ListItem","@id":"https:\/\/flanca.si\/de\/Produktkategorie\/zierpflanzen\/#listItem","name":"Zierpflanzen"}},{"@type":"ListItem","@id":"https:\/\/flanca.si\/de\/produkt\/schwarzer-aeltester-schwarzer-turm\/#listItem","position":5,"name":"Schwarzer \u00c4ltester Schwarzer Turm","previousItem":{"@type":"ListItem","@id":"https:\/\/flanca.si\/de\/Produktkategorie\/zierpflanzen\/straucher-und-baume\/#listItem","name":"Str\u00e4ucher und B\u00e4ume"}}]},{"@type":"ItemPage","@id":"https:\/\/flanca.si\/de\/produkt\/schwarzer-aeltester-schwarzer-turm\/#itempage","url":"https:\/\/flanca.si\/de\/produkt\/schwarzer-aeltester-schwarzer-turm\/","name":"Schwarzer \u00c4ltester Schwarzer Turm \u2013 vrtne sadike FLANCA","description":"Sambucus nigra 'Schwarzer Turm' Zier-Holundersorte dunkelviolette Bl\u00e4tter Essbare Fr\u00fcchte S\u00e4mlingsh\u00f6he ca. ca. 25cm Verpackt 1 S\u00e4mling auf einmal!","inLanguage":"de-DE","isPartOf":{"@id":"https:\/\/flanca.si\/de\/#website"},"breadcrumb":{"@id":"https:\/\/flanca.si\/de\/produkt\/schwarzer-aeltester-schwarzer-turm\/#breadcrumblist"},"image":{"@type":"ImageObject","url":"https:\/\/flanca.si\/wp-content\/uploads\/2022\/05\/Sambucus-nigra-Black-Beauty.jpg","@id":"https:\/\/flanca.si\/de\/produkt\/schwarzer-aeltester-schwarzer-turm\/#mainImage","width":720,"height":761},"primaryImageOfPage":{"@id":"https:\/\/flanca.si\/de\/produkt\/schwarzer-aeltester-schwarzer-turm\/#mainImage"},"datePublished":"2022-05-25T15:45:17+02:00","dateModified":"2022-05-25T15:45:17+02:00"},{"@type":"Organization","@id":"https:\/\/flanca.si\/de\/#organization","name":"vrtne sadike FLANCA","description":"Prodaja vrtnih sadik in ostale opreme","url":"https:\/\/flanca.si\/de\/","logo":{"@type":"ImageObject","url":"https:\/\/flanca.si\/wp-content\/uploads\/2019\/11\/spletna-trgovina-s-sadikami-flanca.png","@id":"https:\/\/flanca.si\/de\/produkt\/schwarzer-aeltester-schwarzer-turm\/#organizationLogo","width":151,"height":50,"caption":"spletna trgovina s sadikami FLANCA"},"image":{"@id":"https:\/\/flanca.si\/de\/produkt\/schwarzer-aeltester-schwarzer-turm\/#organizationLogo"}},{"@type":"WebSite","@id":"https:\/\/flanca.si\/de\/#website","url":"https:\/\/flanca.si\/de\/","name":"vrtne sadike FLANCA","description":"Prodaja vrtnih sadik in ostale opreme","inLanguage":"de-DE","publisher":{"@id":"https:\/\/flanca.si\/de\/#organization"}}]},"og:locale":"de_DE","og:site_name":"vrtne sadike FLANCA \u2013 Prodaja vrtnih sadik in ostale opreme","og:type":"article","og:title":"Schwarzer \u00c4ltester Schwarzer Turm \u2013 vrtne sadike FLANCA","og:description":"Sambucus nigra 'Schwarzer Turm' Zier-Holundersorte dunkelviolette Bl\u00e4tter Essbare Fr\u00fcchte S\u00e4mlingsh\u00f6he ca. ca. 25cm Verpackt 1 S\u00e4mling auf einmal!","og:url":"https:\/\/flanca.si\/de\/produkt\/schwarzer-aeltester-schwarzer-turm\/","og:image":"https:\/\/flanca.si\/wp-content\/uploads\/2019\/11\/spletna-trgovina-s-sadikami-flanca.png","og:image:secure_url":"https:\/\/flanca.si\/wp-content\/uploads\/2019\/11\/spletna-trgovina-s-sadikami-flanca.png","article:published_time":"2022-05-25T13:45:17+00:00","article:modified_time":"2022-05-25T13:45:17+00:00","twitter:card":"summary_large_image","twitter:title":"Schwarzer \u00c4ltester Schwarzer Turm \u2013 vrtne sadike FLANCA","twitter:description":"Sambucus nigra 'Schwarzer Turm' Zier-Holundersorte dunkelviolette Bl\u00e4tter Essbare Fr\u00fcchte S\u00e4mlingsh\u00f6he ca. ca. 25cm Verpackt 1 S\u00e4mling auf einmal!","twitter:image":"https:\/\/flanca.si\/wp-content\/uploads\/2019\/11\/spletna-trgovina-s-sadikami-flanca.png"},"aioseo_meta_data":{"post_id":"15681","title":null,"description":null,"keywords":[],"keyphrases":{"focus":{"keyphrase":"","score":0,"analysis":{"keyphraseInTitle":{"score":0,"maxScore":9,"error":1}}},"additional":[]},"primary_term":null,"canonical_url":null,"og_title":null,"og_description":null,"og_object_type":"default","og_image_type":"default","og_image_url":null,"og_image_width":null,"og_image_height":null,"og_image_custom_url":null,"og_image_custom_fields":null,"og_video":"","og_custom_url":null,"og_article_section":null,"og_article_tags":[],"twitter_use_og":false,"twitter_card":"default","twitter_image_type":"default","twitter_image_url":null,"twitter_image_custom_url":null,"twitter_image_custom_fields":null,"twitter_title":null,"twitter_description":null,"schema":{"blockGraphs":[],"customGraphs":[],"default":{"data":{"Article":[],"Course":[],"Dataset":[],"FAQPage":[],"Movie":[],"Person":[],"Product":[],"ProductReview":[],"Car":[],"Recipe":[],"Service":[],"SoftwareApplication":[],"WebPage":[]},"graphName":"ItemPage","isEnabled":true},"graphs":[]},"schema_type":"default","schema_type_options":null,"pillar_content":false,"robots_default":true,"robots_noindex":false,"robots_noarchive":false,"robots_nosnippet":false,"robots_nofollow":false,"robots_noimageindex":false,"robots_noodp":false,"robots_notranslate":false,"robots_max_snippet":"-1","robots_max_videopreview":"-1","robots_max_imagepreview":"large","priority":null,"frequency":"default","local_seo":null,"breadcrumb_settings":null,"limit_modified_date":false,"ai":null,"created":"2025-01-13 13:21:03","updated":"2025-06-07 08:09:41","seo_analyzer_scan_date":null,"focus_keyword":null,"additional_keywords":null,"truseo_locale":null},"aioseo_breadcrumb":"<div class=\"aioseo-breadcrumbs\"><span class=\"aioseo-breadcrumb\">\n\t\t\t<a href=\"https:\/\/flanca.si\/de\/\" title=\"Domov\">Domov<\/a>\n\t\t<\/span><span class=\"aioseo-breadcrumb-separator\">\u00bb<\/span><span class=\"aioseo-breadcrumb\">\n\t\t\t<a href=\"https:\/\/flanca.si\/de\/shop\/\" title=\"Shop\">Shop<\/a>\n\t\t<\/span><span class=\"aioseo-breadcrumb-separator\">\u00bb<\/span><span class=\"aioseo-breadcrumb\">\n\t\t\t<a href=\"https:\/\/flanca.si\/de\/Produktkategorie\/zierpflanzen\/\" title=\"Zierpflanzen\">Zierpflanzen<\/a>\n\t\t<\/span><span class=\"aioseo-breadcrumb-separator\">\u00bb<\/span><span class=\"aioseo-breadcrumb\">\n\t\t\t<a href=\"https:\/\/flanca.si\/de\/Produktkategorie\/zierpflanzen\/straucher-und-baume\/\" title=\"Str\u00e4ucher und B\u00e4ume\">Str\u00e4ucher und B\u00e4ume<\/a>\n\t\t<\/span><span class=\"aioseo-breadcrumb-separator\">\u00bb<\/span><span class=\"aioseo-breadcrumb\">\n\t\t\tSchwarzer \u00c4ltester Schwarzer Turm\n\t\t<\/span><\/div>","aioseo_breadcrumb_json":[{"label":"Domov","link":"https:\/\/flanca.si\/de\/"},{"label":"Shop","link":"https:\/\/flanca.si\/de\/shop\/"},{"label":"Zierpflanzen","link":"https:\/\/flanca.si\/de\/Produktkategorie\/zierpflanzen\/"},{"label":"Str\u00e4ucher und B\u00e4ume","link":"https:\/\/flanca.si\/de\/Produktkategorie\/zierpflanzen\/straucher-und-baume\/"},{"label":"Schwarzer \u00c4ltester Schwarzer Turm","link":"https:\/\/flanca.si\/de\/produkt\/schwarzer-aeltester-schwarzer-turm\/"}],"_links":{"self":[{"href":"https:\/\/flanca.si\/de\/wp-json\/wp\/v2\/product\/15681","targetHints":{"allow":["GET"]}}],"collection":[{"href":"https:\/\/flanca.si\/de\/wp-json\/wp\/v2\/product"}],"about":[{"href":"https:\/\/flanca.si\/de\/wp-json\/wp\/v2\/types\/product"}],"wp:featuredmedia":[{"embeddable":true,"href":"https:\/\/flanca.si\/de\/wp-json\/wp\/v2\/media\/13357"}],"wp:attachment":[{"href":"https:\/\/flanca.si\/de\/wp-json\/wp\/v2\/media?parent=15681"}],"wp:term":[{"taxonomy":"product_brand","embeddable":true,"href":"https:\/\/flanca.si\/de\/wp-json\/wp\/v2\/product_brand?post=15681"},{"taxonomy":"product_cat","embeddable":true,"href":"https:\/\/flanca.si\/de\/wp-json\/wp\/v2\/product_cat?post=15681"},{"taxonomy":"product_tag","embeddable":true,"href":"https:\/\/flanca.si\/de\/wp-json\/wp\/v2\/product_tag?post=15681"}],"curies":[{"name":"wp","href":"https:\/\/api.w.org\/{rel}","templated":true}]}}