{"id":15619,"date":"2021-02-12T12:18:51","date_gmt":"2021-02-12T11:18:51","guid":{"rendered":"https:\/\/flanca.si\/izdelek\/nadelbaumflamingo-red-wings\/"},"modified":"2021-02-12T12:18:51","modified_gmt":"2021-02-12T11:18:51","slug":"nadelbaumflamingo-red-wings","status":"publish","type":"product","link":"https:\/\/flanca.si\/de\/produkt\/nadelbaumflamingo-red-wings\/","title":{"rendered":"Nadelbaumflamingo &#8218;Red Wings&#8216;"},"content":{"rendered":"<p>Nadelflamingos eignen sich f\u00fcr einen sonnigen Standort und einen trockenen bis feuchten und drainierenden Standort. Die ausgew\u00e4hlte Sorte bl\u00fcht von April bis Mai mit intensiv rosafarbenen, sternf\u00f6rmigen Bl\u00fcten.<br \/>\nEine immergr\u00fcne Staude, die einen dichten, niedrigen, deckenden Wuchs bildet. Eine wunderbare Pflanze f\u00fcr Steing\u00e4rten, Rabatten oder Mischbepflanzungen und K\u00fcbel. Unmittelbar nach der Bl\u00fcte wird empfohlen, die Pflanze zu kneifen, um eine dichte und niedrige Form des Wachstums zu erhalten. Staude eignet sich zum Pflanzen von Balkontr\u00f6gen und T\u00f6pfen.   <\/p>\n","protected":false},"excerpt":{"rendered":"<ul>\n<li><em>Phlox subulata  <\/em><\/li>\n<li>\u00dcberwucherung abdecken<\/li>\n<li>Blumenteppich<\/li>\n<li>Bl\u00fcte im zeitigen Fr\u00fchjahr<\/li>\n<li>Steing\u00e4rten, Balken, Tr\u00f6ge<\/li>\n<\/ul>\n<h4><strong>Verpackt 1 S\u00e4mling auf einmal!<\/strong><\/h4>\n","protected":false},"featured_media":13201,"template":"","meta":{"site-sidebar-layout":"default","site-content-layout":"default","ast-site-content-layout":"default","site-content-style":"default","site-sidebar-style":"default","ast-global-header-display":"","ast-banner-title-visibility":"","ast-main-header-display":"","ast-hfb-above-header-display":"","ast-hfb-below-header-display":"","ast-hfb-mobile-header-display":"","site-post-title":"","ast-breadcrumbs-content":"","ast-featured-img":"","footer-sml-layout":"","ast-disable-related-posts":"","theme-transparent-header-meta":"default","adv-header-id-meta":"","stick-header-meta":"default","header-above-stick-meta":"","header-main-stick-meta":"","header-below-stick-meta":"","astra-migrate-meta-layouts":"default","ast-page-background-enabled":"default","ast-page-background-meta":{"desktop":{"background-color":"","background-image":"","background-repeat":"repeat","background-position":"center center","background-size":"auto","background-attachment":"scroll","background-type":"","background-media":"","overlay-type":"","overlay-color":"","overlay-opacity":"","overlay-gradient":""},"tablet":{"background-color":"","background-image":"","background-repeat":"repeat","background-position":"center center","background-size":"auto","background-attachment":"scroll","background-type":"","background-media":"","overlay-type":"","overlay-color":"","overlay-opacity":"","overlay-gradient":""},"mobile":{"background-color":"","background-image":"","background-repeat":"repeat","background-position":"center center","background-size":"auto","background-attachment":"scroll","background-type":"","background-media":"","overlay-type":"","overlay-color":"","overlay-opacity":"","overlay-gradient":""}},"ast-content-background-meta":{"desktop":{"background-color":"var(--ast-global-color-5)","background-image":"","background-repeat":"repeat","background-position":"center center","background-size":"auto","background-attachment":"scroll","background-type":"","background-media":"","overlay-type":"","overlay-color":"","overlay-opacity":"","overlay-gradient":""},"tablet":{"background-color":"var(--ast-global-color-5)","background-image":"","background-repeat":"repeat","background-position":"center center","background-size":"auto","background-attachment":"scroll","background-type":"","background-media":"","overlay-type":"","overlay-color":"","overlay-opacity":"","overlay-gradient":""},"mobile":{"background-color":"var(--ast-global-color-5)","background-image":"","background-repeat":"repeat","background-position":"center center","background-size":"auto","background-attachment":"scroll","background-type":"","background-media":"","overlay-type":"","overlay-color":"","overlay-opacity":"","overlay-gradient":""}}},"product_brand":[],"product_cat":[925],"product_tag":[1440,1557,875],"class_list":["post-15619","product","type-product","status-publish","has-post-thumbnail","product_cat-pflanzen-fur-troge-und-beete","product_tag-bodendecker-mehrjahrig","product_tag-phlox-de","product_tag-stauden","desktop-align-left","tablet-align-left","mobile-align-left","ast-product-gallery-layout-horizontal","ast-product-gallery-with-no-image","ast-product-tabs-layout-horizontal","ast-qv-on-image","first","outofstock","taxable","shipping-taxable","purchasable","product-type-simple"],"aioseo_notices":[],"aioseo_head":"\n\t\t<!-- All in One SEO 5.0.1.1 - aioseo.com -->\n\t<meta name=\"description\" content=\"Phlox subulata \u00dcberwucherung abdecken Blumenteppich Bl\u00fcte im zeitigen Fr\u00fchjahr Steing\u00e4rten, Balken, Tr\u00f6ge Verpackt 1 S\u00e4mling auf einmal!\" \/>\n\t<meta name=\"robots\" content=\"max-image-preview:large\" \/>\n\t<meta name=\"google-site-verification\" content=\"1sO6GOIbhijVyOhvBZZbOsEVADo4T9w2a7D2KDR6zVI\" \/>\n\t<link rel=\"canonical\" href=\"https:\/\/flanca.si\/de\/produkt\/nadelbaumflamingo-red-wings\/\" \/>\n\t<meta name=\"generator\" content=\"All in One SEO (AIOSEO) 5.0.1.1\" \/>\n\t\t<meta property=\"og:locale\" content=\"de_DE\" \/>\n\t\t<meta property=\"og:site_name\" content=\"vrtne sadike FLANCA \u2013 Prodaja vrtnih sadik in ostale opreme\" \/>\n\t\t<meta property=\"og:type\" content=\"article\" \/>\n\t\t<meta property=\"og:title\" content=\"Nadelbaumflamingo \u201aRed Wings\u2018 \u2013 vrtne sadike FLANCA\" \/>\n\t\t<meta property=\"og:description\" content=\"Phlox subulata \u00dcberwucherung abdecken Blumenteppich Bl\u00fcte im zeitigen Fr\u00fchjahr Steing\u00e4rten, Balken, Tr\u00f6ge Verpackt 1 S\u00e4mling auf einmal!\" \/>\n\t\t<meta property=\"og:url\" content=\"https:\/\/flanca.si\/de\/produkt\/nadelbaumflamingo-red-wings\/\" \/>\n\t\t<meta property=\"og:image\" content=\"https:\/\/flanca.si\/wp-content\/uploads\/2019\/11\/spletna-trgovina-s-sadikami-flanca.png\" \/>\n\t\t<meta property=\"og:image:secure_url\" content=\"https:\/\/flanca.si\/wp-content\/uploads\/2019\/11\/spletna-trgovina-s-sadikami-flanca.png\" \/>\n\t\t<meta property=\"article:published_time\" content=\"2021-02-12T11:18:51+00:00\" \/>\n\t\t<meta property=\"article:modified_time\" content=\"2021-02-12T11:18:51+00:00\" \/>\n\t\t<meta name=\"twitter:card\" content=\"summary_large_image\" \/>\n\t\t<meta name=\"twitter:title\" content=\"Nadelbaumflamingo \u201aRed Wings\u2018 \u2013 vrtne sadike FLANCA\" \/>\n\t\t<meta name=\"twitter:description\" content=\"Phlox subulata \u00dcberwucherung abdecken Blumenteppich Bl\u00fcte im zeitigen Fr\u00fchjahr Steing\u00e4rten, Balken, Tr\u00f6ge Verpackt 1 S\u00e4mling auf einmal!\" \/>\n\t\t<meta name=\"twitter:image\" content=\"https:\/\/flanca.si\/wp-content\/uploads\/2019\/11\/spletna-trgovina-s-sadikami-flanca.png\" \/>\n\t\t<script type=\"application\/ld+json\" class=\"aioseo-schema\">\n\t\t\t{\"@context\":\"https:\\\/\\\/schema.org\",\"@graph\":[{\"@type\":\"BreadcrumbList\",\"@id\":\"https:\\\/\\\/flanca.si\\\/de\\\/produkt\\\/nadelbaumflamingo-red-wings\\\/#breadcrumblist\",\"itemListElement\":[{\"@type\":\"ListItem\",\"@id\":\"https:\\\/\\\/flanca.si\\\/de\\\/#listItem\",\"position\":1,\"name\":\"Domov\",\"item\":\"https:\\\/\\\/flanca.si\\\/de\\\/\",\"nextItem\":{\"@type\":\"ListItem\",\"@id\":\"https:\\\/\\\/flanca.si\\\/de\\\/shop\\\/#listItem\",\"name\":\"Shop\"}},{\"@type\":\"ListItem\",\"@id\":\"https:\\\/\\\/flanca.si\\\/de\\\/shop\\\/#listItem\",\"position\":2,\"name\":\"Shop\",\"item\":\"https:\\\/\\\/flanca.si\\\/de\\\/shop\\\/\",\"nextItem\":{\"@type\":\"ListItem\",\"@id\":\"https:\\\/\\\/flanca.si\\\/de\\\/Produktkategorie\\\/zierpflanzen\\\/#listItem\",\"name\":\"Zierpflanzen\"},\"previousItem\":{\"@type\":\"ListItem\",\"@id\":\"https:\\\/\\\/flanca.si\\\/de\\\/#listItem\",\"name\":\"Domov\"}},{\"@type\":\"ListItem\",\"@id\":\"https:\\\/\\\/flanca.si\\\/de\\\/Produktkategorie\\\/zierpflanzen\\\/#listItem\",\"position\":3,\"name\":\"Zierpflanzen\",\"item\":\"https:\\\/\\\/flanca.si\\\/de\\\/Produktkategorie\\\/zierpflanzen\\\/\",\"nextItem\":{\"@type\":\"ListItem\",\"@id\":\"https:\\\/\\\/flanca.si\\\/de\\\/Produktkategorie\\\/zierpflanzen\\\/pflanzen-fur-troge-und-beete\\\/#listItem\",\"name\":\"Pflanzen f\\u00fcr Tr\\u00f6ge und Beete\"},\"previousItem\":{\"@type\":\"ListItem\",\"@id\":\"https:\\\/\\\/flanca.si\\\/de\\\/shop\\\/#listItem\",\"name\":\"Shop\"}},{\"@type\":\"ListItem\",\"@id\":\"https:\\\/\\\/flanca.si\\\/de\\\/Produktkategorie\\\/zierpflanzen\\\/pflanzen-fur-troge-und-beete\\\/#listItem\",\"position\":4,\"name\":\"Pflanzen f\\u00fcr Tr\\u00f6ge und Beete\",\"item\":\"https:\\\/\\\/flanca.si\\\/de\\\/Produktkategorie\\\/zierpflanzen\\\/pflanzen-fur-troge-und-beete\\\/\",\"nextItem\":{\"@type\":\"ListItem\",\"@id\":\"https:\\\/\\\/flanca.si\\\/de\\\/produkt\\\/nadelbaumflamingo-red-wings\\\/#listItem\",\"name\":\"Nadelbaumflamingo &#8218;Red Wings&#8216;\"},\"previousItem\":{\"@type\":\"ListItem\",\"@id\":\"https:\\\/\\\/flanca.si\\\/de\\\/Produktkategorie\\\/zierpflanzen\\\/#listItem\",\"name\":\"Zierpflanzen\"}},{\"@type\":\"ListItem\",\"@id\":\"https:\\\/\\\/flanca.si\\\/de\\\/produkt\\\/nadelbaumflamingo-red-wings\\\/#listItem\",\"position\":5,\"name\":\"Nadelbaumflamingo &#8218;Red Wings&#8216;\",\"previousItem\":{\"@type\":\"ListItem\",\"@id\":\"https:\\\/\\\/flanca.si\\\/de\\\/Produktkategorie\\\/zierpflanzen\\\/pflanzen-fur-troge-und-beete\\\/#listItem\",\"name\":\"Pflanzen f\\u00fcr Tr\\u00f6ge und Beete\"}}]},{\"@type\":\"ItemPage\",\"@id\":\"https:\\\/\\\/flanca.si\\\/de\\\/produkt\\\/nadelbaumflamingo-red-wings\\\/#itempage\",\"url\":\"https:\\\/\\\/flanca.si\\\/de\\\/produkt\\\/nadelbaumflamingo-red-wings\\\/\",\"name\":\"Nadelbaumflamingo \\u201aRed Wings\\u2018 \\u2013 vrtne sadike FLANCA\",\"description\":\"Phlox subulata \\u00dcberwucherung abdecken Blumenteppich Bl\\u00fcte im zeitigen Fr\\u00fchjahr Steing\\u00e4rten, Balken, Tr\\u00f6ge Verpackt 1 S\\u00e4mling auf einmal!\",\"inLanguage\":\"de-DE\",\"isPartOf\":{\"@id\":\"https:\\\/\\\/flanca.si\\\/de\\\/#website\"},\"breadcrumb\":{\"@id\":\"https:\\\/\\\/flanca.si\\\/de\\\/produkt\\\/nadelbaumflamingo-red-wings\\\/#breadcrumblist\"},\"image\":{\"@type\":\"ImageObject\",\"url\":\"https:\\\/\\\/flanca.si\\\/wp-content\\\/uploads\\\/2021\\\/02\\\/phlox-atropurpurea-cvet.jpg\",\"@id\":\"https:\\\/\\\/flanca.si\\\/de\\\/produkt\\\/nadelbaumflamingo-red-wings\\\/#mainImage\",\"width\":800,\"height\":529},\"primaryImageOfPage\":{\"@id\":\"https:\\\/\\\/flanca.si\\\/de\\\/produkt\\\/nadelbaumflamingo-red-wings\\\/#mainImage\"},\"datePublished\":\"2021-02-12T12:18:51+01:00\",\"dateModified\":\"2021-02-12T12:18:51+01:00\"},{\"@type\":\"Organization\",\"@id\":\"https:\\\/\\\/flanca.si\\\/de\\\/#organization\",\"name\":\"vrtne sadike FLANCA\",\"description\":\"Prodaja vrtnih sadik in ostale opreme\",\"url\":\"https:\\\/\\\/flanca.si\\\/de\\\/\",\"logo\":{\"@type\":\"ImageObject\",\"url\":\"https:\\\/\\\/flanca.si\\\/wp-content\\\/uploads\\\/2019\\\/11\\\/spletna-trgovina-s-sadikami-flanca.png\",\"@id\":\"https:\\\/\\\/flanca.si\\\/de\\\/produkt\\\/nadelbaumflamingo-red-wings\\\/#organizationLogo\",\"width\":151,\"height\":50,\"caption\":\"spletna trgovina s sadikami FLANCA\"},\"image\":{\"@id\":\"https:\\\/\\\/flanca.si\\\/de\\\/produkt\\\/nadelbaumflamingo-red-wings\\\/#organizationLogo\"}},{\"@type\":\"WebSite\",\"@id\":\"https:\\\/\\\/flanca.si\\\/de\\\/#website\",\"url\":\"https:\\\/\\\/flanca.si\\\/de\\\/\",\"name\":\"vrtne sadike FLANCA\",\"description\":\"Prodaja vrtnih sadik in ostale opreme\",\"inLanguage\":\"de-DE\",\"publisher\":{\"@id\":\"https:\\\/\\\/flanca.si\\\/de\\\/#organization\"}}]}\n\t\t<\/script>\n\t\t<!-- All in One SEO -->\n\n","aioseo_head_json":{"title":"Nadelbaumflamingo \u201aRed Wings\u2018 \u2013 vrtne sadike FLANCA","description":"Phlox subulata \u00dcberwucherung abdecken Blumenteppich Bl\u00fcte im zeitigen Fr\u00fchjahr Steing\u00e4rten, Balken, Tr\u00f6ge Verpackt 1 S\u00e4mling auf einmal!","canonical_url":"https:\/\/flanca.si\/de\/produkt\/nadelbaumflamingo-red-wings\/","robots":"max-image-preview:large","keywords":"","webmasterTools":{"google-site-verification":"1sO6GOIbhijVyOhvBZZbOsEVADo4T9w2a7D2KDR6zVI","miscellaneous":""},"schema":{"@context":"https:\/\/schema.org","@graph":[{"@type":"BreadcrumbList","@id":"https:\/\/flanca.si\/de\/produkt\/nadelbaumflamingo-red-wings\/#breadcrumblist","itemListElement":[{"@type":"ListItem","@id":"https:\/\/flanca.si\/de\/#listItem","position":1,"name":"Domov","item":"https:\/\/flanca.si\/de\/","nextItem":{"@type":"ListItem","@id":"https:\/\/flanca.si\/de\/shop\/#listItem","name":"Shop"}},{"@type":"ListItem","@id":"https:\/\/flanca.si\/de\/shop\/#listItem","position":2,"name":"Shop","item":"https:\/\/flanca.si\/de\/shop\/","nextItem":{"@type":"ListItem","@id":"https:\/\/flanca.si\/de\/Produktkategorie\/zierpflanzen\/#listItem","name":"Zierpflanzen"},"previousItem":{"@type":"ListItem","@id":"https:\/\/flanca.si\/de\/#listItem","name":"Domov"}},{"@type":"ListItem","@id":"https:\/\/flanca.si\/de\/Produktkategorie\/zierpflanzen\/#listItem","position":3,"name":"Zierpflanzen","item":"https:\/\/flanca.si\/de\/Produktkategorie\/zierpflanzen\/","nextItem":{"@type":"ListItem","@id":"https:\/\/flanca.si\/de\/Produktkategorie\/zierpflanzen\/pflanzen-fur-troge-und-beete\/#listItem","name":"Pflanzen f\u00fcr Tr\u00f6ge und Beete"},"previousItem":{"@type":"ListItem","@id":"https:\/\/flanca.si\/de\/shop\/#listItem","name":"Shop"}},{"@type":"ListItem","@id":"https:\/\/flanca.si\/de\/Produktkategorie\/zierpflanzen\/pflanzen-fur-troge-und-beete\/#listItem","position":4,"name":"Pflanzen f\u00fcr Tr\u00f6ge und Beete","item":"https:\/\/flanca.si\/de\/Produktkategorie\/zierpflanzen\/pflanzen-fur-troge-und-beete\/","nextItem":{"@type":"ListItem","@id":"https:\/\/flanca.si\/de\/produkt\/nadelbaumflamingo-red-wings\/#listItem","name":"Nadelbaumflamingo &#8218;Red Wings&#8216;"},"previousItem":{"@type":"ListItem","@id":"https:\/\/flanca.si\/de\/Produktkategorie\/zierpflanzen\/#listItem","name":"Zierpflanzen"}},{"@type":"ListItem","@id":"https:\/\/flanca.si\/de\/produkt\/nadelbaumflamingo-red-wings\/#listItem","position":5,"name":"Nadelbaumflamingo &#8218;Red Wings&#8216;","previousItem":{"@type":"ListItem","@id":"https:\/\/flanca.si\/de\/Produktkategorie\/zierpflanzen\/pflanzen-fur-troge-und-beete\/#listItem","name":"Pflanzen f\u00fcr Tr\u00f6ge und Beete"}}]},{"@type":"ItemPage","@id":"https:\/\/flanca.si\/de\/produkt\/nadelbaumflamingo-red-wings\/#itempage","url":"https:\/\/flanca.si\/de\/produkt\/nadelbaumflamingo-red-wings\/","name":"Nadelbaumflamingo \u201aRed Wings\u2018 \u2013 vrtne sadike FLANCA","description":"Phlox subulata \u00dcberwucherung abdecken Blumenteppich Bl\u00fcte im zeitigen Fr\u00fchjahr Steing\u00e4rten, Balken, Tr\u00f6ge Verpackt 1 S\u00e4mling auf einmal!","inLanguage":"de-DE","isPartOf":{"@id":"https:\/\/flanca.si\/de\/#website"},"breadcrumb":{"@id":"https:\/\/flanca.si\/de\/produkt\/nadelbaumflamingo-red-wings\/#breadcrumblist"},"image":{"@type":"ImageObject","url":"https:\/\/flanca.si\/wp-content\/uploads\/2021\/02\/phlox-atropurpurea-cvet.jpg","@id":"https:\/\/flanca.si\/de\/produkt\/nadelbaumflamingo-red-wings\/#mainImage","width":800,"height":529},"primaryImageOfPage":{"@id":"https:\/\/flanca.si\/de\/produkt\/nadelbaumflamingo-red-wings\/#mainImage"},"datePublished":"2021-02-12T12:18:51+01:00","dateModified":"2021-02-12T12:18:51+01:00"},{"@type":"Organization","@id":"https:\/\/flanca.si\/de\/#organization","name":"vrtne sadike FLANCA","description":"Prodaja vrtnih sadik in ostale opreme","url":"https:\/\/flanca.si\/de\/","logo":{"@type":"ImageObject","url":"https:\/\/flanca.si\/wp-content\/uploads\/2019\/11\/spletna-trgovina-s-sadikami-flanca.png","@id":"https:\/\/flanca.si\/de\/produkt\/nadelbaumflamingo-red-wings\/#organizationLogo","width":151,"height":50,"caption":"spletna trgovina s sadikami FLANCA"},"image":{"@id":"https:\/\/flanca.si\/de\/produkt\/nadelbaumflamingo-red-wings\/#organizationLogo"}},{"@type":"WebSite","@id":"https:\/\/flanca.si\/de\/#website","url":"https:\/\/flanca.si\/de\/","name":"vrtne sadike FLANCA","description":"Prodaja vrtnih sadik in ostale opreme","inLanguage":"de-DE","publisher":{"@id":"https:\/\/flanca.si\/de\/#organization"}}]},"og:locale":"de_DE","og:site_name":"vrtne sadike FLANCA \u2013 Prodaja vrtnih sadik in ostale opreme","og:type":"article","og:title":"Nadelbaumflamingo \u201aRed Wings\u2018 \u2013 vrtne sadike FLANCA","og:description":"Phlox subulata \u00dcberwucherung abdecken Blumenteppich Bl\u00fcte im zeitigen Fr\u00fchjahr Steing\u00e4rten, Balken, Tr\u00f6ge Verpackt 1 S\u00e4mling auf einmal!","og:url":"https:\/\/flanca.si\/de\/produkt\/nadelbaumflamingo-red-wings\/","og:image":"https:\/\/flanca.si\/wp-content\/uploads\/2019\/11\/spletna-trgovina-s-sadikami-flanca.png","og:image:secure_url":"https:\/\/flanca.si\/wp-content\/uploads\/2019\/11\/spletna-trgovina-s-sadikami-flanca.png","article:published_time":"2021-02-12T11:18:51+00:00","article:modified_time":"2021-02-12T11:18:51+00:00","twitter:card":"summary_large_image","twitter:title":"Nadelbaumflamingo \u201aRed Wings\u2018 \u2013 vrtne sadike FLANCA","twitter:description":"Phlox subulata \u00dcberwucherung abdecken Blumenteppich Bl\u00fcte im zeitigen Fr\u00fchjahr Steing\u00e4rten, Balken, Tr\u00f6ge Verpackt 1 S\u00e4mling auf einmal!","twitter:image":"https:\/\/flanca.si\/wp-content\/uploads\/2019\/11\/spletna-trgovina-s-sadikami-flanca.png"},"aioseo_meta_data":{"post_id":"15619","title":null,"description":null,"keywords":null,"keyphrases":{"focus":{"keyphrase":"","score":0,"analysis":{"keyphraseInTitle":{"score":0,"maxScore":9,"error":1}}},"additional":[]},"primary_term":null,"canonical_url":null,"og_title":null,"og_description":null,"og_object_type":"default","og_image_type":"default","og_image_url":null,"og_image_width":null,"og_image_height":null,"og_image_custom_url":null,"og_image_custom_fields":null,"og_video":"","og_custom_url":null,"og_article_section":null,"og_article_tags":null,"twitter_use_og":false,"twitter_card":"default","twitter_image_type":"default","twitter_image_url":null,"twitter_image_custom_url":null,"twitter_image_custom_fields":null,"twitter_title":null,"twitter_description":null,"schema":{"blockGraphs":[],"customGraphs":[],"default":{"data":{"Article":[],"Course":[],"Dataset":[],"FAQPage":[],"Movie":[],"Person":[],"Product":[],"ProductReview":[],"Car":[],"Recipe":[],"Service":[],"SoftwareApplication":[],"WebPage":[]},"graphName":"ItemPage","isEnabled":true},"graphs":[]},"schema_type":"default","schema_type_options":null,"pillar_content":false,"robots_default":true,"robots_noindex":false,"robots_noarchive":false,"robots_nosnippet":false,"robots_nofollow":false,"robots_noimageindex":false,"robots_noodp":false,"robots_notranslate":false,"robots_max_snippet":"-1","robots_max_videopreview":"-1","robots_max_imagepreview":"large","priority":null,"frequency":"default","local_seo":null,"breadcrumb_settings":null,"limit_modified_date":false,"ai":null,"created":"2025-01-13 13:18:43","updated":"2025-06-07 07:41:12","seo_analyzer_scan_date":null,"focus_keyword":null,"additional_keywords":null,"truseo_locale":null},"aioseo_breadcrumb":"<div class=\"aioseo-breadcrumbs\"><span class=\"aioseo-breadcrumb\">\n\t\t\t<a href=\"https:\/\/flanca.si\/de\/\" title=\"Domov\">Domov<\/a>\n\t\t<\/span><span class=\"aioseo-breadcrumb-separator\">\u00bb<\/span><span class=\"aioseo-breadcrumb\">\n\t\t\t<a href=\"https:\/\/flanca.si\/de\/shop\/\" title=\"Shop\">Shop<\/a>\n\t\t<\/span><span class=\"aioseo-breadcrumb-separator\">\u00bb<\/span><span class=\"aioseo-breadcrumb\">\n\t\t\t<a href=\"https:\/\/flanca.si\/de\/Produktkategorie\/zierpflanzen\/\" title=\"Zierpflanzen\">Zierpflanzen<\/a>\n\t\t<\/span><span class=\"aioseo-breadcrumb-separator\">\u00bb<\/span><span class=\"aioseo-breadcrumb\">\n\t\t\t<a href=\"https:\/\/flanca.si\/de\/Produktkategorie\/zierpflanzen\/pflanzen-fur-troge-und-beete\/\" title=\"Pflanzen f\u00fcr Tr\u00f6ge und Beete\">Pflanzen f\u00fcr Tr\u00f6ge und Beete<\/a>\n\t\t<\/span><span class=\"aioseo-breadcrumb-separator\">\u00bb<\/span><span class=\"aioseo-breadcrumb\">\n\t\t\tNadelbaumflamingo \u201aRed Wings\u2018\n\t\t<\/span><\/div>","aioseo_breadcrumb_json":[{"label":"Domov","link":"https:\/\/flanca.si\/de\/"},{"label":"Shop","link":"https:\/\/flanca.si\/de\/shop\/"},{"label":"Zierpflanzen","link":"https:\/\/flanca.si\/de\/Produktkategorie\/zierpflanzen\/"},{"label":"Pflanzen f\u00fcr Tr\u00f6ge und Beete","link":"https:\/\/flanca.si\/de\/Produktkategorie\/zierpflanzen\/pflanzen-fur-troge-und-beete\/"},{"label":"Nadelbaumflamingo &#8218;Red Wings&#8216;","link":"https:\/\/flanca.si\/de\/produkt\/nadelbaumflamingo-red-wings\/"}],"_links":{"self":[{"href":"https:\/\/flanca.si\/de\/wp-json\/wp\/v2\/product\/15619","targetHints":{"allow":["GET"]}}],"collection":[{"href":"https:\/\/flanca.si\/de\/wp-json\/wp\/v2\/product"}],"about":[{"href":"https:\/\/flanca.si\/de\/wp-json\/wp\/v2\/types\/product"}],"wp:featuredmedia":[{"embeddable":true,"href":"https:\/\/flanca.si\/de\/wp-json\/wp\/v2\/media\/13201"}],"wp:attachment":[{"href":"https:\/\/flanca.si\/de\/wp-json\/wp\/v2\/media?parent=15619"}],"wp:term":[{"taxonomy":"product_brand","embeddable":true,"href":"https:\/\/flanca.si\/de\/wp-json\/wp\/v2\/product_brand?post=15619"},{"taxonomy":"product_cat","embeddable":true,"href":"https:\/\/flanca.si\/de\/wp-json\/wp\/v2\/product_cat?post=15619"},{"taxonomy":"product_tag","embeddable":true,"href":"https:\/\/flanca.si\/de\/wp-json\/wp\/v2\/product_tag?post=15619"}],"curies":[{"name":"wp","href":"https:\/\/api.w.org\/{rel}","templated":true}]}}