{"id":15520,"date":"2020-06-16T14:14:02","date_gmt":"2020-06-16T12:14:02","guid":{"rendered":"https:\/\/flanca.si\/izdelek\/japanischer-widerhaken-dunkelgruen-ilex-crenata\/"},"modified":"2020-06-16T14:14:02","modified_gmt":"2020-06-16T12:14:02","slug":"japanischer-widerhaken-dunkelgruen-ilex-crenata","status":"publish","type":"product","link":"https:\/\/flanca.si\/de\/produkt\/japanischer-widerhaken-dunkelgruen-ilex-crenata\/","title":{"rendered":"Japanischer Widerhaken &#8222;Dunkelgr\u00fcn&#8220; (Ilex crenata)"},"content":{"rendered":"<p><strong>Ilex crenata &#8218;Dark Green&#8216;<\/strong> ist ein immergr\u00fcner Strauch, der f\u00fcr sein elegantes Aussehen und seine Vielseitigkeit gesch\u00e4tzt wird. Die Pflanze hat winzige, dunkelgr\u00fcne Bl\u00e4tter, die den Bl\u00e4ttern einer Pfanne \u00e4hneln, was sie zu einer beliebten Alternative f\u00fcr die Bildung von formellen Hecken und dekorativen Gartenelementen macht. Die Pflanze w\u00e4chst dicht und kompakt und erreicht eine H\u00f6he von bis zu 2 Metern, kann aber problemlos in einer niedrigeren H\u00f6he gehalten werden. Sie w\u00e4chst am besten an sonnigen oder halbschattigen Standorten, in gut durchl\u00e4ssigen, leicht sauren B\u00f6den. Es ist best\u00e4ndig gegen niedrige Temperaturen und pflegeleicht. Gie\u00dfen ist vor allem in Trockenperioden notwendig, aber f\u00fcr ein besseres Wachstum wird empfohlen, im Fr\u00fchjahr D\u00fcnger hinzuzuf\u00fcgen. Schneiden Sie im sp\u00e4ten Fr\u00fchjahr oder Sommer, um eine kompakte Form zu erhalten. Die Pflanze vertr\u00e4gt regelm\u00e4\u00dfige Haarschnitte und Formgebung gut. <strong>Ilex crenata &#8218;Dark Green&#8216;<\/strong> ist ideal f\u00fcr Hecken, Rabatten oder Topfpflanzungen. Seine Krankheitsresistenz und sein attraktives Aussehen machen ihn zu einer beliebten Wahl f\u00fcr formale G\u00e4rten oder moderne Au\u00dfenbereiche.  <\/p>\n","protected":false},"excerpt":{"rendered":"<ul>\n<li><em>Ilex crenata &#8218;Dark Green&#8216;<\/em><\/li>\n<li>Eine immergr\u00fcne Staude mit winzigen Bl\u00e4ttern, die einem Scheffel \u00e4hneln<\/li>\n<li>erreicht eine H\u00f6he von 2m, ist aber durch Beschneiden in einer niedrigeren H\u00f6he leicht zu pflegen<\/li>\n<li>Unempfindliche mehrj\u00e4hrige Pflanze, die gegen niedrige Temperaturen resistent ist<\/li>\n<li>Um eine kompakte Form zu erhalten, wird die Pflanze im sp\u00e4ten Fr\u00fchjahr oder Sommer beschnitten<\/li>\n<\/ul>\n<h4><strong>Verpackt 1 S\u00e4mling auf einmal!<\/strong><\/h4>\n","protected":false},"featured_media":21199,"template":"","meta":{"site-sidebar-layout":"default","site-content-layout":"default","ast-site-content-layout":"default","site-content-style":"default","site-sidebar-style":"default","ast-global-header-display":"","ast-banner-title-visibility":"","ast-main-header-display":"","ast-hfb-above-header-display":"","ast-hfb-below-header-display":"","ast-hfb-mobile-header-display":"","site-post-title":"","ast-breadcrumbs-content":"","ast-featured-img":"","footer-sml-layout":"","ast-disable-related-posts":"","theme-transparent-header-meta":"default","adv-header-id-meta":"","stick-header-meta":"default","header-above-stick-meta":"","header-main-stick-meta":"","header-below-stick-meta":"","astra-migrate-meta-layouts":"default","ast-page-background-enabled":"default","ast-page-background-meta":{"desktop":{"background-color":"","background-image":"","background-repeat":"repeat","background-position":"center center","background-size":"auto","background-attachment":"scroll","background-type":"","background-media":"","overlay-type":"","overlay-color":"","overlay-opacity":"","overlay-gradient":""},"tablet":{"background-color":"","background-image":"","background-repeat":"repeat","background-position":"center center","background-size":"auto","background-attachment":"scroll","background-type":"","background-media":"","overlay-type":"","overlay-color":"","overlay-opacity":"","overlay-gradient":""},"mobile":{"background-color":"","background-image":"","background-repeat":"repeat","background-position":"center center","background-size":"auto","background-attachment":"scroll","background-type":"","background-media":"","overlay-type":"","overlay-color":"","overlay-opacity":"","overlay-gradient":""}},"ast-content-background-meta":{"desktop":{"background-color":"var(--ast-global-color-5)","background-image":"","background-repeat":"repeat","background-position":"center center","background-size":"auto","background-attachment":"scroll","background-type":"","background-media":"","overlay-type":"","overlay-color":"","overlay-opacity":"","overlay-gradient":""},"tablet":{"background-color":"var(--ast-global-color-5)","background-image":"","background-repeat":"repeat","background-position":"center center","background-size":"auto","background-attachment":"scroll","background-type":"","background-media":"","overlay-type":"","overlay-color":"","overlay-opacity":"","overlay-gradient":""},"mobile":{"background-color":"var(--ast-global-color-5)","background-image":"","background-repeat":"repeat","background-position":"center center","background-size":"auto","background-attachment":"scroll","background-type":"","background-media":"","overlay-type":"","overlay-color":"","overlay-opacity":"","overlay-gradient":""}}},"product_brand":[],"product_cat":[960],"product_tag":[957,1074,1096,1516,874],"class_list":["post-15520","product","type-product","status-publish","has-post-thumbnail","product_cat-straucher-und-baume","product_tag-blumenbeete","product_tag-dekorative-balken","product_tag-hecken","product_tag-ilex-de","product_tag-immergrune-staude","desktop-align-left","tablet-align-left","mobile-align-left","ast-product-gallery-layout-horizontal","ast-product-gallery-with-no-image","ast-product-tabs-layout-horizontal","ast-qv-on-image","first","outofstock","taxable","shipping-taxable","purchasable","product-type-simple"],"aioseo_notices":[],"aioseo_head":"\n\t\t<!-- All in One SEO 5.0.1.1 - aioseo.com -->\n\t<meta name=\"description\" content=\"Ilex crenata &#039;Dark Green&#039; Eine immergr\u00fcne Staude mit winzigen Bl\u00e4ttern, die einem Scheffel \u00e4hneln erreicht eine H\u00f6he von 2m, ist aber durch Beschneiden in einer niedrigeren H\u00f6he leicht zu pflegen Unempfindliche mehrj\u00e4hrige Pflanze, die gegen niedrige Temperaturen resistent ist Um eine kompakte Form zu erhalten, wird die Pflanze im sp\u00e4ten Fr\u00fchjahr oder Sommer beschnitten Verpackt 1 S\u00e4mling auf einmal!\" \/>\n\t<meta name=\"robots\" content=\"max-image-preview:large\" \/>\n\t<meta name=\"google-site-verification\" content=\"1sO6GOIbhijVyOhvBZZbOsEVADo4T9w2a7D2KDR6zVI\" \/>\n\t<link rel=\"canonical\" href=\"https:\/\/flanca.si\/de\/produkt\/japanischer-widerhaken-dunkelgruen-ilex-crenata\/\" \/>\n\t<meta name=\"generator\" content=\"All in One SEO (AIOSEO) 5.0.1.1\" \/>\n\t\t<meta property=\"og:locale\" content=\"de_DE\" \/>\n\t\t<meta property=\"og:site_name\" content=\"vrtne sadike FLANCA \u2013 Prodaja vrtnih sadik in ostale opreme\" \/>\n\t\t<meta property=\"og:type\" content=\"article\" \/>\n\t\t<meta property=\"og:title\" content=\"Japanischer Widerhaken \u201eDunkelgr\u00fcn\u201c (Ilex crenata) \u2013 vrtne sadike FLANCA\" \/>\n\t\t<meta property=\"og:description\" content=\"Ilex crenata &#039;Dark Green&#039; Eine immergr\u00fcne Staude mit winzigen Bl\u00e4ttern, die einem Scheffel \u00e4hneln erreicht eine H\u00f6he von 2m, ist aber durch Beschneiden in einer niedrigeren H\u00f6he leicht zu pflegen Unempfindliche mehrj\u00e4hrige Pflanze, die gegen niedrige Temperaturen resistent ist Um eine kompakte Form zu erhalten, wird die Pflanze im sp\u00e4ten Fr\u00fchjahr oder Sommer beschnitten Verpackt 1 S\u00e4mling auf einmal!\" \/>\n\t\t<meta property=\"og:url\" content=\"https:\/\/flanca.si\/de\/produkt\/japanischer-widerhaken-dunkelgruen-ilex-crenata\/\" \/>\n\t\t<meta property=\"og:image\" content=\"https:\/\/flanca.si\/wp-content\/uploads\/2019\/11\/spletna-trgovina-s-sadikami-flanca.png\" \/>\n\t\t<meta property=\"og:image:secure_url\" content=\"https:\/\/flanca.si\/wp-content\/uploads\/2019\/11\/spletna-trgovina-s-sadikami-flanca.png\" \/>\n\t\t<meta property=\"article:published_time\" content=\"2020-06-16T12:14:02+00:00\" \/>\n\t\t<meta property=\"article:modified_time\" content=\"2020-06-16T12:14:02+00:00\" \/>\n\t\t<meta name=\"twitter:card\" content=\"summary_large_image\" \/>\n\t\t<meta name=\"twitter:title\" content=\"Japanischer Widerhaken \u201eDunkelgr\u00fcn\u201c (Ilex crenata) \u2013 vrtne sadike FLANCA\" \/>\n\t\t<meta name=\"twitter:description\" content=\"Ilex crenata &#039;Dark Green&#039; Eine immergr\u00fcne Staude mit winzigen Bl\u00e4ttern, die einem Scheffel \u00e4hneln erreicht eine H\u00f6he von 2m, ist aber durch Beschneiden in einer niedrigeren H\u00f6he leicht zu pflegen Unempfindliche mehrj\u00e4hrige Pflanze, die gegen niedrige Temperaturen resistent ist Um eine kompakte Form zu erhalten, wird die Pflanze im sp\u00e4ten Fr\u00fchjahr oder Sommer beschnitten Verpackt 1 S\u00e4mling auf einmal!\" \/>\n\t\t<meta name=\"twitter:image\" content=\"https:\/\/flanca.si\/wp-content\/uploads\/2019\/11\/spletna-trgovina-s-sadikami-flanca.png\" \/>\n\t\t<script type=\"application\/ld+json\" class=\"aioseo-schema\">\n\t\t\t{\"@context\":\"https:\\\/\\\/schema.org\",\"@graph\":[{\"@type\":\"BreadcrumbList\",\"@id\":\"https:\\\/\\\/flanca.si\\\/de\\\/produkt\\\/japanischer-widerhaken-dunkelgruen-ilex-crenata\\\/#breadcrumblist\",\"itemListElement\":[{\"@type\":\"ListItem\",\"@id\":\"https:\\\/\\\/flanca.si\\\/de\\\/#listItem\",\"position\":1,\"name\":\"Domov\",\"item\":\"https:\\\/\\\/flanca.si\\\/de\\\/\",\"nextItem\":{\"@type\":\"ListItem\",\"@id\":\"https:\\\/\\\/flanca.si\\\/de\\\/shop\\\/#listItem\",\"name\":\"Shop\"}},{\"@type\":\"ListItem\",\"@id\":\"https:\\\/\\\/flanca.si\\\/de\\\/shop\\\/#listItem\",\"position\":2,\"name\":\"Shop\",\"item\":\"https:\\\/\\\/flanca.si\\\/de\\\/shop\\\/\",\"nextItem\":{\"@type\":\"ListItem\",\"@id\":\"https:\\\/\\\/flanca.si\\\/de\\\/Produktkategorie\\\/zierpflanzen\\\/#listItem\",\"name\":\"Zierpflanzen\"},\"previousItem\":{\"@type\":\"ListItem\",\"@id\":\"https:\\\/\\\/flanca.si\\\/de\\\/#listItem\",\"name\":\"Domov\"}},{\"@type\":\"ListItem\",\"@id\":\"https:\\\/\\\/flanca.si\\\/de\\\/Produktkategorie\\\/zierpflanzen\\\/#listItem\",\"position\":3,\"name\":\"Zierpflanzen\",\"item\":\"https:\\\/\\\/flanca.si\\\/de\\\/Produktkategorie\\\/zierpflanzen\\\/\",\"nextItem\":{\"@type\":\"ListItem\",\"@id\":\"https:\\\/\\\/flanca.si\\\/de\\\/Produktkategorie\\\/zierpflanzen\\\/straucher-und-baume\\\/#listItem\",\"name\":\"Str\\u00e4ucher und B\\u00e4ume\"},\"previousItem\":{\"@type\":\"ListItem\",\"@id\":\"https:\\\/\\\/flanca.si\\\/de\\\/shop\\\/#listItem\",\"name\":\"Shop\"}},{\"@type\":\"ListItem\",\"@id\":\"https:\\\/\\\/flanca.si\\\/de\\\/Produktkategorie\\\/zierpflanzen\\\/straucher-und-baume\\\/#listItem\",\"position\":4,\"name\":\"Str\\u00e4ucher und B\\u00e4ume\",\"item\":\"https:\\\/\\\/flanca.si\\\/de\\\/Produktkategorie\\\/zierpflanzen\\\/straucher-und-baume\\\/\",\"nextItem\":{\"@type\":\"ListItem\",\"@id\":\"https:\\\/\\\/flanca.si\\\/de\\\/produkt\\\/japanischer-widerhaken-dunkelgruen-ilex-crenata\\\/#listItem\",\"name\":\"Japanischer Widerhaken &#8222;Dunkelgr\\u00fcn&#8220; (Ilex crenata)\"},\"previousItem\":{\"@type\":\"ListItem\",\"@id\":\"https:\\\/\\\/flanca.si\\\/de\\\/Produktkategorie\\\/zierpflanzen\\\/#listItem\",\"name\":\"Zierpflanzen\"}},{\"@type\":\"ListItem\",\"@id\":\"https:\\\/\\\/flanca.si\\\/de\\\/produkt\\\/japanischer-widerhaken-dunkelgruen-ilex-crenata\\\/#listItem\",\"position\":5,\"name\":\"Japanischer Widerhaken &#8222;Dunkelgr\\u00fcn&#8220; (Ilex crenata)\",\"previousItem\":{\"@type\":\"ListItem\",\"@id\":\"https:\\\/\\\/flanca.si\\\/de\\\/Produktkategorie\\\/zierpflanzen\\\/straucher-und-baume\\\/#listItem\",\"name\":\"Str\\u00e4ucher und B\\u00e4ume\"}}]},{\"@type\":\"ItemPage\",\"@id\":\"https:\\\/\\\/flanca.si\\\/de\\\/produkt\\\/japanischer-widerhaken-dunkelgruen-ilex-crenata\\\/#itempage\",\"url\":\"https:\\\/\\\/flanca.si\\\/de\\\/produkt\\\/japanischer-widerhaken-dunkelgruen-ilex-crenata\\\/\",\"name\":\"Japanischer Widerhaken \\u201eDunkelgr\\u00fcn\\u201c (Ilex crenata) \\u2013 vrtne sadike FLANCA\",\"description\":\"Ilex crenata 'Dark Green' Eine immergr\\u00fcne Staude mit winzigen Bl\\u00e4ttern, die einem Scheffel \\u00e4hneln erreicht eine H\\u00f6he von 2m, ist aber durch Beschneiden in einer niedrigeren H\\u00f6he leicht zu pflegen Unempfindliche mehrj\\u00e4hrige Pflanze, die gegen niedrige Temperaturen resistent ist Um eine kompakte Form zu erhalten, wird die Pflanze im sp\\u00e4ten Fr\\u00fchjahr oder Sommer beschnitten Verpackt 1 S\\u00e4mling auf einmal!\",\"inLanguage\":\"de-DE\",\"isPartOf\":{\"@id\":\"https:\\\/\\\/flanca.si\\\/de\\\/#website\"},\"breadcrumb\":{\"@id\":\"https:\\\/\\\/flanca.si\\\/de\\\/produkt\\\/japanischer-widerhaken-dunkelgruen-ilex-crenata\\\/#breadcrumblist\"},\"image\":{\"@type\":\"ImageObject\",\"url\":\"https:\\\/\\\/flanca.si\\\/wp-content\\\/uploads\\\/2020\\\/06\\\/bodika-dark-green-1-scaled.jpeg\",\"@id\":\"https:\\\/\\\/flanca.si\\\/de\\\/produkt\\\/japanischer-widerhaken-dunkelgruen-ilex-crenata\\\/#mainImage\",\"width\":1920,\"height\":2560},\"primaryImageOfPage\":{\"@id\":\"https:\\\/\\\/flanca.si\\\/de\\\/produkt\\\/japanischer-widerhaken-dunkelgruen-ilex-crenata\\\/#mainImage\"},\"datePublished\":\"2020-06-16T14:14:02+02:00\",\"dateModified\":\"2020-06-16T14:14:02+02:00\"},{\"@type\":\"Organization\",\"@id\":\"https:\\\/\\\/flanca.si\\\/de\\\/#organization\",\"name\":\"vrtne sadike FLANCA\",\"description\":\"Prodaja vrtnih sadik in ostale opreme\",\"url\":\"https:\\\/\\\/flanca.si\\\/de\\\/\",\"logo\":{\"@type\":\"ImageObject\",\"url\":\"https:\\\/\\\/flanca.si\\\/wp-content\\\/uploads\\\/2019\\\/11\\\/spletna-trgovina-s-sadikami-flanca.png\",\"@id\":\"https:\\\/\\\/flanca.si\\\/de\\\/produkt\\\/japanischer-widerhaken-dunkelgruen-ilex-crenata\\\/#organizationLogo\",\"width\":151,\"height\":50,\"caption\":\"spletna trgovina s sadikami FLANCA\"},\"image\":{\"@id\":\"https:\\\/\\\/flanca.si\\\/de\\\/produkt\\\/japanischer-widerhaken-dunkelgruen-ilex-crenata\\\/#organizationLogo\"}},{\"@type\":\"WebSite\",\"@id\":\"https:\\\/\\\/flanca.si\\\/de\\\/#website\",\"url\":\"https:\\\/\\\/flanca.si\\\/de\\\/\",\"name\":\"vrtne sadike FLANCA\",\"description\":\"Prodaja vrtnih sadik in ostale opreme\",\"inLanguage\":\"de-DE\",\"publisher\":{\"@id\":\"https:\\\/\\\/flanca.si\\\/de\\\/#organization\"}}]}\n\t\t<\/script>\n\t\t<!-- All in One SEO -->\n\n","aioseo_head_json":{"title":"Japanischer Widerhaken \u201eDunkelgr\u00fcn\u201c (Ilex crenata) \u2013 vrtne sadike FLANCA","description":"Ilex crenata 'Dark Green' Eine immergr\u00fcne Staude mit winzigen Bl\u00e4ttern, die einem Scheffel \u00e4hneln erreicht eine H\u00f6he von 2m, ist aber durch Beschneiden in einer niedrigeren H\u00f6he leicht zu pflegen Unempfindliche mehrj\u00e4hrige Pflanze, die gegen niedrige Temperaturen resistent ist Um eine kompakte Form zu erhalten, wird die Pflanze im sp\u00e4ten Fr\u00fchjahr oder Sommer beschnitten Verpackt 1 S\u00e4mling auf einmal!","canonical_url":"https:\/\/flanca.si\/de\/produkt\/japanischer-widerhaken-dunkelgruen-ilex-crenata\/","robots":"max-image-preview:large","keywords":"","webmasterTools":{"google-site-verification":"1sO6GOIbhijVyOhvBZZbOsEVADo4T9w2a7D2KDR6zVI","miscellaneous":""},"schema":{"@context":"https:\/\/schema.org","@graph":[{"@type":"BreadcrumbList","@id":"https:\/\/flanca.si\/de\/produkt\/japanischer-widerhaken-dunkelgruen-ilex-crenata\/#breadcrumblist","itemListElement":[{"@type":"ListItem","@id":"https:\/\/flanca.si\/de\/#listItem","position":1,"name":"Domov","item":"https:\/\/flanca.si\/de\/","nextItem":{"@type":"ListItem","@id":"https:\/\/flanca.si\/de\/shop\/#listItem","name":"Shop"}},{"@type":"ListItem","@id":"https:\/\/flanca.si\/de\/shop\/#listItem","position":2,"name":"Shop","item":"https:\/\/flanca.si\/de\/shop\/","nextItem":{"@type":"ListItem","@id":"https:\/\/flanca.si\/de\/Produktkategorie\/zierpflanzen\/#listItem","name":"Zierpflanzen"},"previousItem":{"@type":"ListItem","@id":"https:\/\/flanca.si\/de\/#listItem","name":"Domov"}},{"@type":"ListItem","@id":"https:\/\/flanca.si\/de\/Produktkategorie\/zierpflanzen\/#listItem","position":3,"name":"Zierpflanzen","item":"https:\/\/flanca.si\/de\/Produktkategorie\/zierpflanzen\/","nextItem":{"@type":"ListItem","@id":"https:\/\/flanca.si\/de\/Produktkategorie\/zierpflanzen\/straucher-und-baume\/#listItem","name":"Str\u00e4ucher und B\u00e4ume"},"previousItem":{"@type":"ListItem","@id":"https:\/\/flanca.si\/de\/shop\/#listItem","name":"Shop"}},{"@type":"ListItem","@id":"https:\/\/flanca.si\/de\/Produktkategorie\/zierpflanzen\/straucher-und-baume\/#listItem","position":4,"name":"Str\u00e4ucher und B\u00e4ume","item":"https:\/\/flanca.si\/de\/Produktkategorie\/zierpflanzen\/straucher-und-baume\/","nextItem":{"@type":"ListItem","@id":"https:\/\/flanca.si\/de\/produkt\/japanischer-widerhaken-dunkelgruen-ilex-crenata\/#listItem","name":"Japanischer Widerhaken &#8222;Dunkelgr\u00fcn&#8220; (Ilex crenata)"},"previousItem":{"@type":"ListItem","@id":"https:\/\/flanca.si\/de\/Produktkategorie\/zierpflanzen\/#listItem","name":"Zierpflanzen"}},{"@type":"ListItem","@id":"https:\/\/flanca.si\/de\/produkt\/japanischer-widerhaken-dunkelgruen-ilex-crenata\/#listItem","position":5,"name":"Japanischer Widerhaken &#8222;Dunkelgr\u00fcn&#8220; (Ilex crenata)","previousItem":{"@type":"ListItem","@id":"https:\/\/flanca.si\/de\/Produktkategorie\/zierpflanzen\/straucher-und-baume\/#listItem","name":"Str\u00e4ucher und B\u00e4ume"}}]},{"@type":"ItemPage","@id":"https:\/\/flanca.si\/de\/produkt\/japanischer-widerhaken-dunkelgruen-ilex-crenata\/#itempage","url":"https:\/\/flanca.si\/de\/produkt\/japanischer-widerhaken-dunkelgruen-ilex-crenata\/","name":"Japanischer Widerhaken \u201eDunkelgr\u00fcn\u201c (Ilex crenata) \u2013 vrtne sadike FLANCA","description":"Ilex crenata 'Dark Green' Eine immergr\u00fcne Staude mit winzigen Bl\u00e4ttern, die einem Scheffel \u00e4hneln erreicht eine H\u00f6he von 2m, ist aber durch Beschneiden in einer niedrigeren H\u00f6he leicht zu pflegen Unempfindliche mehrj\u00e4hrige Pflanze, die gegen niedrige Temperaturen resistent ist Um eine kompakte Form zu erhalten, wird die Pflanze im sp\u00e4ten Fr\u00fchjahr oder Sommer beschnitten Verpackt 1 S\u00e4mling auf einmal!","inLanguage":"de-DE","isPartOf":{"@id":"https:\/\/flanca.si\/de\/#website"},"breadcrumb":{"@id":"https:\/\/flanca.si\/de\/produkt\/japanischer-widerhaken-dunkelgruen-ilex-crenata\/#breadcrumblist"},"image":{"@type":"ImageObject","url":"https:\/\/flanca.si\/wp-content\/uploads\/2020\/06\/bodika-dark-green-1-scaled.jpeg","@id":"https:\/\/flanca.si\/de\/produkt\/japanischer-widerhaken-dunkelgruen-ilex-crenata\/#mainImage","width":1920,"height":2560},"primaryImageOfPage":{"@id":"https:\/\/flanca.si\/de\/produkt\/japanischer-widerhaken-dunkelgruen-ilex-crenata\/#mainImage"},"datePublished":"2020-06-16T14:14:02+02:00","dateModified":"2020-06-16T14:14:02+02:00"},{"@type":"Organization","@id":"https:\/\/flanca.si\/de\/#organization","name":"vrtne sadike FLANCA","description":"Prodaja vrtnih sadik in ostale opreme","url":"https:\/\/flanca.si\/de\/","logo":{"@type":"ImageObject","url":"https:\/\/flanca.si\/wp-content\/uploads\/2019\/11\/spletna-trgovina-s-sadikami-flanca.png","@id":"https:\/\/flanca.si\/de\/produkt\/japanischer-widerhaken-dunkelgruen-ilex-crenata\/#organizationLogo","width":151,"height":50,"caption":"spletna trgovina s sadikami FLANCA"},"image":{"@id":"https:\/\/flanca.si\/de\/produkt\/japanischer-widerhaken-dunkelgruen-ilex-crenata\/#organizationLogo"}},{"@type":"WebSite","@id":"https:\/\/flanca.si\/de\/#website","url":"https:\/\/flanca.si\/de\/","name":"vrtne sadike FLANCA","description":"Prodaja vrtnih sadik in ostale opreme","inLanguage":"de-DE","publisher":{"@id":"https:\/\/flanca.si\/de\/#organization"}}]},"og:locale":"de_DE","og:site_name":"vrtne sadike FLANCA \u2013 Prodaja vrtnih sadik in ostale opreme","og:type":"article","og:title":"Japanischer Widerhaken \u201eDunkelgr\u00fcn\u201c (Ilex crenata) \u2013 vrtne sadike FLANCA","og:description":"Ilex crenata 'Dark Green' Eine immergr\u00fcne Staude mit winzigen Bl\u00e4ttern, die einem Scheffel \u00e4hneln erreicht eine H\u00f6he von 2m, ist aber durch Beschneiden in einer niedrigeren H\u00f6he leicht zu pflegen Unempfindliche mehrj\u00e4hrige Pflanze, die gegen niedrige Temperaturen resistent ist Um eine kompakte Form zu erhalten, wird die Pflanze im sp\u00e4ten Fr\u00fchjahr oder Sommer beschnitten Verpackt 1 S\u00e4mling auf einmal!","og:url":"https:\/\/flanca.si\/de\/produkt\/japanischer-widerhaken-dunkelgruen-ilex-crenata\/","og:image":"https:\/\/flanca.si\/wp-content\/uploads\/2019\/11\/spletna-trgovina-s-sadikami-flanca.png","og:image:secure_url":"https:\/\/flanca.si\/wp-content\/uploads\/2019\/11\/spletna-trgovina-s-sadikami-flanca.png","article:published_time":"2020-06-16T12:14:02+00:00","article:modified_time":"2020-06-16T12:14:02+00:00","twitter:card":"summary_large_image","twitter:title":"Japanischer Widerhaken \u201eDunkelgr\u00fcn\u201c (Ilex crenata) \u2013 vrtne sadike FLANCA","twitter:description":"Ilex crenata 'Dark Green' Eine immergr\u00fcne Staude mit winzigen Bl\u00e4ttern, die einem Scheffel \u00e4hneln erreicht eine H\u00f6he von 2m, ist aber durch Beschneiden in einer niedrigeren H\u00f6he leicht zu pflegen Unempfindliche mehrj\u00e4hrige Pflanze, die gegen niedrige Temperaturen resistent ist Um eine kompakte Form zu erhalten, wird die Pflanze im sp\u00e4ten Fr\u00fchjahr oder Sommer beschnitten Verpackt 1 S\u00e4mling auf einmal!","twitter:image":"https:\/\/flanca.si\/wp-content\/uploads\/2019\/11\/spletna-trgovina-s-sadikami-flanca.png"},"aioseo_meta_data":{"post_id":"15520","title":null,"description":null,"keywords":null,"keyphrases":{"focus":{"keyphrase":"","score":0,"analysis":{"keyphraseInTitle":{"score":0,"maxScore":9,"error":1}}},"additional":[]},"primary_term":null,"canonical_url":null,"og_title":null,"og_description":null,"og_object_type":"default","og_image_type":"default","og_image_url":null,"og_image_width":null,"og_image_height":null,"og_image_custom_url":null,"og_image_custom_fields":null,"og_video":"","og_custom_url":null,"og_article_section":null,"og_article_tags":null,"twitter_use_og":false,"twitter_card":"default","twitter_image_type":"default","twitter_image_url":null,"twitter_image_custom_url":null,"twitter_image_custom_fields":null,"twitter_title":null,"twitter_description":null,"schema":{"blockGraphs":[],"customGraphs":[],"default":{"data":{"Article":[],"Course":[],"Dataset":[],"FAQPage":[],"Movie":[],"Person":[],"Product":[],"ProductReview":[],"Car":[],"Recipe":[],"Service":[],"SoftwareApplication":[],"WebPage":[]},"graphName":"ItemPage","isEnabled":true},"graphs":[]},"schema_type":"default","schema_type_options":null,"pillar_content":false,"robots_default":true,"robots_noindex":false,"robots_noarchive":false,"robots_nosnippet":false,"robots_nofollow":false,"robots_noimageindex":false,"robots_noodp":false,"robots_notranslate":false,"robots_max_snippet":"-1","robots_max_videopreview":"-1","robots_max_imagepreview":"large","priority":null,"frequency":"default","local_seo":null,"breadcrumb_settings":null,"limit_modified_date":false,"ai":null,"created":"2025-01-13 12:46:35","updated":"2025-06-07 06:47:58","seo_analyzer_scan_date":null,"focus_keyword":null,"additional_keywords":null,"truseo_locale":null},"aioseo_breadcrumb":"<div class=\"aioseo-breadcrumbs\"><span class=\"aioseo-breadcrumb\">\n\t\t\t<a href=\"https:\/\/flanca.si\/de\/\" title=\"Domov\">Domov<\/a>\n\t\t<\/span><span class=\"aioseo-breadcrumb-separator\">\u00bb<\/span><span class=\"aioseo-breadcrumb\">\n\t\t\t<a href=\"https:\/\/flanca.si\/de\/shop\/\" title=\"Shop\">Shop<\/a>\n\t\t<\/span><span class=\"aioseo-breadcrumb-separator\">\u00bb<\/span><span class=\"aioseo-breadcrumb\">\n\t\t\t<a href=\"https:\/\/flanca.si\/de\/Produktkategorie\/zierpflanzen\/\" title=\"Zierpflanzen\">Zierpflanzen<\/a>\n\t\t<\/span><span class=\"aioseo-breadcrumb-separator\">\u00bb<\/span><span class=\"aioseo-breadcrumb\">\n\t\t\t<a href=\"https:\/\/flanca.si\/de\/Produktkategorie\/zierpflanzen\/straucher-und-baume\/\" title=\"Str\u00e4ucher und B\u00e4ume\">Str\u00e4ucher und B\u00e4ume<\/a>\n\t\t<\/span><span class=\"aioseo-breadcrumb-separator\">\u00bb<\/span><span class=\"aioseo-breadcrumb\">\n\t\t\tJapanischer Widerhaken \u201eDunkelgr\u00fcn\u201c (Ilex crenata)\n\t\t<\/span><\/div>","aioseo_breadcrumb_json":[{"label":"Domov","link":"https:\/\/flanca.si\/de\/"},{"label":"Shop","link":"https:\/\/flanca.si\/de\/shop\/"},{"label":"Zierpflanzen","link":"https:\/\/flanca.si\/de\/Produktkategorie\/zierpflanzen\/"},{"label":"Str\u00e4ucher und B\u00e4ume","link":"https:\/\/flanca.si\/de\/Produktkategorie\/zierpflanzen\/straucher-und-baume\/"},{"label":"Japanischer Widerhaken &#8222;Dunkelgr\u00fcn&#8220; (Ilex crenata)","link":"https:\/\/flanca.si\/de\/produkt\/japanischer-widerhaken-dunkelgruen-ilex-crenata\/"}],"_links":{"self":[{"href":"https:\/\/flanca.si\/de\/wp-json\/wp\/v2\/product\/15520","targetHints":{"allow":["GET"]}}],"collection":[{"href":"https:\/\/flanca.si\/de\/wp-json\/wp\/v2\/product"}],"about":[{"href":"https:\/\/flanca.si\/de\/wp-json\/wp\/v2\/types\/product"}],"wp:featuredmedia":[{"embeddable":true,"href":"https:\/\/flanca.si\/de\/wp-json\/wp\/v2\/media\/21199"}],"wp:attachment":[{"href":"https:\/\/flanca.si\/de\/wp-json\/wp\/v2\/media?parent=15520"}],"wp:term":[{"taxonomy":"product_brand","embeddable":true,"href":"https:\/\/flanca.si\/de\/wp-json\/wp\/v2\/product_brand?post=15520"},{"taxonomy":"product_cat","embeddable":true,"href":"https:\/\/flanca.si\/de\/wp-json\/wp\/v2\/product_cat?post=15520"},{"taxonomy":"product_tag","embeddable":true,"href":"https:\/\/flanca.si\/de\/wp-json\/wp\/v2\/product_tag?post=15520"}],"curies":[{"name":"wp","href":"https:\/\/api.w.org\/{rel}","templated":true}]}}