{"id":15510,"date":"2020-06-19T14:39:35","date_gmt":"2020-06-19T12:39:35","guid":{"rendered":"https:\/\/flanca.si\/izdelek\/orangenstrauch-fuenffingerig-potentilla-fruticosa-rotes-ass\/"},"modified":"2020-06-19T14:39:35","modified_gmt":"2020-06-19T12:39:35","slug":"orangenstrauch-fuenffingerig-potentilla-fruticosa-rotes-ass","status":"publish","type":"product","link":"https:\/\/flanca.si\/de\/produkt\/orangenstrauch-fuenffingerig-potentilla-fruticosa-rotes-ass\/","title":{"rendered":"Orangenstrauch F\u00fcnffingerig &#8211; Potentilla fruticosa Rotes Ass"},"content":{"rendered":"<p>Ein sommergr\u00fcner Strauch, der uns mit seinen rot-orangefarbenen Bl\u00fcten von Juni bis September verw\u00f6hnt. Die Bl\u00e4tter bestehen aus f\u00fcnf schmalen, l\u00e4nglichen Bl\u00e4ttchen und sind bl\u00e4ulich-gr\u00fcn gef\u00e4rbt. Es eignet sich f\u00fcr Gruppenpflanzungen, f\u00fcr die Bepflanzung in Steing\u00e4rten und Bodendecker. Vom Land her ist es nicht allzu anspruchsvoll. Sie w\u00e4chst besser auf feuchten, hum\u00f6sen und durchl\u00e4ssigen B\u00f6den. Wenn du die Pflanze jedes Jahr ein wenig beschneidest, bl\u00fcht sie im kommenden Jahr noch sch\u00f6ner. Sie kann im Fr\u00fchjahr vor der Bl\u00fcte geschnitten werden. Mit einem Schnitt formst du die H\u00f6he und Form des Wuchses. Ansonsten wird sie zwischen 50 und 60 cm hoch. Die H\u00f6he des oberirdischen Teils des S\u00e4mlings: 30 cm <\/p>\n","protected":false},"excerpt":{"rendered":"<ul>\n<li>immergr\u00fcne Staude<\/li>\n<li>winzige r\u00f6tlich-orangefarbene Bl\u00fcten<\/li>\n<li>bl\u00fcht von Juni bis September<\/li>\n<li>Unpr\u00e4tenti\u00f6se Staude<\/li>\n<li>H\u00f6he des S\u00e4mlings: 30 cm<\/li>\n<\/ul>\n<h4><strong>Verpackt 1 S\u00e4mling auf einmal!<\/strong><\/h4>\n","protected":false},"featured_media":12878,"template":"","meta":{"site-sidebar-layout":"default","site-content-layout":"default","ast-site-content-layout":"default","site-content-style":"default","site-sidebar-style":"default","ast-global-header-display":"","ast-banner-title-visibility":"","ast-main-header-display":"","ast-hfb-above-header-display":"","ast-hfb-below-header-display":"","ast-hfb-mobile-header-display":"","site-post-title":"","ast-breadcrumbs-content":"","ast-featured-img":"","footer-sml-layout":"","ast-disable-related-posts":"","theme-transparent-header-meta":"default","adv-header-id-meta":"","stick-header-meta":"default","header-above-stick-meta":"","header-main-stick-meta":"","header-below-stick-meta":"","astra-migrate-meta-layouts":"default","ast-page-background-enabled":"default","ast-page-background-meta":{"desktop":{"background-color":"","background-image":"","background-repeat":"repeat","background-position":"center center","background-size":"auto","background-attachment":"scroll","background-type":"","background-media":"","overlay-type":"","overlay-color":"","overlay-opacity":"","overlay-gradient":""},"tablet":{"background-color":"","background-image":"","background-repeat":"repeat","background-position":"center center","background-size":"auto","background-attachment":"scroll","background-type":"","background-media":"","overlay-type":"","overlay-color":"","overlay-opacity":"","overlay-gradient":""},"mobile":{"background-color":"","background-image":"","background-repeat":"repeat","background-position":"center center","background-size":"auto","background-attachment":"scroll","background-type":"","background-media":"","overlay-type":"","overlay-color":"","overlay-opacity":"","overlay-gradient":""}},"ast-content-background-meta":{"desktop":{"background-color":"var(--ast-global-color-5)","background-image":"","background-repeat":"repeat","background-position":"center center","background-size":"auto","background-attachment":"scroll","background-type":"","background-media":"","overlay-type":"","overlay-color":"","overlay-opacity":"","overlay-gradient":""},"tablet":{"background-color":"var(--ast-global-color-5)","background-image":"","background-repeat":"repeat","background-position":"center center","background-size":"auto","background-attachment":"scroll","background-type":"","background-media":"","overlay-type":"","overlay-color":"","overlay-opacity":"","overlay-gradient":""},"mobile":{"background-color":"var(--ast-global-color-5)","background-image":"","background-repeat":"repeat","background-position":"center center","background-size":"auto","background-attachment":"scroll","background-type":"","background-media":"","overlay-type":"","overlay-color":"","overlay-opacity":"","overlay-gradient":""}}},"product_brand":[],"product_cat":[960],"product_tag":[957,1074,1179],"class_list":["post-15510","product","type-product","status-publish","has-post-thumbnail","product_cat-straucher-und-baume","product_tag-blumenbeete","product_tag-dekorative-balken","product_tag-laubabwerfende-staude","desktop-align-left","tablet-align-left","mobile-align-left","ast-product-gallery-layout-horizontal","ast-product-gallery-with-no-image","ast-product-tabs-layout-horizontal","ast-qv-on-image","first","outofstock","taxable","shipping-taxable","purchasable","product-type-simple"],"aioseo_notices":[],"aioseo_head":"\n\t\t<!-- All in One SEO 5.0.1.1 - aioseo.com -->\n\t<meta name=\"description\" content=\"immergr\u00fcne Staude winzige r\u00f6tlich-orangefarbene Bl\u00fcten bl\u00fcht von Juni bis September Unpr\u00e4tenti\u00f6se Staude H\u00f6he des S\u00e4mlings: 30 cm Verpackt 1 S\u00e4mling auf einmal!\" \/>\n\t<meta name=\"robots\" content=\"max-image-preview:large\" \/>\n\t<meta name=\"google-site-verification\" content=\"1sO6GOIbhijVyOhvBZZbOsEVADo4T9w2a7D2KDR6zVI\" \/>\n\t<link rel=\"canonical\" href=\"https:\/\/flanca.si\/de\/produkt\/orangenstrauch-fuenffingerig-potentilla-fruticosa-rotes-ass\/\" \/>\n\t<meta name=\"generator\" content=\"All in One SEO (AIOSEO) 5.0.1.1\" \/>\n\t\t<meta property=\"og:locale\" content=\"de_DE\" \/>\n\t\t<meta property=\"og:site_name\" content=\"vrtne sadike FLANCA \u2013 Prodaja vrtnih sadik in ostale opreme\" \/>\n\t\t<meta property=\"og:type\" content=\"article\" \/>\n\t\t<meta property=\"og:title\" content=\"Orangenstrauch F\u00fcnffingerig \u2013 Potentilla fruticosa Rotes Ass \u2013 vrtne sadike FLANCA\" \/>\n\t\t<meta property=\"og:description\" content=\"immergr\u00fcne Staude winzige r\u00f6tlich-orangefarbene Bl\u00fcten bl\u00fcht von Juni bis September Unpr\u00e4tenti\u00f6se Staude H\u00f6he des S\u00e4mlings: 30 cm Verpackt 1 S\u00e4mling auf einmal!\" \/>\n\t\t<meta property=\"og:url\" content=\"https:\/\/flanca.si\/de\/produkt\/orangenstrauch-fuenffingerig-potentilla-fruticosa-rotes-ass\/\" \/>\n\t\t<meta property=\"og:image\" content=\"https:\/\/flanca.si\/wp-content\/uploads\/2019\/11\/spletna-trgovina-s-sadikami-flanca.png\" \/>\n\t\t<meta property=\"og:image:secure_url\" content=\"https:\/\/flanca.si\/wp-content\/uploads\/2019\/11\/spletna-trgovina-s-sadikami-flanca.png\" \/>\n\t\t<meta property=\"article:published_time\" content=\"2020-06-19T12:39:35+00:00\" \/>\n\t\t<meta property=\"article:modified_time\" content=\"2020-06-19T12:39:35+00:00\" \/>\n\t\t<meta name=\"twitter:card\" content=\"summary_large_image\" \/>\n\t\t<meta name=\"twitter:title\" content=\"Orangenstrauch F\u00fcnffingerig \u2013 Potentilla fruticosa Rotes Ass \u2013 vrtne sadike FLANCA\" \/>\n\t\t<meta name=\"twitter:description\" content=\"immergr\u00fcne Staude winzige r\u00f6tlich-orangefarbene Bl\u00fcten bl\u00fcht von Juni bis September Unpr\u00e4tenti\u00f6se Staude H\u00f6he des S\u00e4mlings: 30 cm Verpackt 1 S\u00e4mling auf einmal!\" \/>\n\t\t<meta name=\"twitter:image\" content=\"https:\/\/flanca.si\/wp-content\/uploads\/2019\/11\/spletna-trgovina-s-sadikami-flanca.png\" \/>\n\t\t<script type=\"application\/ld+json\" class=\"aioseo-schema\">\n\t\t\t{\"@context\":\"https:\\\/\\\/schema.org\",\"@graph\":[{\"@type\":\"BreadcrumbList\",\"@id\":\"https:\\\/\\\/flanca.si\\\/de\\\/produkt\\\/orangenstrauch-fuenffingerig-potentilla-fruticosa-rotes-ass\\\/#breadcrumblist\",\"itemListElement\":[{\"@type\":\"ListItem\",\"@id\":\"https:\\\/\\\/flanca.si\\\/de\\\/#listItem\",\"position\":1,\"name\":\"Domov\",\"item\":\"https:\\\/\\\/flanca.si\\\/de\\\/\",\"nextItem\":{\"@type\":\"ListItem\",\"@id\":\"https:\\\/\\\/flanca.si\\\/de\\\/shop\\\/#listItem\",\"name\":\"Shop\"}},{\"@type\":\"ListItem\",\"@id\":\"https:\\\/\\\/flanca.si\\\/de\\\/shop\\\/#listItem\",\"position\":2,\"name\":\"Shop\",\"item\":\"https:\\\/\\\/flanca.si\\\/de\\\/shop\\\/\",\"nextItem\":{\"@type\":\"ListItem\",\"@id\":\"https:\\\/\\\/flanca.si\\\/de\\\/Produktkategorie\\\/zierpflanzen\\\/#listItem\",\"name\":\"Zierpflanzen\"},\"previousItem\":{\"@type\":\"ListItem\",\"@id\":\"https:\\\/\\\/flanca.si\\\/de\\\/#listItem\",\"name\":\"Domov\"}},{\"@type\":\"ListItem\",\"@id\":\"https:\\\/\\\/flanca.si\\\/de\\\/Produktkategorie\\\/zierpflanzen\\\/#listItem\",\"position\":3,\"name\":\"Zierpflanzen\",\"item\":\"https:\\\/\\\/flanca.si\\\/de\\\/Produktkategorie\\\/zierpflanzen\\\/\",\"nextItem\":{\"@type\":\"ListItem\",\"@id\":\"https:\\\/\\\/flanca.si\\\/de\\\/Produktkategorie\\\/zierpflanzen\\\/straucher-und-baume\\\/#listItem\",\"name\":\"Str\\u00e4ucher und B\\u00e4ume\"},\"previousItem\":{\"@type\":\"ListItem\",\"@id\":\"https:\\\/\\\/flanca.si\\\/de\\\/shop\\\/#listItem\",\"name\":\"Shop\"}},{\"@type\":\"ListItem\",\"@id\":\"https:\\\/\\\/flanca.si\\\/de\\\/Produktkategorie\\\/zierpflanzen\\\/straucher-und-baume\\\/#listItem\",\"position\":4,\"name\":\"Str\\u00e4ucher und B\\u00e4ume\",\"item\":\"https:\\\/\\\/flanca.si\\\/de\\\/Produktkategorie\\\/zierpflanzen\\\/straucher-und-baume\\\/\",\"nextItem\":{\"@type\":\"ListItem\",\"@id\":\"https:\\\/\\\/flanca.si\\\/de\\\/produkt\\\/orangenstrauch-fuenffingerig-potentilla-fruticosa-rotes-ass\\\/#listItem\",\"name\":\"Orangenstrauch F\\u00fcnffingerig &#8211; Potentilla fruticosa Rotes Ass\"},\"previousItem\":{\"@type\":\"ListItem\",\"@id\":\"https:\\\/\\\/flanca.si\\\/de\\\/Produktkategorie\\\/zierpflanzen\\\/#listItem\",\"name\":\"Zierpflanzen\"}},{\"@type\":\"ListItem\",\"@id\":\"https:\\\/\\\/flanca.si\\\/de\\\/produkt\\\/orangenstrauch-fuenffingerig-potentilla-fruticosa-rotes-ass\\\/#listItem\",\"position\":5,\"name\":\"Orangenstrauch F\\u00fcnffingerig &#8211; Potentilla fruticosa Rotes Ass\",\"previousItem\":{\"@type\":\"ListItem\",\"@id\":\"https:\\\/\\\/flanca.si\\\/de\\\/Produktkategorie\\\/zierpflanzen\\\/straucher-und-baume\\\/#listItem\",\"name\":\"Str\\u00e4ucher und B\\u00e4ume\"}}]},{\"@type\":\"ItemPage\",\"@id\":\"https:\\\/\\\/flanca.si\\\/de\\\/produkt\\\/orangenstrauch-fuenffingerig-potentilla-fruticosa-rotes-ass\\\/#itempage\",\"url\":\"https:\\\/\\\/flanca.si\\\/de\\\/produkt\\\/orangenstrauch-fuenffingerig-potentilla-fruticosa-rotes-ass\\\/\",\"name\":\"Orangenstrauch F\\u00fcnffingerig \\u2013 Potentilla fruticosa Rotes Ass \\u2013 vrtne sadike FLANCA\",\"description\":\"immergr\\u00fcne Staude winzige r\\u00f6tlich-orangefarbene Bl\\u00fcten bl\\u00fcht von Juni bis September Unpr\\u00e4tenti\\u00f6se Staude H\\u00f6he des S\\u00e4mlings: 30 cm Verpackt 1 S\\u00e4mling auf einmal!\",\"inLanguage\":\"de-DE\",\"isPartOf\":{\"@id\":\"https:\\\/\\\/flanca.si\\\/de\\\/#website\"},\"breadcrumb\":{\"@id\":\"https:\\\/\\\/flanca.si\\\/de\\\/produkt\\\/orangenstrauch-fuenffingerig-potentilla-fruticosa-rotes-ass\\\/#breadcrumblist\"},\"image\":{\"@type\":\"ImageObject\",\"url\":\"https:\\\/\\\/flanca.si\\\/wp-content\\\/uploads\\\/2020\\\/06\\\/grmsti-petoprstnik-potentilla-redace.jpg\",\"@id\":\"https:\\\/\\\/flanca.si\\\/de\\\/produkt\\\/orangenstrauch-fuenffingerig-potentilla-fruticosa-rotes-ass\\\/#mainImage\",\"width\":600,\"height\":800},\"primaryImageOfPage\":{\"@id\":\"https:\\\/\\\/flanca.si\\\/de\\\/produkt\\\/orangenstrauch-fuenffingerig-potentilla-fruticosa-rotes-ass\\\/#mainImage\"},\"datePublished\":\"2020-06-19T14:39:35+02:00\",\"dateModified\":\"2020-06-19T14:39:35+02:00\"},{\"@type\":\"Organization\",\"@id\":\"https:\\\/\\\/flanca.si\\\/de\\\/#organization\",\"name\":\"vrtne sadike FLANCA\",\"description\":\"Prodaja vrtnih sadik in ostale opreme\",\"url\":\"https:\\\/\\\/flanca.si\\\/de\\\/\",\"logo\":{\"@type\":\"ImageObject\",\"url\":\"https:\\\/\\\/flanca.si\\\/wp-content\\\/uploads\\\/2019\\\/11\\\/spletna-trgovina-s-sadikami-flanca.png\",\"@id\":\"https:\\\/\\\/flanca.si\\\/de\\\/produkt\\\/orangenstrauch-fuenffingerig-potentilla-fruticosa-rotes-ass\\\/#organizationLogo\",\"width\":151,\"height\":50,\"caption\":\"spletna trgovina s sadikami FLANCA\"},\"image\":{\"@id\":\"https:\\\/\\\/flanca.si\\\/de\\\/produkt\\\/orangenstrauch-fuenffingerig-potentilla-fruticosa-rotes-ass\\\/#organizationLogo\"}},{\"@type\":\"WebSite\",\"@id\":\"https:\\\/\\\/flanca.si\\\/de\\\/#website\",\"url\":\"https:\\\/\\\/flanca.si\\\/de\\\/\",\"name\":\"vrtne sadike FLANCA\",\"description\":\"Prodaja vrtnih sadik in ostale opreme\",\"inLanguage\":\"de-DE\",\"publisher\":{\"@id\":\"https:\\\/\\\/flanca.si\\\/de\\\/#organization\"}}]}\n\t\t<\/script>\n\t\t<!-- All in One SEO -->\n\n","aioseo_head_json":{"title":"Orangenstrauch F\u00fcnffingerig \u2013 Potentilla fruticosa Rotes Ass \u2013 vrtne sadike FLANCA","description":"immergr\u00fcne Staude winzige r\u00f6tlich-orangefarbene Bl\u00fcten bl\u00fcht von Juni bis September Unpr\u00e4tenti\u00f6se Staude H\u00f6he des S\u00e4mlings: 30 cm Verpackt 1 S\u00e4mling auf einmal!","canonical_url":"https:\/\/flanca.si\/de\/produkt\/orangenstrauch-fuenffingerig-potentilla-fruticosa-rotes-ass\/","robots":"max-image-preview:large","keywords":"","webmasterTools":{"google-site-verification":"1sO6GOIbhijVyOhvBZZbOsEVADo4T9w2a7D2KDR6zVI","miscellaneous":""},"schema":{"@context":"https:\/\/schema.org","@graph":[{"@type":"BreadcrumbList","@id":"https:\/\/flanca.si\/de\/produkt\/orangenstrauch-fuenffingerig-potentilla-fruticosa-rotes-ass\/#breadcrumblist","itemListElement":[{"@type":"ListItem","@id":"https:\/\/flanca.si\/de\/#listItem","position":1,"name":"Domov","item":"https:\/\/flanca.si\/de\/","nextItem":{"@type":"ListItem","@id":"https:\/\/flanca.si\/de\/shop\/#listItem","name":"Shop"}},{"@type":"ListItem","@id":"https:\/\/flanca.si\/de\/shop\/#listItem","position":2,"name":"Shop","item":"https:\/\/flanca.si\/de\/shop\/","nextItem":{"@type":"ListItem","@id":"https:\/\/flanca.si\/de\/Produktkategorie\/zierpflanzen\/#listItem","name":"Zierpflanzen"},"previousItem":{"@type":"ListItem","@id":"https:\/\/flanca.si\/de\/#listItem","name":"Domov"}},{"@type":"ListItem","@id":"https:\/\/flanca.si\/de\/Produktkategorie\/zierpflanzen\/#listItem","position":3,"name":"Zierpflanzen","item":"https:\/\/flanca.si\/de\/Produktkategorie\/zierpflanzen\/","nextItem":{"@type":"ListItem","@id":"https:\/\/flanca.si\/de\/Produktkategorie\/zierpflanzen\/straucher-und-baume\/#listItem","name":"Str\u00e4ucher und B\u00e4ume"},"previousItem":{"@type":"ListItem","@id":"https:\/\/flanca.si\/de\/shop\/#listItem","name":"Shop"}},{"@type":"ListItem","@id":"https:\/\/flanca.si\/de\/Produktkategorie\/zierpflanzen\/straucher-und-baume\/#listItem","position":4,"name":"Str\u00e4ucher und B\u00e4ume","item":"https:\/\/flanca.si\/de\/Produktkategorie\/zierpflanzen\/straucher-und-baume\/","nextItem":{"@type":"ListItem","@id":"https:\/\/flanca.si\/de\/produkt\/orangenstrauch-fuenffingerig-potentilla-fruticosa-rotes-ass\/#listItem","name":"Orangenstrauch F\u00fcnffingerig &#8211; Potentilla fruticosa Rotes Ass"},"previousItem":{"@type":"ListItem","@id":"https:\/\/flanca.si\/de\/Produktkategorie\/zierpflanzen\/#listItem","name":"Zierpflanzen"}},{"@type":"ListItem","@id":"https:\/\/flanca.si\/de\/produkt\/orangenstrauch-fuenffingerig-potentilla-fruticosa-rotes-ass\/#listItem","position":5,"name":"Orangenstrauch F\u00fcnffingerig &#8211; Potentilla fruticosa Rotes Ass","previousItem":{"@type":"ListItem","@id":"https:\/\/flanca.si\/de\/Produktkategorie\/zierpflanzen\/straucher-und-baume\/#listItem","name":"Str\u00e4ucher und B\u00e4ume"}}]},{"@type":"ItemPage","@id":"https:\/\/flanca.si\/de\/produkt\/orangenstrauch-fuenffingerig-potentilla-fruticosa-rotes-ass\/#itempage","url":"https:\/\/flanca.si\/de\/produkt\/orangenstrauch-fuenffingerig-potentilla-fruticosa-rotes-ass\/","name":"Orangenstrauch F\u00fcnffingerig \u2013 Potentilla fruticosa Rotes Ass \u2013 vrtne sadike FLANCA","description":"immergr\u00fcne Staude winzige r\u00f6tlich-orangefarbene Bl\u00fcten bl\u00fcht von Juni bis September Unpr\u00e4tenti\u00f6se Staude H\u00f6he des S\u00e4mlings: 30 cm Verpackt 1 S\u00e4mling auf einmal!","inLanguage":"de-DE","isPartOf":{"@id":"https:\/\/flanca.si\/de\/#website"},"breadcrumb":{"@id":"https:\/\/flanca.si\/de\/produkt\/orangenstrauch-fuenffingerig-potentilla-fruticosa-rotes-ass\/#breadcrumblist"},"image":{"@type":"ImageObject","url":"https:\/\/flanca.si\/wp-content\/uploads\/2020\/06\/grmsti-petoprstnik-potentilla-redace.jpg","@id":"https:\/\/flanca.si\/de\/produkt\/orangenstrauch-fuenffingerig-potentilla-fruticosa-rotes-ass\/#mainImage","width":600,"height":800},"primaryImageOfPage":{"@id":"https:\/\/flanca.si\/de\/produkt\/orangenstrauch-fuenffingerig-potentilla-fruticosa-rotes-ass\/#mainImage"},"datePublished":"2020-06-19T14:39:35+02:00","dateModified":"2020-06-19T14:39:35+02:00"},{"@type":"Organization","@id":"https:\/\/flanca.si\/de\/#organization","name":"vrtne sadike FLANCA","description":"Prodaja vrtnih sadik in ostale opreme","url":"https:\/\/flanca.si\/de\/","logo":{"@type":"ImageObject","url":"https:\/\/flanca.si\/wp-content\/uploads\/2019\/11\/spletna-trgovina-s-sadikami-flanca.png","@id":"https:\/\/flanca.si\/de\/produkt\/orangenstrauch-fuenffingerig-potentilla-fruticosa-rotes-ass\/#organizationLogo","width":151,"height":50,"caption":"spletna trgovina s sadikami FLANCA"},"image":{"@id":"https:\/\/flanca.si\/de\/produkt\/orangenstrauch-fuenffingerig-potentilla-fruticosa-rotes-ass\/#organizationLogo"}},{"@type":"WebSite","@id":"https:\/\/flanca.si\/de\/#website","url":"https:\/\/flanca.si\/de\/","name":"vrtne sadike FLANCA","description":"Prodaja vrtnih sadik in ostale opreme","inLanguage":"de-DE","publisher":{"@id":"https:\/\/flanca.si\/de\/#organization"}}]},"og:locale":"de_DE","og:site_name":"vrtne sadike FLANCA \u2013 Prodaja vrtnih sadik in ostale opreme","og:type":"article","og:title":"Orangenstrauch F\u00fcnffingerig \u2013 Potentilla fruticosa Rotes Ass \u2013 vrtne sadike FLANCA","og:description":"immergr\u00fcne Staude winzige r\u00f6tlich-orangefarbene Bl\u00fcten bl\u00fcht von Juni bis September Unpr\u00e4tenti\u00f6se Staude H\u00f6he des S\u00e4mlings: 30 cm Verpackt 1 S\u00e4mling auf einmal!","og:url":"https:\/\/flanca.si\/de\/produkt\/orangenstrauch-fuenffingerig-potentilla-fruticosa-rotes-ass\/","og:image":"https:\/\/flanca.si\/wp-content\/uploads\/2019\/11\/spletna-trgovina-s-sadikami-flanca.png","og:image:secure_url":"https:\/\/flanca.si\/wp-content\/uploads\/2019\/11\/spletna-trgovina-s-sadikami-flanca.png","article:published_time":"2020-06-19T12:39:35+00:00","article:modified_time":"2020-06-19T12:39:35+00:00","twitter:card":"summary_large_image","twitter:title":"Orangenstrauch F\u00fcnffingerig \u2013 Potentilla fruticosa Rotes Ass \u2013 vrtne sadike FLANCA","twitter:description":"immergr\u00fcne Staude winzige r\u00f6tlich-orangefarbene Bl\u00fcten bl\u00fcht von Juni bis September Unpr\u00e4tenti\u00f6se Staude H\u00f6he des S\u00e4mlings: 30 cm Verpackt 1 S\u00e4mling auf einmal!","twitter:image":"https:\/\/flanca.si\/wp-content\/uploads\/2019\/11\/spletna-trgovina-s-sadikami-flanca.png"},"aioseo_meta_data":{"post_id":"15510","title":null,"description":null,"keywords":[],"keyphrases":{"focus":{"keyphrase":"","score":0,"analysis":{"keyphraseInTitle":{"score":0,"maxScore":9,"error":1}}},"additional":[]},"primary_term":null,"canonical_url":null,"og_title":null,"og_description":null,"og_object_type":"default","og_image_type":"default","og_image_url":null,"og_image_width":null,"og_image_height":null,"og_image_custom_url":null,"og_image_custom_fields":null,"og_video":"","og_custom_url":null,"og_article_section":null,"og_article_tags":[],"twitter_use_og":false,"twitter_card":"default","twitter_image_type":"default","twitter_image_url":null,"twitter_image_custom_url":null,"twitter_image_custom_fields":null,"twitter_title":null,"twitter_description":null,"schema":{"blockGraphs":[],"customGraphs":[],"default":{"data":{"Article":[],"Course":[],"Dataset":[],"FAQPage":[],"Movie":[],"Person":[],"Product":[],"ProductReview":[],"Car":[],"Recipe":[],"Service":[],"SoftwareApplication":[],"WebPage":[]},"graphName":"ItemPage","isEnabled":true},"graphs":[]},"schema_type":"default","schema_type_options":null,"pillar_content":false,"robots_default":true,"robots_noindex":false,"robots_noarchive":false,"robots_nosnippet":false,"robots_nofollow":false,"robots_noimageindex":false,"robots_noodp":false,"robots_notranslate":false,"robots_max_snippet":"-1","robots_max_videopreview":"-1","robots_max_imagepreview":"large","priority":null,"frequency":"default","local_seo":null,"breadcrumb_settings":null,"limit_modified_date":false,"ai":null,"created":"2025-01-13 12:46:21","updated":"2025-06-07 06:51:39","seo_analyzer_scan_date":null,"focus_keyword":null,"additional_keywords":null,"truseo_locale":null},"aioseo_breadcrumb":"<div class=\"aioseo-breadcrumbs\"><span class=\"aioseo-breadcrumb\">\n\t\t\t<a href=\"https:\/\/flanca.si\/de\/\" title=\"Domov\">Domov<\/a>\n\t\t<\/span><span class=\"aioseo-breadcrumb-separator\">\u00bb<\/span><span class=\"aioseo-breadcrumb\">\n\t\t\t<a href=\"https:\/\/flanca.si\/de\/shop\/\" title=\"Shop\">Shop<\/a>\n\t\t<\/span><span class=\"aioseo-breadcrumb-separator\">\u00bb<\/span><span class=\"aioseo-breadcrumb\">\n\t\t\t<a href=\"https:\/\/flanca.si\/de\/Produktkategorie\/zierpflanzen\/\" title=\"Zierpflanzen\">Zierpflanzen<\/a>\n\t\t<\/span><span class=\"aioseo-breadcrumb-separator\">\u00bb<\/span><span class=\"aioseo-breadcrumb\">\n\t\t\t<a href=\"https:\/\/flanca.si\/de\/Produktkategorie\/zierpflanzen\/straucher-und-baume\/\" title=\"Str\u00e4ucher und B\u00e4ume\">Str\u00e4ucher und B\u00e4ume<\/a>\n\t\t<\/span><span class=\"aioseo-breadcrumb-separator\">\u00bb<\/span><span class=\"aioseo-breadcrumb\">\n\t\t\tOrangenstrauch F\u00fcnffingerig \u2013 Potentilla fruticosa Rotes Ass\n\t\t<\/span><\/div>","aioseo_breadcrumb_json":[{"label":"Domov","link":"https:\/\/flanca.si\/de\/"},{"label":"Shop","link":"https:\/\/flanca.si\/de\/shop\/"},{"label":"Zierpflanzen","link":"https:\/\/flanca.si\/de\/Produktkategorie\/zierpflanzen\/"},{"label":"Str\u00e4ucher und B\u00e4ume","link":"https:\/\/flanca.si\/de\/Produktkategorie\/zierpflanzen\/straucher-und-baume\/"},{"label":"Orangenstrauch F\u00fcnffingerig &#8211; Potentilla fruticosa Rotes Ass","link":"https:\/\/flanca.si\/de\/produkt\/orangenstrauch-fuenffingerig-potentilla-fruticosa-rotes-ass\/"}],"_links":{"self":[{"href":"https:\/\/flanca.si\/de\/wp-json\/wp\/v2\/product\/15510","targetHints":{"allow":["GET"]}}],"collection":[{"href":"https:\/\/flanca.si\/de\/wp-json\/wp\/v2\/product"}],"about":[{"href":"https:\/\/flanca.si\/de\/wp-json\/wp\/v2\/types\/product"}],"wp:featuredmedia":[{"embeddable":true,"href":"https:\/\/flanca.si\/de\/wp-json\/wp\/v2\/media\/12878"}],"wp:attachment":[{"href":"https:\/\/flanca.si\/de\/wp-json\/wp\/v2\/media?parent=15510"}],"wp:term":[{"taxonomy":"product_brand","embeddable":true,"href":"https:\/\/flanca.si\/de\/wp-json\/wp\/v2\/product_brand?post=15510"},{"taxonomy":"product_cat","embeddable":true,"href":"https:\/\/flanca.si\/de\/wp-json\/wp\/v2\/product_cat?post=15510"},{"taxonomy":"product_tag","embeddable":true,"href":"https:\/\/flanca.si\/de\/wp-json\/wp\/v2\/product_tag?post=15510"}],"curies":[{"name":"wp","href":"https:\/\/api.w.org\/{rel}","templated":true}]}}