{"id":15483,"date":"2020-08-21T11:57:55","date_gmt":"2020-08-21T09:57:55","guid":{"rendered":"https:\/\/flanca.si\/izdelek\/dekorativer-keramiktopf-klein\/"},"modified":"2020-08-21T11:57:55","modified_gmt":"2020-08-21T09:57:55","slug":"dekorativer-keramiktopf-klein","status":"publish","type":"product","link":"https:\/\/flanca.si\/de\/produkt\/dekorativer-keramiktopf-klein\/","title":{"rendered":"Dekorativer Keramiktopf &#8211; klein"},"content":{"rendered":"<p>Tonb\u00f6gen sind handgefertigt und werden niedlich als Accessoire auf dem Balkon oder der Terrasse verschenkt, wo Sie die ganze Saison \u00fcber Kr\u00e4uter und Blumen anbauen k\u00f6nnen,&#8230; Die Gr\u00f6\u00dfe des kleineren Topfes betr\u00e4gt p10. Sie k\u00f6nnen zwischen wei\u00df oder rot bemalten Blumen auf einem Topf w\u00e4hlen. Sie k\u00f6nnen den Topf auch als Geschenk zusammen mit einem Kraut oder einer anderen Pflanze verwenden.<\/p>\n","protected":false},"excerpt":{"rendered":"<ul>\n<li>Keramik Dekorativer Topf<\/li>\n<li>Handgemacht<\/li>\n<li>Vielseitig einsetzbar<\/li>\n<li>Gesammeltes Aussehen<\/li>\n<li>Nat\u00fcrliches Material<\/li>\n<li>lagernd in der G\u00e4rtnerei, im Einzelhandel.<\/li>\n<\/ul>\n<h4><strong>Verpackt zu 1 St\u00fcck!<\/strong><\/h4>\n","protected":false},"featured_media":12919,"template":"","meta":{"site-sidebar-layout":"default","site-content-layout":"default","ast-site-content-layout":"default","site-content-style":"default","site-sidebar-style":"default","ast-global-header-display":"","ast-banner-title-visibility":"","ast-main-header-display":"","ast-hfb-above-header-display":"","ast-hfb-below-header-display":"","ast-hfb-mobile-header-display":"","site-post-title":"","ast-breadcrumbs-content":"","ast-featured-img":"","footer-sml-layout":"","ast-disable-related-posts":"","theme-transparent-header-meta":"default","adv-header-id-meta":"","stick-header-meta":"default","header-above-stick-meta":"","header-main-stick-meta":"","header-below-stick-meta":"","astra-migrate-meta-layouts":"default","ast-page-background-enabled":"default","ast-page-background-meta":{"desktop":{"background-color":"","background-image":"","background-repeat":"repeat","background-position":"center center","background-size":"auto","background-attachment":"scroll","background-type":"","background-media":"","overlay-type":"","overlay-color":"","overlay-opacity":"","overlay-gradient":""},"tablet":{"background-color":"","background-image":"","background-repeat":"repeat","background-position":"center center","background-size":"auto","background-attachment":"scroll","background-type":"","background-media":"","overlay-type":"","overlay-color":"","overlay-opacity":"","overlay-gradient":""},"mobile":{"background-color":"","background-image":"","background-repeat":"repeat","background-position":"center center","background-size":"auto","background-attachment":"scroll","background-type":"","background-media":"","overlay-type":"","overlay-color":"","overlay-opacity":"","overlay-gradient":""}},"ast-content-background-meta":{"desktop":{"background-color":"var(--ast-global-color-5)","background-image":"","background-repeat":"repeat","background-position":"center center","background-size":"auto","background-attachment":"scroll","background-type":"","background-media":"","overlay-type":"","overlay-color":"","overlay-opacity":"","overlay-gradient":""},"tablet":{"background-color":"var(--ast-global-color-5)","background-image":"","background-repeat":"repeat","background-position":"center center","background-size":"auto","background-attachment":"scroll","background-type":"","background-media":"","overlay-type":"","overlay-color":"","overlay-opacity":"","overlay-gradient":""},"mobile":{"background-color":"var(--ast-global-color-5)","background-image":"","background-repeat":"repeat","background-position":"center center","background-size":"auto","background-attachment":"scroll","background-type":"","background-media":"","overlay-type":"","overlay-color":"","overlay-opacity":"","overlay-gradient":""}}},"product_brand":[],"product_cat":[1462],"product_tag":[1113,1472,1004,1463],"class_list":["post-15483","product","type-product","status-publish","has-post-thumbnail","product_cat-keramische-produkte","product_tag-blumen-de","product_tag-dekorativer-topf","product_tag-krauter","product_tag-ton","desktop-align-left","tablet-align-left","mobile-align-left","ast-product-gallery-layout-horizontal","ast-product-gallery-with-no-image","ast-product-single-variable","ast-product-tabs-layout-horizontal","ast-qv-on-image","first","outofstock","taxable","shipping-taxable","purchasable","product-type-variable"],"aioseo_notices":[],"aioseo_head":"\n\t\t<!-- All in One SEO 5.0.1.1 - aioseo.com -->\n\t<meta name=\"description\" content=\"Keramik Dekorativer Topf Handgemacht Vielseitig einsetzbar Gesammeltes Aussehen Nat\u00fcrliches Material lagernd in der G\u00e4rtnerei, im Einzelhandel. Verpackt zu 1 St\u00fcck!\" \/>\n\t<meta name=\"robots\" content=\"max-image-preview:large\" \/>\n\t<meta name=\"google-site-verification\" content=\"1sO6GOIbhijVyOhvBZZbOsEVADo4T9w2a7D2KDR6zVI\" \/>\n\t<link rel=\"canonical\" href=\"https:\/\/flanca.si\/de\/produkt\/dekorativer-keramiktopf-klein\/\" \/>\n\t<meta name=\"generator\" content=\"All in One SEO (AIOSEO) 5.0.1.1\" \/>\n\t\t<meta property=\"og:locale\" content=\"de_DE\" \/>\n\t\t<meta property=\"og:site_name\" content=\"vrtne sadike FLANCA \u2013 Prodaja vrtnih sadik in ostale opreme\" \/>\n\t\t<meta property=\"og:type\" content=\"article\" \/>\n\t\t<meta property=\"og:title\" content=\"Dekorativer Keramiktopf \u2013 klein \u2013 vrtne sadike FLANCA\" \/>\n\t\t<meta property=\"og:description\" content=\"Keramik Dekorativer Topf Handgemacht Vielseitig einsetzbar Gesammeltes Aussehen Nat\u00fcrliches Material lagernd in der G\u00e4rtnerei, im Einzelhandel. Verpackt zu 1 St\u00fcck!\" \/>\n\t\t<meta property=\"og:url\" content=\"https:\/\/flanca.si\/de\/produkt\/dekorativer-keramiktopf-klein\/\" \/>\n\t\t<meta property=\"og:image\" content=\"https:\/\/flanca.si\/wp-content\/uploads\/2019\/11\/spletna-trgovina-s-sadikami-flanca.png\" \/>\n\t\t<meta property=\"og:image:secure_url\" content=\"https:\/\/flanca.si\/wp-content\/uploads\/2019\/11\/spletna-trgovina-s-sadikami-flanca.png\" \/>\n\t\t<meta property=\"article:published_time\" content=\"2020-08-21T09:57:55+00:00\" \/>\n\t\t<meta property=\"article:modified_time\" content=\"2020-08-21T09:57:55+00:00\" \/>\n\t\t<meta name=\"twitter:card\" content=\"summary_large_image\" \/>\n\t\t<meta name=\"twitter:title\" content=\"Dekorativer Keramiktopf \u2013 klein \u2013 vrtne sadike FLANCA\" \/>\n\t\t<meta name=\"twitter:description\" content=\"Keramik Dekorativer Topf Handgemacht Vielseitig einsetzbar Gesammeltes Aussehen Nat\u00fcrliches Material lagernd in der G\u00e4rtnerei, im Einzelhandel. Verpackt zu 1 St\u00fcck!\" \/>\n\t\t<meta name=\"twitter:image\" content=\"https:\/\/flanca.si\/wp-content\/uploads\/2019\/11\/spletna-trgovina-s-sadikami-flanca.png\" \/>\n\t\t<script type=\"application\/ld+json\" class=\"aioseo-schema\">\n\t\t\t{\"@context\":\"https:\\\/\\\/schema.org\",\"@graph\":[{\"@type\":\"BreadcrumbList\",\"@id\":\"https:\\\/\\\/flanca.si\\\/de\\\/produkt\\\/dekorativer-keramiktopf-klein\\\/#breadcrumblist\",\"itemListElement\":[{\"@type\":\"ListItem\",\"@id\":\"https:\\\/\\\/flanca.si\\\/de\\\/#listItem\",\"position\":1,\"name\":\"Domov\",\"item\":\"https:\\\/\\\/flanca.si\\\/de\\\/\",\"nextItem\":{\"@type\":\"ListItem\",\"@id\":\"https:\\\/\\\/flanca.si\\\/de\\\/shop\\\/#listItem\",\"name\":\"Shop\"}},{\"@type\":\"ListItem\",\"@id\":\"https:\\\/\\\/flanca.si\\\/de\\\/shop\\\/#listItem\",\"position\":2,\"name\":\"Shop\",\"item\":\"https:\\\/\\\/flanca.si\\\/de\\\/shop\\\/\",\"nextItem\":{\"@type\":\"ListItem\",\"@id\":\"https:\\\/\\\/flanca.si\\\/de\\\/Produktkategorie\\\/keramische-produkte\\\/#listItem\",\"name\":\"Keramische Produkte\"},\"previousItem\":{\"@type\":\"ListItem\",\"@id\":\"https:\\\/\\\/flanca.si\\\/de\\\/#listItem\",\"name\":\"Domov\"}},{\"@type\":\"ListItem\",\"@id\":\"https:\\\/\\\/flanca.si\\\/de\\\/Produktkategorie\\\/keramische-produkte\\\/#listItem\",\"position\":3,\"name\":\"Keramische Produkte\",\"item\":\"https:\\\/\\\/flanca.si\\\/de\\\/Produktkategorie\\\/keramische-produkte\\\/\",\"nextItem\":{\"@type\":\"ListItem\",\"@id\":\"https:\\\/\\\/flanca.si\\\/de\\\/produkt\\\/dekorativer-keramiktopf-klein\\\/#listItem\",\"name\":\"Dekorativer Keramiktopf &#8211; klein\"},\"previousItem\":{\"@type\":\"ListItem\",\"@id\":\"https:\\\/\\\/flanca.si\\\/de\\\/shop\\\/#listItem\",\"name\":\"Shop\"}},{\"@type\":\"ListItem\",\"@id\":\"https:\\\/\\\/flanca.si\\\/de\\\/produkt\\\/dekorativer-keramiktopf-klein\\\/#listItem\",\"position\":4,\"name\":\"Dekorativer Keramiktopf &#8211; klein\",\"previousItem\":{\"@type\":\"ListItem\",\"@id\":\"https:\\\/\\\/flanca.si\\\/de\\\/Produktkategorie\\\/keramische-produkte\\\/#listItem\",\"name\":\"Keramische Produkte\"}}]},{\"@type\":\"ItemPage\",\"@id\":\"https:\\\/\\\/flanca.si\\\/de\\\/produkt\\\/dekorativer-keramiktopf-klein\\\/#itempage\",\"url\":\"https:\\\/\\\/flanca.si\\\/de\\\/produkt\\\/dekorativer-keramiktopf-klein\\\/\",\"name\":\"Dekorativer Keramiktopf \\u2013 klein \\u2013 vrtne sadike FLANCA\",\"description\":\"Keramik Dekorativer Topf Handgemacht Vielseitig einsetzbar Gesammeltes Aussehen Nat\\u00fcrliches Material lagernd in der G\\u00e4rtnerei, im Einzelhandel. Verpackt zu 1 St\\u00fcck!\",\"inLanguage\":\"de-DE\",\"isPartOf\":{\"@id\":\"https:\\\/\\\/flanca.si\\\/de\\\/#website\"},\"breadcrumb\":{\"@id\":\"https:\\\/\\\/flanca.si\\\/de\\\/produkt\\\/dekorativer-keramiktopf-klein\\\/#breadcrumblist\"},\"image\":{\"@type\":\"ImageObject\",\"url\":\"https:\\\/\\\/flanca.si\\\/wp-content\\\/uploads\\\/2020\\\/08\\\/glina-loncki-p10.jpg\",\"@id\":\"https:\\\/\\\/flanca.si\\\/de\\\/produkt\\\/dekorativer-keramiktopf-klein\\\/#mainImage\",\"width\":800,\"height\":600},\"primaryImageOfPage\":{\"@id\":\"https:\\\/\\\/flanca.si\\\/de\\\/produkt\\\/dekorativer-keramiktopf-klein\\\/#mainImage\"},\"datePublished\":\"2020-08-21T11:57:55+02:00\",\"dateModified\":\"2020-08-21T11:57:55+02:00\"},{\"@type\":\"Organization\",\"@id\":\"https:\\\/\\\/flanca.si\\\/de\\\/#organization\",\"name\":\"vrtne sadike FLANCA\",\"description\":\"Prodaja vrtnih sadik in ostale opreme\",\"url\":\"https:\\\/\\\/flanca.si\\\/de\\\/\",\"logo\":{\"@type\":\"ImageObject\",\"url\":\"https:\\\/\\\/flanca.si\\\/wp-content\\\/uploads\\\/2019\\\/11\\\/spletna-trgovina-s-sadikami-flanca.png\",\"@id\":\"https:\\\/\\\/flanca.si\\\/de\\\/produkt\\\/dekorativer-keramiktopf-klein\\\/#organizationLogo\",\"width\":151,\"height\":50,\"caption\":\"spletna trgovina s sadikami FLANCA\"},\"image\":{\"@id\":\"https:\\\/\\\/flanca.si\\\/de\\\/produkt\\\/dekorativer-keramiktopf-klein\\\/#organizationLogo\"}},{\"@type\":\"WebSite\",\"@id\":\"https:\\\/\\\/flanca.si\\\/de\\\/#website\",\"url\":\"https:\\\/\\\/flanca.si\\\/de\\\/\",\"name\":\"vrtne sadike FLANCA\",\"description\":\"Prodaja vrtnih sadik in ostale opreme\",\"inLanguage\":\"de-DE\",\"publisher\":{\"@id\":\"https:\\\/\\\/flanca.si\\\/de\\\/#organization\"}}]}\n\t\t<\/script>\n\t\t<!-- All in One SEO -->\n\n","aioseo_head_json":{"title":"Dekorativer Keramiktopf \u2013 klein \u2013 vrtne sadike FLANCA","description":"Keramik Dekorativer Topf Handgemacht Vielseitig einsetzbar Gesammeltes Aussehen Nat\u00fcrliches Material lagernd in der G\u00e4rtnerei, im Einzelhandel. Verpackt zu 1 St\u00fcck!","canonical_url":"https:\/\/flanca.si\/de\/produkt\/dekorativer-keramiktopf-klein\/","robots":"max-image-preview:large","keywords":"","webmasterTools":{"google-site-verification":"1sO6GOIbhijVyOhvBZZbOsEVADo4T9w2a7D2KDR6zVI","miscellaneous":""},"schema":{"@context":"https:\/\/schema.org","@graph":[{"@type":"BreadcrumbList","@id":"https:\/\/flanca.si\/de\/produkt\/dekorativer-keramiktopf-klein\/#breadcrumblist","itemListElement":[{"@type":"ListItem","@id":"https:\/\/flanca.si\/de\/#listItem","position":1,"name":"Domov","item":"https:\/\/flanca.si\/de\/","nextItem":{"@type":"ListItem","@id":"https:\/\/flanca.si\/de\/shop\/#listItem","name":"Shop"}},{"@type":"ListItem","@id":"https:\/\/flanca.si\/de\/shop\/#listItem","position":2,"name":"Shop","item":"https:\/\/flanca.si\/de\/shop\/","nextItem":{"@type":"ListItem","@id":"https:\/\/flanca.si\/de\/Produktkategorie\/keramische-produkte\/#listItem","name":"Keramische Produkte"},"previousItem":{"@type":"ListItem","@id":"https:\/\/flanca.si\/de\/#listItem","name":"Domov"}},{"@type":"ListItem","@id":"https:\/\/flanca.si\/de\/Produktkategorie\/keramische-produkte\/#listItem","position":3,"name":"Keramische Produkte","item":"https:\/\/flanca.si\/de\/Produktkategorie\/keramische-produkte\/","nextItem":{"@type":"ListItem","@id":"https:\/\/flanca.si\/de\/produkt\/dekorativer-keramiktopf-klein\/#listItem","name":"Dekorativer Keramiktopf &#8211; klein"},"previousItem":{"@type":"ListItem","@id":"https:\/\/flanca.si\/de\/shop\/#listItem","name":"Shop"}},{"@type":"ListItem","@id":"https:\/\/flanca.si\/de\/produkt\/dekorativer-keramiktopf-klein\/#listItem","position":4,"name":"Dekorativer Keramiktopf &#8211; klein","previousItem":{"@type":"ListItem","@id":"https:\/\/flanca.si\/de\/Produktkategorie\/keramische-produkte\/#listItem","name":"Keramische Produkte"}}]},{"@type":"ItemPage","@id":"https:\/\/flanca.si\/de\/produkt\/dekorativer-keramiktopf-klein\/#itempage","url":"https:\/\/flanca.si\/de\/produkt\/dekorativer-keramiktopf-klein\/","name":"Dekorativer Keramiktopf \u2013 klein \u2013 vrtne sadike FLANCA","description":"Keramik Dekorativer Topf Handgemacht Vielseitig einsetzbar Gesammeltes Aussehen Nat\u00fcrliches Material lagernd in der G\u00e4rtnerei, im Einzelhandel. Verpackt zu 1 St\u00fcck!","inLanguage":"de-DE","isPartOf":{"@id":"https:\/\/flanca.si\/de\/#website"},"breadcrumb":{"@id":"https:\/\/flanca.si\/de\/produkt\/dekorativer-keramiktopf-klein\/#breadcrumblist"},"image":{"@type":"ImageObject","url":"https:\/\/flanca.si\/wp-content\/uploads\/2020\/08\/glina-loncki-p10.jpg","@id":"https:\/\/flanca.si\/de\/produkt\/dekorativer-keramiktopf-klein\/#mainImage","width":800,"height":600},"primaryImageOfPage":{"@id":"https:\/\/flanca.si\/de\/produkt\/dekorativer-keramiktopf-klein\/#mainImage"},"datePublished":"2020-08-21T11:57:55+02:00","dateModified":"2020-08-21T11:57:55+02:00"},{"@type":"Organization","@id":"https:\/\/flanca.si\/de\/#organization","name":"vrtne sadike FLANCA","description":"Prodaja vrtnih sadik in ostale opreme","url":"https:\/\/flanca.si\/de\/","logo":{"@type":"ImageObject","url":"https:\/\/flanca.si\/wp-content\/uploads\/2019\/11\/spletna-trgovina-s-sadikami-flanca.png","@id":"https:\/\/flanca.si\/de\/produkt\/dekorativer-keramiktopf-klein\/#organizationLogo","width":151,"height":50,"caption":"spletna trgovina s sadikami FLANCA"},"image":{"@id":"https:\/\/flanca.si\/de\/produkt\/dekorativer-keramiktopf-klein\/#organizationLogo"}},{"@type":"WebSite","@id":"https:\/\/flanca.si\/de\/#website","url":"https:\/\/flanca.si\/de\/","name":"vrtne sadike FLANCA","description":"Prodaja vrtnih sadik in ostale opreme","inLanguage":"de-DE","publisher":{"@id":"https:\/\/flanca.si\/de\/#organization"}}]},"og:locale":"de_DE","og:site_name":"vrtne sadike FLANCA \u2013 Prodaja vrtnih sadik in ostale opreme","og:type":"article","og:title":"Dekorativer Keramiktopf \u2013 klein \u2013 vrtne sadike FLANCA","og:description":"Keramik Dekorativer Topf Handgemacht Vielseitig einsetzbar Gesammeltes Aussehen Nat\u00fcrliches Material lagernd in der G\u00e4rtnerei, im Einzelhandel. Verpackt zu 1 St\u00fcck!","og:url":"https:\/\/flanca.si\/de\/produkt\/dekorativer-keramiktopf-klein\/","og:image":"https:\/\/flanca.si\/wp-content\/uploads\/2019\/11\/spletna-trgovina-s-sadikami-flanca.png","og:image:secure_url":"https:\/\/flanca.si\/wp-content\/uploads\/2019\/11\/spletna-trgovina-s-sadikami-flanca.png","article:published_time":"2020-08-21T09:57:55+00:00","article:modified_time":"2020-08-21T09:57:55+00:00","twitter:card":"summary_large_image","twitter:title":"Dekorativer Keramiktopf \u2013 klein \u2013 vrtne sadike FLANCA","twitter:description":"Keramik Dekorativer Topf Handgemacht Vielseitig einsetzbar Gesammeltes Aussehen Nat\u00fcrliches Material lagernd in der G\u00e4rtnerei, im Einzelhandel. Verpackt zu 1 St\u00fcck!","twitter:image":"https:\/\/flanca.si\/wp-content\/uploads\/2019\/11\/spletna-trgovina-s-sadikami-flanca.png"},"aioseo_meta_data":{"post_id":"15483","title":null,"description":null,"keywords":null,"keyphrases":null,"primary_term":null,"canonical_url":null,"og_title":null,"og_description":null,"og_object_type":"default","og_image_type":"default","og_image_url":null,"og_image_width":null,"og_image_height":null,"og_image_custom_url":null,"og_image_custom_fields":null,"og_video":null,"og_custom_url":null,"og_article_section":null,"og_article_tags":null,"twitter_use_og":false,"twitter_card":"default","twitter_image_type":"default","twitter_image_url":null,"twitter_image_custom_url":null,"twitter_image_custom_fields":null,"twitter_title":null,"twitter_description":null,"schema":{"blockGraphs":[],"customGraphs":[],"default":{"data":{"Article":[],"Course":[],"Dataset":[],"FAQPage":[],"Movie":[],"Person":[],"Product":[],"ProductReview":[],"Car":[],"Recipe":[],"Service":[],"SoftwareApplication":[],"WebPage":[]},"graphName":"","isEnabled":true},"graphs":[]},"schema_type":"default","schema_type_options":null,"pillar_content":false,"robots_default":true,"robots_noindex":false,"robots_noarchive":false,"robots_nosnippet":false,"robots_nofollow":false,"robots_noimageindex":false,"robots_noodp":false,"robots_notranslate":false,"robots_max_snippet":null,"robots_max_videopreview":null,"robots_max_imagepreview":"large","priority":null,"frequency":null,"local_seo":null,"breadcrumb_settings":null,"limit_modified_date":false,"ai":null,"created":"2025-01-13 12:45:42","updated":"2025-06-07 07:01:41","seo_analyzer_scan_date":null,"focus_keyword":null,"additional_keywords":null,"truseo_locale":null},"aioseo_breadcrumb":"<div class=\"aioseo-breadcrumbs\"><span class=\"aioseo-breadcrumb\">\n\t\t\t<a href=\"https:\/\/flanca.si\/de\/\" title=\"Domov\">Domov<\/a>\n\t\t<\/span><span class=\"aioseo-breadcrumb-separator\">\u00bb<\/span><span class=\"aioseo-breadcrumb\">\n\t\t\t<a href=\"https:\/\/flanca.si\/de\/shop\/\" title=\"Shop\">Shop<\/a>\n\t\t<\/span><span class=\"aioseo-breadcrumb-separator\">\u00bb<\/span><span class=\"aioseo-breadcrumb\">\n\t\t\t<a href=\"https:\/\/flanca.si\/de\/Produktkategorie\/keramische-produkte\/\" title=\"Keramische Produkte\">Keramische Produkte<\/a>\n\t\t<\/span><span class=\"aioseo-breadcrumb-separator\">\u00bb<\/span><span class=\"aioseo-breadcrumb\">\n\t\t\tDekorativer Keramiktopf \u2013 klein\n\t\t<\/span><\/div>","aioseo_breadcrumb_json":[{"label":"Domov","link":"https:\/\/flanca.si\/de\/"},{"label":"Shop","link":"https:\/\/flanca.si\/de\/shop\/"},{"label":"Keramische Produkte","link":"https:\/\/flanca.si\/de\/Produktkategorie\/keramische-produkte\/"},{"label":"Dekorativer Keramiktopf &#8211; klein","link":"https:\/\/flanca.si\/de\/produkt\/dekorativer-keramiktopf-klein\/"}],"_links":{"self":[{"href":"https:\/\/flanca.si\/de\/wp-json\/wp\/v2\/product\/15483","targetHints":{"allow":["GET"]}}],"collection":[{"href":"https:\/\/flanca.si\/de\/wp-json\/wp\/v2\/product"}],"about":[{"href":"https:\/\/flanca.si\/de\/wp-json\/wp\/v2\/types\/product"}],"wp:featuredmedia":[{"embeddable":true,"href":"https:\/\/flanca.si\/de\/wp-json\/wp\/v2\/media\/12919"}],"wp:attachment":[{"href":"https:\/\/flanca.si\/de\/wp-json\/wp\/v2\/media?parent=15483"}],"wp:term":[{"taxonomy":"product_brand","embeddable":true,"href":"https:\/\/flanca.si\/de\/wp-json\/wp\/v2\/product_brand?post=15483"},{"taxonomy":"product_cat","embeddable":true,"href":"https:\/\/flanca.si\/de\/wp-json\/wp\/v2\/product_cat?post=15483"},{"taxonomy":"product_tag","embeddable":true,"href":"https:\/\/flanca.si\/de\/wp-json\/wp\/v2\/product_tag?post=15483"}],"curies":[{"name":"wp","href":"https:\/\/api.w.org\/{rel}","templated":true}]}}