{"id":15478,"date":"2020-08-21T12:12:39","date_gmt":"2020-08-21T10:12:39","guid":{"rendered":"https:\/\/flanca.si\/izdelek\/dekorierter-keramiktopf-gross\/"},"modified":"2020-08-21T12:12:39","modified_gmt":"2020-08-21T10:12:39","slug":"dekorierter-keramiktopf-gross","status":"publish","type":"product","link":"https:\/\/flanca.si\/de\/produkt\/dekorierter-keramiktopf-gross\/","title":{"rendered":"Dekorierter Keramiktopf &#8211; gro\u00df"},"content":{"rendered":"<p>Keramikschleifen sind handgefertigt und werden niedlich als Accessoire auf dem Balkon oder der Terrasse verschenkt, wo Sie die ganze Saison \u00fcber Kr\u00e4uter und Blumen anbauen k\u00f6nnen,&#8230; Die Gr\u00f6\u00dfe des gr\u00f6\u00dferen Topfes betr\u00e4gt p12. Sie k\u00f6nnen zwischen wei\u00df oder rot bemalten Blumen auf einem Topf w\u00e4hlen. Sie k\u00f6nnen den Topf auch als Geschenk zusammen mit einem Kraut oder einer anderen Pflanze verwenden.<\/p>\n","protected":false},"excerpt":{"rendered":"<ul>\n<li>Keramik Dekorativer Topf<\/li>\n<li>Handgemacht<\/li>\n<li>Vielseitig einsetzbar<\/li>\n<li>Gesammeltes Aussehen<\/li>\n<li>Nat\u00fcrliches Material<\/li>\n<li>auf Lager im Einzelhandel, in der G\u00e4rtnerei<\/li>\n<\/ul>\n<h4><strong>Verpackt zu 1 St\u00fcck!<\/strong><\/h4>\n","protected":false},"featured_media":12922,"template":"","meta":{"site-sidebar-layout":"default","site-content-layout":"default","ast-site-content-layout":"default","site-content-style":"default","site-sidebar-style":"default","ast-global-header-display":"","ast-banner-title-visibility":"","ast-main-header-display":"","ast-hfb-above-header-display":"","ast-hfb-below-header-display":"","ast-hfb-mobile-header-display":"","site-post-title":"","ast-breadcrumbs-content":"","ast-featured-img":"","footer-sml-layout":"","ast-disable-related-posts":"","theme-transparent-header-meta":"default","adv-header-id-meta":"","stick-header-meta":"default","header-above-stick-meta":"","header-main-stick-meta":"","header-below-stick-meta":"","astra-migrate-meta-layouts":"default","ast-page-background-enabled":"default","ast-page-background-meta":{"desktop":{"background-color":"","background-image":"","background-repeat":"repeat","background-position":"center center","background-size":"auto","background-attachment":"scroll","background-type":"","background-media":"","overlay-type":"","overlay-color":"","overlay-opacity":"","overlay-gradient":""},"tablet":{"background-color":"","background-image":"","background-repeat":"repeat","background-position":"center center","background-size":"auto","background-attachment":"scroll","background-type":"","background-media":"","overlay-type":"","overlay-color":"","overlay-opacity":"","overlay-gradient":""},"mobile":{"background-color":"","background-image":"","background-repeat":"repeat","background-position":"center center","background-size":"auto","background-attachment":"scroll","background-type":"","background-media":"","overlay-type":"","overlay-color":"","overlay-opacity":"","overlay-gradient":""}},"ast-content-background-meta":{"desktop":{"background-color":"var(--ast-global-color-5)","background-image":"","background-repeat":"repeat","background-position":"center center","background-size":"auto","background-attachment":"scroll","background-type":"","background-media":"","overlay-type":"","overlay-color":"","overlay-opacity":"","overlay-gradient":""},"tablet":{"background-color":"var(--ast-global-color-5)","background-image":"","background-repeat":"repeat","background-position":"center center","background-size":"auto","background-attachment":"scroll","background-type":"","background-media":"","overlay-type":"","overlay-color":"","overlay-opacity":"","overlay-gradient":""},"mobile":{"background-color":"var(--ast-global-color-5)","background-image":"","background-repeat":"repeat","background-position":"center center","background-size":"auto","background-attachment":"scroll","background-type":"","background-media":"","overlay-type":"","overlay-color":"","overlay-opacity":"","overlay-gradient":""}}},"product_brand":[],"product_cat":[1462],"product_tag":[1113,1472,1467,1463],"class_list":["post-15478","product","type-product","status-publish","has-post-thumbnail","product_cat-keramische-produkte","product_tag-blumen-de","product_tag-dekorativer-topf","product_tag-handgemacht","product_tag-ton","desktop-align-left","tablet-align-left","mobile-align-left","ast-product-gallery-layout-horizontal","ast-product-gallery-with-no-image","ast-product-single-variable","ast-product-tabs-layout-horizontal","ast-qv-on-image","first","outofstock","taxable","shipping-taxable","purchasable","product-type-variable"],"aioseo_notices":[],"aioseo_head":"\n\t\t<!-- All in One SEO 5.0.1.1 - aioseo.com -->\n\t<meta name=\"description\" content=\"Keramik Dekorativer Topf Handgemacht Vielseitig einsetzbar Gesammeltes Aussehen Nat\u00fcrliches Material auf Lager im Einzelhandel, in der G\u00e4rtnerei Verpackt zu 1 St\u00fcck!\" \/>\n\t<meta name=\"robots\" content=\"max-image-preview:large\" \/>\n\t<meta name=\"google-site-verification\" content=\"1sO6GOIbhijVyOhvBZZbOsEVADo4T9w2a7D2KDR6zVI\" \/>\n\t<link rel=\"canonical\" href=\"https:\/\/flanca.si\/de\/produkt\/dekorierter-keramiktopf-gross\/\" \/>\n\t<meta name=\"generator\" content=\"All in One SEO (AIOSEO) 5.0.1.1\" \/>\n\t\t<meta property=\"og:locale\" content=\"de_DE\" \/>\n\t\t<meta property=\"og:site_name\" content=\"vrtne sadike FLANCA \u2013 Prodaja vrtnih sadik in ostale opreme\" \/>\n\t\t<meta property=\"og:type\" content=\"article\" \/>\n\t\t<meta property=\"og:title\" content=\"Dekorierter Keramiktopf \u2013 gro\u00df \u2013 vrtne sadike FLANCA\" \/>\n\t\t<meta property=\"og:description\" content=\"Keramik Dekorativer Topf Handgemacht Vielseitig einsetzbar Gesammeltes Aussehen Nat\u00fcrliches Material auf Lager im Einzelhandel, in der G\u00e4rtnerei Verpackt zu 1 St\u00fcck!\" \/>\n\t\t<meta property=\"og:url\" content=\"https:\/\/flanca.si\/de\/produkt\/dekorierter-keramiktopf-gross\/\" \/>\n\t\t<meta property=\"og:image\" content=\"https:\/\/flanca.si\/wp-content\/uploads\/2019\/11\/spletna-trgovina-s-sadikami-flanca.png\" \/>\n\t\t<meta property=\"og:image:secure_url\" content=\"https:\/\/flanca.si\/wp-content\/uploads\/2019\/11\/spletna-trgovina-s-sadikami-flanca.png\" \/>\n\t\t<meta property=\"article:published_time\" content=\"2020-08-21T10:12:39+00:00\" \/>\n\t\t<meta property=\"article:modified_time\" content=\"2020-08-21T10:12:39+00:00\" \/>\n\t\t<meta name=\"twitter:card\" content=\"summary_large_image\" \/>\n\t\t<meta name=\"twitter:title\" content=\"Dekorierter Keramiktopf \u2013 gro\u00df \u2013 vrtne sadike FLANCA\" \/>\n\t\t<meta name=\"twitter:description\" content=\"Keramik Dekorativer Topf Handgemacht Vielseitig einsetzbar Gesammeltes Aussehen Nat\u00fcrliches Material auf Lager im Einzelhandel, in der G\u00e4rtnerei Verpackt zu 1 St\u00fcck!\" \/>\n\t\t<meta name=\"twitter:image\" content=\"https:\/\/flanca.si\/wp-content\/uploads\/2019\/11\/spletna-trgovina-s-sadikami-flanca.png\" \/>\n\t\t<script type=\"application\/ld+json\" class=\"aioseo-schema\">\n\t\t\t{\"@context\":\"https:\\\/\\\/schema.org\",\"@graph\":[{\"@type\":\"BreadcrumbList\",\"@id\":\"https:\\\/\\\/flanca.si\\\/de\\\/produkt\\\/dekorierter-keramiktopf-gross\\\/#breadcrumblist\",\"itemListElement\":[{\"@type\":\"ListItem\",\"@id\":\"https:\\\/\\\/flanca.si\\\/de\\\/#listItem\",\"position\":1,\"name\":\"Domov\",\"item\":\"https:\\\/\\\/flanca.si\\\/de\\\/\",\"nextItem\":{\"@type\":\"ListItem\",\"@id\":\"https:\\\/\\\/flanca.si\\\/de\\\/shop\\\/#listItem\",\"name\":\"Shop\"}},{\"@type\":\"ListItem\",\"@id\":\"https:\\\/\\\/flanca.si\\\/de\\\/shop\\\/#listItem\",\"position\":2,\"name\":\"Shop\",\"item\":\"https:\\\/\\\/flanca.si\\\/de\\\/shop\\\/\",\"nextItem\":{\"@type\":\"ListItem\",\"@id\":\"https:\\\/\\\/flanca.si\\\/de\\\/Produktkategorie\\\/keramische-produkte\\\/#listItem\",\"name\":\"Keramische Produkte\"},\"previousItem\":{\"@type\":\"ListItem\",\"@id\":\"https:\\\/\\\/flanca.si\\\/de\\\/#listItem\",\"name\":\"Domov\"}},{\"@type\":\"ListItem\",\"@id\":\"https:\\\/\\\/flanca.si\\\/de\\\/Produktkategorie\\\/keramische-produkte\\\/#listItem\",\"position\":3,\"name\":\"Keramische Produkte\",\"item\":\"https:\\\/\\\/flanca.si\\\/de\\\/Produktkategorie\\\/keramische-produkte\\\/\",\"nextItem\":{\"@type\":\"ListItem\",\"@id\":\"https:\\\/\\\/flanca.si\\\/de\\\/produkt\\\/dekorierter-keramiktopf-gross\\\/#listItem\",\"name\":\"Dekorierter Keramiktopf &#8211; gro\\u00df\"},\"previousItem\":{\"@type\":\"ListItem\",\"@id\":\"https:\\\/\\\/flanca.si\\\/de\\\/shop\\\/#listItem\",\"name\":\"Shop\"}},{\"@type\":\"ListItem\",\"@id\":\"https:\\\/\\\/flanca.si\\\/de\\\/produkt\\\/dekorierter-keramiktopf-gross\\\/#listItem\",\"position\":4,\"name\":\"Dekorierter Keramiktopf &#8211; gro\\u00df\",\"previousItem\":{\"@type\":\"ListItem\",\"@id\":\"https:\\\/\\\/flanca.si\\\/de\\\/Produktkategorie\\\/keramische-produkte\\\/#listItem\",\"name\":\"Keramische Produkte\"}}]},{\"@type\":\"ItemPage\",\"@id\":\"https:\\\/\\\/flanca.si\\\/de\\\/produkt\\\/dekorierter-keramiktopf-gross\\\/#itempage\",\"url\":\"https:\\\/\\\/flanca.si\\\/de\\\/produkt\\\/dekorierter-keramiktopf-gross\\\/\",\"name\":\"Dekorierter Keramiktopf \\u2013 gro\\u00df \\u2013 vrtne sadike FLANCA\",\"description\":\"Keramik Dekorativer Topf Handgemacht Vielseitig einsetzbar Gesammeltes Aussehen Nat\\u00fcrliches Material auf Lager im Einzelhandel, in der G\\u00e4rtnerei Verpackt zu 1 St\\u00fcck!\",\"inLanguage\":\"de-DE\",\"isPartOf\":{\"@id\":\"https:\\\/\\\/flanca.si\\\/de\\\/#website\"},\"breadcrumb\":{\"@id\":\"https:\\\/\\\/flanca.si\\\/de\\\/produkt\\\/dekorierter-keramiktopf-gross\\\/#breadcrumblist\"},\"image\":{\"@type\":\"ImageObject\",\"url\":\"https:\\\/\\\/flanca.si\\\/wp-content\\\/uploads\\\/2020\\\/08\\\/glina-loncki-p12.jpg\",\"@id\":\"https:\\\/\\\/flanca.si\\\/de\\\/produkt\\\/dekorierter-keramiktopf-gross\\\/#mainImage\",\"width\":800,\"height\":664},\"primaryImageOfPage\":{\"@id\":\"https:\\\/\\\/flanca.si\\\/de\\\/produkt\\\/dekorierter-keramiktopf-gross\\\/#mainImage\"},\"datePublished\":\"2020-08-21T12:12:39+02:00\",\"dateModified\":\"2020-08-21T12:12:39+02:00\"},{\"@type\":\"Organization\",\"@id\":\"https:\\\/\\\/flanca.si\\\/de\\\/#organization\",\"name\":\"vrtne sadike FLANCA\",\"description\":\"Prodaja vrtnih sadik in ostale opreme\",\"url\":\"https:\\\/\\\/flanca.si\\\/de\\\/\",\"logo\":{\"@type\":\"ImageObject\",\"url\":\"https:\\\/\\\/flanca.si\\\/wp-content\\\/uploads\\\/2019\\\/11\\\/spletna-trgovina-s-sadikami-flanca.png\",\"@id\":\"https:\\\/\\\/flanca.si\\\/de\\\/produkt\\\/dekorierter-keramiktopf-gross\\\/#organizationLogo\",\"width\":151,\"height\":50,\"caption\":\"spletna trgovina s sadikami FLANCA\"},\"image\":{\"@id\":\"https:\\\/\\\/flanca.si\\\/de\\\/produkt\\\/dekorierter-keramiktopf-gross\\\/#organizationLogo\"}},{\"@type\":\"WebSite\",\"@id\":\"https:\\\/\\\/flanca.si\\\/de\\\/#website\",\"url\":\"https:\\\/\\\/flanca.si\\\/de\\\/\",\"name\":\"vrtne sadike FLANCA\",\"description\":\"Prodaja vrtnih sadik in ostale opreme\",\"inLanguage\":\"de-DE\",\"publisher\":{\"@id\":\"https:\\\/\\\/flanca.si\\\/de\\\/#organization\"}}]}\n\t\t<\/script>\n\t\t<!-- All in One SEO -->\n\n","aioseo_head_json":{"title":"Dekorierter Keramiktopf \u2013 gro\u00df \u2013 vrtne sadike FLANCA","description":"Keramik Dekorativer Topf Handgemacht Vielseitig einsetzbar Gesammeltes Aussehen Nat\u00fcrliches Material auf Lager im Einzelhandel, in der G\u00e4rtnerei Verpackt zu 1 St\u00fcck!","canonical_url":"https:\/\/flanca.si\/de\/produkt\/dekorierter-keramiktopf-gross\/","robots":"max-image-preview:large","keywords":"","webmasterTools":{"google-site-verification":"1sO6GOIbhijVyOhvBZZbOsEVADo4T9w2a7D2KDR6zVI","miscellaneous":""},"schema":{"@context":"https:\/\/schema.org","@graph":[{"@type":"BreadcrumbList","@id":"https:\/\/flanca.si\/de\/produkt\/dekorierter-keramiktopf-gross\/#breadcrumblist","itemListElement":[{"@type":"ListItem","@id":"https:\/\/flanca.si\/de\/#listItem","position":1,"name":"Domov","item":"https:\/\/flanca.si\/de\/","nextItem":{"@type":"ListItem","@id":"https:\/\/flanca.si\/de\/shop\/#listItem","name":"Shop"}},{"@type":"ListItem","@id":"https:\/\/flanca.si\/de\/shop\/#listItem","position":2,"name":"Shop","item":"https:\/\/flanca.si\/de\/shop\/","nextItem":{"@type":"ListItem","@id":"https:\/\/flanca.si\/de\/Produktkategorie\/keramische-produkte\/#listItem","name":"Keramische Produkte"},"previousItem":{"@type":"ListItem","@id":"https:\/\/flanca.si\/de\/#listItem","name":"Domov"}},{"@type":"ListItem","@id":"https:\/\/flanca.si\/de\/Produktkategorie\/keramische-produkte\/#listItem","position":3,"name":"Keramische Produkte","item":"https:\/\/flanca.si\/de\/Produktkategorie\/keramische-produkte\/","nextItem":{"@type":"ListItem","@id":"https:\/\/flanca.si\/de\/produkt\/dekorierter-keramiktopf-gross\/#listItem","name":"Dekorierter Keramiktopf &#8211; gro\u00df"},"previousItem":{"@type":"ListItem","@id":"https:\/\/flanca.si\/de\/shop\/#listItem","name":"Shop"}},{"@type":"ListItem","@id":"https:\/\/flanca.si\/de\/produkt\/dekorierter-keramiktopf-gross\/#listItem","position":4,"name":"Dekorierter Keramiktopf &#8211; gro\u00df","previousItem":{"@type":"ListItem","@id":"https:\/\/flanca.si\/de\/Produktkategorie\/keramische-produkte\/#listItem","name":"Keramische Produkte"}}]},{"@type":"ItemPage","@id":"https:\/\/flanca.si\/de\/produkt\/dekorierter-keramiktopf-gross\/#itempage","url":"https:\/\/flanca.si\/de\/produkt\/dekorierter-keramiktopf-gross\/","name":"Dekorierter Keramiktopf \u2013 gro\u00df \u2013 vrtne sadike FLANCA","description":"Keramik Dekorativer Topf Handgemacht Vielseitig einsetzbar Gesammeltes Aussehen Nat\u00fcrliches Material auf Lager im Einzelhandel, in der G\u00e4rtnerei Verpackt zu 1 St\u00fcck!","inLanguage":"de-DE","isPartOf":{"@id":"https:\/\/flanca.si\/de\/#website"},"breadcrumb":{"@id":"https:\/\/flanca.si\/de\/produkt\/dekorierter-keramiktopf-gross\/#breadcrumblist"},"image":{"@type":"ImageObject","url":"https:\/\/flanca.si\/wp-content\/uploads\/2020\/08\/glina-loncki-p12.jpg","@id":"https:\/\/flanca.si\/de\/produkt\/dekorierter-keramiktopf-gross\/#mainImage","width":800,"height":664},"primaryImageOfPage":{"@id":"https:\/\/flanca.si\/de\/produkt\/dekorierter-keramiktopf-gross\/#mainImage"},"datePublished":"2020-08-21T12:12:39+02:00","dateModified":"2020-08-21T12:12:39+02:00"},{"@type":"Organization","@id":"https:\/\/flanca.si\/de\/#organization","name":"vrtne sadike FLANCA","description":"Prodaja vrtnih sadik in ostale opreme","url":"https:\/\/flanca.si\/de\/","logo":{"@type":"ImageObject","url":"https:\/\/flanca.si\/wp-content\/uploads\/2019\/11\/spletna-trgovina-s-sadikami-flanca.png","@id":"https:\/\/flanca.si\/de\/produkt\/dekorierter-keramiktopf-gross\/#organizationLogo","width":151,"height":50,"caption":"spletna trgovina s sadikami FLANCA"},"image":{"@id":"https:\/\/flanca.si\/de\/produkt\/dekorierter-keramiktopf-gross\/#organizationLogo"}},{"@type":"WebSite","@id":"https:\/\/flanca.si\/de\/#website","url":"https:\/\/flanca.si\/de\/","name":"vrtne sadike FLANCA","description":"Prodaja vrtnih sadik in ostale opreme","inLanguage":"de-DE","publisher":{"@id":"https:\/\/flanca.si\/de\/#organization"}}]},"og:locale":"de_DE","og:site_name":"vrtne sadike FLANCA \u2013 Prodaja vrtnih sadik in ostale opreme","og:type":"article","og:title":"Dekorierter Keramiktopf \u2013 gro\u00df \u2013 vrtne sadike FLANCA","og:description":"Keramik Dekorativer Topf Handgemacht Vielseitig einsetzbar Gesammeltes Aussehen Nat\u00fcrliches Material auf Lager im Einzelhandel, in der G\u00e4rtnerei Verpackt zu 1 St\u00fcck!","og:url":"https:\/\/flanca.si\/de\/produkt\/dekorierter-keramiktopf-gross\/","og:image":"https:\/\/flanca.si\/wp-content\/uploads\/2019\/11\/spletna-trgovina-s-sadikami-flanca.png","og:image:secure_url":"https:\/\/flanca.si\/wp-content\/uploads\/2019\/11\/spletna-trgovina-s-sadikami-flanca.png","article:published_time":"2020-08-21T10:12:39+00:00","article:modified_time":"2020-08-21T10:12:39+00:00","twitter:card":"summary_large_image","twitter:title":"Dekorierter Keramiktopf \u2013 gro\u00df \u2013 vrtne sadike FLANCA","twitter:description":"Keramik Dekorativer Topf Handgemacht Vielseitig einsetzbar Gesammeltes Aussehen Nat\u00fcrliches Material auf Lager im Einzelhandel, in der G\u00e4rtnerei Verpackt zu 1 St\u00fcck!","twitter:image":"https:\/\/flanca.si\/wp-content\/uploads\/2019\/11\/spletna-trgovina-s-sadikami-flanca.png"},"aioseo_meta_data":{"post_id":"15478","title":null,"description":null,"keywords":null,"keyphrases":null,"primary_term":null,"canonical_url":null,"og_title":null,"og_description":null,"og_object_type":"default","og_image_type":"default","og_image_url":null,"og_image_width":null,"og_image_height":null,"og_image_custom_url":null,"og_image_custom_fields":null,"og_video":null,"og_custom_url":null,"og_article_section":null,"og_article_tags":null,"twitter_use_og":false,"twitter_card":"default","twitter_image_type":"default","twitter_image_url":null,"twitter_image_custom_url":null,"twitter_image_custom_fields":null,"twitter_title":null,"twitter_description":null,"schema":{"blockGraphs":[],"customGraphs":[],"default":{"data":{"Article":[],"Course":[],"Dataset":[],"FAQPage":[],"Movie":[],"Person":[],"Product":[],"ProductReview":[],"Car":[],"Recipe":[],"Service":[],"SoftwareApplication":[],"WebPage":[]},"graphName":"","isEnabled":true},"graphs":[]},"schema_type":"default","schema_type_options":null,"pillar_content":false,"robots_default":true,"robots_noindex":false,"robots_noarchive":false,"robots_nosnippet":false,"robots_nofollow":false,"robots_noimageindex":false,"robots_noodp":false,"robots_notranslate":false,"robots_max_snippet":null,"robots_max_videopreview":null,"robots_max_imagepreview":"large","priority":null,"frequency":null,"local_seo":null,"breadcrumb_settings":null,"limit_modified_date":false,"ai":null,"created":"2025-01-13 12:45:42","updated":"2025-06-07 07:01:41","seo_analyzer_scan_date":null,"focus_keyword":null,"additional_keywords":null,"truseo_locale":null},"aioseo_breadcrumb":"<div class=\"aioseo-breadcrumbs\"><span class=\"aioseo-breadcrumb\">\n\t\t\t<a href=\"https:\/\/flanca.si\/de\/\" title=\"Domov\">Domov<\/a>\n\t\t<\/span><span class=\"aioseo-breadcrumb-separator\">\u00bb<\/span><span class=\"aioseo-breadcrumb\">\n\t\t\t<a href=\"https:\/\/flanca.si\/de\/shop\/\" title=\"Shop\">Shop<\/a>\n\t\t<\/span><span class=\"aioseo-breadcrumb-separator\">\u00bb<\/span><span class=\"aioseo-breadcrumb\">\n\t\t\t<a href=\"https:\/\/flanca.si\/de\/Produktkategorie\/keramische-produkte\/\" title=\"Keramische Produkte\">Keramische Produkte<\/a>\n\t\t<\/span><span class=\"aioseo-breadcrumb-separator\">\u00bb<\/span><span class=\"aioseo-breadcrumb\">\n\t\t\tDekorierter Keramiktopf \u2013 gro\u00df\n\t\t<\/span><\/div>","aioseo_breadcrumb_json":[{"label":"Domov","link":"https:\/\/flanca.si\/de\/"},{"label":"Shop","link":"https:\/\/flanca.si\/de\/shop\/"},{"label":"Keramische Produkte","link":"https:\/\/flanca.si\/de\/Produktkategorie\/keramische-produkte\/"},{"label":"Dekorierter Keramiktopf &#8211; gro\u00df","link":"https:\/\/flanca.si\/de\/produkt\/dekorierter-keramiktopf-gross\/"}],"_links":{"self":[{"href":"https:\/\/flanca.si\/de\/wp-json\/wp\/v2\/product\/15478","targetHints":{"allow":["GET"]}}],"collection":[{"href":"https:\/\/flanca.si\/de\/wp-json\/wp\/v2\/product"}],"about":[{"href":"https:\/\/flanca.si\/de\/wp-json\/wp\/v2\/types\/product"}],"wp:featuredmedia":[{"embeddable":true,"href":"https:\/\/flanca.si\/de\/wp-json\/wp\/v2\/media\/12922"}],"wp:attachment":[{"href":"https:\/\/flanca.si\/de\/wp-json\/wp\/v2\/media?parent=15478"}],"wp:term":[{"taxonomy":"product_brand","embeddable":true,"href":"https:\/\/flanca.si\/de\/wp-json\/wp\/v2\/product_brand?post=15478"},{"taxonomy":"product_cat","embeddable":true,"href":"https:\/\/flanca.si\/de\/wp-json\/wp\/v2\/product_cat?post=15478"},{"taxonomy":"product_tag","embeddable":true,"href":"https:\/\/flanca.si\/de\/wp-json\/wp\/v2\/product_tag?post=15478"}],"curies":[{"name":"wp","href":"https:\/\/api.w.org\/{rel}","templated":true}]}}