{"id":15450,"date":"2020-10-13T10:21:59","date_gmt":"2020-10-13T08:21:59","guid":{"rendered":"https:\/\/flanca.si\/izdelek\/portugiesischer-lorbeer-angustifolia\/"},"modified":"2020-10-13T10:21:59","modified_gmt":"2020-10-13T08:21:59","slug":"portugiesischer-lorbeer-angustifolia","status":"publish","type":"product","link":"https:\/\/flanca.si\/de\/produkt\/portugiesischer-lorbeer-angustifolia\/","title":{"rendered":"Portugiesischer Lorbeer &#8218;Angustifolia&#8216;"},"content":{"rendered":"<p>Prunus lusitanica &#8218;Angustifolia&#8216;, auch bekannt als Portugiesischer Lorbeer, ist ein immergr\u00fcner Strauch oder kleiner Baum, der in S\u00fcdwesteuropa und Nordwestafrika beheimatet ist. Die Pflanze ist ber\u00fchmt f\u00fcr ihre Dichte und ihre gl\u00e4nzenden, dunkelgr\u00fcnen, schmal elliptischen Bl\u00e4tter, die jedem Garten Eleganz verleihen. Die Bl\u00e4tter sind etwa 6-12 Zentimeter lang und haben rote Blattstiele, was der Pflanze einen besonderen Kontrast verleiht. Prunus lusitanica &#8218;Angustifolia&#8216; erreicht eine H\u00f6he von bis zu 4-6 Metern und eine Breite von 3-5 Metern, kann aber durch R\u00fcckschnitt zu kleineren Str\u00e4uchern geformt werden. Im Fr\u00fchling bl\u00fcht die Pflanze mit winzigen, wei\u00dfen, duftenden Bl\u00fcten, die in aufrechten B\u00fcscheln gruppiert sind und Bienen und andere Best\u00e4uber anziehen. Nach der Bl\u00fcte entwickeln sich kleine, rote Fr\u00fcchte, die zu schwarzen Beeren heranreifen und bei V\u00f6geln beliebt sind. Die Pflanze ist resistent gegen eine Vielzahl von Wachstumsbedingungen, einschlie\u00dflich schlechter B\u00f6den und schattiger Standorte. Es ist auch sehr widerstandsf\u00e4hig gegen Verschmutzung, was es ideal f\u00fcr st\u00e4dtische Umgebungen macht. Die Pflanzenpflege ist minimal; In den ersten Jahren nach der Pflanzung muss sie regelm\u00e4\u00dfig gegossen werden, danach wird sie recht trockenheitsresistent. Ein R\u00fcckschnitt wird im Fr\u00fchjahr oder Fr\u00fchsommer empfohlen, um die gew\u00fcnschte Form und Dichte zu erhalten. Prunus lusitanica &#8218;Angustifolia&#8216; ist vielseitig einsetzbar. Er eignet sich ideal zum Anlegen von Hecken, als freistehender Strauch oder in Mischkulturen. Ihr dichter Wuchs und ihre sch\u00f6nen Bl\u00e4tter bieten das ganze Jahr \u00fcber eine hervorragende Privatsph\u00e4re (Hecken) und visuelles Interesse. Die H\u00f6he des oberirdischen Teils der Pflanze betr\u00e4gt 30cm.  <\/p>\n","protected":false},"excerpt":{"rendered":"<ul>\n<li><em>Prunus lusitanica &#8218;Angustifolia&#8216;<\/em><\/li>\n<li>Die Pflanze ist resistent gegen verschiedene Wachstumsbedingungen<\/li>\n<li>Die Bl\u00e4tter bleiben das ganze Jahr \u00fcber gr\u00fcn<\/li>\n<li>duftende wei\u00dfe Bl\u00fcten wachsen im Fr\u00fchling<\/li>\n<li>Ein R\u00fcckschnitt ist erforderlich, um Form und Dichte zu erhalten<\/li>\n<li>schmalere, lanzettliche, dunkelgr\u00fcne Bl\u00e4tter<\/li>\n<li>Geeignet f\u00fcr die Pflanzung von Hecken, als freistehender Strauch oder in Mischpflanzungen<\/li>\n<li>H\u00f6he bis zu 6 m<\/li>\n<li>Aktuelle S\u00e4mlingsh\u00f6he: 30cm<\/li>\n<\/ul>\n<h4><strong>Verpackt 1 S\u00e4mling auf einmal!<\/strong><\/h4>\n","protected":false},"featured_media":14657,"template":"","meta":{"site-sidebar-layout":"default","site-content-layout":"default","ast-site-content-layout":"default","site-content-style":"default","site-sidebar-style":"default","ast-global-header-display":"","ast-banner-title-visibility":"","ast-main-header-display":"","ast-hfb-above-header-display":"","ast-hfb-below-header-display":"","ast-hfb-mobile-header-display":"","site-post-title":"","ast-breadcrumbs-content":"","ast-featured-img":"","footer-sml-layout":"","ast-disable-related-posts":"","theme-transparent-header-meta":"default","adv-header-id-meta":"","stick-header-meta":"default","header-above-stick-meta":"","header-main-stick-meta":"","header-below-stick-meta":"","astra-migrate-meta-layouts":"default","ast-page-background-enabled":"default","ast-page-background-meta":{"desktop":{"background-color":"","background-image":"","background-repeat":"repeat","background-position":"center center","background-size":"auto","background-attachment":"scroll","background-type":"","background-media":"","overlay-type":"","overlay-color":"","overlay-opacity":"","overlay-gradient":""},"tablet":{"background-color":"","background-image":"","background-repeat":"repeat","background-position":"center center","background-size":"auto","background-attachment":"scroll","background-type":"","background-media":"","overlay-type":"","overlay-color":"","overlay-opacity":"","overlay-gradient":""},"mobile":{"background-color":"","background-image":"","background-repeat":"repeat","background-position":"center center","background-size":"auto","background-attachment":"scroll","background-type":"","background-media":"","overlay-type":"","overlay-color":"","overlay-opacity":"","overlay-gradient":""}},"ast-content-background-meta":{"desktop":{"background-color":"var(--ast-global-color-5)","background-image":"","background-repeat":"repeat","background-position":"center center","background-size":"auto","background-attachment":"scroll","background-type":"","background-media":"","overlay-type":"","overlay-color":"","overlay-opacity":"","overlay-gradient":""},"tablet":{"background-color":"var(--ast-global-color-5)","background-image":"","background-repeat":"repeat","background-position":"center center","background-size":"auto","background-attachment":"scroll","background-type":"","background-media":"","overlay-type":"","overlay-color":"","overlay-opacity":"","overlay-gradient":""},"mobile":{"background-color":"var(--ast-global-color-5)","background-image":"","background-repeat":"repeat","background-position":"center center","background-size":"auto","background-attachment":"scroll","background-type":"","background-media":"","overlay-type":"","overlay-color":"","overlay-opacity":"","overlay-gradient":""}}},"product_brand":[],"product_cat":[973],"product_tag":[951,874,1108],"class_list":["post-15450","product","type-product","status-publish","has-post-thumbnail","product_cat-lorbeeren-oder-prunus","product_tag-hecke","product_tag-immergrune-staude","product_tag-sommergrun","desktop-align-left","tablet-align-left","mobile-align-left","ast-product-gallery-layout-horizontal","ast-product-tabs-layout-horizontal","ast-qv-on-image","first","instock","taxable","shipping-taxable","purchasable","product-type-simple"],"aioseo_notices":[],"aioseo_head":"\n\t\t<!-- All in One SEO 5.0.1.1 - aioseo.com -->\n\t<meta name=\"description\" content=\"Prunus lusitanica &#039;Angustifolia&#039; Die Pflanze ist resistent gegen verschiedene Wachstumsbedingungen Die Bl\u00e4tter bleiben das ganze Jahr \u00fcber gr\u00fcn duftende wei\u00dfe Bl\u00fcten wachsen im Fr\u00fchling Ein R\u00fcckschnitt ist erforderlich, um Form und Dichte zu erhalten schmalere, lanzettliche, dunkelgr\u00fcne Bl\u00e4tter Geeignet f\u00fcr die Pflanzung von Hecken, als freistehender Strauch oder in Mischpflanzungen H\u00f6he bis zu 6 m Aktuelle S\u00e4mlingsh\u00f6he: 30cm Verpackt 1 S\u00e4mling auf einmal!\" \/>\n\t<meta name=\"robots\" content=\"max-image-preview:large\" \/>\n\t<meta name=\"google-site-verification\" content=\"1sO6GOIbhijVyOhvBZZbOsEVADo4T9w2a7D2KDR6zVI\" \/>\n\t<link rel=\"canonical\" href=\"https:\/\/flanca.si\/de\/produkt\/portugiesischer-lorbeer-angustifolia\/\" \/>\n\t<meta name=\"generator\" content=\"All in One SEO (AIOSEO) 5.0.1.1\" \/>\n\t\t<meta property=\"og:locale\" content=\"de_DE\" \/>\n\t\t<meta property=\"og:site_name\" content=\"vrtne sadike FLANCA \u2013 Prodaja vrtnih sadik in ostale opreme\" \/>\n\t\t<meta property=\"og:type\" content=\"article\" \/>\n\t\t<meta property=\"og:title\" content=\"Portugiesischer Lorbeer \u201aAngustifolia\u2018 \u2013 vrtne sadike FLANCA\" \/>\n\t\t<meta property=\"og:description\" content=\"Prunus lusitanica &#039;Angustifolia&#039; Die Pflanze ist resistent gegen verschiedene Wachstumsbedingungen Die Bl\u00e4tter bleiben das ganze Jahr \u00fcber gr\u00fcn duftende wei\u00dfe Bl\u00fcten wachsen im Fr\u00fchling Ein R\u00fcckschnitt ist erforderlich, um Form und Dichte zu erhalten schmalere, lanzettliche, dunkelgr\u00fcne Bl\u00e4tter Geeignet f\u00fcr die Pflanzung von Hecken, als freistehender Strauch oder in Mischpflanzungen H\u00f6he bis zu 6 m Aktuelle S\u00e4mlingsh\u00f6he: 30cm Verpackt 1 S\u00e4mling auf einmal!\" \/>\n\t\t<meta property=\"og:url\" content=\"https:\/\/flanca.si\/de\/produkt\/portugiesischer-lorbeer-angustifolia\/\" \/>\n\t\t<meta property=\"og:image\" content=\"https:\/\/flanca.si\/wp-content\/uploads\/2019\/11\/spletna-trgovina-s-sadikami-flanca.png\" \/>\n\t\t<meta property=\"og:image:secure_url\" content=\"https:\/\/flanca.si\/wp-content\/uploads\/2019\/11\/spletna-trgovina-s-sadikami-flanca.png\" \/>\n\t\t<meta property=\"article:published_time\" content=\"2020-10-13T08:21:59+00:00\" \/>\n\t\t<meta property=\"article:modified_time\" content=\"2020-10-13T08:21:59+00:00\" \/>\n\t\t<meta name=\"twitter:card\" content=\"summary_large_image\" \/>\n\t\t<meta name=\"twitter:title\" content=\"Portugiesischer Lorbeer \u201aAngustifolia\u2018 \u2013 vrtne sadike FLANCA\" \/>\n\t\t<meta name=\"twitter:description\" content=\"Prunus lusitanica &#039;Angustifolia&#039; Die Pflanze ist resistent gegen verschiedene Wachstumsbedingungen Die Bl\u00e4tter bleiben das ganze Jahr \u00fcber gr\u00fcn duftende wei\u00dfe Bl\u00fcten wachsen im Fr\u00fchling Ein R\u00fcckschnitt ist erforderlich, um Form und Dichte zu erhalten schmalere, lanzettliche, dunkelgr\u00fcne Bl\u00e4tter Geeignet f\u00fcr die Pflanzung von Hecken, als freistehender Strauch oder in Mischpflanzungen H\u00f6he bis zu 6 m Aktuelle S\u00e4mlingsh\u00f6he: 30cm Verpackt 1 S\u00e4mling auf einmal!\" \/>\n\t\t<meta name=\"twitter:image\" content=\"https:\/\/flanca.si\/wp-content\/uploads\/2019\/11\/spletna-trgovina-s-sadikami-flanca.png\" \/>\n\t\t<script type=\"application\/ld+json\" class=\"aioseo-schema\">\n\t\t\t{\"@context\":\"https:\\\/\\\/schema.org\",\"@graph\":[{\"@type\":\"BreadcrumbList\",\"@id\":\"https:\\\/\\\/flanca.si\\\/de\\\/produkt\\\/portugiesischer-lorbeer-angustifolia\\\/#breadcrumblist\",\"itemListElement\":[{\"@type\":\"ListItem\",\"@id\":\"https:\\\/\\\/flanca.si\\\/de\\\/#listItem\",\"position\":1,\"name\":\"Domov\",\"item\":\"https:\\\/\\\/flanca.si\\\/de\\\/\",\"nextItem\":{\"@type\":\"ListItem\",\"@id\":\"https:\\\/\\\/flanca.si\\\/de\\\/shop\\\/#listItem\",\"name\":\"Shop\"}},{\"@type\":\"ListItem\",\"@id\":\"https:\\\/\\\/flanca.si\\\/de\\\/shop\\\/#listItem\",\"position\":2,\"name\":\"Shop\",\"item\":\"https:\\\/\\\/flanca.si\\\/de\\\/shop\\\/\",\"nextItem\":{\"@type\":\"ListItem\",\"@id\":\"https:\\\/\\\/flanca.si\\\/de\\\/Produktkategorie\\\/zierpflanzen\\\/#listItem\",\"name\":\"Zierpflanzen\"},\"previousItem\":{\"@type\":\"ListItem\",\"@id\":\"https:\\\/\\\/flanca.si\\\/de\\\/#listItem\",\"name\":\"Domov\"}},{\"@type\":\"ListItem\",\"@id\":\"https:\\\/\\\/flanca.si\\\/de\\\/Produktkategorie\\\/zierpflanzen\\\/#listItem\",\"position\":3,\"name\":\"Zierpflanzen\",\"item\":\"https:\\\/\\\/flanca.si\\\/de\\\/Produktkategorie\\\/zierpflanzen\\\/\",\"nextItem\":{\"@type\":\"ListItem\",\"@id\":\"https:\\\/\\\/flanca.si\\\/de\\\/Produktkategorie\\\/zierpflanzen\\\/lorbeeren-oder-prunus\\\/#listItem\",\"name\":\"Lorbeeren oder Prunus\"},\"previousItem\":{\"@type\":\"ListItem\",\"@id\":\"https:\\\/\\\/flanca.si\\\/de\\\/shop\\\/#listItem\",\"name\":\"Shop\"}},{\"@type\":\"ListItem\",\"@id\":\"https:\\\/\\\/flanca.si\\\/de\\\/Produktkategorie\\\/zierpflanzen\\\/lorbeeren-oder-prunus\\\/#listItem\",\"position\":4,\"name\":\"Lorbeeren oder Prunus\",\"item\":\"https:\\\/\\\/flanca.si\\\/de\\\/Produktkategorie\\\/zierpflanzen\\\/lorbeeren-oder-prunus\\\/\",\"nextItem\":{\"@type\":\"ListItem\",\"@id\":\"https:\\\/\\\/flanca.si\\\/de\\\/produkt\\\/portugiesischer-lorbeer-angustifolia\\\/#listItem\",\"name\":\"Portugiesischer Lorbeer &#8218;Angustifolia&#8216;\"},\"previousItem\":{\"@type\":\"ListItem\",\"@id\":\"https:\\\/\\\/flanca.si\\\/de\\\/Produktkategorie\\\/zierpflanzen\\\/#listItem\",\"name\":\"Zierpflanzen\"}},{\"@type\":\"ListItem\",\"@id\":\"https:\\\/\\\/flanca.si\\\/de\\\/produkt\\\/portugiesischer-lorbeer-angustifolia\\\/#listItem\",\"position\":5,\"name\":\"Portugiesischer Lorbeer &#8218;Angustifolia&#8216;\",\"previousItem\":{\"@type\":\"ListItem\",\"@id\":\"https:\\\/\\\/flanca.si\\\/de\\\/Produktkategorie\\\/zierpflanzen\\\/lorbeeren-oder-prunus\\\/#listItem\",\"name\":\"Lorbeeren oder Prunus\"}}]},{\"@type\":\"ItemPage\",\"@id\":\"https:\\\/\\\/flanca.si\\\/de\\\/produkt\\\/portugiesischer-lorbeer-angustifolia\\\/#itempage\",\"url\":\"https:\\\/\\\/flanca.si\\\/de\\\/produkt\\\/portugiesischer-lorbeer-angustifolia\\\/\",\"name\":\"Portugiesischer Lorbeer \\u201aAngustifolia\\u2018 \\u2013 vrtne sadike FLANCA\",\"description\":\"Prunus lusitanica 'Angustifolia' Die Pflanze ist resistent gegen verschiedene Wachstumsbedingungen Die Bl\\u00e4tter bleiben das ganze Jahr \\u00fcber gr\\u00fcn duftende wei\\u00dfe Bl\\u00fcten wachsen im Fr\\u00fchling Ein R\\u00fcckschnitt ist erforderlich, um Form und Dichte zu erhalten schmalere, lanzettliche, dunkelgr\\u00fcne Bl\\u00e4tter Geeignet f\\u00fcr die Pflanzung von Hecken, als freistehender Strauch oder in Mischpflanzungen H\\u00f6he bis zu 6 m Aktuelle S\\u00e4mlingsh\\u00f6he: 30cm Verpackt 1 S\\u00e4mling auf einmal!\",\"inLanguage\":\"de-DE\",\"isPartOf\":{\"@id\":\"https:\\\/\\\/flanca.si\\\/de\\\/#website\"},\"breadcrumb\":{\"@id\":\"https:\\\/\\\/flanca.si\\\/de\\\/produkt\\\/portugiesischer-lorbeer-angustifolia\\\/#breadcrumblist\"},\"image\":{\"@type\":\"ImageObject\",\"url\":\"https:\\\/\\\/flanca.si\\\/wp-content\\\/uploads\\\/2020\\\/10\\\/portugalski_lovorikovec.jpg\",\"@id\":\"https:\\\/\\\/flanca.si\\\/de\\\/produkt\\\/portugiesischer-lorbeer-angustifolia\\\/#mainImage\",\"width\":1060,\"height\":1203},\"primaryImageOfPage\":{\"@id\":\"https:\\\/\\\/flanca.si\\\/de\\\/produkt\\\/portugiesischer-lorbeer-angustifolia\\\/#mainImage\"},\"datePublished\":\"2020-10-13T10:21:59+02:00\",\"dateModified\":\"2020-10-13T10:21:59+02:00\"},{\"@type\":\"Organization\",\"@id\":\"https:\\\/\\\/flanca.si\\\/de\\\/#organization\",\"name\":\"vrtne sadike FLANCA\",\"description\":\"Prodaja vrtnih sadik in ostale opreme\",\"url\":\"https:\\\/\\\/flanca.si\\\/de\\\/\",\"logo\":{\"@type\":\"ImageObject\",\"url\":\"https:\\\/\\\/flanca.si\\\/wp-content\\\/uploads\\\/2019\\\/11\\\/spletna-trgovina-s-sadikami-flanca.png\",\"@id\":\"https:\\\/\\\/flanca.si\\\/de\\\/produkt\\\/portugiesischer-lorbeer-angustifolia\\\/#organizationLogo\",\"width\":151,\"height\":50,\"caption\":\"spletna trgovina s sadikami FLANCA\"},\"image\":{\"@id\":\"https:\\\/\\\/flanca.si\\\/de\\\/produkt\\\/portugiesischer-lorbeer-angustifolia\\\/#organizationLogo\"}},{\"@type\":\"WebSite\",\"@id\":\"https:\\\/\\\/flanca.si\\\/de\\\/#website\",\"url\":\"https:\\\/\\\/flanca.si\\\/de\\\/\",\"name\":\"vrtne sadike FLANCA\",\"description\":\"Prodaja vrtnih sadik in ostale opreme\",\"inLanguage\":\"de-DE\",\"publisher\":{\"@id\":\"https:\\\/\\\/flanca.si\\\/de\\\/#organization\"}}]}\n\t\t<\/script>\n\t\t<!-- All in One SEO -->\n\n","aioseo_head_json":{"title":"Portugiesischer Lorbeer \u201aAngustifolia\u2018 \u2013 vrtne sadike FLANCA","description":"Prunus lusitanica 'Angustifolia' Die Pflanze ist resistent gegen verschiedene Wachstumsbedingungen Die Bl\u00e4tter bleiben das ganze Jahr \u00fcber gr\u00fcn duftende wei\u00dfe Bl\u00fcten wachsen im Fr\u00fchling Ein R\u00fcckschnitt ist erforderlich, um Form und Dichte zu erhalten schmalere, lanzettliche, dunkelgr\u00fcne Bl\u00e4tter Geeignet f\u00fcr die Pflanzung von Hecken, als freistehender Strauch oder in Mischpflanzungen H\u00f6he bis zu 6 m Aktuelle S\u00e4mlingsh\u00f6he: 30cm Verpackt 1 S\u00e4mling auf einmal!","canonical_url":"https:\/\/flanca.si\/de\/produkt\/portugiesischer-lorbeer-angustifolia\/","robots":"max-image-preview:large","keywords":"","webmasterTools":{"google-site-verification":"1sO6GOIbhijVyOhvBZZbOsEVADo4T9w2a7D2KDR6zVI","miscellaneous":""},"schema":{"@context":"https:\/\/schema.org","@graph":[{"@type":"BreadcrumbList","@id":"https:\/\/flanca.si\/de\/produkt\/portugiesischer-lorbeer-angustifolia\/#breadcrumblist","itemListElement":[{"@type":"ListItem","@id":"https:\/\/flanca.si\/de\/#listItem","position":1,"name":"Domov","item":"https:\/\/flanca.si\/de\/","nextItem":{"@type":"ListItem","@id":"https:\/\/flanca.si\/de\/shop\/#listItem","name":"Shop"}},{"@type":"ListItem","@id":"https:\/\/flanca.si\/de\/shop\/#listItem","position":2,"name":"Shop","item":"https:\/\/flanca.si\/de\/shop\/","nextItem":{"@type":"ListItem","@id":"https:\/\/flanca.si\/de\/Produktkategorie\/zierpflanzen\/#listItem","name":"Zierpflanzen"},"previousItem":{"@type":"ListItem","@id":"https:\/\/flanca.si\/de\/#listItem","name":"Domov"}},{"@type":"ListItem","@id":"https:\/\/flanca.si\/de\/Produktkategorie\/zierpflanzen\/#listItem","position":3,"name":"Zierpflanzen","item":"https:\/\/flanca.si\/de\/Produktkategorie\/zierpflanzen\/","nextItem":{"@type":"ListItem","@id":"https:\/\/flanca.si\/de\/Produktkategorie\/zierpflanzen\/lorbeeren-oder-prunus\/#listItem","name":"Lorbeeren oder Prunus"},"previousItem":{"@type":"ListItem","@id":"https:\/\/flanca.si\/de\/shop\/#listItem","name":"Shop"}},{"@type":"ListItem","@id":"https:\/\/flanca.si\/de\/Produktkategorie\/zierpflanzen\/lorbeeren-oder-prunus\/#listItem","position":4,"name":"Lorbeeren oder Prunus","item":"https:\/\/flanca.si\/de\/Produktkategorie\/zierpflanzen\/lorbeeren-oder-prunus\/","nextItem":{"@type":"ListItem","@id":"https:\/\/flanca.si\/de\/produkt\/portugiesischer-lorbeer-angustifolia\/#listItem","name":"Portugiesischer Lorbeer &#8218;Angustifolia&#8216;"},"previousItem":{"@type":"ListItem","@id":"https:\/\/flanca.si\/de\/Produktkategorie\/zierpflanzen\/#listItem","name":"Zierpflanzen"}},{"@type":"ListItem","@id":"https:\/\/flanca.si\/de\/produkt\/portugiesischer-lorbeer-angustifolia\/#listItem","position":5,"name":"Portugiesischer Lorbeer &#8218;Angustifolia&#8216;","previousItem":{"@type":"ListItem","@id":"https:\/\/flanca.si\/de\/Produktkategorie\/zierpflanzen\/lorbeeren-oder-prunus\/#listItem","name":"Lorbeeren oder Prunus"}}]},{"@type":"ItemPage","@id":"https:\/\/flanca.si\/de\/produkt\/portugiesischer-lorbeer-angustifolia\/#itempage","url":"https:\/\/flanca.si\/de\/produkt\/portugiesischer-lorbeer-angustifolia\/","name":"Portugiesischer Lorbeer \u201aAngustifolia\u2018 \u2013 vrtne sadike FLANCA","description":"Prunus lusitanica 'Angustifolia' Die Pflanze ist resistent gegen verschiedene Wachstumsbedingungen Die Bl\u00e4tter bleiben das ganze Jahr \u00fcber gr\u00fcn duftende wei\u00dfe Bl\u00fcten wachsen im Fr\u00fchling Ein R\u00fcckschnitt ist erforderlich, um Form und Dichte zu erhalten schmalere, lanzettliche, dunkelgr\u00fcne Bl\u00e4tter Geeignet f\u00fcr die Pflanzung von Hecken, als freistehender Strauch oder in Mischpflanzungen H\u00f6he bis zu 6 m Aktuelle S\u00e4mlingsh\u00f6he: 30cm Verpackt 1 S\u00e4mling auf einmal!","inLanguage":"de-DE","isPartOf":{"@id":"https:\/\/flanca.si\/de\/#website"},"breadcrumb":{"@id":"https:\/\/flanca.si\/de\/produkt\/portugiesischer-lorbeer-angustifolia\/#breadcrumblist"},"image":{"@type":"ImageObject","url":"https:\/\/flanca.si\/wp-content\/uploads\/2020\/10\/portugalski_lovorikovec.jpg","@id":"https:\/\/flanca.si\/de\/produkt\/portugiesischer-lorbeer-angustifolia\/#mainImage","width":1060,"height":1203},"primaryImageOfPage":{"@id":"https:\/\/flanca.si\/de\/produkt\/portugiesischer-lorbeer-angustifolia\/#mainImage"},"datePublished":"2020-10-13T10:21:59+02:00","dateModified":"2020-10-13T10:21:59+02:00"},{"@type":"Organization","@id":"https:\/\/flanca.si\/de\/#organization","name":"vrtne sadike FLANCA","description":"Prodaja vrtnih sadik in ostale opreme","url":"https:\/\/flanca.si\/de\/","logo":{"@type":"ImageObject","url":"https:\/\/flanca.si\/wp-content\/uploads\/2019\/11\/spletna-trgovina-s-sadikami-flanca.png","@id":"https:\/\/flanca.si\/de\/produkt\/portugiesischer-lorbeer-angustifolia\/#organizationLogo","width":151,"height":50,"caption":"spletna trgovina s sadikami FLANCA"},"image":{"@id":"https:\/\/flanca.si\/de\/produkt\/portugiesischer-lorbeer-angustifolia\/#organizationLogo"}},{"@type":"WebSite","@id":"https:\/\/flanca.si\/de\/#website","url":"https:\/\/flanca.si\/de\/","name":"vrtne sadike FLANCA","description":"Prodaja vrtnih sadik in ostale opreme","inLanguage":"de-DE","publisher":{"@id":"https:\/\/flanca.si\/de\/#organization"}}]},"og:locale":"de_DE","og:site_name":"vrtne sadike FLANCA \u2013 Prodaja vrtnih sadik in ostale opreme","og:type":"article","og:title":"Portugiesischer Lorbeer \u201aAngustifolia\u2018 \u2013 vrtne sadike FLANCA","og:description":"Prunus lusitanica 'Angustifolia' Die Pflanze ist resistent gegen verschiedene Wachstumsbedingungen Die Bl\u00e4tter bleiben das ganze Jahr \u00fcber gr\u00fcn duftende wei\u00dfe Bl\u00fcten wachsen im Fr\u00fchling Ein R\u00fcckschnitt ist erforderlich, um Form und Dichte zu erhalten schmalere, lanzettliche, dunkelgr\u00fcne Bl\u00e4tter Geeignet f\u00fcr die Pflanzung von Hecken, als freistehender Strauch oder in Mischpflanzungen H\u00f6he bis zu 6 m Aktuelle S\u00e4mlingsh\u00f6he: 30cm Verpackt 1 S\u00e4mling auf einmal!","og:url":"https:\/\/flanca.si\/de\/produkt\/portugiesischer-lorbeer-angustifolia\/","og:image":"https:\/\/flanca.si\/wp-content\/uploads\/2019\/11\/spletna-trgovina-s-sadikami-flanca.png","og:image:secure_url":"https:\/\/flanca.si\/wp-content\/uploads\/2019\/11\/spletna-trgovina-s-sadikami-flanca.png","article:published_time":"2020-10-13T08:21:59+00:00","article:modified_time":"2020-10-13T08:21:59+00:00","twitter:card":"summary_large_image","twitter:title":"Portugiesischer Lorbeer \u201aAngustifolia\u2018 \u2013 vrtne sadike FLANCA","twitter:description":"Prunus lusitanica 'Angustifolia' Die Pflanze ist resistent gegen verschiedene Wachstumsbedingungen Die Bl\u00e4tter bleiben das ganze Jahr \u00fcber gr\u00fcn duftende wei\u00dfe Bl\u00fcten wachsen im Fr\u00fchling Ein R\u00fcckschnitt ist erforderlich, um Form und Dichte zu erhalten schmalere, lanzettliche, dunkelgr\u00fcne Bl\u00e4tter Geeignet f\u00fcr die Pflanzung von Hecken, als freistehender Strauch oder in Mischpflanzungen H\u00f6he bis zu 6 m Aktuelle S\u00e4mlingsh\u00f6he: 30cm Verpackt 1 S\u00e4mling auf einmal!","twitter:image":"https:\/\/flanca.si\/wp-content\/uploads\/2019\/11\/spletna-trgovina-s-sadikami-flanca.png"},"aioseo_meta_data":{"post_id":"15450","title":null,"description":null,"keywords":null,"keyphrases":{"focus":{"keyphrase":"","score":0,"analysis":{"keyphraseInTitle":{"score":0,"maxScore":9,"error":1}}},"additional":[]},"primary_term":null,"canonical_url":null,"og_title":null,"og_description":null,"og_object_type":"default","og_image_type":"default","og_image_url":null,"og_image_width":null,"og_image_height":null,"og_image_custom_url":null,"og_image_custom_fields":null,"og_video":"","og_custom_url":null,"og_article_section":null,"og_article_tags":null,"twitter_use_og":false,"twitter_card":"default","twitter_image_type":"default","twitter_image_url":null,"twitter_image_custom_url":null,"twitter_image_custom_fields":null,"twitter_title":null,"twitter_description":null,"schema":{"blockGraphs":[],"customGraphs":[],"default":{"data":{"Article":[],"Course":[],"Dataset":[],"FAQPage":[],"Movie":[],"Person":[],"Product":[],"ProductReview":[],"Car":[],"Recipe":[],"Service":[],"SoftwareApplication":[],"WebPage":[]},"graphName":"ItemPage","isEnabled":true},"graphs":[]},"schema_type":"default","schema_type_options":null,"pillar_content":false,"robots_default":true,"robots_noindex":false,"robots_noarchive":false,"robots_nosnippet":false,"robots_nofollow":false,"robots_noimageindex":false,"robots_noodp":false,"robots_notranslate":false,"robots_max_snippet":"-1","robots_max_videopreview":"-1","robots_max_imagepreview":"large","priority":null,"frequency":"default","local_seo":null,"breadcrumb_settings":null,"limit_modified_date":false,"ai":null,"created":"2025-01-13 12:45:03","updated":"2025-06-07 07:08:17","seo_analyzer_scan_date":null,"focus_keyword":null,"additional_keywords":null,"truseo_locale":null},"aioseo_breadcrumb":"<div class=\"aioseo-breadcrumbs\"><span class=\"aioseo-breadcrumb\">\n\t\t\t<a href=\"https:\/\/flanca.si\/de\/\" title=\"Domov\">Domov<\/a>\n\t\t<\/span><span class=\"aioseo-breadcrumb-separator\">\u00bb<\/span><span class=\"aioseo-breadcrumb\">\n\t\t\t<a href=\"https:\/\/flanca.si\/de\/shop\/\" title=\"Shop\">Shop<\/a>\n\t\t<\/span><span class=\"aioseo-breadcrumb-separator\">\u00bb<\/span><span class=\"aioseo-breadcrumb\">\n\t\t\t<a href=\"https:\/\/flanca.si\/de\/Produktkategorie\/zierpflanzen\/\" title=\"Zierpflanzen\">Zierpflanzen<\/a>\n\t\t<\/span><span class=\"aioseo-breadcrumb-separator\">\u00bb<\/span><span class=\"aioseo-breadcrumb\">\n\t\t\t<a href=\"https:\/\/flanca.si\/de\/Produktkategorie\/zierpflanzen\/lorbeeren-oder-prunus\/\" title=\"Lorbeeren oder Prunus\">Lorbeeren oder Prunus<\/a>\n\t\t<\/span><span class=\"aioseo-breadcrumb-separator\">\u00bb<\/span><span class=\"aioseo-breadcrumb\">\n\t\t\tPortugiesischer Lorbeer \u201aAngustifolia\u2018\n\t\t<\/span><\/div>","aioseo_breadcrumb_json":[{"label":"Domov","link":"https:\/\/flanca.si\/de\/"},{"label":"Shop","link":"https:\/\/flanca.si\/de\/shop\/"},{"label":"Zierpflanzen","link":"https:\/\/flanca.si\/de\/Produktkategorie\/zierpflanzen\/"},{"label":"Lorbeeren oder Prunus","link":"https:\/\/flanca.si\/de\/Produktkategorie\/zierpflanzen\/lorbeeren-oder-prunus\/"},{"label":"Portugiesischer Lorbeer &#8218;Angustifolia&#8216;","link":"https:\/\/flanca.si\/de\/produkt\/portugiesischer-lorbeer-angustifolia\/"}],"_links":{"self":[{"href":"https:\/\/flanca.si\/de\/wp-json\/wp\/v2\/product\/15450","targetHints":{"allow":["GET"]}}],"collection":[{"href":"https:\/\/flanca.si\/de\/wp-json\/wp\/v2\/product"}],"about":[{"href":"https:\/\/flanca.si\/de\/wp-json\/wp\/v2\/types\/product"}],"wp:featuredmedia":[{"embeddable":true,"href":"https:\/\/flanca.si\/de\/wp-json\/wp\/v2\/media\/14657"}],"wp:attachment":[{"href":"https:\/\/flanca.si\/de\/wp-json\/wp\/v2\/media?parent=15450"}],"wp:term":[{"taxonomy":"product_brand","embeddable":true,"href":"https:\/\/flanca.si\/de\/wp-json\/wp\/v2\/product_brand?post=15450"},{"taxonomy":"product_cat","embeddable":true,"href":"https:\/\/flanca.si\/de\/wp-json\/wp\/v2\/product_cat?post=15450"},{"taxonomy":"product_tag","embeddable":true,"href":"https:\/\/flanca.si\/de\/wp-json\/wp\/v2\/product_tag?post=15450"}],"curies":[{"name":"wp","href":"https:\/\/api.w.org\/{rel}","templated":true}]}}