{"id":15431,"date":"2021-01-13T07:57:53","date_gmt":"2021-01-13T06:57:53","guid":{"rendered":"https:\/\/flanca.si\/izdelek\/zitronen-basilikum\/"},"modified":"2021-01-13T07:57:53","modified_gmt":"2021-01-13T06:57:53","slug":"zitronen-basilikum","status":"publish","type":"product","link":"https:\/\/flanca.si\/de\/produkt\/zitronen-basilikum\/","title":{"rendered":"Zitronen-Basilikum"},"content":{"rendered":"<p>Zitrone Basilikum Sweet Lemon w\u00e4chst zu einem kompakten Strauch heran, der bis zu 30 cm hoch wird. Kleinere Bl\u00e4tter haben ein angenehmes Zitronenaroma. Die ausgew\u00e4hlte Sorte eignet sich f\u00fcr die Pflanzung in gr\u00f6\u00dferen T\u00f6pfen oder Balkontr\u00f6gen. Sie wird an einem sonnigen Standort in einem abgetropften Substrat gepflanzt. Es ist n\u00fctzlich beim Kochen bei der Zubereitung von Salaten, Suppen, Grillgerichten, Fisch&#8230; Gute Nachbarn von Basilikum sind Paprika, Tomaten, Gurken, Auberginen, K\u00fcrbis, Kohlrabi, Kohlrabi, R\u00fcben, Petersilie, Spinat, Wassermelonen, Melonen. <\/p>\n","protected":false},"excerpt":{"rendered":"<ul>\n<li>Strauch-Basilikum<\/li>\n<li>kleinere gr\u00fcne Bl\u00e4tter mit Zitronenaroma<\/li>\n<li>Geeignet f\u00fcr die Pflanzung in Tr\u00f6gen und T\u00f6pfen<\/li>\n<li>sonnige Lagen<\/li>\n<\/ul>\n<h4><strong>Packung mit 1 S\u00e4mling!<\/strong><\/h4>\n","protected":false},"featured_media":13588,"template":"","meta":{"site-sidebar-layout":"default","site-content-layout":"default","ast-site-content-layout":"default","site-content-style":"default","site-sidebar-style":"default","ast-global-header-display":"","ast-banner-title-visibility":"","ast-main-header-display":"","ast-hfb-above-header-display":"","ast-hfb-below-header-display":"","ast-hfb-mobile-header-display":"","site-post-title":"","ast-breadcrumbs-content":"","ast-featured-img":"","footer-sml-layout":"","ast-disable-related-posts":"","theme-transparent-header-meta":"default","adv-header-id-meta":"","stick-header-meta":"default","header-above-stick-meta":"","header-main-stick-meta":"","header-below-stick-meta":"","astra-migrate-meta-layouts":"default","ast-page-background-enabled":"default","ast-page-background-meta":{"desktop":{"background-color":"","background-image":"","background-repeat":"repeat","background-position":"center center","background-size":"auto","background-attachment":"scroll","background-type":"","background-media":"","overlay-type":"","overlay-color":"","overlay-opacity":"","overlay-gradient":""},"tablet":{"background-color":"","background-image":"","background-repeat":"repeat","background-position":"center center","background-size":"auto","background-attachment":"scroll","background-type":"","background-media":"","overlay-type":"","overlay-color":"","overlay-opacity":"","overlay-gradient":""},"mobile":{"background-color":"","background-image":"","background-repeat":"repeat","background-position":"center center","background-size":"auto","background-attachment":"scroll","background-type":"","background-media":"","overlay-type":"","overlay-color":"","overlay-opacity":"","overlay-gradient":""}},"ast-content-background-meta":{"desktop":{"background-color":"var(--ast-global-color-5)","background-image":"","background-repeat":"repeat","background-position":"center center","background-size":"auto","background-attachment":"scroll","background-type":"","background-media":"","overlay-type":"","overlay-color":"","overlay-opacity":"","overlay-gradient":""},"tablet":{"background-color":"var(--ast-global-color-5)","background-image":"","background-repeat":"repeat","background-position":"center center","background-size":"auto","background-attachment":"scroll","background-type":"","background-media":"","overlay-type":"","overlay-color":"","overlay-opacity":"","overlay-gradient":""},"mobile":{"background-color":"var(--ast-global-color-5)","background-image":"","background-repeat":"repeat","background-position":"center center","background-size":"auto","background-attachment":"scroll","background-type":"","background-media":"","overlay-type":"","overlay-color":"","overlay-opacity":"","overlay-gradient":""}}},"product_brand":[],"product_cat":[1002],"product_tag":[1066,1138,1064],"class_list":["post-15431","product","type-product","status-publish","has-post-thumbnail","product_cat-andere-krauter","product_tag-basilikum","product_tag-gewurz","product_tag-gewurze","desktop-align-left","tablet-align-left","mobile-align-left","ast-product-gallery-layout-horizontal","ast-product-gallery-with-no-image","ast-product-tabs-layout-horizontal","ast-qv-on-image","first","outofstock","taxable","shipping-taxable","purchasable","product-type-simple"],"aioseo_notices":[],"aioseo_head":"\n\t\t<!-- All in One SEO 5.0.1.1 - aioseo.com -->\n\t<meta name=\"description\" content=\"Strauch-Basilikum kleinere gr\u00fcne Bl\u00e4tter mit Zitronenaroma Geeignet f\u00fcr die Pflanzung in Tr\u00f6gen und T\u00f6pfen sonnige Lagen Packung mit 1 S\u00e4mling!\" \/>\n\t<meta name=\"robots\" content=\"max-image-preview:large\" \/>\n\t<meta name=\"google-site-verification\" content=\"1sO6GOIbhijVyOhvBZZbOsEVADo4T9w2a7D2KDR6zVI\" \/>\n\t<link rel=\"canonical\" href=\"https:\/\/flanca.si\/de\/produkt\/zitronen-basilikum\/\" \/>\n\t<meta name=\"generator\" content=\"All in One SEO (AIOSEO) 5.0.1.1\" \/>\n\t\t<meta property=\"og:locale\" content=\"de_DE\" \/>\n\t\t<meta property=\"og:site_name\" content=\"vrtne sadike FLANCA \u2013 Prodaja vrtnih sadik in ostale opreme\" \/>\n\t\t<meta property=\"og:type\" content=\"article\" \/>\n\t\t<meta property=\"og:title\" content=\"Zitronen-Basilikum \u2013 vrtne sadike FLANCA\" \/>\n\t\t<meta property=\"og:description\" content=\"Strauch-Basilikum kleinere gr\u00fcne Bl\u00e4tter mit Zitronenaroma Geeignet f\u00fcr die Pflanzung in Tr\u00f6gen und T\u00f6pfen sonnige Lagen Packung mit 1 S\u00e4mling!\" \/>\n\t\t<meta property=\"og:url\" content=\"https:\/\/flanca.si\/de\/produkt\/zitronen-basilikum\/\" \/>\n\t\t<meta property=\"og:image\" content=\"https:\/\/flanca.si\/wp-content\/uploads\/2019\/11\/spletna-trgovina-s-sadikami-flanca.png\" \/>\n\t\t<meta property=\"og:image:secure_url\" content=\"https:\/\/flanca.si\/wp-content\/uploads\/2019\/11\/spletna-trgovina-s-sadikami-flanca.png\" \/>\n\t\t<meta property=\"article:published_time\" content=\"2021-01-13T06:57:53+00:00\" \/>\n\t\t<meta property=\"article:modified_time\" content=\"2021-01-13T06:57:53+00:00\" \/>\n\t\t<meta name=\"twitter:card\" content=\"summary_large_image\" \/>\n\t\t<meta name=\"twitter:title\" content=\"Zitronen-Basilikum \u2013 vrtne sadike FLANCA\" \/>\n\t\t<meta name=\"twitter:description\" content=\"Strauch-Basilikum kleinere gr\u00fcne Bl\u00e4tter mit Zitronenaroma Geeignet f\u00fcr die Pflanzung in Tr\u00f6gen und T\u00f6pfen sonnige Lagen Packung mit 1 S\u00e4mling!\" \/>\n\t\t<meta name=\"twitter:image\" content=\"https:\/\/flanca.si\/wp-content\/uploads\/2019\/11\/spletna-trgovina-s-sadikami-flanca.png\" \/>\n\t\t<script type=\"application\/ld+json\" class=\"aioseo-schema\">\n\t\t\t{\"@context\":\"https:\\\/\\\/schema.org\",\"@graph\":[{\"@type\":\"BreadcrumbList\",\"@id\":\"https:\\\/\\\/flanca.si\\\/de\\\/produkt\\\/zitronen-basilikum\\\/#breadcrumblist\",\"itemListElement\":[{\"@type\":\"ListItem\",\"@id\":\"https:\\\/\\\/flanca.si\\\/de\\\/#listItem\",\"position\":1,\"name\":\"Domov\",\"item\":\"https:\\\/\\\/flanca.si\\\/de\\\/\",\"nextItem\":{\"@type\":\"ListItem\",\"@id\":\"https:\\\/\\\/flanca.si\\\/de\\\/shop\\\/#listItem\",\"name\":\"Shop\"}},{\"@type\":\"ListItem\",\"@id\":\"https:\\\/\\\/flanca.si\\\/de\\\/shop\\\/#listItem\",\"position\":2,\"name\":\"Shop\",\"item\":\"https:\\\/\\\/flanca.si\\\/de\\\/shop\\\/\",\"nextItem\":{\"@type\":\"ListItem\",\"@id\":\"https:\\\/\\\/flanca.si\\\/de\\\/Produktkategorie\\\/krauter\\\/#listItem\",\"name\":\"Kr\\u00e4uter\"},\"previousItem\":{\"@type\":\"ListItem\",\"@id\":\"https:\\\/\\\/flanca.si\\\/de\\\/#listItem\",\"name\":\"Domov\"}},{\"@type\":\"ListItem\",\"@id\":\"https:\\\/\\\/flanca.si\\\/de\\\/Produktkategorie\\\/krauter\\\/#listItem\",\"position\":3,\"name\":\"Kr\\u00e4uter\",\"item\":\"https:\\\/\\\/flanca.si\\\/de\\\/Produktkategorie\\\/krauter\\\/\",\"nextItem\":{\"@type\":\"ListItem\",\"@id\":\"https:\\\/\\\/flanca.si\\\/de\\\/Produktkategorie\\\/krauter\\\/andere-krauter\\\/#listItem\",\"name\":\"Andere Kr\\u00e4uter\"},\"previousItem\":{\"@type\":\"ListItem\",\"@id\":\"https:\\\/\\\/flanca.si\\\/de\\\/shop\\\/#listItem\",\"name\":\"Shop\"}},{\"@type\":\"ListItem\",\"@id\":\"https:\\\/\\\/flanca.si\\\/de\\\/Produktkategorie\\\/krauter\\\/andere-krauter\\\/#listItem\",\"position\":4,\"name\":\"Andere Kr\\u00e4uter\",\"item\":\"https:\\\/\\\/flanca.si\\\/de\\\/Produktkategorie\\\/krauter\\\/andere-krauter\\\/\",\"nextItem\":{\"@type\":\"ListItem\",\"@id\":\"https:\\\/\\\/flanca.si\\\/de\\\/produkt\\\/zitronen-basilikum\\\/#listItem\",\"name\":\"Zitronen-Basilikum\"},\"previousItem\":{\"@type\":\"ListItem\",\"@id\":\"https:\\\/\\\/flanca.si\\\/de\\\/Produktkategorie\\\/krauter\\\/#listItem\",\"name\":\"Kr\\u00e4uter\"}},{\"@type\":\"ListItem\",\"@id\":\"https:\\\/\\\/flanca.si\\\/de\\\/produkt\\\/zitronen-basilikum\\\/#listItem\",\"position\":5,\"name\":\"Zitronen-Basilikum\",\"previousItem\":{\"@type\":\"ListItem\",\"@id\":\"https:\\\/\\\/flanca.si\\\/de\\\/Produktkategorie\\\/krauter\\\/andere-krauter\\\/#listItem\",\"name\":\"Andere Kr\\u00e4uter\"}}]},{\"@type\":\"ItemPage\",\"@id\":\"https:\\\/\\\/flanca.si\\\/de\\\/produkt\\\/zitronen-basilikum\\\/#itempage\",\"url\":\"https:\\\/\\\/flanca.si\\\/de\\\/produkt\\\/zitronen-basilikum\\\/\",\"name\":\"Zitronen-Basilikum \\u2013 vrtne sadike FLANCA\",\"description\":\"Strauch-Basilikum kleinere gr\\u00fcne Bl\\u00e4tter mit Zitronenaroma Geeignet f\\u00fcr die Pflanzung in Tr\\u00f6gen und T\\u00f6pfen sonnige Lagen Packung mit 1 S\\u00e4mling!\",\"inLanguage\":\"de-DE\",\"isPartOf\":{\"@id\":\"https:\\\/\\\/flanca.si\\\/de\\\/#website\"},\"breadcrumb\":{\"@id\":\"https:\\\/\\\/flanca.si\\\/de\\\/produkt\\\/zitronen-basilikum\\\/#breadcrumblist\"},\"image\":{\"@type\":\"ImageObject\",\"url\":\"https:\\\/\\\/flanca.si\\\/wp-content\\\/uploads\\\/2021\\\/01\\\/bazilika_citronska.jpg\",\"@id\":\"https:\\\/\\\/flanca.si\\\/de\\\/produkt\\\/zitronen-basilikum\\\/#mainImage\",\"width\":1280,\"height\":849},\"primaryImageOfPage\":{\"@id\":\"https:\\\/\\\/flanca.si\\\/de\\\/produkt\\\/zitronen-basilikum\\\/#mainImage\"},\"datePublished\":\"2021-01-13T07:57:53+01:00\",\"dateModified\":\"2021-01-13T07:57:53+01:00\"},{\"@type\":\"Organization\",\"@id\":\"https:\\\/\\\/flanca.si\\\/de\\\/#organization\",\"name\":\"vrtne sadike FLANCA\",\"description\":\"Prodaja vrtnih sadik in ostale opreme\",\"url\":\"https:\\\/\\\/flanca.si\\\/de\\\/\",\"logo\":{\"@type\":\"ImageObject\",\"url\":\"https:\\\/\\\/flanca.si\\\/wp-content\\\/uploads\\\/2019\\\/11\\\/spletna-trgovina-s-sadikami-flanca.png\",\"@id\":\"https:\\\/\\\/flanca.si\\\/de\\\/produkt\\\/zitronen-basilikum\\\/#organizationLogo\",\"width\":151,\"height\":50,\"caption\":\"spletna trgovina s sadikami FLANCA\"},\"image\":{\"@id\":\"https:\\\/\\\/flanca.si\\\/de\\\/produkt\\\/zitronen-basilikum\\\/#organizationLogo\"}},{\"@type\":\"WebSite\",\"@id\":\"https:\\\/\\\/flanca.si\\\/de\\\/#website\",\"url\":\"https:\\\/\\\/flanca.si\\\/de\\\/\",\"name\":\"vrtne sadike FLANCA\",\"description\":\"Prodaja vrtnih sadik in ostale opreme\",\"inLanguage\":\"de-DE\",\"publisher\":{\"@id\":\"https:\\\/\\\/flanca.si\\\/de\\\/#organization\"}}]}\n\t\t<\/script>\n\t\t<!-- All in One SEO -->\n\n","aioseo_head_json":{"title":"Zitronen-Basilikum \u2013 vrtne sadike FLANCA","description":"Strauch-Basilikum kleinere gr\u00fcne Bl\u00e4tter mit Zitronenaroma Geeignet f\u00fcr die Pflanzung in Tr\u00f6gen und T\u00f6pfen sonnige Lagen Packung mit 1 S\u00e4mling!","canonical_url":"https:\/\/flanca.si\/de\/produkt\/zitronen-basilikum\/","robots":"max-image-preview:large","keywords":"","webmasterTools":{"google-site-verification":"1sO6GOIbhijVyOhvBZZbOsEVADo4T9w2a7D2KDR6zVI","miscellaneous":""},"schema":{"@context":"https:\/\/schema.org","@graph":[{"@type":"BreadcrumbList","@id":"https:\/\/flanca.si\/de\/produkt\/zitronen-basilikum\/#breadcrumblist","itemListElement":[{"@type":"ListItem","@id":"https:\/\/flanca.si\/de\/#listItem","position":1,"name":"Domov","item":"https:\/\/flanca.si\/de\/","nextItem":{"@type":"ListItem","@id":"https:\/\/flanca.si\/de\/shop\/#listItem","name":"Shop"}},{"@type":"ListItem","@id":"https:\/\/flanca.si\/de\/shop\/#listItem","position":2,"name":"Shop","item":"https:\/\/flanca.si\/de\/shop\/","nextItem":{"@type":"ListItem","@id":"https:\/\/flanca.si\/de\/Produktkategorie\/krauter\/#listItem","name":"Kr\u00e4uter"},"previousItem":{"@type":"ListItem","@id":"https:\/\/flanca.si\/de\/#listItem","name":"Domov"}},{"@type":"ListItem","@id":"https:\/\/flanca.si\/de\/Produktkategorie\/krauter\/#listItem","position":3,"name":"Kr\u00e4uter","item":"https:\/\/flanca.si\/de\/Produktkategorie\/krauter\/","nextItem":{"@type":"ListItem","@id":"https:\/\/flanca.si\/de\/Produktkategorie\/krauter\/andere-krauter\/#listItem","name":"Andere Kr\u00e4uter"},"previousItem":{"@type":"ListItem","@id":"https:\/\/flanca.si\/de\/shop\/#listItem","name":"Shop"}},{"@type":"ListItem","@id":"https:\/\/flanca.si\/de\/Produktkategorie\/krauter\/andere-krauter\/#listItem","position":4,"name":"Andere Kr\u00e4uter","item":"https:\/\/flanca.si\/de\/Produktkategorie\/krauter\/andere-krauter\/","nextItem":{"@type":"ListItem","@id":"https:\/\/flanca.si\/de\/produkt\/zitronen-basilikum\/#listItem","name":"Zitronen-Basilikum"},"previousItem":{"@type":"ListItem","@id":"https:\/\/flanca.si\/de\/Produktkategorie\/krauter\/#listItem","name":"Kr\u00e4uter"}},{"@type":"ListItem","@id":"https:\/\/flanca.si\/de\/produkt\/zitronen-basilikum\/#listItem","position":5,"name":"Zitronen-Basilikum","previousItem":{"@type":"ListItem","@id":"https:\/\/flanca.si\/de\/Produktkategorie\/krauter\/andere-krauter\/#listItem","name":"Andere Kr\u00e4uter"}}]},{"@type":"ItemPage","@id":"https:\/\/flanca.si\/de\/produkt\/zitronen-basilikum\/#itempage","url":"https:\/\/flanca.si\/de\/produkt\/zitronen-basilikum\/","name":"Zitronen-Basilikum \u2013 vrtne sadike FLANCA","description":"Strauch-Basilikum kleinere gr\u00fcne Bl\u00e4tter mit Zitronenaroma Geeignet f\u00fcr die Pflanzung in Tr\u00f6gen und T\u00f6pfen sonnige Lagen Packung mit 1 S\u00e4mling!","inLanguage":"de-DE","isPartOf":{"@id":"https:\/\/flanca.si\/de\/#website"},"breadcrumb":{"@id":"https:\/\/flanca.si\/de\/produkt\/zitronen-basilikum\/#breadcrumblist"},"image":{"@type":"ImageObject","url":"https:\/\/flanca.si\/wp-content\/uploads\/2021\/01\/bazilika_citronska.jpg","@id":"https:\/\/flanca.si\/de\/produkt\/zitronen-basilikum\/#mainImage","width":1280,"height":849},"primaryImageOfPage":{"@id":"https:\/\/flanca.si\/de\/produkt\/zitronen-basilikum\/#mainImage"},"datePublished":"2021-01-13T07:57:53+01:00","dateModified":"2021-01-13T07:57:53+01:00"},{"@type":"Organization","@id":"https:\/\/flanca.si\/de\/#organization","name":"vrtne sadike FLANCA","description":"Prodaja vrtnih sadik in ostale opreme","url":"https:\/\/flanca.si\/de\/","logo":{"@type":"ImageObject","url":"https:\/\/flanca.si\/wp-content\/uploads\/2019\/11\/spletna-trgovina-s-sadikami-flanca.png","@id":"https:\/\/flanca.si\/de\/produkt\/zitronen-basilikum\/#organizationLogo","width":151,"height":50,"caption":"spletna trgovina s sadikami FLANCA"},"image":{"@id":"https:\/\/flanca.si\/de\/produkt\/zitronen-basilikum\/#organizationLogo"}},{"@type":"WebSite","@id":"https:\/\/flanca.si\/de\/#website","url":"https:\/\/flanca.si\/de\/","name":"vrtne sadike FLANCA","description":"Prodaja vrtnih sadik in ostale opreme","inLanguage":"de-DE","publisher":{"@id":"https:\/\/flanca.si\/de\/#organization"}}]},"og:locale":"de_DE","og:site_name":"vrtne sadike FLANCA \u2013 Prodaja vrtnih sadik in ostale opreme","og:type":"article","og:title":"Zitronen-Basilikum \u2013 vrtne sadike FLANCA","og:description":"Strauch-Basilikum kleinere gr\u00fcne Bl\u00e4tter mit Zitronenaroma Geeignet f\u00fcr die Pflanzung in Tr\u00f6gen und T\u00f6pfen sonnige Lagen Packung mit 1 S\u00e4mling!","og:url":"https:\/\/flanca.si\/de\/produkt\/zitronen-basilikum\/","og:image":"https:\/\/flanca.si\/wp-content\/uploads\/2019\/11\/spletna-trgovina-s-sadikami-flanca.png","og:image:secure_url":"https:\/\/flanca.si\/wp-content\/uploads\/2019\/11\/spletna-trgovina-s-sadikami-flanca.png","article:published_time":"2021-01-13T06:57:53+00:00","article:modified_time":"2021-01-13T06:57:53+00:00","twitter:card":"summary_large_image","twitter:title":"Zitronen-Basilikum \u2013 vrtne sadike FLANCA","twitter:description":"Strauch-Basilikum kleinere gr\u00fcne Bl\u00e4tter mit Zitronenaroma Geeignet f\u00fcr die Pflanzung in Tr\u00f6gen und T\u00f6pfen sonnige Lagen Packung mit 1 S\u00e4mling!","twitter:image":"https:\/\/flanca.si\/wp-content\/uploads\/2019\/11\/spletna-trgovina-s-sadikami-flanca.png"},"aioseo_meta_data":{"post_id":"15431","title":null,"description":null,"keywords":null,"keyphrases":null,"primary_term":null,"canonical_url":null,"og_title":null,"og_description":null,"og_object_type":"default","og_image_type":"default","og_image_url":null,"og_image_width":null,"og_image_height":null,"og_image_custom_url":null,"og_image_custom_fields":null,"og_video":"","og_custom_url":null,"og_article_section":null,"og_article_tags":null,"twitter_use_og":false,"twitter_card":"default","twitter_image_type":"default","twitter_image_url":null,"twitter_image_custom_url":null,"twitter_image_custom_fields":null,"twitter_title":null,"twitter_description":null,"schema":{"blockGraphs":[],"customGraphs":[],"default":{"data":{"Article":[],"Course":[],"Dataset":[],"FAQPage":[],"Movie":[],"Person":[],"Product":[],"ProductReview":[],"Car":[],"Recipe":[],"Service":[],"SoftwareApplication":[],"WebPage":[]},"graphName":"","isEnabled":true},"graphs":[]},"schema_type":"default","schema_type_options":null,"pillar_content":false,"robots_default":true,"robots_noindex":false,"robots_noarchive":false,"robots_nosnippet":false,"robots_nofollow":false,"robots_noimageindex":false,"robots_noodp":false,"robots_notranslate":false,"robots_max_snippet":"-1","robots_max_videopreview":"-1","robots_max_imagepreview":"large","priority":null,"frequency":"default","local_seo":null,"breadcrumb_settings":null,"limit_modified_date":false,"ai":null,"created":"2025-01-13 12:44:26","updated":"2025-06-07 07:14:38","seo_analyzer_scan_date":null,"focus_keyword":null,"additional_keywords":null,"truseo_locale":null},"aioseo_breadcrumb":"<div class=\"aioseo-breadcrumbs\"><span class=\"aioseo-breadcrumb\">\n\t\t\t<a href=\"https:\/\/flanca.si\/de\/\" title=\"Domov\">Domov<\/a>\n\t\t<\/span><span class=\"aioseo-breadcrumb-separator\">\u00bb<\/span><span class=\"aioseo-breadcrumb\">\n\t\t\t<a href=\"https:\/\/flanca.si\/de\/shop\/\" title=\"Shop\">Shop<\/a>\n\t\t<\/span><span class=\"aioseo-breadcrumb-separator\">\u00bb<\/span><span class=\"aioseo-breadcrumb\">\n\t\t\t<a href=\"https:\/\/flanca.si\/de\/Produktkategorie\/krauter\/\" title=\"Kr\u00e4uter\">Kr\u00e4uter<\/a>\n\t\t<\/span><span class=\"aioseo-breadcrumb-separator\">\u00bb<\/span><span class=\"aioseo-breadcrumb\">\n\t\t\t<a href=\"https:\/\/flanca.si\/de\/Produktkategorie\/krauter\/andere-krauter\/\" title=\"Andere Kr\u00e4uter\">Andere Kr\u00e4uter<\/a>\n\t\t<\/span><span class=\"aioseo-breadcrumb-separator\">\u00bb<\/span><span class=\"aioseo-breadcrumb\">\n\t\t\tZitronen-Basilikum\n\t\t<\/span><\/div>","aioseo_breadcrumb_json":[{"label":"Domov","link":"https:\/\/flanca.si\/de\/"},{"label":"Shop","link":"https:\/\/flanca.si\/de\/shop\/"},{"label":"Kr\u00e4uter","link":"https:\/\/flanca.si\/de\/Produktkategorie\/krauter\/"},{"label":"Andere Kr\u00e4uter","link":"https:\/\/flanca.si\/de\/Produktkategorie\/krauter\/andere-krauter\/"},{"label":"Zitronen-Basilikum","link":"https:\/\/flanca.si\/de\/produkt\/zitronen-basilikum\/"}],"_links":{"self":[{"href":"https:\/\/flanca.si\/de\/wp-json\/wp\/v2\/product\/15431","targetHints":{"allow":["GET"]}}],"collection":[{"href":"https:\/\/flanca.si\/de\/wp-json\/wp\/v2\/product"}],"about":[{"href":"https:\/\/flanca.si\/de\/wp-json\/wp\/v2\/types\/product"}],"wp:featuredmedia":[{"embeddable":true,"href":"https:\/\/flanca.si\/de\/wp-json\/wp\/v2\/media\/13588"}],"wp:attachment":[{"href":"https:\/\/flanca.si\/de\/wp-json\/wp\/v2\/media?parent=15431"}],"wp:term":[{"taxonomy":"product_brand","embeddable":true,"href":"https:\/\/flanca.si\/de\/wp-json\/wp\/v2\/product_brand?post=15431"},{"taxonomy":"product_cat","embeddable":true,"href":"https:\/\/flanca.si\/de\/wp-json\/wp\/v2\/product_cat?post=15431"},{"taxonomy":"product_tag","embeddable":true,"href":"https:\/\/flanca.si\/de\/wp-json\/wp\/v2\/product_tag?post=15431"}],"curies":[{"name":"wp","href":"https:\/\/api.w.org\/{rel}","templated":true}]}}