{"id":15390,"date":"2022-05-20T16:09:23","date_gmt":"2022-05-20T14:09:23","guid":{"rendered":"https:\/\/flanca.si\/izdelek\/paprika-tor\/"},"modified":"2022-05-20T16:09:23","modified_gmt":"2022-05-20T14:09:23","slug":"paprika-tor","status":"publish","type":"product","link":"https:\/\/flanca.si\/de\/produkt\/paprika-tor\/","title":{"rendered":"Paprika-Tor"},"content":{"rendered":"<p>Eine Pfeffersorte, die auf dem Balkan sehr bekannt ist. Starker und \u00fcberschw\u00e4nglicher Habitus. Geeignet f\u00fcr den Anbau sowohl auf dem freien Feld als auch in Gew\u00e4chsh\u00e4usern. Er kann frisch verwendet werden, eignet sich aber am besten zum Backen und Einlegen. Sie bildet l\u00e4ngliche, fleischige Fr\u00fcchte von charakteristischer dunkelroter Farbe. Mit der Pflanzung kann begonnen werden, wenn sich der Boden ausreichend erw\u00e4rmt hat. Bei geeignetem Wetter kann es bereits Ende des Monats April sein.  <\/p>\n","protected":false},"excerpt":{"rendered":"<ul>\n<li>ber\u00fchmter Pfeffer auf dem Balkan<\/li>\n<li>Art des Tores<\/li>\n<li>\u00fcberschw\u00e4nglicher Habitus<\/li>\n<li>fleischige Fr\u00fcchte von dunkelroter Farbe<\/li>\n<\/ul>\n<h4><strong>Verpackt 1 S\u00e4mling auf einmal!<\/strong><\/h4>\n","protected":false},"featured_media":12413,"template":"","meta":{"site-sidebar-layout":"default","site-content-layout":"default","ast-site-content-layout":"default","site-content-style":"default","site-sidebar-style":"default","ast-global-header-display":"","ast-banner-title-visibility":"","ast-main-header-display":"","ast-hfb-above-header-display":"","ast-hfb-below-header-display":"","ast-hfb-mobile-header-display":"","site-post-title":"","ast-breadcrumbs-content":"","ast-featured-img":"","footer-sml-layout":"","ast-disable-related-posts":"","theme-transparent-header-meta":"default","adv-header-id-meta":"","stick-header-meta":"default","header-above-stick-meta":"","header-main-stick-meta":"","header-below-stick-meta":"","astra-migrate-meta-layouts":"default","ast-page-background-enabled":"default","ast-page-background-meta":{"desktop":{"background-color":"","background-image":"","background-repeat":"repeat","background-position":"center center","background-size":"auto","background-attachment":"scroll","background-type":"","background-media":"","overlay-type":"","overlay-color":"","overlay-opacity":"","overlay-gradient":""},"tablet":{"background-color":"","background-image":"","background-repeat":"repeat","background-position":"center center","background-size":"auto","background-attachment":"scroll","background-type":"","background-media":"","overlay-type":"","overlay-color":"","overlay-opacity":"","overlay-gradient":""},"mobile":{"background-color":"","background-image":"","background-repeat":"repeat","background-position":"center center","background-size":"auto","background-attachment":"scroll","background-type":"","background-media":"","overlay-type":"","overlay-color":"","overlay-opacity":"","overlay-gradient":""}},"ast-content-background-meta":{"desktop":{"background-color":"var(--ast-global-color-5)","background-image":"","background-repeat":"repeat","background-position":"center center","background-size":"auto","background-attachment":"scroll","background-type":"","background-media":"","overlay-type":"","overlay-color":"","overlay-opacity":"","overlay-gradient":""},"tablet":{"background-color":"var(--ast-global-color-5)","background-image":"","background-repeat":"repeat","background-position":"center center","background-size":"auto","background-attachment":"scroll","background-type":"","background-media":"","overlay-type":"","overlay-color":"","overlay-opacity":"","overlay-gradient":""},"mobile":{"background-color":"var(--ast-global-color-5)","background-image":"","background-repeat":"repeat","background-position":"center center","background-size":"auto","background-attachment":"scroll","background-type":"","background-media":"","overlay-type":"","overlay-color":"","overlay-opacity":"","overlay-gradient":""}}},"product_brand":[],"product_cat":[1024],"product_tag":[884,886,1414],"class_list":["post-15390","product","type-product","status-publish","has-post-thumbnail","product_cat-tomate","product_tag-fruchtkorper","product_tag-pfeffer","product_tag-spitzpaprika","desktop-align-left","tablet-align-left","mobile-align-left","ast-product-gallery-layout-horizontal","ast-product-gallery-with-no-image","ast-product-tabs-layout-horizontal","ast-qv-on-image","first","outofstock","taxable","shipping-taxable","purchasable","product-type-simple"],"aioseo_notices":[],"aioseo_head":"\n\t\t<!-- All in One SEO 5.0.1.1 - aioseo.com -->\n\t<meta name=\"description\" content=\"ber\u00fchmter Pfeffer auf dem Balkan Art des Tores \u00fcberschw\u00e4nglicher Habitus fleischige Fr\u00fcchte von dunkelroter Farbe Verpackt 1 S\u00e4mling auf einmal!\" \/>\n\t<meta name=\"robots\" content=\"max-image-preview:large\" \/>\n\t<meta name=\"google-site-verification\" content=\"1sO6GOIbhijVyOhvBZZbOsEVADo4T9w2a7D2KDR6zVI\" \/>\n\t<link rel=\"canonical\" href=\"https:\/\/flanca.si\/de\/produkt\/paprika-tor\/\" \/>\n\t<meta name=\"generator\" content=\"All in One SEO (AIOSEO) 5.0.1.1\" \/>\n\t\t<meta property=\"og:locale\" content=\"de_DE\" \/>\n\t\t<meta property=\"og:site_name\" content=\"vrtne sadike FLANCA \u2013 Prodaja vrtnih sadik in ostale opreme\" \/>\n\t\t<meta property=\"og:type\" content=\"article\" \/>\n\t\t<meta property=\"og:title\" content=\"Paprika-Tor \u2013 vrtne sadike FLANCA\" \/>\n\t\t<meta property=\"og:description\" content=\"ber\u00fchmter Pfeffer auf dem Balkan Art des Tores \u00fcberschw\u00e4nglicher Habitus fleischige Fr\u00fcchte von dunkelroter Farbe Verpackt 1 S\u00e4mling auf einmal!\" \/>\n\t\t<meta property=\"og:url\" content=\"https:\/\/flanca.si\/de\/produkt\/paprika-tor\/\" \/>\n\t\t<meta property=\"og:image\" content=\"https:\/\/flanca.si\/wp-content\/uploads\/2019\/11\/spletna-trgovina-s-sadikami-flanca.png\" \/>\n\t\t<meta property=\"og:image:secure_url\" content=\"https:\/\/flanca.si\/wp-content\/uploads\/2019\/11\/spletna-trgovina-s-sadikami-flanca.png\" \/>\n\t\t<meta property=\"article:published_time\" content=\"2022-05-20T14:09:23+00:00\" \/>\n\t\t<meta property=\"article:modified_time\" content=\"2022-05-20T14:09:23+00:00\" \/>\n\t\t<meta name=\"twitter:card\" content=\"summary_large_image\" \/>\n\t\t<meta name=\"twitter:title\" content=\"Paprika-Tor \u2013 vrtne sadike FLANCA\" \/>\n\t\t<meta name=\"twitter:description\" content=\"ber\u00fchmter Pfeffer auf dem Balkan Art des Tores \u00fcberschw\u00e4nglicher Habitus fleischige Fr\u00fcchte von dunkelroter Farbe Verpackt 1 S\u00e4mling auf einmal!\" \/>\n\t\t<meta name=\"twitter:image\" content=\"https:\/\/flanca.si\/wp-content\/uploads\/2019\/11\/spletna-trgovina-s-sadikami-flanca.png\" \/>\n\t\t<script type=\"application\/ld+json\" class=\"aioseo-schema\">\n\t\t\t{\"@context\":\"https:\\\/\\\/schema.org\",\"@graph\":[{\"@type\":\"BreadcrumbList\",\"@id\":\"https:\\\/\\\/flanca.si\\\/de\\\/produkt\\\/paprika-tor\\\/#breadcrumblist\",\"itemListElement\":[{\"@type\":\"ListItem\",\"@id\":\"https:\\\/\\\/flanca.si\\\/de\\\/#listItem\",\"position\":1,\"name\":\"Domov\",\"item\":\"https:\\\/\\\/flanca.si\\\/de\\\/\",\"nextItem\":{\"@type\":\"ListItem\",\"@id\":\"https:\\\/\\\/flanca.si\\\/de\\\/shop\\\/#listItem\",\"name\":\"Shop\"}},{\"@type\":\"ListItem\",\"@id\":\"https:\\\/\\\/flanca.si\\\/de\\\/shop\\\/#listItem\",\"position\":2,\"name\":\"Shop\",\"item\":\"https:\\\/\\\/flanca.si\\\/de\\\/shop\\\/\",\"nextItem\":{\"@type\":\"ListItem\",\"@id\":\"https:\\\/\\\/flanca.si\\\/de\\\/Produktkategorie\\\/gemusesetzlinge\\\/#listItem\",\"name\":\"Gem\\u00fcsesetzlinge\"},\"previousItem\":{\"@type\":\"ListItem\",\"@id\":\"https:\\\/\\\/flanca.si\\\/de\\\/#listItem\",\"name\":\"Domov\"}},{\"@type\":\"ListItem\",\"@id\":\"https:\\\/\\\/flanca.si\\\/de\\\/Produktkategorie\\\/gemusesetzlinge\\\/#listItem\",\"position\":3,\"name\":\"Gem\\u00fcsesetzlinge\",\"item\":\"https:\\\/\\\/flanca.si\\\/de\\\/Produktkategorie\\\/gemusesetzlinge\\\/\",\"nextItem\":{\"@type\":\"ListItem\",\"@id\":\"https:\\\/\\\/flanca.si\\\/de\\\/Produktkategorie\\\/gemusesetzlinge\\\/tomate\\\/#listItem\",\"name\":\"Tomate\"},\"previousItem\":{\"@type\":\"ListItem\",\"@id\":\"https:\\\/\\\/flanca.si\\\/de\\\/shop\\\/#listItem\",\"name\":\"Shop\"}},{\"@type\":\"ListItem\",\"@id\":\"https:\\\/\\\/flanca.si\\\/de\\\/Produktkategorie\\\/gemusesetzlinge\\\/tomate\\\/#listItem\",\"position\":4,\"name\":\"Tomate\",\"item\":\"https:\\\/\\\/flanca.si\\\/de\\\/Produktkategorie\\\/gemusesetzlinge\\\/tomate\\\/\",\"nextItem\":{\"@type\":\"ListItem\",\"@id\":\"https:\\\/\\\/flanca.si\\\/de\\\/produkt\\\/paprika-tor\\\/#listItem\",\"name\":\"Paprika-Tor\"},\"previousItem\":{\"@type\":\"ListItem\",\"@id\":\"https:\\\/\\\/flanca.si\\\/de\\\/Produktkategorie\\\/gemusesetzlinge\\\/#listItem\",\"name\":\"Gem\\u00fcsesetzlinge\"}},{\"@type\":\"ListItem\",\"@id\":\"https:\\\/\\\/flanca.si\\\/de\\\/produkt\\\/paprika-tor\\\/#listItem\",\"position\":5,\"name\":\"Paprika-Tor\",\"previousItem\":{\"@type\":\"ListItem\",\"@id\":\"https:\\\/\\\/flanca.si\\\/de\\\/Produktkategorie\\\/gemusesetzlinge\\\/tomate\\\/#listItem\",\"name\":\"Tomate\"}}]},{\"@type\":\"ItemPage\",\"@id\":\"https:\\\/\\\/flanca.si\\\/de\\\/produkt\\\/paprika-tor\\\/#itempage\",\"url\":\"https:\\\/\\\/flanca.si\\\/de\\\/produkt\\\/paprika-tor\\\/\",\"name\":\"Paprika-Tor \\u2013 vrtne sadike FLANCA\",\"description\":\"ber\\u00fchmter Pfeffer auf dem Balkan Art des Tores \\u00fcberschw\\u00e4nglicher Habitus fleischige Fr\\u00fcchte von dunkelroter Farbe Verpackt 1 S\\u00e4mling auf einmal!\",\"inLanguage\":\"de-DE\",\"isPartOf\":{\"@id\":\"https:\\\/\\\/flanca.si\\\/de\\\/#website\"},\"breadcrumb\":{\"@id\":\"https:\\\/\\\/flanca.si\\\/de\\\/produkt\\\/paprika-tor\\\/#breadcrumblist\"},\"image\":{\"@type\":\"ImageObject\",\"url\":\"https:\\\/\\\/flanca.si\\\/wp-content\\\/uploads\\\/2019\\\/12\\\/rdeca-paprika-kapija.jpg\",\"@id\":\"https:\\\/\\\/flanca.si\\\/de\\\/produkt\\\/paprika-tor\\\/#mainImage\",\"width\":800,\"height\":800},\"primaryImageOfPage\":{\"@id\":\"https:\\\/\\\/flanca.si\\\/de\\\/produkt\\\/paprika-tor\\\/#mainImage\"},\"datePublished\":\"2022-05-20T16:09:23+02:00\",\"dateModified\":\"2022-05-20T16:09:23+02:00\"},{\"@type\":\"Organization\",\"@id\":\"https:\\\/\\\/flanca.si\\\/de\\\/#organization\",\"name\":\"vrtne sadike FLANCA\",\"description\":\"Prodaja vrtnih sadik in ostale opreme\",\"url\":\"https:\\\/\\\/flanca.si\\\/de\\\/\",\"logo\":{\"@type\":\"ImageObject\",\"url\":\"https:\\\/\\\/flanca.si\\\/wp-content\\\/uploads\\\/2019\\\/11\\\/spletna-trgovina-s-sadikami-flanca.png\",\"@id\":\"https:\\\/\\\/flanca.si\\\/de\\\/produkt\\\/paprika-tor\\\/#organizationLogo\",\"width\":151,\"height\":50,\"caption\":\"spletna trgovina s sadikami FLANCA\"},\"image\":{\"@id\":\"https:\\\/\\\/flanca.si\\\/de\\\/produkt\\\/paprika-tor\\\/#organizationLogo\"}},{\"@type\":\"WebSite\",\"@id\":\"https:\\\/\\\/flanca.si\\\/de\\\/#website\",\"url\":\"https:\\\/\\\/flanca.si\\\/de\\\/\",\"name\":\"vrtne sadike FLANCA\",\"description\":\"Prodaja vrtnih sadik in ostale opreme\",\"inLanguage\":\"de-DE\",\"publisher\":{\"@id\":\"https:\\\/\\\/flanca.si\\\/de\\\/#organization\"}}]}\n\t\t<\/script>\n\t\t<!-- All in One SEO -->\n\n","aioseo_head_json":{"title":"Paprika-Tor \u2013 vrtne sadike FLANCA","description":"ber\u00fchmter Pfeffer auf dem Balkan Art des Tores \u00fcberschw\u00e4nglicher Habitus fleischige Fr\u00fcchte von dunkelroter Farbe Verpackt 1 S\u00e4mling auf einmal!","canonical_url":"https:\/\/flanca.si\/de\/produkt\/paprika-tor\/","robots":"max-image-preview:large","keywords":"","webmasterTools":{"google-site-verification":"1sO6GOIbhijVyOhvBZZbOsEVADo4T9w2a7D2KDR6zVI","miscellaneous":""},"schema":{"@context":"https:\/\/schema.org","@graph":[{"@type":"BreadcrumbList","@id":"https:\/\/flanca.si\/de\/produkt\/paprika-tor\/#breadcrumblist","itemListElement":[{"@type":"ListItem","@id":"https:\/\/flanca.si\/de\/#listItem","position":1,"name":"Domov","item":"https:\/\/flanca.si\/de\/","nextItem":{"@type":"ListItem","@id":"https:\/\/flanca.si\/de\/shop\/#listItem","name":"Shop"}},{"@type":"ListItem","@id":"https:\/\/flanca.si\/de\/shop\/#listItem","position":2,"name":"Shop","item":"https:\/\/flanca.si\/de\/shop\/","nextItem":{"@type":"ListItem","@id":"https:\/\/flanca.si\/de\/Produktkategorie\/gemusesetzlinge\/#listItem","name":"Gem\u00fcsesetzlinge"},"previousItem":{"@type":"ListItem","@id":"https:\/\/flanca.si\/de\/#listItem","name":"Domov"}},{"@type":"ListItem","@id":"https:\/\/flanca.si\/de\/Produktkategorie\/gemusesetzlinge\/#listItem","position":3,"name":"Gem\u00fcsesetzlinge","item":"https:\/\/flanca.si\/de\/Produktkategorie\/gemusesetzlinge\/","nextItem":{"@type":"ListItem","@id":"https:\/\/flanca.si\/de\/Produktkategorie\/gemusesetzlinge\/tomate\/#listItem","name":"Tomate"},"previousItem":{"@type":"ListItem","@id":"https:\/\/flanca.si\/de\/shop\/#listItem","name":"Shop"}},{"@type":"ListItem","@id":"https:\/\/flanca.si\/de\/Produktkategorie\/gemusesetzlinge\/tomate\/#listItem","position":4,"name":"Tomate","item":"https:\/\/flanca.si\/de\/Produktkategorie\/gemusesetzlinge\/tomate\/","nextItem":{"@type":"ListItem","@id":"https:\/\/flanca.si\/de\/produkt\/paprika-tor\/#listItem","name":"Paprika-Tor"},"previousItem":{"@type":"ListItem","@id":"https:\/\/flanca.si\/de\/Produktkategorie\/gemusesetzlinge\/#listItem","name":"Gem\u00fcsesetzlinge"}},{"@type":"ListItem","@id":"https:\/\/flanca.si\/de\/produkt\/paprika-tor\/#listItem","position":5,"name":"Paprika-Tor","previousItem":{"@type":"ListItem","@id":"https:\/\/flanca.si\/de\/Produktkategorie\/gemusesetzlinge\/tomate\/#listItem","name":"Tomate"}}]},{"@type":"ItemPage","@id":"https:\/\/flanca.si\/de\/produkt\/paprika-tor\/#itempage","url":"https:\/\/flanca.si\/de\/produkt\/paprika-tor\/","name":"Paprika-Tor \u2013 vrtne sadike FLANCA","description":"ber\u00fchmter Pfeffer auf dem Balkan Art des Tores \u00fcberschw\u00e4nglicher Habitus fleischige Fr\u00fcchte von dunkelroter Farbe Verpackt 1 S\u00e4mling auf einmal!","inLanguage":"de-DE","isPartOf":{"@id":"https:\/\/flanca.si\/de\/#website"},"breadcrumb":{"@id":"https:\/\/flanca.si\/de\/produkt\/paprika-tor\/#breadcrumblist"},"image":{"@type":"ImageObject","url":"https:\/\/flanca.si\/wp-content\/uploads\/2019\/12\/rdeca-paprika-kapija.jpg","@id":"https:\/\/flanca.si\/de\/produkt\/paprika-tor\/#mainImage","width":800,"height":800},"primaryImageOfPage":{"@id":"https:\/\/flanca.si\/de\/produkt\/paprika-tor\/#mainImage"},"datePublished":"2022-05-20T16:09:23+02:00","dateModified":"2022-05-20T16:09:23+02:00"},{"@type":"Organization","@id":"https:\/\/flanca.si\/de\/#organization","name":"vrtne sadike FLANCA","description":"Prodaja vrtnih sadik in ostale opreme","url":"https:\/\/flanca.si\/de\/","logo":{"@type":"ImageObject","url":"https:\/\/flanca.si\/wp-content\/uploads\/2019\/11\/spletna-trgovina-s-sadikami-flanca.png","@id":"https:\/\/flanca.si\/de\/produkt\/paprika-tor\/#organizationLogo","width":151,"height":50,"caption":"spletna trgovina s sadikami FLANCA"},"image":{"@id":"https:\/\/flanca.si\/de\/produkt\/paprika-tor\/#organizationLogo"}},{"@type":"WebSite","@id":"https:\/\/flanca.si\/de\/#website","url":"https:\/\/flanca.si\/de\/","name":"vrtne sadike FLANCA","description":"Prodaja vrtnih sadik in ostale opreme","inLanguage":"de-DE","publisher":{"@id":"https:\/\/flanca.si\/de\/#organization"}}]},"og:locale":"de_DE","og:site_name":"vrtne sadike FLANCA \u2013 Prodaja vrtnih sadik in ostale opreme","og:type":"article","og:title":"Paprika-Tor \u2013 vrtne sadike FLANCA","og:description":"ber\u00fchmter Pfeffer auf dem Balkan Art des Tores \u00fcberschw\u00e4nglicher Habitus fleischige Fr\u00fcchte von dunkelroter Farbe Verpackt 1 S\u00e4mling auf einmal!","og:url":"https:\/\/flanca.si\/de\/produkt\/paprika-tor\/","og:image":"https:\/\/flanca.si\/wp-content\/uploads\/2019\/11\/spletna-trgovina-s-sadikami-flanca.png","og:image:secure_url":"https:\/\/flanca.si\/wp-content\/uploads\/2019\/11\/spletna-trgovina-s-sadikami-flanca.png","article:published_time":"2022-05-20T14:09:23+00:00","article:modified_time":"2022-05-20T14:09:23+00:00","twitter:card":"summary_large_image","twitter:title":"Paprika-Tor \u2013 vrtne sadike FLANCA","twitter:description":"ber\u00fchmter Pfeffer auf dem Balkan Art des Tores \u00fcberschw\u00e4nglicher Habitus fleischige Fr\u00fcchte von dunkelroter Farbe Verpackt 1 S\u00e4mling auf einmal!","twitter:image":"https:\/\/flanca.si\/wp-content\/uploads\/2019\/11\/spletna-trgovina-s-sadikami-flanca.png"},"aioseo_meta_data":{"post_id":"15390","title":null,"description":null,"keywords":null,"keyphrases":null,"primary_term":null,"canonical_url":null,"og_title":null,"og_description":null,"og_object_type":"default","og_image_type":"default","og_image_url":null,"og_image_width":null,"og_image_height":null,"og_image_custom_url":null,"og_image_custom_fields":null,"og_video":"","og_custom_url":null,"og_article_section":null,"og_article_tags":null,"twitter_use_og":false,"twitter_card":"default","twitter_image_type":"default","twitter_image_url":null,"twitter_image_custom_url":null,"twitter_image_custom_fields":null,"twitter_title":null,"twitter_description":null,"schema":{"blockGraphs":[],"customGraphs":[],"default":{"data":{"Article":[],"Course":[],"Dataset":[],"FAQPage":[],"Movie":[],"Person":[],"Product":[],"ProductReview":[],"Car":[],"Recipe":[],"Service":[],"SoftwareApplication":[],"WebPage":[]},"graphName":"","isEnabled":true},"graphs":[]},"schema_type":"default","schema_type_options":null,"pillar_content":false,"robots_default":true,"robots_noindex":false,"robots_noarchive":false,"robots_nosnippet":false,"robots_nofollow":false,"robots_noimageindex":false,"robots_noodp":false,"robots_notranslate":false,"robots_max_snippet":"-1","robots_max_videopreview":"-1","robots_max_imagepreview":"large","priority":null,"frequency":"default","local_seo":null,"breadcrumb_settings":null,"limit_modified_date":false,"ai":null,"created":"2025-01-13 12:43:34","updated":"2025-06-07 08:07:50","seo_analyzer_scan_date":null,"focus_keyword":null,"additional_keywords":null,"truseo_locale":null},"aioseo_breadcrumb":"<div class=\"aioseo-breadcrumbs\"><span class=\"aioseo-breadcrumb\">\n\t\t\t<a href=\"https:\/\/flanca.si\/de\/\" title=\"Domov\">Domov<\/a>\n\t\t<\/span><span class=\"aioseo-breadcrumb-separator\">\u00bb<\/span><span class=\"aioseo-breadcrumb\">\n\t\t\t<a href=\"https:\/\/flanca.si\/de\/shop\/\" title=\"Shop\">Shop<\/a>\n\t\t<\/span><span class=\"aioseo-breadcrumb-separator\">\u00bb<\/span><span class=\"aioseo-breadcrumb\">\n\t\t\t<a href=\"https:\/\/flanca.si\/de\/Produktkategorie\/gemusesetzlinge\/\" title=\"Gem\u00fcsesetzlinge\">Gem\u00fcsesetzlinge<\/a>\n\t\t<\/span><span class=\"aioseo-breadcrumb-separator\">\u00bb<\/span><span class=\"aioseo-breadcrumb\">\n\t\t\t<a href=\"https:\/\/flanca.si\/de\/Produktkategorie\/gemusesetzlinge\/tomate\/\" title=\"Tomate\">Tomate<\/a>\n\t\t<\/span><span class=\"aioseo-breadcrumb-separator\">\u00bb<\/span><span class=\"aioseo-breadcrumb\">\n\t\t\tPaprika-Tor\n\t\t<\/span><\/div>","aioseo_breadcrumb_json":[{"label":"Domov","link":"https:\/\/flanca.si\/de\/"},{"label":"Shop","link":"https:\/\/flanca.si\/de\/shop\/"},{"label":"Gem\u00fcsesetzlinge","link":"https:\/\/flanca.si\/de\/Produktkategorie\/gemusesetzlinge\/"},{"label":"Tomate","link":"https:\/\/flanca.si\/de\/Produktkategorie\/gemusesetzlinge\/tomate\/"},{"label":"Paprika-Tor","link":"https:\/\/flanca.si\/de\/produkt\/paprika-tor\/"}],"_links":{"self":[{"href":"https:\/\/flanca.si\/de\/wp-json\/wp\/v2\/product\/15390","targetHints":{"allow":["GET"]}}],"collection":[{"href":"https:\/\/flanca.si\/de\/wp-json\/wp\/v2\/product"}],"about":[{"href":"https:\/\/flanca.si\/de\/wp-json\/wp\/v2\/types\/product"}],"wp:featuredmedia":[{"embeddable":true,"href":"https:\/\/flanca.si\/de\/wp-json\/wp\/v2\/media\/12413"}],"wp:attachment":[{"href":"https:\/\/flanca.si\/de\/wp-json\/wp\/v2\/media?parent=15390"}],"wp:term":[{"taxonomy":"product_brand","embeddable":true,"href":"https:\/\/flanca.si\/de\/wp-json\/wp\/v2\/product_brand?post=15390"},{"taxonomy":"product_cat","embeddable":true,"href":"https:\/\/flanca.si\/de\/wp-json\/wp\/v2\/product_cat?post=15390"},{"taxonomy":"product_tag","embeddable":true,"href":"https:\/\/flanca.si\/de\/wp-json\/wp\/v2\/product_tag?post=15390"}],"curies":[{"name":"wp","href":"https:\/\/api.w.org\/{rel}","templated":true}]}}