{"id":15172,"date":"2020-01-03T08:50:50","date_gmt":"2020-01-03T07:50:50","guid":{"rendered":"https:\/\/flanca.si\/izdelek\/salbei-purpurmantel\/"},"modified":"2020-01-03T08:50:50","modified_gmt":"2020-01-03T07:50:50","slug":"salbei-purpurmantel","status":"publish","type":"product","link":"https:\/\/flanca.si\/de\/produkt\/salbei-purpurmantel\/","title":{"rendered":"Salbei Purpurmantel"},"content":{"rendered":"<p>Es handelt sich um eine kompakte, strauchige, mehrj\u00e4hrige Pflanze mit faltigen, l\u00e4nglichen Bl\u00e4ttern, die von violett nach gr\u00fcn flie\u00dfen. Die Bl\u00fcten sind violett gef\u00e4rbt. Sie bl\u00fcht von Juni bis August. Er lockt Schmetterlinge und Bienen an. Er vertr\u00e4gt Hitze und Trockenheit sehr gut, braucht gut durchl\u00e4ssige, teilweise sandige B\u00f6den und viel Sonne. Die Bl\u00e4tter sind \u00e4u\u00dferst aromatisch und k\u00f6nnen frisch oder getrocknet zum Kochen verwendet werden. Er hat auch einige medizinische Eigenschaften als gew\u00f6hnlicher Salbei. Sie wird in Steing\u00e4rten, Kr\u00e4uterg\u00e4rten, K\u00fcgen und Tr\u00f6gen gepflanzt. Es eignet sich auch zum Bepflanzen von Bl\u00fchtr\u00f6gen. Er muss etwas vor der Winterk\u00e4lte gesch\u00fctzt werden. <\/p>\n","protected":false},"excerpt":{"rendered":"<ul>\n<li><em>Salvia officinalis<\/em><\/li>\n<li>lila Bl\u00e4tter<\/li>\n<li>Aromatische Bl\u00e4tter<\/li>\n<li>au\u00dfergew\u00f6hnlicher dekorativer Wert<\/li>\n<\/ul>\n<h4><strong>Verpackt 1 S\u00e4mling auf einmal!<\/strong><\/h4>\n","protected":false},"featured_media":14579,"template":"","meta":{"site-sidebar-layout":"default","site-content-layout":"default","ast-site-content-layout":"default","site-content-style":"default","site-sidebar-style":"default","ast-global-header-display":"","ast-banner-title-visibility":"","ast-main-header-display":"","ast-hfb-above-header-display":"","ast-hfb-below-header-display":"","ast-hfb-mobile-header-display":"","site-post-title":"","ast-breadcrumbs-content":"","ast-featured-img":"","footer-sml-layout":"","ast-disable-related-posts":"","theme-transparent-header-meta":"default","adv-header-id-meta":"","stick-header-meta":"default","header-above-stick-meta":"","header-main-stick-meta":"","header-below-stick-meta":"","astra-migrate-meta-layouts":"default","ast-page-background-enabled":"default","ast-page-background-meta":{"desktop":{"background-color":"","background-image":"","background-repeat":"repeat","background-position":"center center","background-size":"auto","background-attachment":"scroll","background-type":"","background-media":"","overlay-type":"","overlay-color":"","overlay-opacity":"","overlay-gradient":""},"tablet":{"background-color":"","background-image":"","background-repeat":"repeat","background-position":"center center","background-size":"auto","background-attachment":"scroll","background-type":"","background-media":"","overlay-type":"","overlay-color":"","overlay-opacity":"","overlay-gradient":""},"mobile":{"background-color":"","background-image":"","background-repeat":"repeat","background-position":"center center","background-size":"auto","background-attachment":"scroll","background-type":"","background-media":"","overlay-type":"","overlay-color":"","overlay-opacity":"","overlay-gradient":""}},"ast-content-background-meta":{"desktop":{"background-color":"var(--ast-global-color-5)","background-image":"","background-repeat":"repeat","background-position":"center center","background-size":"auto","background-attachment":"scroll","background-type":"","background-media":"","overlay-type":"","overlay-color":"","overlay-opacity":"","overlay-gradient":""},"tablet":{"background-color":"var(--ast-global-color-5)","background-image":"","background-repeat":"repeat","background-position":"center center","background-size":"auto","background-attachment":"scroll","background-type":"","background-media":"","overlay-type":"","overlay-color":"","overlay-opacity":"","overlay-gradient":""},"mobile":{"background-color":"var(--ast-global-color-5)","background-image":"","background-repeat":"repeat","background-position":"center center","background-size":"auto","background-attachment":"scroll","background-type":"","background-media":"","overlay-type":"","overlay-color":"","overlay-opacity":"","overlay-gradient":""}}},"product_brand":[],"product_cat":[1002],"product_tag":[1058,1006,1008,1005,963],"class_list":["post-15172","product","type-product","status-publish","has-post-thumbnail","product_cat-andere-krauter","product_tag-bunte-blumen","product_tag-heilpflanze","product_tag-salbei","product_tag-tee","product_tag-zierpflanze","desktop-align-left","tablet-align-left","mobile-align-left","ast-product-gallery-layout-horizontal","ast-product-gallery-with-no-image","ast-product-tabs-layout-horizontal","ast-qv-on-image","first","instock","taxable","shipping-taxable","purchasable","product-type-simple"],"aioseo_notices":[],"aioseo_head":"\n\t\t<!-- All in One SEO 5.0.1.1 - aioseo.com -->\n\t<meta name=\"description\" content=\"Salvia officinalis lila Bl\u00e4tter Aromatische Bl\u00e4tter au\u00dfergew\u00f6hnlicher dekorativer Wert Verpackt 1 S\u00e4mling auf einmal!\" \/>\n\t<meta name=\"robots\" content=\"max-image-preview:large\" \/>\n\t<meta name=\"google-site-verification\" content=\"1sO6GOIbhijVyOhvBZZbOsEVADo4T9w2a7D2KDR6zVI\" \/>\n\t<link rel=\"canonical\" href=\"https:\/\/flanca.si\/de\/produkt\/salbei-purpurmantel\/\" \/>\n\t<meta name=\"generator\" content=\"All in One SEO (AIOSEO) 5.0.1.1\" \/>\n\t\t<meta property=\"og:locale\" content=\"de_DE\" \/>\n\t\t<meta property=\"og:site_name\" content=\"vrtne sadike FLANCA \u2013 Prodaja vrtnih sadik in ostale opreme\" \/>\n\t\t<meta property=\"og:type\" content=\"article\" \/>\n\t\t<meta property=\"og:title\" content=\"Salbei Purpurmantel \u2013 vrtne sadike FLANCA\" \/>\n\t\t<meta property=\"og:description\" content=\"Salvia officinalis lila Bl\u00e4tter Aromatische Bl\u00e4tter au\u00dfergew\u00f6hnlicher dekorativer Wert Verpackt 1 S\u00e4mling auf einmal!\" \/>\n\t\t<meta property=\"og:url\" content=\"https:\/\/flanca.si\/de\/produkt\/salbei-purpurmantel\/\" \/>\n\t\t<meta property=\"og:image\" content=\"https:\/\/flanca.si\/wp-content\/uploads\/2019\/11\/spletna-trgovina-s-sadikami-flanca.png\" \/>\n\t\t<meta property=\"og:image:secure_url\" content=\"https:\/\/flanca.si\/wp-content\/uploads\/2019\/11\/spletna-trgovina-s-sadikami-flanca.png\" \/>\n\t\t<meta property=\"article:published_time\" content=\"2020-01-03T07:50:50+00:00\" \/>\n\t\t<meta property=\"article:modified_time\" content=\"2020-01-03T07:50:50+00:00\" \/>\n\t\t<meta name=\"twitter:card\" content=\"summary_large_image\" \/>\n\t\t<meta name=\"twitter:title\" content=\"Salbei Purpurmantel \u2013 vrtne sadike FLANCA\" \/>\n\t\t<meta name=\"twitter:description\" content=\"Salvia officinalis lila Bl\u00e4tter Aromatische Bl\u00e4tter au\u00dfergew\u00f6hnlicher dekorativer Wert Verpackt 1 S\u00e4mling auf einmal!\" \/>\n\t\t<meta name=\"twitter:image\" content=\"https:\/\/flanca.si\/wp-content\/uploads\/2019\/11\/spletna-trgovina-s-sadikami-flanca.png\" \/>\n\t\t<script type=\"application\/ld+json\" class=\"aioseo-schema\">\n\t\t\t{\"@context\":\"https:\\\/\\\/schema.org\",\"@graph\":[{\"@type\":\"BreadcrumbList\",\"@id\":\"https:\\\/\\\/flanca.si\\\/de\\\/produkt\\\/salbei-purpurmantel\\\/#breadcrumblist\",\"itemListElement\":[{\"@type\":\"ListItem\",\"@id\":\"https:\\\/\\\/flanca.si\\\/de\\\/#listItem\",\"position\":1,\"name\":\"Domov\",\"item\":\"https:\\\/\\\/flanca.si\\\/de\\\/\",\"nextItem\":{\"@type\":\"ListItem\",\"@id\":\"https:\\\/\\\/flanca.si\\\/de\\\/shop\\\/#listItem\",\"name\":\"Shop\"}},{\"@type\":\"ListItem\",\"@id\":\"https:\\\/\\\/flanca.si\\\/de\\\/shop\\\/#listItem\",\"position\":2,\"name\":\"Shop\",\"item\":\"https:\\\/\\\/flanca.si\\\/de\\\/shop\\\/\",\"nextItem\":{\"@type\":\"ListItem\",\"@id\":\"https:\\\/\\\/flanca.si\\\/de\\\/Produktkategorie\\\/krauter\\\/#listItem\",\"name\":\"Kr\\u00e4uter\"},\"previousItem\":{\"@type\":\"ListItem\",\"@id\":\"https:\\\/\\\/flanca.si\\\/de\\\/#listItem\",\"name\":\"Domov\"}},{\"@type\":\"ListItem\",\"@id\":\"https:\\\/\\\/flanca.si\\\/de\\\/Produktkategorie\\\/krauter\\\/#listItem\",\"position\":3,\"name\":\"Kr\\u00e4uter\",\"item\":\"https:\\\/\\\/flanca.si\\\/de\\\/Produktkategorie\\\/krauter\\\/\",\"nextItem\":{\"@type\":\"ListItem\",\"@id\":\"https:\\\/\\\/flanca.si\\\/de\\\/Produktkategorie\\\/krauter\\\/andere-krauter\\\/#listItem\",\"name\":\"Andere Kr\\u00e4uter\"},\"previousItem\":{\"@type\":\"ListItem\",\"@id\":\"https:\\\/\\\/flanca.si\\\/de\\\/shop\\\/#listItem\",\"name\":\"Shop\"}},{\"@type\":\"ListItem\",\"@id\":\"https:\\\/\\\/flanca.si\\\/de\\\/Produktkategorie\\\/krauter\\\/andere-krauter\\\/#listItem\",\"position\":4,\"name\":\"Andere Kr\\u00e4uter\",\"item\":\"https:\\\/\\\/flanca.si\\\/de\\\/Produktkategorie\\\/krauter\\\/andere-krauter\\\/\",\"nextItem\":{\"@type\":\"ListItem\",\"@id\":\"https:\\\/\\\/flanca.si\\\/de\\\/produkt\\\/salbei-purpurmantel\\\/#listItem\",\"name\":\"Salbei Purpurmantel\"},\"previousItem\":{\"@type\":\"ListItem\",\"@id\":\"https:\\\/\\\/flanca.si\\\/de\\\/Produktkategorie\\\/krauter\\\/#listItem\",\"name\":\"Kr\\u00e4uter\"}},{\"@type\":\"ListItem\",\"@id\":\"https:\\\/\\\/flanca.si\\\/de\\\/produkt\\\/salbei-purpurmantel\\\/#listItem\",\"position\":5,\"name\":\"Salbei Purpurmantel\",\"previousItem\":{\"@type\":\"ListItem\",\"@id\":\"https:\\\/\\\/flanca.si\\\/de\\\/Produktkategorie\\\/krauter\\\/andere-krauter\\\/#listItem\",\"name\":\"Andere Kr\\u00e4uter\"}}]},{\"@type\":\"ItemPage\",\"@id\":\"https:\\\/\\\/flanca.si\\\/de\\\/produkt\\\/salbei-purpurmantel\\\/#itempage\",\"url\":\"https:\\\/\\\/flanca.si\\\/de\\\/produkt\\\/salbei-purpurmantel\\\/\",\"name\":\"Salbei Purpurmantel \\u2013 vrtne sadike FLANCA\",\"description\":\"Salvia officinalis lila Bl\\u00e4tter Aromatische Bl\\u00e4tter au\\u00dfergew\\u00f6hnlicher dekorativer Wert Verpackt 1 S\\u00e4mling auf einmal!\",\"inLanguage\":\"de-DE\",\"isPartOf\":{\"@id\":\"https:\\\/\\\/flanca.si\\\/de\\\/#website\"},\"breadcrumb\":{\"@id\":\"https:\\\/\\\/flanca.si\\\/de\\\/produkt\\\/salbei-purpurmantel\\\/#breadcrumblist\"},\"image\":{\"@type\":\"ImageObject\",\"url\":\"https:\\\/\\\/flanca.si\\\/wp-content\\\/uploads\\\/2020\\\/01\\\/zajbelj-purpurmantel.jpg\",\"@id\":\"https:\\\/\\\/flanca.si\\\/de\\\/produkt\\\/salbei-purpurmantel\\\/#mainImage\",\"width\":1000,\"height\":1000},\"primaryImageOfPage\":{\"@id\":\"https:\\\/\\\/flanca.si\\\/de\\\/produkt\\\/salbei-purpurmantel\\\/#mainImage\"},\"datePublished\":\"2020-01-03T08:50:50+01:00\",\"dateModified\":\"2020-01-03T08:50:50+01:00\"},{\"@type\":\"Organization\",\"@id\":\"https:\\\/\\\/flanca.si\\\/de\\\/#organization\",\"name\":\"vrtne sadike FLANCA\",\"description\":\"Prodaja vrtnih sadik in ostale opreme\",\"url\":\"https:\\\/\\\/flanca.si\\\/de\\\/\",\"logo\":{\"@type\":\"ImageObject\",\"url\":\"https:\\\/\\\/flanca.si\\\/wp-content\\\/uploads\\\/2019\\\/11\\\/spletna-trgovina-s-sadikami-flanca.png\",\"@id\":\"https:\\\/\\\/flanca.si\\\/de\\\/produkt\\\/salbei-purpurmantel\\\/#organizationLogo\",\"width\":151,\"height\":50,\"caption\":\"spletna trgovina s sadikami FLANCA\"},\"image\":{\"@id\":\"https:\\\/\\\/flanca.si\\\/de\\\/produkt\\\/salbei-purpurmantel\\\/#organizationLogo\"}},{\"@type\":\"WebSite\",\"@id\":\"https:\\\/\\\/flanca.si\\\/de\\\/#website\",\"url\":\"https:\\\/\\\/flanca.si\\\/de\\\/\",\"name\":\"vrtne sadike FLANCA\",\"description\":\"Prodaja vrtnih sadik in ostale opreme\",\"inLanguage\":\"de-DE\",\"publisher\":{\"@id\":\"https:\\\/\\\/flanca.si\\\/de\\\/#organization\"}}]}\n\t\t<\/script>\n\t\t<!-- All in One SEO -->\n\n","aioseo_head_json":{"title":"Salbei Purpurmantel \u2013 vrtne sadike FLANCA","description":"Salvia officinalis lila Bl\u00e4tter Aromatische Bl\u00e4tter au\u00dfergew\u00f6hnlicher dekorativer Wert Verpackt 1 S\u00e4mling auf einmal!","canonical_url":"https:\/\/flanca.si\/de\/produkt\/salbei-purpurmantel\/","robots":"max-image-preview:large","keywords":"","webmasterTools":{"google-site-verification":"1sO6GOIbhijVyOhvBZZbOsEVADo4T9w2a7D2KDR6zVI","miscellaneous":""},"schema":{"@context":"https:\/\/schema.org","@graph":[{"@type":"BreadcrumbList","@id":"https:\/\/flanca.si\/de\/produkt\/salbei-purpurmantel\/#breadcrumblist","itemListElement":[{"@type":"ListItem","@id":"https:\/\/flanca.si\/de\/#listItem","position":1,"name":"Domov","item":"https:\/\/flanca.si\/de\/","nextItem":{"@type":"ListItem","@id":"https:\/\/flanca.si\/de\/shop\/#listItem","name":"Shop"}},{"@type":"ListItem","@id":"https:\/\/flanca.si\/de\/shop\/#listItem","position":2,"name":"Shop","item":"https:\/\/flanca.si\/de\/shop\/","nextItem":{"@type":"ListItem","@id":"https:\/\/flanca.si\/de\/Produktkategorie\/krauter\/#listItem","name":"Kr\u00e4uter"},"previousItem":{"@type":"ListItem","@id":"https:\/\/flanca.si\/de\/#listItem","name":"Domov"}},{"@type":"ListItem","@id":"https:\/\/flanca.si\/de\/Produktkategorie\/krauter\/#listItem","position":3,"name":"Kr\u00e4uter","item":"https:\/\/flanca.si\/de\/Produktkategorie\/krauter\/","nextItem":{"@type":"ListItem","@id":"https:\/\/flanca.si\/de\/Produktkategorie\/krauter\/andere-krauter\/#listItem","name":"Andere Kr\u00e4uter"},"previousItem":{"@type":"ListItem","@id":"https:\/\/flanca.si\/de\/shop\/#listItem","name":"Shop"}},{"@type":"ListItem","@id":"https:\/\/flanca.si\/de\/Produktkategorie\/krauter\/andere-krauter\/#listItem","position":4,"name":"Andere Kr\u00e4uter","item":"https:\/\/flanca.si\/de\/Produktkategorie\/krauter\/andere-krauter\/","nextItem":{"@type":"ListItem","@id":"https:\/\/flanca.si\/de\/produkt\/salbei-purpurmantel\/#listItem","name":"Salbei Purpurmantel"},"previousItem":{"@type":"ListItem","@id":"https:\/\/flanca.si\/de\/Produktkategorie\/krauter\/#listItem","name":"Kr\u00e4uter"}},{"@type":"ListItem","@id":"https:\/\/flanca.si\/de\/produkt\/salbei-purpurmantel\/#listItem","position":5,"name":"Salbei Purpurmantel","previousItem":{"@type":"ListItem","@id":"https:\/\/flanca.si\/de\/Produktkategorie\/krauter\/andere-krauter\/#listItem","name":"Andere Kr\u00e4uter"}}]},{"@type":"ItemPage","@id":"https:\/\/flanca.si\/de\/produkt\/salbei-purpurmantel\/#itempage","url":"https:\/\/flanca.si\/de\/produkt\/salbei-purpurmantel\/","name":"Salbei Purpurmantel \u2013 vrtne sadike FLANCA","description":"Salvia officinalis lila Bl\u00e4tter Aromatische Bl\u00e4tter au\u00dfergew\u00f6hnlicher dekorativer Wert Verpackt 1 S\u00e4mling auf einmal!","inLanguage":"de-DE","isPartOf":{"@id":"https:\/\/flanca.si\/de\/#website"},"breadcrumb":{"@id":"https:\/\/flanca.si\/de\/produkt\/salbei-purpurmantel\/#breadcrumblist"},"image":{"@type":"ImageObject","url":"https:\/\/flanca.si\/wp-content\/uploads\/2020\/01\/zajbelj-purpurmantel.jpg","@id":"https:\/\/flanca.si\/de\/produkt\/salbei-purpurmantel\/#mainImage","width":1000,"height":1000},"primaryImageOfPage":{"@id":"https:\/\/flanca.si\/de\/produkt\/salbei-purpurmantel\/#mainImage"},"datePublished":"2020-01-03T08:50:50+01:00","dateModified":"2020-01-03T08:50:50+01:00"},{"@type":"Organization","@id":"https:\/\/flanca.si\/de\/#organization","name":"vrtne sadike FLANCA","description":"Prodaja vrtnih sadik in ostale opreme","url":"https:\/\/flanca.si\/de\/","logo":{"@type":"ImageObject","url":"https:\/\/flanca.si\/wp-content\/uploads\/2019\/11\/spletna-trgovina-s-sadikami-flanca.png","@id":"https:\/\/flanca.si\/de\/produkt\/salbei-purpurmantel\/#organizationLogo","width":151,"height":50,"caption":"spletna trgovina s sadikami FLANCA"},"image":{"@id":"https:\/\/flanca.si\/de\/produkt\/salbei-purpurmantel\/#organizationLogo"}},{"@type":"WebSite","@id":"https:\/\/flanca.si\/de\/#website","url":"https:\/\/flanca.si\/de\/","name":"vrtne sadike FLANCA","description":"Prodaja vrtnih sadik in ostale opreme","inLanguage":"de-DE","publisher":{"@id":"https:\/\/flanca.si\/de\/#organization"}}]},"og:locale":"de_DE","og:site_name":"vrtne sadike FLANCA \u2013 Prodaja vrtnih sadik in ostale opreme","og:type":"article","og:title":"Salbei Purpurmantel \u2013 vrtne sadike FLANCA","og:description":"Salvia officinalis lila Bl\u00e4tter Aromatische Bl\u00e4tter au\u00dfergew\u00f6hnlicher dekorativer Wert Verpackt 1 S\u00e4mling auf einmal!","og:url":"https:\/\/flanca.si\/de\/produkt\/salbei-purpurmantel\/","og:image":"https:\/\/flanca.si\/wp-content\/uploads\/2019\/11\/spletna-trgovina-s-sadikami-flanca.png","og:image:secure_url":"https:\/\/flanca.si\/wp-content\/uploads\/2019\/11\/spletna-trgovina-s-sadikami-flanca.png","article:published_time":"2020-01-03T07:50:50+00:00","article:modified_time":"2020-01-03T07:50:50+00:00","twitter:card":"summary_large_image","twitter:title":"Salbei Purpurmantel \u2013 vrtne sadike FLANCA","twitter:description":"Salvia officinalis lila Bl\u00e4tter Aromatische Bl\u00e4tter au\u00dfergew\u00f6hnlicher dekorativer Wert Verpackt 1 S\u00e4mling auf einmal!","twitter:image":"https:\/\/flanca.si\/wp-content\/uploads\/2019\/11\/spletna-trgovina-s-sadikami-flanca.png"},"aioseo_meta_data":{"post_id":"15172","title":null,"description":null,"keywords":[],"keyphrases":{"focus":{"keyphrase":"","score":0,"analysis":{"keyphraseInTitle":{"score":0,"maxScore":9,"error":1}}},"additional":[]},"primary_term":null,"canonical_url":null,"og_title":null,"og_description":null,"og_object_type":"default","og_image_type":"default","og_image_url":null,"og_image_width":null,"og_image_height":null,"og_image_custom_url":null,"og_image_custom_fields":null,"og_video":"","og_custom_url":null,"og_article_section":null,"og_article_tags":[],"twitter_use_og":false,"twitter_card":"default","twitter_image_type":"default","twitter_image_url":null,"twitter_image_custom_url":null,"twitter_image_custom_fields":null,"twitter_title":null,"twitter_description":null,"schema":{"blockGraphs":[],"customGraphs":[],"default":{"data":{"Article":[],"Course":[],"Dataset":[],"FAQPage":[],"Movie":[],"Person":[],"Product":[],"ProductReview":[],"Car":[],"Recipe":[],"Service":[],"SoftwareApplication":[],"WebPage":[]},"graphName":"ItemPage","isEnabled":true},"graphs":[]},"schema_type":"default","schema_type_options":null,"pillar_content":false,"robots_default":true,"robots_noindex":false,"robots_noarchive":false,"robots_nosnippet":false,"robots_nofollow":false,"robots_noimageindex":false,"robots_noodp":false,"robots_notranslate":false,"robots_max_snippet":"-1","robots_max_videopreview":"-1","robots_max_imagepreview":"large","priority":null,"frequency":"default","local_seo":null,"breadcrumb_settings":null,"limit_modified_date":false,"ai":null,"created":"2025-01-13 12:39:01","updated":"2025-06-07 06:18:38","seo_analyzer_scan_date":null,"focus_keyword":null,"additional_keywords":null,"truseo_locale":null},"aioseo_breadcrumb":"<div class=\"aioseo-breadcrumbs\"><span class=\"aioseo-breadcrumb\">\n\t\t\t<a href=\"https:\/\/flanca.si\/de\/\" title=\"Domov\">Domov<\/a>\n\t\t<\/span><span class=\"aioseo-breadcrumb-separator\">\u00bb<\/span><span class=\"aioseo-breadcrumb\">\n\t\t\t<a href=\"https:\/\/flanca.si\/de\/shop\/\" title=\"Shop\">Shop<\/a>\n\t\t<\/span><span class=\"aioseo-breadcrumb-separator\">\u00bb<\/span><span class=\"aioseo-breadcrumb\">\n\t\t\t<a href=\"https:\/\/flanca.si\/de\/Produktkategorie\/krauter\/\" title=\"Kr\u00e4uter\">Kr\u00e4uter<\/a>\n\t\t<\/span><span class=\"aioseo-breadcrumb-separator\">\u00bb<\/span><span class=\"aioseo-breadcrumb\">\n\t\t\t<a href=\"https:\/\/flanca.si\/de\/Produktkategorie\/krauter\/andere-krauter\/\" title=\"Andere Kr\u00e4uter\">Andere Kr\u00e4uter<\/a>\n\t\t<\/span><span class=\"aioseo-breadcrumb-separator\">\u00bb<\/span><span class=\"aioseo-breadcrumb\">\n\t\t\tSalbei Purpurmantel\n\t\t<\/span><\/div>","aioseo_breadcrumb_json":[{"label":"Domov","link":"https:\/\/flanca.si\/de\/"},{"label":"Shop","link":"https:\/\/flanca.si\/de\/shop\/"},{"label":"Kr\u00e4uter","link":"https:\/\/flanca.si\/de\/Produktkategorie\/krauter\/"},{"label":"Andere Kr\u00e4uter","link":"https:\/\/flanca.si\/de\/Produktkategorie\/krauter\/andere-krauter\/"},{"label":"Salbei Purpurmantel","link":"https:\/\/flanca.si\/de\/produkt\/salbei-purpurmantel\/"}],"_links":{"self":[{"href":"https:\/\/flanca.si\/de\/wp-json\/wp\/v2\/product\/15172","targetHints":{"allow":["GET"]}}],"collection":[{"href":"https:\/\/flanca.si\/de\/wp-json\/wp\/v2\/product"}],"about":[{"href":"https:\/\/flanca.si\/de\/wp-json\/wp\/v2\/types\/product"}],"wp:featuredmedia":[{"embeddable":true,"href":"https:\/\/flanca.si\/de\/wp-json\/wp\/v2\/media\/14579"}],"wp:attachment":[{"href":"https:\/\/flanca.si\/de\/wp-json\/wp\/v2\/media?parent=15172"}],"wp:term":[{"taxonomy":"product_brand","embeddable":true,"href":"https:\/\/flanca.si\/de\/wp-json\/wp\/v2\/product_brand?post=15172"},{"taxonomy":"product_cat","embeddable":true,"href":"https:\/\/flanca.si\/de\/wp-json\/wp\/v2\/product_cat?post=15172"},{"taxonomy":"product_tag","embeddable":true,"href":"https:\/\/flanca.si\/de\/wp-json\/wp\/v2\/product_tag?post=15172"}],"curies":[{"name":"wp","href":"https:\/\/api.w.org\/{rel}","templated":true}]}}