{"id":14960,"date":"2024-09-16T14:37:52","date_gmt":"2024-09-16T12:37:52","guid":{"rendered":"https:\/\/flanca.si\/izdelek\/pacipresa-chamaecyparis-lawsoniana-schneewittchen\/"},"modified":"2024-09-16T14:37:52","modified_gmt":"2024-09-16T12:37:52","slug":"pacipresa-chamaecyparis-lawsoniana-schneewittchen","status":"publish","type":"product","link":"https:\/\/flanca.si\/de\/produkt\/pacipresa-chamaecyparis-lawsoniana-schneewittchen\/","title":{"rendered":"Pacipresa &#8211; Chamaecyparis lawsoniana &#8218;Schneewittchen&#8216;"},"content":{"rendered":"<p><strong>Chamaecyparis lawsoniana &#8218;Snow White&#8216;<\/strong> ist eine elegante Pacipress-Sorte, die von G\u00e4rtnern f\u00fcr ihren kompakten Wuchs und ihre atemberaubende Farbkombination der Nadeln gesch\u00e4tzt wird. Die Pflanze hat weiche, schuppige Nadeln, die hellgr\u00fcn gef\u00e4rbt sind, mit jungen Trieben, die einen cremewei\u00dfen Farbton haben, der ihr einen besonderen optischen Akzent verleiht. Diese charakteristische Farbe junger Triebe manifestiert sich am besten im Fr\u00fchling und Sommer, wenn die Pflanze jedes Blumenbeet oder jede Pflanzung belebt.<\/p>\n<p><strong>Chamaecyparis &#8218;Snow White&#8216;<\/strong> ist ein langsam wachsender, immergr\u00fcner Strauch, der eine H\u00f6he von etwa 1,5 Metern und eine Breite von 60\u201390 Zentimetern erreicht und sich daher ideal f\u00fcr kleinere G\u00e4rten, Steing\u00e4rten oder Containerpflanzungen eignet. Seine dichte, pyramidenf\u00f6rmige Form macht es einfach, ihn in eine Vielzahl von Gartenstilen zu integrieren, von formellen bis hin zu nat\u00fcrlichen Bepflanzungen.<\/p>\n<p>Die Pflanze gedeiht am besten an sonnigen bis halbschattigen Standorten und bevorzugt gut durchl\u00e4ssige, leicht saure B\u00f6den. Sie braucht vor allem in den ersten Jahren nach der Pflanzung regelm\u00e4\u00dfiges Gie\u00dfen, um gut Wurzeln zu schlagen. Es ist ziemlich widerstandsf\u00e4hig gegen Krankheiten und Sch\u00e4dlinge und vertr\u00e4gt Frost gut, wodurch es f\u00fcr verschiedene Klimazonen geeignet ist.<\/p>\n<p>Die Verwendung ist vielseitig \u2013 er eignet sich perfekt als Solit\u00e4rstrauch, in Mischbeeten oder in Beh\u00e4ltern auf Terrassen. Aufgrund seiner kompakten Gr\u00f6\u00dfe und Farbanmutung eignet er sich ideal f\u00fcr die Beleuchtung der schattigen Teile des Gartens.<\/p>\n<p>Die H\u00f6he des oberirdischen Teils des S\u00e4mlings: 15-20 cm<\/p>\n","protected":false},"excerpt":{"rendered":"<ul>\n<li><em>Chamaecyparis lawsoniana<\/em> &#8222;Schneewittchen&#8220;<\/li>\n<li>langsames Wachstum<\/li>\n<li>kegelf\u00f6rmige Krone<\/li>\n<li>Vielseitig<\/li>\n<li>blau-gr\u00fcne Farbe<\/li>\n<li>unpr\u00e4tenti\u00f6se immergr\u00fcne Staude<\/li>\n<li>H\u00f6he des S\u00e4mlings: 15-20 cm<\/li>\n<\/ul>\n<h4><strong>Verpackt 1 S\u00e4mling auf einmal!<\/strong><\/h4>\n","protected":false},"featured_media":14689,"template":"","meta":{"site-sidebar-layout":"default","site-content-layout":"default","ast-site-content-layout":"default","site-content-style":"default","site-sidebar-style":"default","ast-global-header-display":"","ast-banner-title-visibility":"","ast-main-header-display":"","ast-hfb-above-header-display":"","ast-hfb-below-header-display":"","ast-hfb-mobile-header-display":"","site-post-title":"","ast-breadcrumbs-content":"","ast-featured-img":"","footer-sml-layout":"","ast-disable-related-posts":"","theme-transparent-header-meta":"default","adv-header-id-meta":"","stick-header-meta":"default","header-above-stick-meta":"","header-main-stick-meta":"","header-below-stick-meta":"","astra-migrate-meta-layouts":"default","ast-page-background-enabled":"default","ast-page-background-meta":{"desktop":{"background-color":"","background-image":"","background-repeat":"repeat","background-position":"center center","background-size":"auto","background-attachment":"scroll","background-type":"","background-media":"","overlay-type":"","overlay-color":"","overlay-opacity":"","overlay-gradient":""},"tablet":{"background-color":"","background-image":"","background-repeat":"repeat","background-position":"center center","background-size":"auto","background-attachment":"scroll","background-type":"","background-media":"","overlay-type":"","overlay-color":"","overlay-opacity":"","overlay-gradient":""},"mobile":{"background-color":"","background-image":"","background-repeat":"repeat","background-position":"center center","background-size":"auto","background-attachment":"scroll","background-type":"","background-media":"","overlay-type":"","overlay-color":"","overlay-opacity":"","overlay-gradient":""}},"ast-content-background-meta":{"desktop":{"background-color":"var(--ast-global-color-5)","background-image":"","background-repeat":"repeat","background-position":"center center","background-size":"auto","background-attachment":"scroll","background-type":"","background-media":"","overlay-type":"","overlay-color":"","overlay-opacity":"","overlay-gradient":""},"tablet":{"background-color":"var(--ast-global-color-5)","background-image":"","background-repeat":"repeat","background-position":"center center","background-size":"auto","background-attachment":"scroll","background-type":"","background-media":"","overlay-type":"","overlay-color":"","overlay-opacity":"","overlay-gradient":""},"mobile":{"background-color":"var(--ast-global-color-5)","background-image":"","background-repeat":"repeat","background-position":"center center","background-size":"auto","background-attachment":"scroll","background-type":"","background-media":"","overlay-type":"","overlay-color":"","overlay-opacity":"","overlay-gradient":""}}},"product_brand":[],"product_cat":[960],"product_tag":[1074,874,1019,1075],"class_list":["post-14960","product","type-product","status-publish","has-post-thumbnail","product_cat-straucher-und-baume","product_tag-dekorative-balken","product_tag-immergrune-staude","product_tag-steingarten","product_tag-zypresse","desktop-align-left","tablet-align-left","mobile-align-left","ast-product-gallery-layout-horizontal","ast-product-gallery-with-no-image","ast-product-tabs-layout-horizontal","ast-qv-on-image","first","outofstock","taxable","shipping-taxable","purchasable","product-type-simple"],"aioseo_notices":[],"aioseo_head":"\n\t\t<!-- All in One SEO 5.0.1.1 - aioseo.com -->\n\t<meta name=\"description\" content=\"Chamaecyparis lawsoniana &quot;Schneewittchen&quot; langsames Wachstum kegelf\u00f6rmige Krone Vielseitig blau-gr\u00fcne Farbe unpr\u00e4tenti\u00f6se immergr\u00fcne Staude H\u00f6he des S\u00e4mlings: 15-20 cm Verpackt 1 S\u00e4mling auf einmal!\" \/>\n\t<meta name=\"robots\" content=\"max-image-preview:large\" \/>\n\t<meta name=\"google-site-verification\" content=\"1sO6GOIbhijVyOhvBZZbOsEVADo4T9w2a7D2KDR6zVI\" \/>\n\t<link rel=\"canonical\" href=\"https:\/\/flanca.si\/de\/produkt\/pacipresa-chamaecyparis-lawsoniana-schneewittchen\/\" \/>\n\t<meta name=\"generator\" content=\"All in One SEO (AIOSEO) 5.0.1.1\" \/>\n\t\t<meta property=\"og:locale\" content=\"de_DE\" \/>\n\t\t<meta property=\"og:site_name\" content=\"vrtne sadike FLANCA \u2013 Prodaja vrtnih sadik in ostale opreme\" \/>\n\t\t<meta property=\"og:type\" content=\"article\" \/>\n\t\t<meta property=\"og:title\" content=\"Pacipresa \u2013 Chamaecyparis lawsoniana \u201aSchneewittchen\u2018 \u2013 vrtne sadike FLANCA\" \/>\n\t\t<meta property=\"og:description\" content=\"Chamaecyparis lawsoniana &quot;Schneewittchen&quot; langsames Wachstum kegelf\u00f6rmige Krone Vielseitig blau-gr\u00fcne Farbe unpr\u00e4tenti\u00f6se immergr\u00fcne Staude H\u00f6he des S\u00e4mlings: 15-20 cm Verpackt 1 S\u00e4mling auf einmal!\" \/>\n\t\t<meta property=\"og:url\" content=\"https:\/\/flanca.si\/de\/produkt\/pacipresa-chamaecyparis-lawsoniana-schneewittchen\/\" \/>\n\t\t<meta property=\"og:image\" content=\"https:\/\/flanca.si\/wp-content\/uploads\/2019\/11\/spletna-trgovina-s-sadikami-flanca.png\" \/>\n\t\t<meta property=\"og:image:secure_url\" content=\"https:\/\/flanca.si\/wp-content\/uploads\/2019\/11\/spletna-trgovina-s-sadikami-flanca.png\" \/>\n\t\t<meta property=\"article:published_time\" content=\"2024-09-16T12:37:52+00:00\" \/>\n\t\t<meta property=\"article:modified_time\" content=\"2024-09-16T12:37:52+00:00\" \/>\n\t\t<meta name=\"twitter:card\" content=\"summary_large_image\" \/>\n\t\t<meta name=\"twitter:title\" content=\"Pacipresa \u2013 Chamaecyparis lawsoniana \u201aSchneewittchen\u2018 \u2013 vrtne sadike FLANCA\" \/>\n\t\t<meta name=\"twitter:description\" content=\"Chamaecyparis lawsoniana &quot;Schneewittchen&quot; langsames Wachstum kegelf\u00f6rmige Krone Vielseitig blau-gr\u00fcne Farbe unpr\u00e4tenti\u00f6se immergr\u00fcne Staude H\u00f6he des S\u00e4mlings: 15-20 cm Verpackt 1 S\u00e4mling auf einmal!\" \/>\n\t\t<meta name=\"twitter:image\" content=\"https:\/\/flanca.si\/wp-content\/uploads\/2019\/11\/spletna-trgovina-s-sadikami-flanca.png\" \/>\n\t\t<script type=\"application\/ld+json\" class=\"aioseo-schema\">\n\t\t\t{\"@context\":\"https:\\\/\\\/schema.org\",\"@graph\":[{\"@type\":\"BreadcrumbList\",\"@id\":\"https:\\\/\\\/flanca.si\\\/de\\\/produkt\\\/pacipresa-chamaecyparis-lawsoniana-schneewittchen\\\/#breadcrumblist\",\"itemListElement\":[{\"@type\":\"ListItem\",\"@id\":\"https:\\\/\\\/flanca.si\\\/de\\\/#listItem\",\"position\":1,\"name\":\"Domov\",\"item\":\"https:\\\/\\\/flanca.si\\\/de\\\/\",\"nextItem\":{\"@type\":\"ListItem\",\"@id\":\"https:\\\/\\\/flanca.si\\\/de\\\/shop\\\/#listItem\",\"name\":\"Shop\"}},{\"@type\":\"ListItem\",\"@id\":\"https:\\\/\\\/flanca.si\\\/de\\\/shop\\\/#listItem\",\"position\":2,\"name\":\"Shop\",\"item\":\"https:\\\/\\\/flanca.si\\\/de\\\/shop\\\/\",\"nextItem\":{\"@type\":\"ListItem\",\"@id\":\"https:\\\/\\\/flanca.si\\\/de\\\/Produktkategorie\\\/zierpflanzen\\\/#listItem\",\"name\":\"Zierpflanzen\"},\"previousItem\":{\"@type\":\"ListItem\",\"@id\":\"https:\\\/\\\/flanca.si\\\/de\\\/#listItem\",\"name\":\"Domov\"}},{\"@type\":\"ListItem\",\"@id\":\"https:\\\/\\\/flanca.si\\\/de\\\/Produktkategorie\\\/zierpflanzen\\\/#listItem\",\"position\":3,\"name\":\"Zierpflanzen\",\"item\":\"https:\\\/\\\/flanca.si\\\/de\\\/Produktkategorie\\\/zierpflanzen\\\/\",\"nextItem\":{\"@type\":\"ListItem\",\"@id\":\"https:\\\/\\\/flanca.si\\\/de\\\/Produktkategorie\\\/zierpflanzen\\\/straucher-und-baume\\\/#listItem\",\"name\":\"Str\\u00e4ucher und B\\u00e4ume\"},\"previousItem\":{\"@type\":\"ListItem\",\"@id\":\"https:\\\/\\\/flanca.si\\\/de\\\/shop\\\/#listItem\",\"name\":\"Shop\"}},{\"@type\":\"ListItem\",\"@id\":\"https:\\\/\\\/flanca.si\\\/de\\\/Produktkategorie\\\/zierpflanzen\\\/straucher-und-baume\\\/#listItem\",\"position\":4,\"name\":\"Str\\u00e4ucher und B\\u00e4ume\",\"item\":\"https:\\\/\\\/flanca.si\\\/de\\\/Produktkategorie\\\/zierpflanzen\\\/straucher-und-baume\\\/\",\"nextItem\":{\"@type\":\"ListItem\",\"@id\":\"https:\\\/\\\/flanca.si\\\/de\\\/produkt\\\/pacipresa-chamaecyparis-lawsoniana-schneewittchen\\\/#listItem\",\"name\":\"Pacipresa &#8211; Chamaecyparis lawsoniana &#8218;Schneewittchen&#8216;\"},\"previousItem\":{\"@type\":\"ListItem\",\"@id\":\"https:\\\/\\\/flanca.si\\\/de\\\/Produktkategorie\\\/zierpflanzen\\\/#listItem\",\"name\":\"Zierpflanzen\"}},{\"@type\":\"ListItem\",\"@id\":\"https:\\\/\\\/flanca.si\\\/de\\\/produkt\\\/pacipresa-chamaecyparis-lawsoniana-schneewittchen\\\/#listItem\",\"position\":5,\"name\":\"Pacipresa &#8211; Chamaecyparis lawsoniana &#8218;Schneewittchen&#8216;\",\"previousItem\":{\"@type\":\"ListItem\",\"@id\":\"https:\\\/\\\/flanca.si\\\/de\\\/Produktkategorie\\\/zierpflanzen\\\/straucher-und-baume\\\/#listItem\",\"name\":\"Str\\u00e4ucher und B\\u00e4ume\"}}]},{\"@type\":\"ItemPage\",\"@id\":\"https:\\\/\\\/flanca.si\\\/de\\\/produkt\\\/pacipresa-chamaecyparis-lawsoniana-schneewittchen\\\/#itempage\",\"url\":\"https:\\\/\\\/flanca.si\\\/de\\\/produkt\\\/pacipresa-chamaecyparis-lawsoniana-schneewittchen\\\/\",\"name\":\"Pacipresa \\u2013 Chamaecyparis lawsoniana \\u201aSchneewittchen\\u2018 \\u2013 vrtne sadike FLANCA\",\"description\":\"Chamaecyparis lawsoniana \\\"Schneewittchen\\\" langsames Wachstum kegelf\\u00f6rmige Krone Vielseitig blau-gr\\u00fcne Farbe unpr\\u00e4tenti\\u00f6se immergr\\u00fcne Staude H\\u00f6he des S\\u00e4mlings: 15-20 cm Verpackt 1 S\\u00e4mling auf einmal!\",\"inLanguage\":\"de-DE\",\"isPartOf\":{\"@id\":\"https:\\\/\\\/flanca.si\\\/de\\\/#website\"},\"breadcrumb\":{\"@id\":\"https:\\\/\\\/flanca.si\\\/de\\\/produkt\\\/pacipresa-chamaecyparis-lawsoniana-schneewittchen\\\/#breadcrumblist\"},\"image\":{\"@type\":\"ImageObject\",\"url\":\"https:\\\/\\\/flanca.si\\\/wp-content\\\/uploads\\\/2024\\\/09\\\/pacipresa_Snow_White.jpg\",\"@id\":\"https:\\\/\\\/flanca.si\\\/de\\\/produkt\\\/pacipresa-chamaecyparis-lawsoniana-schneewittchen\\\/#mainImage\",\"width\":1000,\"height\":1332},\"primaryImageOfPage\":{\"@id\":\"https:\\\/\\\/flanca.si\\\/de\\\/produkt\\\/pacipresa-chamaecyparis-lawsoniana-schneewittchen\\\/#mainImage\"},\"datePublished\":\"2024-09-16T14:37:52+02:00\",\"dateModified\":\"2024-09-16T14:37:52+02:00\"},{\"@type\":\"Organization\",\"@id\":\"https:\\\/\\\/flanca.si\\\/de\\\/#organization\",\"name\":\"vrtne sadike FLANCA\",\"description\":\"Prodaja vrtnih sadik in ostale opreme\",\"url\":\"https:\\\/\\\/flanca.si\\\/de\\\/\",\"logo\":{\"@type\":\"ImageObject\",\"url\":\"https:\\\/\\\/flanca.si\\\/wp-content\\\/uploads\\\/2019\\\/11\\\/spletna-trgovina-s-sadikami-flanca.png\",\"@id\":\"https:\\\/\\\/flanca.si\\\/de\\\/produkt\\\/pacipresa-chamaecyparis-lawsoniana-schneewittchen\\\/#organizationLogo\",\"width\":151,\"height\":50,\"caption\":\"spletna trgovina s sadikami FLANCA\"},\"image\":{\"@id\":\"https:\\\/\\\/flanca.si\\\/de\\\/produkt\\\/pacipresa-chamaecyparis-lawsoniana-schneewittchen\\\/#organizationLogo\"}},{\"@type\":\"WebSite\",\"@id\":\"https:\\\/\\\/flanca.si\\\/de\\\/#website\",\"url\":\"https:\\\/\\\/flanca.si\\\/de\\\/\",\"name\":\"vrtne sadike FLANCA\",\"description\":\"Prodaja vrtnih sadik in ostale opreme\",\"inLanguage\":\"de-DE\",\"publisher\":{\"@id\":\"https:\\\/\\\/flanca.si\\\/de\\\/#organization\"}}]}\n\t\t<\/script>\n\t\t<!-- All in One SEO -->\n\n","aioseo_head_json":{"title":"Pacipresa \u2013 Chamaecyparis lawsoniana \u201aSchneewittchen\u2018 \u2013 vrtne sadike FLANCA","description":"Chamaecyparis lawsoniana \"Schneewittchen\" langsames Wachstum kegelf\u00f6rmige Krone Vielseitig blau-gr\u00fcne Farbe unpr\u00e4tenti\u00f6se immergr\u00fcne Staude H\u00f6he des S\u00e4mlings: 15-20 cm Verpackt 1 S\u00e4mling auf einmal!","canonical_url":"https:\/\/flanca.si\/de\/produkt\/pacipresa-chamaecyparis-lawsoniana-schneewittchen\/","robots":"max-image-preview:large","keywords":"","webmasterTools":{"google-site-verification":"1sO6GOIbhijVyOhvBZZbOsEVADo4T9w2a7D2KDR6zVI","miscellaneous":""},"schema":{"@context":"https:\/\/schema.org","@graph":[{"@type":"BreadcrumbList","@id":"https:\/\/flanca.si\/de\/produkt\/pacipresa-chamaecyparis-lawsoniana-schneewittchen\/#breadcrumblist","itemListElement":[{"@type":"ListItem","@id":"https:\/\/flanca.si\/de\/#listItem","position":1,"name":"Domov","item":"https:\/\/flanca.si\/de\/","nextItem":{"@type":"ListItem","@id":"https:\/\/flanca.si\/de\/shop\/#listItem","name":"Shop"}},{"@type":"ListItem","@id":"https:\/\/flanca.si\/de\/shop\/#listItem","position":2,"name":"Shop","item":"https:\/\/flanca.si\/de\/shop\/","nextItem":{"@type":"ListItem","@id":"https:\/\/flanca.si\/de\/Produktkategorie\/zierpflanzen\/#listItem","name":"Zierpflanzen"},"previousItem":{"@type":"ListItem","@id":"https:\/\/flanca.si\/de\/#listItem","name":"Domov"}},{"@type":"ListItem","@id":"https:\/\/flanca.si\/de\/Produktkategorie\/zierpflanzen\/#listItem","position":3,"name":"Zierpflanzen","item":"https:\/\/flanca.si\/de\/Produktkategorie\/zierpflanzen\/","nextItem":{"@type":"ListItem","@id":"https:\/\/flanca.si\/de\/Produktkategorie\/zierpflanzen\/straucher-und-baume\/#listItem","name":"Str\u00e4ucher und B\u00e4ume"},"previousItem":{"@type":"ListItem","@id":"https:\/\/flanca.si\/de\/shop\/#listItem","name":"Shop"}},{"@type":"ListItem","@id":"https:\/\/flanca.si\/de\/Produktkategorie\/zierpflanzen\/straucher-und-baume\/#listItem","position":4,"name":"Str\u00e4ucher und B\u00e4ume","item":"https:\/\/flanca.si\/de\/Produktkategorie\/zierpflanzen\/straucher-und-baume\/","nextItem":{"@type":"ListItem","@id":"https:\/\/flanca.si\/de\/produkt\/pacipresa-chamaecyparis-lawsoniana-schneewittchen\/#listItem","name":"Pacipresa &#8211; Chamaecyparis lawsoniana &#8218;Schneewittchen&#8216;"},"previousItem":{"@type":"ListItem","@id":"https:\/\/flanca.si\/de\/Produktkategorie\/zierpflanzen\/#listItem","name":"Zierpflanzen"}},{"@type":"ListItem","@id":"https:\/\/flanca.si\/de\/produkt\/pacipresa-chamaecyparis-lawsoniana-schneewittchen\/#listItem","position":5,"name":"Pacipresa &#8211; Chamaecyparis lawsoniana &#8218;Schneewittchen&#8216;","previousItem":{"@type":"ListItem","@id":"https:\/\/flanca.si\/de\/Produktkategorie\/zierpflanzen\/straucher-und-baume\/#listItem","name":"Str\u00e4ucher und B\u00e4ume"}}]},{"@type":"ItemPage","@id":"https:\/\/flanca.si\/de\/produkt\/pacipresa-chamaecyparis-lawsoniana-schneewittchen\/#itempage","url":"https:\/\/flanca.si\/de\/produkt\/pacipresa-chamaecyparis-lawsoniana-schneewittchen\/","name":"Pacipresa \u2013 Chamaecyparis lawsoniana \u201aSchneewittchen\u2018 \u2013 vrtne sadike FLANCA","description":"Chamaecyparis lawsoniana \"Schneewittchen\" langsames Wachstum kegelf\u00f6rmige Krone Vielseitig blau-gr\u00fcne Farbe unpr\u00e4tenti\u00f6se immergr\u00fcne Staude H\u00f6he des S\u00e4mlings: 15-20 cm Verpackt 1 S\u00e4mling auf einmal!","inLanguage":"de-DE","isPartOf":{"@id":"https:\/\/flanca.si\/de\/#website"},"breadcrumb":{"@id":"https:\/\/flanca.si\/de\/produkt\/pacipresa-chamaecyparis-lawsoniana-schneewittchen\/#breadcrumblist"},"image":{"@type":"ImageObject","url":"https:\/\/flanca.si\/wp-content\/uploads\/2024\/09\/pacipresa_Snow_White.jpg","@id":"https:\/\/flanca.si\/de\/produkt\/pacipresa-chamaecyparis-lawsoniana-schneewittchen\/#mainImage","width":1000,"height":1332},"primaryImageOfPage":{"@id":"https:\/\/flanca.si\/de\/produkt\/pacipresa-chamaecyparis-lawsoniana-schneewittchen\/#mainImage"},"datePublished":"2024-09-16T14:37:52+02:00","dateModified":"2024-09-16T14:37:52+02:00"},{"@type":"Organization","@id":"https:\/\/flanca.si\/de\/#organization","name":"vrtne sadike FLANCA","description":"Prodaja vrtnih sadik in ostale opreme","url":"https:\/\/flanca.si\/de\/","logo":{"@type":"ImageObject","url":"https:\/\/flanca.si\/wp-content\/uploads\/2019\/11\/spletna-trgovina-s-sadikami-flanca.png","@id":"https:\/\/flanca.si\/de\/produkt\/pacipresa-chamaecyparis-lawsoniana-schneewittchen\/#organizationLogo","width":151,"height":50,"caption":"spletna trgovina s sadikami FLANCA"},"image":{"@id":"https:\/\/flanca.si\/de\/produkt\/pacipresa-chamaecyparis-lawsoniana-schneewittchen\/#organizationLogo"}},{"@type":"WebSite","@id":"https:\/\/flanca.si\/de\/#website","url":"https:\/\/flanca.si\/de\/","name":"vrtne sadike FLANCA","description":"Prodaja vrtnih sadik in ostale opreme","inLanguage":"de-DE","publisher":{"@id":"https:\/\/flanca.si\/de\/#organization"}}]},"og:locale":"de_DE","og:site_name":"vrtne sadike FLANCA \u2013 Prodaja vrtnih sadik in ostale opreme","og:type":"article","og:title":"Pacipresa \u2013 Chamaecyparis lawsoniana \u201aSchneewittchen\u2018 \u2013 vrtne sadike FLANCA","og:description":"Chamaecyparis lawsoniana &quot;Schneewittchen&quot; langsames Wachstum kegelf\u00f6rmige Krone Vielseitig blau-gr\u00fcne Farbe unpr\u00e4tenti\u00f6se immergr\u00fcne Staude H\u00f6he des S\u00e4mlings: 15-20 cm Verpackt 1 S\u00e4mling auf einmal!","og:url":"https:\/\/flanca.si\/de\/produkt\/pacipresa-chamaecyparis-lawsoniana-schneewittchen\/","og:image":"https:\/\/flanca.si\/wp-content\/uploads\/2019\/11\/spletna-trgovina-s-sadikami-flanca.png","og:image:secure_url":"https:\/\/flanca.si\/wp-content\/uploads\/2019\/11\/spletna-trgovina-s-sadikami-flanca.png","article:published_time":"2024-09-16T12:37:52+00:00","article:modified_time":"2024-09-16T12:37:52+00:00","twitter:card":"summary_large_image","twitter:title":"Pacipresa \u2013 Chamaecyparis lawsoniana \u201aSchneewittchen\u2018 \u2013 vrtne sadike FLANCA","twitter:description":"Chamaecyparis lawsoniana &quot;Schneewittchen&quot; langsames Wachstum kegelf\u00f6rmige Krone Vielseitig blau-gr\u00fcne Farbe unpr\u00e4tenti\u00f6se immergr\u00fcne Staude H\u00f6he des S\u00e4mlings: 15-20 cm Verpackt 1 S\u00e4mling auf einmal!","twitter:image":"https:\/\/flanca.si\/wp-content\/uploads\/2019\/11\/spletna-trgovina-s-sadikami-flanca.png"},"aioseo_meta_data":{"post_id":"14960","title":null,"description":null,"keywords":null,"keyphrases":{"focus":{"keyphrase":"","score":0,"analysis":{"keyphraseInTitle":{"score":0,"maxScore":9,"error":1}}},"additional":[]},"primary_term":null,"canonical_url":null,"og_title":null,"og_description":null,"og_object_type":"default","og_image_type":"default","og_image_url":null,"og_image_width":null,"og_image_height":null,"og_image_custom_url":null,"og_image_custom_fields":null,"og_video":"","og_custom_url":null,"og_article_section":null,"og_article_tags":null,"twitter_use_og":false,"twitter_card":"default","twitter_image_type":"default","twitter_image_url":null,"twitter_image_custom_url":null,"twitter_image_custom_fields":null,"twitter_title":null,"twitter_description":null,"schema":{"blockGraphs":[],"customGraphs":[],"default":{"data":{"Article":[],"Course":[],"Dataset":[],"FAQPage":[],"Movie":[],"Person":[],"Product":[],"ProductReview":[],"Car":[],"Recipe":[],"Service":[],"SoftwareApplication":[],"WebPage":[]},"graphName":"ItemPage","isEnabled":true},"graphs":[]},"schema_type":"default","schema_type_options":null,"pillar_content":false,"robots_default":true,"robots_noindex":false,"robots_noarchive":false,"robots_nosnippet":false,"robots_nofollow":false,"robots_noimageindex":false,"robots_noodp":false,"robots_notranslate":false,"robots_max_snippet":"-1","robots_max_videopreview":"-1","robots_max_imagepreview":"large","priority":null,"frequency":"default","local_seo":null,"breadcrumb_settings":null,"limit_modified_date":false,"ai":null,"created":"2025-01-07 17:16:10","updated":"2025-06-07 09:03:51","seo_analyzer_scan_date":null,"focus_keyword":null,"additional_keywords":null,"truseo_locale":null},"aioseo_breadcrumb":"<div class=\"aioseo-breadcrumbs\"><span class=\"aioseo-breadcrumb\">\n\t\t\t<a href=\"https:\/\/flanca.si\/de\/\" title=\"Domov\">Domov<\/a>\n\t\t<\/span><span class=\"aioseo-breadcrumb-separator\">\u00bb<\/span><span class=\"aioseo-breadcrumb\">\n\t\t\t<a href=\"https:\/\/flanca.si\/de\/shop\/\" title=\"Shop\">Shop<\/a>\n\t\t<\/span><span class=\"aioseo-breadcrumb-separator\">\u00bb<\/span><span class=\"aioseo-breadcrumb\">\n\t\t\t<a href=\"https:\/\/flanca.si\/de\/Produktkategorie\/zierpflanzen\/\" title=\"Zierpflanzen\">Zierpflanzen<\/a>\n\t\t<\/span><span class=\"aioseo-breadcrumb-separator\">\u00bb<\/span><span class=\"aioseo-breadcrumb\">\n\t\t\t<a href=\"https:\/\/flanca.si\/de\/Produktkategorie\/zierpflanzen\/straucher-und-baume\/\" title=\"Str\u00e4ucher und B\u00e4ume\">Str\u00e4ucher und B\u00e4ume<\/a>\n\t\t<\/span><span class=\"aioseo-breadcrumb-separator\">\u00bb<\/span><span class=\"aioseo-breadcrumb\">\n\t\t\tPacipresa \u2013 Chamaecyparis lawsoniana \u201aSchneewittchen\u2018\n\t\t<\/span><\/div>","aioseo_breadcrumb_json":[{"label":"Domov","link":"https:\/\/flanca.si\/de\/"},{"label":"Shop","link":"https:\/\/flanca.si\/de\/shop\/"},{"label":"Zierpflanzen","link":"https:\/\/flanca.si\/de\/Produktkategorie\/zierpflanzen\/"},{"label":"Str\u00e4ucher und B\u00e4ume","link":"https:\/\/flanca.si\/de\/Produktkategorie\/zierpflanzen\/straucher-und-baume\/"},{"label":"Pacipresa &#8211; Chamaecyparis lawsoniana &#8218;Schneewittchen&#8216;","link":"https:\/\/flanca.si\/de\/produkt\/pacipresa-chamaecyparis-lawsoniana-schneewittchen\/"}],"_links":{"self":[{"href":"https:\/\/flanca.si\/de\/wp-json\/wp\/v2\/product\/14960","targetHints":{"allow":["GET"]}}],"collection":[{"href":"https:\/\/flanca.si\/de\/wp-json\/wp\/v2\/product"}],"about":[{"href":"https:\/\/flanca.si\/de\/wp-json\/wp\/v2\/types\/product"}],"wp:featuredmedia":[{"embeddable":true,"href":"https:\/\/flanca.si\/de\/wp-json\/wp\/v2\/media\/14689"}],"wp:attachment":[{"href":"https:\/\/flanca.si\/de\/wp-json\/wp\/v2\/media?parent=14960"}],"wp:term":[{"taxonomy":"product_brand","embeddable":true,"href":"https:\/\/flanca.si\/de\/wp-json\/wp\/v2\/product_brand?post=14960"},{"taxonomy":"product_cat","embeddable":true,"href":"https:\/\/flanca.si\/de\/wp-json\/wp\/v2\/product_cat?post=14960"},{"taxonomy":"product_tag","embeddable":true,"href":"https:\/\/flanca.si\/de\/wp-json\/wp\/v2\/product_tag?post=14960"}],"curies":[{"name":"wp","href":"https:\/\/api.w.org\/{rel}","templated":true}]}}